
{"id":5007,"date":"2021-03-26T11:27:36","date_gmt":"2021-03-26T10:27:36","guid":{"rendered":"https:\/\/euwww.eu\/vitejte\/obecne-informace-vitejte\/"},"modified":"2021-10-01T12:54:08","modified_gmt":"2021-10-01T10:54:08","slug":"obecne-informace-vitejte","status":"publish","type":"page","link":"https:\/\/euwww.eu\/cs\/vitejte\/obecne-informace-vitejte\/","title":{"rendered":"Tabule 1: Obecn\u00e9 informace V\u00edtejte"},"content":{"rendered":"\t\t<div data-elementor-type=\"wp-page\" data-elementor-id=\"5007\" class=\"elementor elementor-5007 elementor-2145\" data-elementor-post-type=\"page\">\n\t\t\t\t\t\t<section class=\"elementor-section elementor-top-section elementor-element elementor-element-9dd350e elementor-section-full_width elementor-section-content-middle elementor-section-height-default elementor-section-height-default\" data-id=\"9dd350e\" data-element_type=\"section\">\n\t\t\t\t\t\t<div class=\"elementor-container elementor-column-gap-default\">\n\t\t\t\t\t<div class=\"elementor-column elementor-col-100 elementor-top-column elementor-element elementor-element-6716c36\" data-id=\"6716c36\" data-element_type=\"column\">\n\t\t\t<div class=\"elementor-widget-wrap elementor-element-populated\">\n\t\t\t\t\t\t<div class=\"elementor-element elementor-element-5011194 elementor-cta--skin-cover elementor-cta--valign-middle elementor-widget elementor-widget-call-to-action\" data-id=\"5011194\" data-element_type=\"widget\" data-widget_type=\"call-to-action.default\">\n\t\t\t\t<div class=\"elementor-widget-container\">\n\t\t\t\t\t<div class=\"elementor-cta\" data-e-bg-lazyload=\".elementor-bg\">\n\t\t\t\t\t<div class=\"elementor-cta__bg-wrapper\">\n\t\t\t\t<div class=\"elementor-cta__bg elementor-bg\" style=\"background-image: var(--e-bg-lazyload-loaded); --e-bg-lazyload: url(https:\/\/euwww.eu\/wp-content\/uploads\/Hintergrund-2.jpg);\" role=\"img\" aria-label=\"Hintergrund-2\"><\/div>\n\t\t\t\t<div class=\"elementor-cta__bg-overlay\"><\/div>\n\t\t\t<\/div>\n\t\t\t\t\t\t\t<div class=\"elementor-cta__content\">\n\t\t\t\t\n\t\t\t\t\t\t\t\t\t<h1 class=\"elementor-cta__title elementor-cta__content-item elementor-content-item\">\n\t\t\t\t\t\tV\u00edtejte\t\t\t\t\t<\/h1>\n\t\t\t\t\n\t\t\t\t\n\t\t\t\t\t\t\t<\/div>\n\t\t\t\t\t\t\t<div class=\"elementor-ribbon elementor-ribbon-left\">\n\t\t\t\t<div class=\"elementor-ribbon-inner\">Informace<\/div>\n\t\t\t<\/div>\n\t\t\t\t<\/div>\n\t\t\t\t<\/div>\n\t\t\t\t<\/div>\n\t\t\t\t\t<\/div>\n\t\t<\/div>\n\t\t\t\t\t<\/div>\n\t\t<\/section>\n\t\t\t\t<section class=\"elementor-section elementor-top-section elementor-element elementor-element-5acd350 elementor-section-boxed elementor-section-height-default elementor-section-height-default\" data-id=\"5acd350\" data-element_type=\"section\">\n\t\t\t\t\t\t<div class=\"elementor-container elementor-column-gap-default\">\n\t\t\t\t\t<div class=\"elementor-column elementor-col-100 elementor-top-column elementor-element elementor-element-48ce0ef linkcolor\" data-id=\"48ce0ef\" data-element_type=\"column\">\n\t\t\t<div class=\"elementor-widget-wrap elementor-element-populated\">\n\t\t\t\t\t\t<div class=\"elementor-element elementor-element-b64898c ueberschrift2 elementor-widget elementor-widget-heading\" data-id=\"b64898c\" data-element_type=\"widget\" data-widget_type=\"heading.default\">\n\t\t\t\t<div class=\"elementor-widget-container\">\n\t\t\t<h2 class=\"elementor-heading-title elementor-size-default\">V\u00edtejte na str\u00e1nk\u00e1ch Turistick\u00e9 stezky evropsk\u00fdch hodnot<\/h2>\t\t<\/div>\n\t\t\t\t<\/div>\n\t\t\t\t<div class=\"elementor-element elementor-element-e991fc0 elementor-widget elementor-widget-text-editor\" data-id=\"e991fc0\" data-element_type=\"widget\" data-widget_type=\"text-editor.default\">\n\t\t\t\t<div class=\"elementor-widget-container\">\n\t\t\t\t\t\t\t<p>Zam\u00fd\u0161let se nad t\u00edm, co je z\u00e1sadn\u00ed pro sou\u017eit\u00ed v politick\u00e9m sple\u010denstv\u00ed \u201eEvropsk\u00e9 unie&#8221; \u2013 nen\u00ed to, co bychom d\u011blali ka\u017ed\u00fd den. O to v\u00edce n\u00e1s t\u011b\u0161\u00ed, \u017ee jste zav\u00edtali na tyto str\u00e1nky.<br \/>V dob\u011b, kdy jsou nacionalismus, nesn\u00e1\u0161enlivost a vylou\u010den\u00ed v politice a spole\u010dnosti v evropsk\u00fdch zem\u00edch znovu na vzestupu, chceme vyslat sign\u00e1l, \u017ee nesnadn\u00e9 v\u00fddobytky liber\u00e1ln\u00ed demokracie a evropsk\u00e9 integrace nelze snadno podkopat. \u017de je na odpov\u011bdnosti n\u00e1s v\u0161ech, ob\u010dan\u016f a demokrat\u016f, abychom zajistili jejich ochranu a jejich uplat\u0148ov\u00e1n\u00ed v ka\u017edodenn\u00edm \u017eivot\u011b.<\/p>\n\t\t\t\t\t\t<\/div>\n\t\t\t\t<\/div>\n\t\t\t\t<div class=\"elementor-element elementor-element-f989a3e ueberschrift2 elementor-widget elementor-widget-heading\" data-id=\"f989a3e\" data-element_type=\"widget\" data-widget_type=\"heading.default\">\n\t\t\t\t<div class=\"elementor-widget-container\">\n\t\t\t<h2 class=\"elementor-heading-title elementor-size-default\">Cht\u011bli byste se o n\u00e1s dov\u011bd\u011bt v\u00edce?<\/h2>\t\t<\/div>\n\t\t\t\t<\/div>\n\t\t\t\t<div class=\"elementor-element elementor-element-f3ed657 elementor-widget elementor-widget-heading\" data-id=\"f3ed657\" data-element_type=\"widget\" data-widget_type=\"heading.default\">\n\t\t\t\t<div class=\"elementor-widget-container\">\n\t\t\t<h3 class=\"elementor-heading-title elementor-size-default\">Europa-Union Bayern e. V. <\/h3>\t\t<\/div>\n\t\t\t\t<\/div>\n\t\t\t\t<div class=\"elementor-element elementor-element-658fa47 elementor-widget elementor-widget-text-editor\" data-id=\"658fa47\" data-element_type=\"widget\" data-widget_type=\"text-editor.default\">\n\t\t\t\t<div class=\"elementor-widget-container\">\n\t\t\t\t\t\t\t<p>\u201eTuristick\u00e1 stezka evropsk\u00fdch hodnot\u201c je n\u00e1padem sdru\u017een\u00ed Europa-Union Bayern e.V. Jsme ob\u010dansk\u00e9 hnut\u00ed zalo\u017een\u00e9 v roce 1946 jako reakce na devastuj\u00edc\u00ed d\u016fsledky druh\u00e9 sv\u011btov\u00e9 v\u00e1lky.<\/p>\n<p>C\u00edlem zakladatel\u016f na\u0161eho sdru\u017een\u00ed bylo p\u0159ekon\u00e1n\u00ed p\u0159\u00ed\u010din stalet\u00ed trvaj\u00edc\u00edho nep\u0159\u00e1telstv\u00ed mezi evropsk\u00fdmi n\u00e1rody, nacionalismu a vytvo\u0159en\u00ed spole\u010dn\u00e9ho, feder\u00e1ln\u011b organizovan\u00e9ho, nadn\u00e1rodn\u00edho politick\u00e9ho spole\u010denstv\u00ed. Principy na\u0161eho politick\u00e9ho my\u0161len\u00ed jsou stanoveny v <a href=\"https:\/\/www.europa-union.de\/aktivitaeten\/grundsatzprogrammdebatte\/beschluesse-materialien\" target=\"_blank\" rel=\"noopener\">Hertensteinsk\u00e9m programu<\/a> z roku 1946<\/p>\n<p>\u010clenov\u00e9 Evropsk\u00e9 unie a na\u0161\u00ed ml\u00e1de\u017enick\u00e9 organizace, Mlad\u00ed evrop\u0161t\u00ed federalist\u00e9 (<a href=\"http:\/\/www.jef-bayern.de\">Junge Europ\u00e4ische F\u00f6deralisten Bayern e. V.<\/a>), jsou i nad\u00e1le spojeni s t\u00edmto programem.<\/p>\n<p>Jako sou\u010d\u00e1st celoevropsk\u00e9ho federalistick\u00e9ho hnut\u00ed a n\u00e1rodn\u00edho sdru\u017een\u00ed Europa-Union Deutschland e.V. se bez ohledu na stranickou a n\u00e1bo\u017eenskou p\u0159\u00edslu\u0161nost zasazujeme o m\u00edrov\u00e9 sou\u017eit\u00ed n\u00e1rod\u016f Evropy a vytv\u00e1\u0159en\u00ed demokratick\u00fdch \u00fastavn\u00edch politick\u00fdch struktur na evropsk\u00e9 \u00farovni. Podporujeme dal\u0161\u00ed rozvoj Evropsk\u00e9 unie sm\u011brem k ob\u010dansk\u00e9 Evrop\u011b a jej\u00ed plnou demokratizaci na feder\u00e1ln\u00edm principu.<\/p>\n<p>N\u00e1pln\u00ed na\u0161eho neziskov\u00e9ho a dobrovolnick\u00e9ho sdru\u017een\u00ed je poskytov\u00e1n\u00ed informac\u00ed a vzd\u011bl\u00e1v\u00e1n\u00ed o kultur\u00e1ch, spole\u010dnostech a politice zem\u00ed a n\u00e1rod\u016f Evropy a Evropsk\u00e9 unie. Za t\u00edmto \u00fa\u010delem po\u0159\u00e1d\u00e1me vzd\u011bl\u00e1vac\u00ed cesty, informa\u010dn\u00ed akce, v\u00fdstavy a workshopy. Zasazujeme se o rozvoj demokracie a pr\u00e1vn\u00edho st\u00e1tu na evropsk\u00e9 \u00farovni a p\u0159\u00edstup zam\u011b\u0159en\u00fd na ob\u010dany pro evropskou integraci.<\/p>\n<p>Prost\u0159ednictv\u00edm na\u0161eho spolkov\u00e9ho sdru\u017een\u00ed za t\u00edmto \u00fa\u010delem zauj\u00edm\u00e1me stanoviska k aktu\u00e1ln\u00edm ot\u00e1zk\u00e1m evropsk\u00e9 politiky, aktivn\u011b se zapojujeme do rozhodov\u00e1n\u00ed o budouc\u00edm rozvoji Evropsk\u00e9 unie a \u0159e\u0161\u00edme na\u0161e po\u017eadavky se z\u00e1stupci m\u00edstn\u00edch, region\u00e1ln\u00edch a vnitrost\u00e1tn\u00edch rozhodovac\u00edch org\u00e1n\u016f.<\/p>\n\t\t\t\t\t\t<\/div>\n\t\t\t\t<\/div>\n\t\t\t\t<div class=\"elementor-element elementor-element-7992e28 elementor-widget elementor-widget-heading\" data-id=\"7992e28\" data-element_type=\"widget\" data-widget_type=\"heading.default\">\n\t\t\t\t<div class=\"elementor-widget-container\">\n\t\t\t<h3 class=\"elementor-heading-title elementor-size-default\">Kdo financuje projekt \u201eTuristick\u00e1 stezka evropsk\u00fdch hodnot\"?<\/h3>\t\t<\/div>\n\t\t\t\t<\/div>\n\t\t\t\t<div class=\"elementor-element elementor-element-3c7b105 elementor-widget elementor-widget-text-editor\" data-id=\"3c7b105\" data-element_type=\"widget\" data-widget_type=\"text-editor.default\">\n\t\t\t\t<div class=\"elementor-widget-container\">\n\t\t\t\t\t\t\t<p><img decoding=\"async\" class=\"alignright size-full wp-image-2185\" src=\"https:\/\/euwww.eu\/wp-content\/uploads\/www15.jpg\" alt=\"\" width=\"162\" height=\"191\">Projekt \u201eTuristick\u00e1 stezka evropsk\u00fdch hodnot\u201c je financov\u00e1n Evropskou uni\u00ed v r\u00e1mci v\u00fdb\u011brov\u00e9ho \u0159\u00edzen\u00ed vyhl\u00e1\u0161en\u00e9ho Evropsk\u00fdm parlamentem a bavorskou vl\u00e1dou. Cht\u011bli bychom tak\u00e9 velmi pod\u011bkovat d\u00e1rc\u016fm, bez nich\u017e bychom takov\u00fd projekt nemohli v\u016fbec realizovat. Vlastn\u00ed pod\u00edl sdru\u017een\u00ed Europa-Union Bayern e.V. na projektu stezky hodnot je financov\u00e1n z p\u0159\u00edjm\u016f z ro\u010dn\u00edch \u010dlensk\u00fdch p\u0159\u00edsp\u011bvk\u016f (48 EUR ro\u010dn\u011b).<\/p>\n<p>Za ve\u0161ker\u00fd obsah projektu Turistick\u00e9 stezky evropsk\u00fdch hodnot odpov\u00edd\u00e1 pouze sdru\u017een\u00ed Europa-Union Bayern e. V.<br \/>Je zcela nez\u00e1visl\u00e9 a vzniklo bez jak\u00e9hokoli <br \/>ovliv\u0148ov\u00e1n\u00ed ze strany uveden\u00fdch d\u00e1rc\u016f.<\/p>\n\t\t\t\t\t\t<\/div>\n\t\t\t\t<\/div>\n\t\t\t\t<div class=\"elementor-element elementor-element-f2849da ueberschrift2 elementor-widget elementor-widget-heading\" data-id=\"f2849da\" data-element_type=\"widget\" data-widget_type=\"heading.default\">\n\t\t\t\t<div class=\"elementor-widget-container\">\n\t\t\t<h2 class=\"elementor-heading-title elementor-size-default\">Odkazy<\/h2>\t\t<\/div>\n\t\t\t\t<\/div>\n\t\t\t\t<div class=\"elementor-element elementor-element-80a8d29 elementor-widget elementor-widget-heading\" data-id=\"80a8d29\" data-element_type=\"widget\" data-widget_type=\"heading.default\">\n\t\t\t\t<div class=\"elementor-widget-container\">\n\t\t\t<h3 class=\"elementor-heading-title elementor-size-default\">Kde najdu dal\u0161\u00ed informace o Evropsk\u00e9 unii?<\/h3>\t\t<\/div>\n\t\t\t\t<\/div>\n\t\t\t\t<div class=\"elementor-element elementor-element-13fc7a6 bulletlist elementor-widget elementor-widget-text-editor\" data-id=\"13fc7a6\" data-element_type=\"widget\" data-widget_type=\"text-editor.default\">\n\t\t\t\t<div class=\"elementor-widget-container\">\n\t\t\t\t\t\t\t<ul>\n<li>Ofici\u00e1ln\u00ed internetov\u00e9 str\u00e1nky Evropsk\u00e9 unie:<a href=\"http:\/\/www.europa.eu\" target=\"_blank\" rel=\"noopener\">www.europa.eu<\/a><\/li>\n<li>Evropsk\u00e9 tematick\u00e9 str\u00e1nky Spolkov\u00e9ho st\u0159ediska pro politick\u00e9 vzd\u011bl\u00e1v\u00e1n\u00ed: <a href=\"https:\/\/www.bpb.de\/internationales\/europa\/\" target=\"_blank\" rel=\"noopener\">https:\/\/www.bpb.de\/internationales\/europa\/<\/a><\/li>\n<li>Stru\u010dn\u00fd p\u0159ehled syst\u00e9mu instituc\u00ed EU najdete nejl\u00e9pe zde\n<ul>\n<li><a href=\"https:\/\/www.youtube.com\/watch?v=Qg2mex0Cb4s\" target=\"_blank\" rel=\"noopener\">Simpleshow-YouTube-Video (2:59 min.)<\/a><\/li>\n<li><a href=\"https:\/\/www.youtube.com\/watch?v=138KDVU5vRY\" target=\"_blank\" rel=\"noopener\">Arte TV z. 12.5.2020 (9:15 min.)<\/a><\/li>\n<\/ul>\n<\/li>\n<\/ul>\n<div id=\"a36bb854c610d44-autofill-overlay-host\" class=\"a36bb854c610d44-autofill-overlay-host\" style=\"position: absolute; z-index: 10; top: 0px; left: 0px; width: 0;\">\n<div style=\"display: hidden;\"> <\/div>\n<\/div>\n\t\t\t\t\t\t<\/div>\n\t\t\t\t<\/div>\n\t\t\t\t<div class=\"elementor-element elementor-element-21d5956 elementor-widget elementor-widget-heading\" data-id=\"21d5956\" data-element_type=\"widget\" data-widget_type=\"heading.default\">\n\t\t\t\t<div class=\"elementor-widget-container\">\n\t\t\t<h3 class=\"elementor-heading-title elementor-size-default\">Kde mohu naj\u00edt v\u00edce informac\u00ed o hodnot\u00e1ch a principech liber\u00e1ln\u00edch demokraci\u00ed?<\/h3>\t\t<\/div>\n\t\t\t\t<\/div>\n\t\t\t\t<div class=\"elementor-element elementor-element-39eb1f5 bulletlist elementor-widget elementor-widget-text-editor\" data-id=\"39eb1f5\" data-element_type=\"widget\" data-widget_type=\"text-editor.default\">\n\t\t\t\t<div class=\"elementor-widget-container\">\n\t\t\t\t\t\t\t<ul>\n<li>Pokud m\u00e1te r\u00e1di kabaret, m\u016f\u017eete zhl\u00e9dnout \u201eAbdelkratie&#8221; Spolkov\u00e9ho st\u0159ediska pro politick\u00e9 vzd\u011bl\u00e1n\u00ed s kabaretistou Abdelkarimem \u2013 doporu\u010dujeme p\u0159edev\u0161\u00edm pro ml\u00e1de\u017e a dosp\u011bl\u00e9.<br \/><a href=\"https:\/\/www.bpb.de\/lernen\/projekte\/310044\/abdelkratie-folgen\" target=\"_blank\" rel=\"noopener\">https:\/\/www.bpb.de\/lernen\/projekte\/310044\/abdelkratie-folgen<\/a><\/li>\n<li>Jednoduch\u00fd \u00favod do z\u00e1klad\u016f liberalismu nab\u00edz\u00ed n\u00e1sleduj\u00edc\u00ed video (3:20 min.):<br \/><a href=\"https:\/\/www.youtube.com\/watch?v=v3Oohgy8azY\" target=\"_blank\" rel=\"noopener\">https:\/\/www.youtube.com\/watch?v=v3Oohgy8azY<\/a><\/li>\n<li>Zde najdete souhrn r\u016fzn\u00fdch nab\u00eddek Spolkov\u00e9ho st\u0159ediska pro politick\u00e9 vzd\u011bl\u00e1v\u00e1n\u00ed k t\u00e9matu \u201eDemokracie\u201c:<br \/><a href=\"https:\/\/www.politische-bildung.de\/demokratie\" target=\"_blank\" rel=\"noopener\">https:\/\/www.politische-bildung.de\/demokratie<\/a><\/li>\n<li>Podcast \u201eZamy\u0161len\u00ed nad demokraci\u00ed\u201c Spolkov\u00e9ho st\u0159ediska pro politick\u00e9 vzd\u011bl\u00e1v\u00e1n\u00ed spolkov\u00e9 zem\u011b Por\u00fdn\u00ed-Falc<br \/><a href=\"https:\/\/www.politische-bildung.rlp.de\/wir-ueber-uns\/podcast\" target=\"_blank\" rel=\"noopener\">https:\/\/www.politische-bildung.rlp.de\/wir-ueber-uns\/podcast<\/a><\/li>\n<\/ul>\n\t\t\t\t\t\t<\/div>\n\t\t\t\t<\/div>\n\t\t\t\t<div class=\"elementor-element elementor-element-02c5a1f elementor-widget elementor-widget-heading\" data-id=\"02c5a1f\" data-element_type=\"widget\" data-widget_type=\"heading.default\">\n\t\t\t\t<div class=\"elementor-widget-container\">\n\t\t\t<h3 class=\"elementor-heading-title elementor-size-default\">Na kdy je napl\u00e1nov\u00e1na zast\u00e1vka Turistick\u00e9 stezky evropsk\u00fdch hodnot v Bavorsku?<\/h3>\t\t<\/div>\n\t\t\t\t<\/div>\n\t\t\t\t<div class=\"elementor-element elementor-element-21debc5 elementor-widget elementor-widget-text-editor\" data-id=\"21debc5\" data-element_type=\"widget\" data-widget_type=\"text-editor.default\">\n\t\t\t\t<div class=\"elementor-widget-container\">\n\t\t\t\t\t\t\t<p><a href=\"https:\/\/euwww.eu\/cs\/terminy\/\">Zde najdete v\u0161echny term\u00edny<\/a><\/p>\n\t\t\t\t\t\t<\/div>\n\t\t\t\t<\/div>\n\t\t\t\t\t<\/div>\n\t\t<\/div>\n\t\t\t\t\t<\/div>\n\t\t<\/section>\n\t\t\t\t<\/div>\n\t\t","protected":false},"excerpt":{"rendered":"<p>V\u00edtejte Informace V\u00edtejte na str\u00e1nk\u00e1ch Turistick\u00e9 stezky evropsk\u00fdch hodnot Zam\u00fd\u0161let se nad t\u00edm, co je z\u00e1sadn\u00ed pro sou\u017eit\u00ed v politick\u00e9m sple\u010denstv\u00ed \u201eEvropsk\u00e9 unie&#8221; \u2013 nen\u00ed to, co bychom d\u011blali ka\u017ed\u00fd den. O to v\u00edce n\u00e1s t\u011b\u0161\u00ed, \u017ee jste zav\u00edtali na tyto str\u00e1nky.V dob\u011b, kdy jsou nacionalismus, nesn\u00e1\u0161enlivost a vylou\u010den\u00ed v politice a spole\u010dnosti v evropsk\u00fdch [&hellip;]<\/p>\n","protected":false},"author":6,"featured_media":0,"parent":5003,"menu_order":0,"comment_status":"closed","ping_status":"closed","template":"","meta":{"_acf_changed":false,"footnotes":""},"class_list":["post-5007","page","type-page","status-publish","hentry"],"acf":[],"_links":{"self":[{"href":"https:\/\/euwww.eu\/cs\/wp-json\/wp\/v2\/pages\/5007","targetHints":{"allow":["GET"]}}],"collection":[{"href":"https:\/\/euwww.eu\/cs\/wp-json\/wp\/v2\/pages"}],"about":[{"href":"https:\/\/euwww.eu\/cs\/wp-json\/wp\/v2\/types\/page"}],"author":[{"embeddable":true,"href":"https:\/\/euwww.eu\/cs\/wp-json\/wp\/v2\/users\/6"}],"replies":[{"embeddable":true,"href":"https:\/\/euwww.eu\/cs\/wp-json\/wp\/v2\/comments?post=5007"}],"version-history":[{"count":5,"href":"https:\/\/euwww.eu\/cs\/wp-json\/wp\/v2\/pages\/5007\/revisions"}],"predecessor-version":[{"id":5443,"href":"https:\/\/euwww.eu\/cs\/wp-json\/wp\/v2\/pages\/5007\/revisions\/5443"}],"up":[{"embeddable":true,"href":"https:\/\/euwww.eu\/cs\/wp-json\/wp\/v2\/pages\/5003"}],"wp:attachment":[{"href":"https:\/\/euwww.eu\/cs\/wp-json\/wp\/v2\/media?parent=5007"}],"curies":[{"name":"wp","href":"https:\/\/api.w.org\/{rel}","templated":true}]}}