
{"id":5068,"date":"2021-03-28T12:24:10","date_gmt":"2021-03-28T10:24:10","guid":{"rendered":"https:\/\/euwww.eu\/vitejte\/vzdelavaci-materialy\/"},"modified":"2021-09-22T18:52:27","modified_gmt":"2021-09-22T16:52:27","slug":"vzdelavaci-materialy","status":"publish","type":"page","link":"https:\/\/euwww.eu\/cs\/vitejte\/vzdelavaci-materialy\/","title":{"rendered":"Vzd\u011bl\u00e1vac\u00ed materi\u00e1ly"},"content":{"rendered":"\t\t<div data-elementor-type=\"wp-page\" data-elementor-id=\"5068\" class=\"elementor elementor-5068 elementor-2866\" data-elementor-post-type=\"page\">\n\t\t\t\t\t\t<section class=\"elementor-section elementor-top-section elementor-element elementor-element-c2087cc elementor-section-full_width elementor-section-content-middle elementor-section-height-default elementor-section-height-default\" data-id=\"c2087cc\" data-element_type=\"section\">\n\t\t\t\t\t\t<div class=\"elementor-container elementor-column-gap-default\">\n\t\t\t\t\t<div class=\"elementor-column elementor-col-100 elementor-top-column elementor-element elementor-element-3d3b5fb\" data-id=\"3d3b5fb\" data-element_type=\"column\">\n\t\t\t<div class=\"elementor-widget-wrap elementor-element-populated\">\n\t\t\t\t\t\t<div class=\"elementor-element elementor-element-9e452f1 elementor-cta--skin-cover elementor-cta--valign-middle elementor-widget elementor-widget-call-to-action\" data-id=\"9e452f1\" data-element_type=\"widget\" data-widget_type=\"call-to-action.default\">\n\t\t\t\t<div class=\"elementor-widget-container\">\n\t\t\t\t\t<div class=\"elementor-cta\" data-e-bg-lazyload=\".elementor-bg\">\n\t\t\t\t\t<div class=\"elementor-cta__bg-wrapper\">\n\t\t\t\t<div class=\"elementor-cta__bg elementor-bg\" style=\"background-image: var(--e-bg-lazyload-loaded); --e-bg-lazyload: url(https:\/\/euwww.eu\/wp-content\/uploads\/Hintergrund-2.jpg);\" role=\"img\" aria-label=\"Hintergrund-2\"><\/div>\n\t\t\t\t<div class=\"elementor-cta__bg-overlay\"><\/div>\n\t\t\t<\/div>\n\t\t\t\t\t\t\t<div class=\"elementor-cta__content\">\n\t\t\t\t\n\t\t\t\t\t\t\t\t\t<h1 class=\"elementor-cta__title elementor-cta__content-item elementor-content-item\">\n\t\t\t\t\t\tGeografie a politika\t\t\t\t\t<\/h1>\n\t\t\t\t\n\t\t\t\t\n\t\t\t\t\t\t\t<\/div>\n\t\t\t\t\t\t\t<div class=\"elementor-ribbon elementor-ribbon-left\">\n\t\t\t\t<div class=\"elementor-ribbon-inner\">Vzd\u011bl\u00e1vac\u00ed materi\u00e1ly<\/div>\n\t\t\t<\/div>\n\t\t\t\t<\/div>\n\t\t\t\t<\/div>\n\t\t\t\t<\/div>\n\t\t\t\t\t<\/div>\n\t\t<\/div>\n\t\t\t\t\t<\/div>\n\t\t<\/section>\n\t\t\t\t<section class=\"elementor-section elementor-top-section elementor-element elementor-element-4b07337 elementor-section-boxed elementor-section-height-default elementor-section-height-default\" data-id=\"4b07337\" data-element_type=\"section\">\n\t\t\t\t\t\t<div class=\"elementor-container elementor-column-gap-default\">\n\t\t\t\t\t<div class=\"elementor-column elementor-col-100 elementor-top-column elementor-element elementor-element-20d2b86\" data-id=\"20d2b86\" data-element_type=\"column\">\n\t\t\t<div class=\"elementor-widget-wrap elementor-element-populated\">\n\t\t\t\t\t\t<div class=\"elementor-element elementor-element-943a15f elementor-widget elementor-widget-text-editor\" data-id=\"943a15f\" data-element_type=\"widget\" data-widget_type=\"text-editor.default\">\n\t\t\t\t<div class=\"elementor-widget-container\">\n\t\t\t\t\t\t\t<p style=\"text-align: center;\"><em><strong>P\u0159\u00edsp\u011bvky ozna\u010den\u00ed jako \u201eVzd\u011bl\u00e1vac\u00ed materi\u00e1l\u201d vytvo\u0159ili Georg Fath, Gabriela Ripka a Gerhard Luber<\/strong><\/em><\/p>\n\t\t\t\t\t\t<\/div>\n\t\t\t\t<\/div>\n\t\t\t\t\t<\/div>\n\t\t<\/div>\n\t\t\t\t\t<\/div>\n\t\t<\/section>\n\t\t\t\t<section class=\"elementor-section elementor-top-section elementor-element elementor-element-c3e3d95 elementor-section-boxed elementor-section-height-default elementor-section-height-default\" data-id=\"c3e3d95\" data-element_type=\"section\">\n\t\t\t\t\t\t<div class=\"elementor-container elementor-column-gap-default\">\n\t\t\t\t\t<div class=\"elementor-column elementor-col-50 elementor-top-column elementor-element elementor-element-287a42b\" data-id=\"287a42b\" data-element_type=\"column\">\n\t\t\t<div class=\"elementor-widget-wrap elementor-element-populated\">\n\t\t\t\t\t\t<div class=\"elementor-element elementor-element-b0701f0 elementor-widget elementor-widget-heading\" data-id=\"b0701f0\" data-element_type=\"widget\" data-widget_type=\"heading.default\">\n\t\t\t\t<div class=\"elementor-widget-container\">\n\t\t\t<h2 class=\"elementor-heading-title elementor-size-default\">EU nen\u00ed Evropa!<\/h2>\t\t<\/div>\n\t\t\t\t<\/div>\n\t\t\t\t<div class=\"elementor-element elementor-element-0e41566 elementor-widget elementor-widget-text-editor\" data-id=\"0e41566\" data-element_type=\"widget\" data-widget_type=\"text-editor.default\">\n\t\t\t\t<div class=\"elementor-widget-container\">\n\t\t\t\t\t\t\t<p>Evropa zahrnuje zem\u011bpisn\u011b oblast od Atlantiku po Ural. Ale ne v\u0161echny st\u00e1ty v t\u00e9to oblasti jsou tak\u00e9 sou\u010d\u00e1st\u00ed EU.<\/p>\n<p><strong>Evropsk\u00e1 unie [= EU]<\/strong>m\u00e1 v sou\u010dasn\u00e9 dob\u011b, po vystoupen\u00ed Spojen\u00e9ho kr\u00e1lovstv\u00ed, <strong>27 \u010dlensk\u00fdch st\u00e1t\u016f<\/strong>.<\/p>\n\t\t\t\t\t\t<\/div>\n\t\t\t\t<\/div>\n\t\t\t\t<div class=\"elementor-element elementor-element-aae8b11 elementor-widget elementor-widget-text-editor\" data-id=\"aae8b11\" data-element_type=\"widget\" data-widget_type=\"text-editor.default\">\n\t\t\t\t<div class=\"elementor-widget-container\">\n\t\t\t\t\t\t\t<p>N\u011bkter\u00e9 dal\u0161\u00ed st\u00e1ty by se r\u00e1dy p\u0159ipojily k EU; v\u0161echny se bez v\u00fdjimky nach\u00e1zej\u00ed na jihov\u00fdchod\u011b Evropy.<\/p>\n\t\t\t\t\t\t<\/div>\n\t\t\t\t<\/div>\n\t\t\t\t<div class=\"elementor-element elementor-element-37b2f8d elementor-widget elementor-widget-accordion\" data-id=\"37b2f8d\" data-element_type=\"widget\" data-widget_type=\"accordion.default\">\n\t\t\t\t<div class=\"elementor-widget-container\">\n\t\t\t\t\t<div class=\"elementor-accordion\">\n\t\t\t\t\t\t\t<div class=\"elementor-accordion-item\">\n\t\t\t\t\t<div id=\"elementor-tab-title-5841\" class=\"elementor-tab-title\" data-tab=\"1\" role=\"button\" aria-controls=\"elementor-tab-content-5841\" aria-expanded=\"false\">\n\t\t\t\t\t\t\t\t\t\t\t\t\t<span class=\"elementor-accordion-icon elementor-accordion-icon-left\" aria-hidden=\"true\">\n\t\t\t\t\t\t\t\t\t\t\t\t\t\t\t<span class=\"elementor-accordion-icon-closed\"><i class=\"fas fa-question-circle\"><\/i><\/span>\n\t\t\t\t\t\t\t\t<span class=\"elementor-accordion-icon-opened\"><i class=\"fas fa-exclamation\"><\/i><\/span>\n\t\t\t\t\t\t\t\t\t\t\t\t\t\t<\/span>\n\t\t\t\t\t\t\t\t\t\t\t\t<a class=\"elementor-accordion-title\" tabindex=\"0\">5 ofici\u00e1ln\u00edch kandid\u00e1tsk\u00fdch zem\u00ed<\/a>\n\t\t\t\t\t<\/div>\n\t\t\t\t\t<div id=\"elementor-tab-content-5841\" class=\"elementor-tab-content elementor-clearfix\" data-tab=\"1\" role=\"region\" aria-labelledby=\"elementor-tab-title-5841\"><p>Turecko (od 1999), Severn\u00ed Makedonie (od 2005), \u010cern\u00e1 Hora (od 2010), Srbsko (od 2012), Alb\u00e1nie (od 2014)<\/p>\n<\/div>\n\t\t\t\t<\/div>\n\t\t\t\t\t\t\t<div class=\"elementor-accordion-item\">\n\t\t\t\t\t<div id=\"elementor-tab-title-5842\" class=\"elementor-tab-title\" data-tab=\"2\" role=\"button\" aria-controls=\"elementor-tab-content-5842\" aria-expanded=\"false\">\n\t\t\t\t\t\t\t\t\t\t\t\t\t<span class=\"elementor-accordion-icon elementor-accordion-icon-left\" aria-hidden=\"true\">\n\t\t\t\t\t\t\t\t\t\t\t\t\t\t\t<span class=\"elementor-accordion-icon-closed\"><i class=\"fas fa-question-circle\"><\/i><\/span>\n\t\t\t\t\t\t\t\t<span class=\"elementor-accordion-icon-opened\"><i class=\"fas fa-exclamation\"><\/i><\/span>\n\t\t\t\t\t\t\t\t\t\t\t\t\t\t<\/span>\n\t\t\t\t\t\t\t\t\t\t\t\t<a class=\"elementor-accordion-title\" tabindex=\"0\">Podle Evropsk\u00e9 komise jsou 2 st\u00e1ty pova\u017eov\u00e1ny za potenci\u00e1ln\u00ed kandid\u00e1ty<\/a>\n\t\t\t\t\t<\/div>\n\t\t\t\t\t<div id=\"elementor-tab-content-5842\" class=\"elementor-tab-content elementor-clearfix\" data-tab=\"2\" role=\"region\" aria-labelledby=\"elementor-tab-title-5842\"><p>Bosna a Hercegovina, Kosovo<\/p>\n<\/div>\n\t\t\t\t<\/div>\n\t\t\t\t\t\t\t<div class=\"elementor-accordion-item\">\n\t\t\t\t\t<div id=\"elementor-tab-title-5843\" class=\"elementor-tab-title\" data-tab=\"3\" role=\"button\" aria-controls=\"elementor-tab-content-5843\" aria-expanded=\"false\">\n\t\t\t\t\t\t\t\t\t\t\t\t\t<span class=\"elementor-accordion-icon elementor-accordion-icon-left\" aria-hidden=\"true\">\n\t\t\t\t\t\t\t\t\t\t\t\t\t\t\t<span class=\"elementor-accordion-icon-closed\"><i class=\"fas fa-question-circle\"><\/i><\/span>\n\t\t\t\t\t\t\t\t<span class=\"elementor-accordion-icon-opened\"><i class=\"fas fa-exclamation\"><\/i><\/span>\n\t\t\t\t\t\t\t\t\t\t\t\t\t\t<\/span>\n\t\t\t\t\t\t\t\t\t\t\t\t<a class=\"elementor-accordion-title\" tabindex=\"0\">EU nezahrnuje v\u00edce zem\u00ed ve v\u00fdchodn\u00ed Evrop\u011b<\/a>\n\t\t\t\t\t<\/div>\n\t\t\t\t\t<div id=\"elementor-tab-content-5843\" class=\"elementor-tab-content elementor-clearfix\" data-tab=\"3\" role=\"region\" aria-labelledby=\"elementor-tab-title-5843\"><p>Arm\u00e9nii, \u00c1zerb\u00e1jd\u017e\u00e1n, B\u011blorusko, Gruzii, Moldavsko, Rusko, Ukrajinu<\/p>\n<\/div>\n\t\t\t\t<\/div>\n\t\t\t\t\t\t\t<div class=\"elementor-accordion-item\">\n\t\t\t\t\t<div id=\"elementor-tab-title-5844\" class=\"elementor-tab-title\" data-tab=\"4\" role=\"button\" aria-controls=\"elementor-tab-content-5844\" aria-expanded=\"false\">\n\t\t\t\t\t\t\t\t\t\t\t\t\t<span class=\"elementor-accordion-icon elementor-accordion-icon-left\" aria-hidden=\"true\">\n\t\t\t\t\t\t\t\t\t\t\t\t\t\t\t<span class=\"elementor-accordion-icon-closed\"><i class=\"fas fa-question-circle\"><\/i><\/span>\n\t\t\t\t\t\t\t\t<span class=\"elementor-accordion-icon-opened\"><i class=\"fas fa-exclamation\"><\/i><\/span>\n\t\t\t\t\t\t\t\t\t\t\t\t\t\t<\/span>\n\t\t\t\t\t\t\t\t\t\t\t\t<a class=\"elementor-accordion-title\" tabindex=\"0\">4 velk\u00e9 st\u00e1ty z\u00e1padn\u00ed Evropy NEJSOU v EU <\/a>\n\t\t\t\t\t<\/div>\n\t\t\t\t\t<div id=\"elementor-tab-content-5844\" class=\"elementor-tab-content elementor-clearfix\" data-tab=\"4\" role=\"region\" aria-labelledby=\"elementor-tab-title-5844\"><p>Velk\u00e1 Brit\u00e1nie, Norsko, \u0160v\u00fdcarsko, Island<\/p>\n<\/div>\n\t\t\t\t<\/div>\n\t\t\t\t\t\t\t<div class=\"elementor-accordion-item\">\n\t\t\t\t\t<div id=\"elementor-tab-title-5845\" class=\"elementor-tab-title\" data-tab=\"5\" role=\"button\" aria-controls=\"elementor-tab-content-5845\" aria-expanded=\"false\">\n\t\t\t\t\t\t\t\t\t\t\t\t\t<span class=\"elementor-accordion-icon elementor-accordion-icon-left\" aria-hidden=\"true\">\n\t\t\t\t\t\t\t\t\t\t\t\t\t\t\t<span class=\"elementor-accordion-icon-closed\"><i class=\"fas fa-question-circle\"><\/i><\/span>\n\t\t\t\t\t\t\t\t<span class=\"elementor-accordion-icon-opened\"><i class=\"fas fa-exclamation\"><\/i><\/span>\n\t\t\t\t\t\t\t\t\t\t\t\t\t\t<\/span>\n\t\t\t\t\t\t\t\t\t\t\t\t<a class=\"elementor-accordion-title\" tabindex=\"0\">4 mal\u00e9 st\u00e1ty v z\u00e1padn\u00ed Evrop\u011b tak\u00e9 NEJSOU v EU<\/a>\n\t\t\t\t\t<\/div>\n\t\t\t\t\t<div id=\"elementor-tab-content-5845\" class=\"elementor-tab-content elementor-clearfix\" data-tab=\"5\" role=\"region\" aria-labelledby=\"elementor-tab-title-5845\"><p>Lichten\u0161tejnsko, Andorra, San Marino, Vatik\u00e1n<\/p>\n<\/div>\n\t\t\t\t<\/div>\n\t\t\t\t\t\t\t\t<\/div>\n\t\t\t\t<\/div>\n\t\t\t\t<\/div>\n\t\t\t\t\t<\/div>\n\t\t<\/div>\n\t\t\t\t<div class=\"elementor-column elementor-col-50 elementor-top-column elementor-element elementor-element-53f9951\" data-id=\"53f9951\" data-element_type=\"column\">\n\t\t\t<div class=\"elementor-widget-wrap elementor-element-populated\">\n\t\t\t\t\t\t<div class=\"elementor-element elementor-element-99dce6b elementor-widget elementor-widget-image\" data-id=\"99dce6b\" data-element_type=\"widget\" data-widget_type=\"image.default\">\n\t\t\t\t<div class=\"elementor-widget-container\">\n\t\t\t\t\t\t\t\t\t\t\t\t\t\t<a href=\"https:\/\/euwww.eu\/wp-content\/uploads\/Karte-der-EU-Mitgliedsstaaten.jpg\" data-elementor-open-lightbox=\"yes\" data-elementor-lightbox-title=\"Karte der EU-Mitgliedsstaaten\" data-e-action-hash=\"#elementor-action%3Aaction%3Dlightbox%26settings%3DeyJpZCI6NTA3MCwidXJsIjoiaHR0cHM6XC9cL2V1d3d3LmV1XC93cC1jb250ZW50XC91cGxvYWRzXC9LYXJ0ZS1kZXItRVUtTWl0Z2xpZWRzc3RhYXRlbi5qcGcifQ%3D%3D\">\n\t\t\t\t\t\t\t<img fetchpriority=\"high\" decoding=\"async\" width=\"800\" height=\"941\" src=\"https:\/\/euwww.eu\/wp-content\/uploads\/Karte-der-EU-Mitgliedsstaaten.jpg\" class=\"attachment-large size-large wp-image-5070\" alt=\"\" srcset=\"https:\/\/euwww.eu\/wp-content\/uploads\/Karte-der-EU-Mitgliedsstaaten.jpg 810w, https:\/\/euwww.eu\/wp-content\/uploads\/Karte-der-EU-Mitgliedsstaaten-255x300.jpg 255w, https:\/\/euwww.eu\/wp-content\/uploads\/Karte-der-EU-Mitgliedsstaaten-768x904.jpg 768w\" sizes=\"(max-width: 800px) 100vw, 800px\" \/>\t\t\t\t\t\t\t\t<\/a>\n\t\t\t\t\t\t\t\t\t\t\t\t\t<\/div>\n\t\t\t\t<\/div>\n\t\t\t\t<div class=\"elementor-element elementor-element-8998d26 elementor-widget elementor-widget-text-editor\" data-id=\"8998d26\" data-element_type=\"widget\" data-widget_type=\"text-editor.default\">\n\t\t\t\t<div class=\"elementor-widget-container\">\n\t\t\t\t\t\t\t<p style=\"text-align: left;\"><a href=\"https:\/\/www.bpb.de\/nachschlagen\/lexika\/lexikon-in-einfacher-sprache\/286912\/eu-mitgliedstaaten\">\u00a9Bundeszentrale f\u00fcr politische Bildung<\/a><\/p>\n\t\t\t\t\t\t<\/div>\n\t\t\t\t<\/div>\n\t\t\t\t\t<\/div>\n\t\t<\/div>\n\t\t\t\t\t<\/div>\n\t\t<\/section>\n\t\t\t\t<section class=\"elementor-section elementor-top-section elementor-element elementor-element-6dcb0fd elementor-section-boxed elementor-section-height-default elementor-section-height-default\" data-id=\"6dcb0fd\" data-element_type=\"section\" data-settings=\"{&quot;background_background&quot;:&quot;classic&quot;}\">\n\t\t\t\t\t\t<div class=\"elementor-container elementor-column-gap-default\">\n\t\t\t\t\t<div class=\"elementor-column elementor-col-100 elementor-top-column elementor-element elementor-element-7f500a4\" data-id=\"7f500a4\" data-element_type=\"column\">\n\t\t\t<div class=\"elementor-widget-wrap elementor-element-populated\">\n\t\t\t\t\t\t<div class=\"elementor-element elementor-element-c1d02d4 elementor-widget elementor-widget-heading\" data-id=\"c1d02d4\" data-element_type=\"widget\" data-widget_type=\"heading.default\">\n\t\t\t\t<div class=\"elementor-widget-container\">\n\t\t\t<h2 class=\"elementor-heading-title elementor-size-default\">Sv\u011btov\u00e1 velmoc Evropa?<\/h2>\t\t<\/div>\n\t\t\t\t<\/div>\n\t\t\t\t<section class=\"elementor-section elementor-inner-section elementor-element elementor-element-00bdee7 elementor-section-boxed elementor-section-height-default elementor-section-height-default\" data-id=\"00bdee7\" data-element_type=\"section\">\n\t\t\t\t\t\t<div class=\"elementor-container elementor-column-gap-default\">\n\t\t\t\t\t<div class=\"elementor-column elementor-col-50 elementor-inner-column elementor-element elementor-element-7f2a354\" data-id=\"7f2a354\" data-element_type=\"column\">\n\t\t\t<div class=\"elementor-widget-wrap elementor-element-populated\">\n\t\t\t\t\t\t<div class=\"elementor-element elementor-element-e564f80 elementor-widget elementor-widget-text-editor\" data-id=\"e564f80\" data-element_type=\"widget\" data-widget_type=\"text-editor.default\">\n\t\t\t\t<div class=\"elementor-widget-container\">\n\t\t\t\t\t\t\t<p>Pokud \u010dlov\u011bk pomine neobydlen\u00e9 oblasti Antarktidy, je Evropa <strong>druh\u00fdm nejmen\u0161\u00edm kontinentem<\/strong> sv\u011bta po Austr\u00e1lii, a to jak z hlediska jej\u00ed plochy, tak i po\u010dtu obyvatel.<\/p>\n<p>\u017d\u00e1dn\u00fd jin\u00fd kontinent nen\u00ed tvo\u0159en <strong>tolika jednotliv\u00fdmi st\u00e1ty<\/strong>, jako Evropa, s Tureckem a Ruskem je jich dohromady 47.<\/p>\n<p>Pokud <strong>EU<\/strong><strong>srovn\u00e1me<\/strong> s velk\u00fdmi zem\u011bmi, jako jsou <strong>USA<\/strong> a<strong>\u010c\u00edna<\/strong>, z hlediska ekonomiky, EU dosahuje v nomin\u00e1ln\u00edm hrub\u00e9m dom\u00e1c\u00edm produktu (HDP) p\u0159ibli\u017en\u011b 15,6 miliard americk\u00fdch dolar\u016f. Podle <strong>MMF (Mezin\u00e1rodn\u00edho m\u011bnov\u00e9ho fondu)<\/strong>byla v roce 2019 po USA <strong>druhou nejv\u011bt\u0161\u00ed ekonomikou<\/strong> na sv\u011bt\u011b, co\u017e p\u0159edstavuje p\u0159ibli\u017en\u011b 22,8 % celosv\u011btov\u00e9ho hospod\u00e1\u0159sk\u00e9ho v\u00fdsledku.     <\/p>\n\t\t\t\t\t\t<\/div>\n\t\t\t\t<\/div>\n\t\t\t\t\t<\/div>\n\t\t<\/div>\n\t\t\t\t<div class=\"elementor-column elementor-col-50 elementor-inner-column elementor-element elementor-element-3d431a7\" data-id=\"3d431a7\" data-element_type=\"column\">\n\t\t\t<div class=\"elementor-widget-wrap elementor-element-populated\">\n\t\t\t\t\t\t<div class=\"elementor-element elementor-element-12c21e5 elementor-widget elementor-widget-image\" data-id=\"12c21e5\" data-element_type=\"widget\" data-widget_type=\"image.default\">\n\t\t\t\t<div class=\"elementor-widget-container\">\n\t\t\t\t\t\t\t\t\t\t\t\t\t\t<a href=\"https:\/\/euwww.eu\/wp-content\/uploads\/www45.jpg\" data-elementor-open-lightbox=\"yes\" data-e-action-hash=\"#elementor-action%3Aaction%3Dlightbox%26settings%3DeyJpZCI6MzUyOSwidXJsIjoiaHR0cHM6XC9cL2V1d3d3LmV1XC93cC1jb250ZW50XC91cGxvYWRzXC93d3c0NS5qcGcifQ%3D%3D\">\n\t\t\t\t\t\t\t<img decoding=\"async\" width=\"1281\" height=\"522\" src=\"https:\/\/euwww.eu\/wp-content\/uploads\/www45.jpg\" class=\"attachment-full size-full wp-image-3529\" alt=\"\" srcset=\"https:\/\/euwww.eu\/wp-content\/uploads\/www45.jpg 1281w, https:\/\/euwww.eu\/wp-content\/uploads\/www45-300x122.jpg 300w, https:\/\/euwww.eu\/wp-content\/uploads\/www45-1024x417.jpg 1024w, https:\/\/euwww.eu\/wp-content\/uploads\/www45-768x313.jpg 768w\" sizes=\"(max-width: 1281px) 100vw, 1281px\" \/>\t\t\t\t\t\t\t\t<\/a>\n\t\t\t\t\t\t\t\t\t\t\t\t\t<\/div>\n\t\t\t\t<\/div>\n\t\t\t\t<div class=\"elementor-element elementor-element-3920ac8 elementor-widget elementor-widget-text-editor\" data-id=\"3920ac8\" data-element_type=\"widget\" data-widget_type=\"text-editor.default\">\n\t\t\t\t<div class=\"elementor-widget-container\">\n\t\t\t\t\t\t\t<p><a href=\"https:\/\/commons.wikimedia.org\/wiki\/File:ContinentStatistics.svg\">Chrkl<\/a>, Licence: <a href=\"https:\/\/creativecommons.org\/licenses\/by-sa\/3.0\/deed.en\"><span class=\"cc-license-identifier\">CC BY-SA 3.0<\/span><\/a><\/p>\n\t\t\t\t\t\t<\/div>\n\t\t\t\t<\/div>\n\t\t\t\t<div class=\"elementor-element elementor-element-bdc2fff elementor-widget elementor-widget-text-editor\" data-id=\"bdc2fff\" data-element_type=\"widget\" data-widget_type=\"text-editor.default\">\n\t\t\t\t<div class=\"elementor-widget-container\">\n\t\t\t\t\t\t\t<p><strong>\u201eV Evrop\u011b existuj\u00ed pouze dva druhy st\u00e1t\u016f: Mal\u00e9 st\u00e1ty a mal\u00e9 st\u00e1ty, kter\u00e9 dosud pochopily, \u017ee jsou mal\u00fdmi st\u00e1ty\u201c<\/strong><br \/>[Paul Henri Spaak, 1899-1972, v\u00fdznamn\u00fd belgick\u00fd politik a evropsk\u00fd vizion\u00e1\u0159]<\/p>\n\t\t\t\t\t\t<\/div>\n\t\t\t\t<\/div>\n\t\t\t\t\t<\/div>\n\t\t<\/div>\n\t\t\t\t\t<\/div>\n\t\t<\/section>\n\t\t\t\t\t<\/div>\n\t\t<\/div>\n\t\t\t\t\t<\/div>\n\t\t<\/section>\n\t\t\t\t<section class=\"elementor-section elementor-top-section elementor-element elementor-element-13c10d8 elementor-section-boxed elementor-section-height-default elementor-section-height-default\" data-id=\"13c10d8\" data-element_type=\"section\">\n\t\t\t\t\t\t<div class=\"elementor-container elementor-column-gap-default\">\n\t\t\t\t\t<div class=\"elementor-column elementor-col-100 elementor-top-column elementor-element elementor-element-3c04248\" data-id=\"3c04248\" data-element_type=\"column\">\n\t\t\t<div class=\"elementor-widget-wrap elementor-element-populated\">\n\t\t\t\t\t\t<div class=\"elementor-element elementor-element-e4b5c80 elementor-widget elementor-widget-heading\" data-id=\"e4b5c80\" data-element_type=\"widget\" data-widget_type=\"heading.default\">\n\t\t\t\t<div class=\"elementor-widget-container\">\n\t\t\t<h2 class=\"elementor-heading-title elementor-size-default\">Ohro\u017een\u00e1 budoucnost Evropy<\/h2>\t\t<\/div>\n\t\t\t\t<\/div>\n\t\t\t\t<div class=\"elementor-element elementor-element-2fe9ff8 elementor-widget elementor-widget-text-editor\" data-id=\"2fe9ff8\" data-element_type=\"widget\" data-widget_type=\"text-editor.default\">\n\t\t\t\t<div class=\"elementor-widget-container\">\n\t\t\t\t\t\t\t<p>Navzdory trval\u00e9mu ekonomick\u00e9mu r\u016fstu na obyvatele v EU kles\u00e1 procentu\u00e1ln\u00ed pod\u00edl Evropy vzhledem k americk\u00e9 a zejm\u00e9na \u010d\u00ednsk\u00e9 konkurenci. Prohl\u00e9dn\u011bte si k tomu n\u00e1sleduj\u00edc\u00edch graf:<\/p>\n\t\t\t\t\t\t<\/div>\n\t\t\t\t<\/div>\n\t\t\t\t<div class=\"elementor-element elementor-element-913a3f6 elementor-widget elementor-widget-image\" data-id=\"913a3f6\" data-element_type=\"widget\" data-widget_type=\"image.default\">\n\t\t\t\t<div class=\"elementor-widget-container\">\n\t\t\t\t\t\t\t\t\t\t<figure class=\"wp-caption\">\n\t\t\t\t\t\t\t\t\t\t\t<a href=\"https:\/\/euwww.eu\/wp-content\/uploads\/Grafik-BiP-Weltanteil-EU-China-USA-1.png\" data-elementor-open-lightbox=\"yes\" data-elementor-lightbox-title=\"Grafik-BiP-Weltanteil-EU-China-USA\" data-e-action-hash=\"#elementor-action%3Aaction%3Dlightbox%26settings%3DeyJpZCI6NTA3MiwidXJsIjoiaHR0cHM6XC9cL2V1d3d3LmV1XC93cC1jb250ZW50XC91cGxvYWRzXC9HcmFmaWstQmlQLVdlbHRhbnRlaWwtRVUtQ2hpbmEtVVNBLTEucG5nIn0%3D\">\n\t\t\t\t\t\t\t<img decoding=\"async\" width=\"768\" height=\"484\" src=\"https:\/\/euwww.eu\/wp-content\/uploads\/Grafik-BiP-Weltanteil-EU-China-USA-1-768x484.png\" class=\"attachment-medium_large size-medium_large wp-image-5072\" alt=\"\" srcset=\"https:\/\/euwww.eu\/wp-content\/uploads\/Grafik-BiP-Weltanteil-EU-China-USA-1-768x484.png 768w, https:\/\/euwww.eu\/wp-content\/uploads\/Grafik-BiP-Weltanteil-EU-China-USA-1-300x189.png 300w, https:\/\/euwww.eu\/wp-content\/uploads\/Grafik-BiP-Weltanteil-EU-China-USA-1.png 980w\" sizes=\"(max-width: 768px) 100vw, 768px\" \/>\t\t\t\t\t\t\t\t<\/a>\n\t\t\t\t\t\t\t\t\t\t\t<figcaption class=\"widget-image-caption wp-caption-text\"><\/figcaption>\n\t\t\t\t\t\t\t\t\t\t<\/figure>\n\t\t\t\t\t\t\t<\/div>\n\t\t\t\t<\/div>\n\t\t\t\t<div class=\"elementor-element elementor-element-b040a4b elementor-widget elementor-widget-text-editor\" data-id=\"b040a4b\" data-element_type=\"widget\" data-widget_type=\"text-editor.default\">\n\t\t\t\t<div class=\"elementor-widget-container\">\n\t\t\t\t\t\t\t<p>Christian Hartmann, Martin Hetterich, Christina Puciata, Christoph Kettelhoit, <a href=\"https:\/\/www.bpb.de\/mediathek\/309989\/zahlen-und-fakten-europa-eu-usa-china\">Bundeszentrale f\u00fcr politische Bildung<\/a> Licence: <a href=\"https:\/\/creativecommons.org\/licenses\/by-nc-nd\/3.0\/de\">CC BY-NC-ND 3.0 DE<\/a>, Screenshot videa na 2:47<\/p>\n\t\t\t\t\t\t<\/div>\n\t\t\t\t<\/div>\n\t\t\t\t<section class=\"elementor-section elementor-inner-section elementor-element elementor-element-eb3df62 elementor-section-boxed elementor-section-height-default elementor-section-height-default\" data-id=\"eb3df62\" data-element_type=\"section\" data-settings=\"{&quot;background_background&quot;:&quot;classic&quot;}\">\n\t\t\t\t\t\t<div class=\"elementor-container elementor-column-gap-default\">\n\t\t\t\t\t<div class=\"elementor-column elementor-col-33 elementor-inner-column elementor-element elementor-element-6cb1f61\" data-id=\"6cb1f61\" data-element_type=\"column\">\n\t\t\t<div class=\"elementor-widget-wrap elementor-element-populated\">\n\t\t\t\t\t\t<div class=\"elementor-element elementor-element-aa7c1fb elementor-widget elementor-widget-image\" data-id=\"aa7c1fb\" data-element_type=\"widget\" data-widget_type=\"image.default\">\n\t\t\t\t<div class=\"elementor-widget-container\">\n\t\t\t\t\t\t\t\t\t\t\t\t\t<img loading=\"lazy\" decoding=\"async\" width=\"68\" height=\"102\" src=\"https:\/\/euwww.eu\/wp-content\/uploads\/www38.jpg\" class=\"attachment-large size-large wp-image-2745\" alt=\"\" \/>\t\t\t\t\t\t\t\t\t\t\t\t\t<\/div>\n\t\t\t\t<\/div>\n\t\t\t\t\t<\/div>\n\t\t<\/div>\n\t\t\t\t<div class=\"elementor-column elementor-col-33 elementor-inner-column elementor-element elementor-element-f41c70f\" data-id=\"f41c70f\" data-element_type=\"column\">\n\t\t\t<div class=\"elementor-widget-wrap elementor-element-populated\">\n\t\t\t\t\t\t<div class=\"elementor-element elementor-element-38807b1 elementor-widget elementor-widget-text-editor\" data-id=\"38807b1\" data-element_type=\"widget\" data-widget_type=\"text-editor.default\">\n\t\t\t\t<div class=\"elementor-widget-container\">\n\t\t\t\t\t\t\t<p>\u201eA po\u010dty obyvatel: Dnes \u017eije v EU asi <strong>450 milion\u016f lid\u00ed<\/strong>, to je v\u00edce obyvatel ne\u017e m\u00e1 USA a Japonsko dohromady, z\u00e1rove\u0148 to odpov\u00edd\u00e1 p\u0159ibli\u017en\u011b jedn\u00e9 t\u0159etin\u011b obyvatel \u010c\u00edny.&#8221;<\/p>\n\t\t\t\t\t\t<\/div>\n\t\t\t\t<\/div>\n\t\t\t\t\t<\/div>\n\t\t<\/div>\n\t\t\t\t<div class=\"elementor-column elementor-col-33 elementor-inner-column elementor-element elementor-element-58c1e3a\" data-id=\"58c1e3a\" data-element_type=\"column\">\n\t\t\t<div class=\"elementor-widget-wrap\">\n\t\t\t\t\t\t\t<\/div>\n\t\t<\/div>\n\t\t\t\t\t<\/div>\n\t\t<\/section>\n\t\t\t\t<div class=\"elementor-element elementor-element-1fbf0c2 elementor-widget-divider--view-line elementor-widget elementor-widget-divider\" data-id=\"1fbf0c2\" data-element_type=\"widget\" data-widget_type=\"divider.default\">\n\t\t\t\t<div class=\"elementor-widget-container\">\n\t\t\t\t\t<div class=\"elementor-divider\">\n\t\t\t<span class=\"elementor-divider-separator\">\n\t\t\t\t\t\t<\/span>\n\t\t<\/div>\n\t\t\t\t<\/div>\n\t\t\t\t<\/div>\n\t\t\t\t<section class=\"elementor-section elementor-inner-section elementor-element elementor-element-59d647d elementor-section-boxed elementor-section-height-default elementor-section-height-default\" data-id=\"59d647d\" data-element_type=\"section\" data-settings=\"{&quot;background_background&quot;:&quot;classic&quot;}\">\n\t\t\t\t\t\t<div class=\"elementor-container elementor-column-gap-default\">\n\t\t\t\t\t<div class=\"elementor-column elementor-col-33 elementor-inner-column elementor-element elementor-element-872383d\" data-id=\"872383d\" data-element_type=\"column\">\n\t\t\t<div class=\"elementor-widget-wrap elementor-element-populated\">\n\t\t\t\t\t\t<div class=\"elementor-element elementor-element-17f1850 elementor-widget elementor-widget-image\" data-id=\"17f1850\" data-element_type=\"widget\" data-widget_type=\"image.default\">\n\t\t\t\t<div class=\"elementor-widget-container\">\n\t\t\t\t\t\t\t\t\t\t\t\t\t<img loading=\"lazy\" decoding=\"async\" width=\"70\" height=\"104\" src=\"https:\/\/euwww.eu\/wp-content\/uploads\/www39.jpg\" class=\"attachment-large size-large wp-image-2750\" alt=\"\" \/>\t\t\t\t\t\t\t\t\t\t\t\t\t<\/div>\n\t\t\t\t<\/div>\n\t\t\t\t\t<\/div>\n\t\t<\/div>\n\t\t\t\t<div class=\"elementor-column elementor-col-33 elementor-inner-column elementor-element elementor-element-55cfa33\" data-id=\"55cfa33\" data-element_type=\"column\">\n\t\t\t<div class=\"elementor-widget-wrap elementor-element-populated\">\n\t\t\t\t\t\t<div class=\"elementor-element elementor-element-c177647 elementor-widget elementor-widget-text-editor\" data-id=\"c177647\" data-element_type=\"widget\" data-widget_type=\"text-editor.default\">\n\t\t\t\t<div class=\"elementor-widget-container\">\n\t\t\t\t\t\t\t<p>T\u00edm tvo\u0159\u00ed Evropan\u00e9 <strong>osm procent sv\u011btov\u00e9 populace<\/strong> \u2013 v roce 2050 ale bude tento pod\u00edl \u010dinit jen p\u011bt procent. Spole\u010dnost v <strong>Evrop\u011b st\u00e1rne<\/strong> a poci\u0165ujeme nedostatek pracovn\u00edch sil.<\/p>\n\t\t\t\t\t\t<\/div>\n\t\t\t\t<\/div>\n\t\t\t\t\t<\/div>\n\t\t<\/div>\n\t\t\t\t<div class=\"elementor-column elementor-col-33 elementor-inner-column elementor-element elementor-element-d43d5f2\" data-id=\"d43d5f2\" data-element_type=\"column\">\n\t\t\t<div class=\"elementor-widget-wrap elementor-element-populated\">\n\t\t\t\t\t\t<div class=\"elementor-element elementor-element-b84e4a8 elementor-widget elementor-widget-image\" data-id=\"b84e4a8\" data-element_type=\"widget\" data-widget_type=\"image.default\">\n\t\t\t\t<div class=\"elementor-widget-container\">\n\t\t\t\t\t\t\t\t\t\t\t\t\t\t<a href=\"https:\/\/euwww.eu\/wp-content\/uploads\/Grafik-Altersstruktur-EU-China-US-1.png\" data-elementor-open-lightbox=\"yes\" data-elementor-lightbox-title=\"Grafik-Altersstruktur-EU-China-US\" data-elementor-lightbox-description=\"Christian Hartmann, Martin Hetterich, Christina Puciata, Christoph Kettelhoit, Bundeszentrale f\u00fcr politische Bildung Lizenz: CC BY-NC-ND 3.0 DE, Screenshot des Videos bei 1:27\" data-e-action-hash=\"#elementor-action%3Aaction%3Dlightbox%26settings%3DeyJpZCI6NTA3NCwidXJsIjoiaHR0cHM6XC9cL2V1d3d3LmV1XC93cC1jb250ZW50XC91cGxvYWRzXC9HcmFmaWstQWx0ZXJzc3RydWt0dXItRVUtQ2hpbmEtVVMtMS5wbmcifQ%3D%3D\">\n\t\t\t\t\t\t\t<img loading=\"lazy\" decoding=\"async\" width=\"800\" height=\"498\" src=\"https:\/\/euwww.eu\/wp-content\/uploads\/Grafik-Altersstruktur-EU-China-US-1.png\" class=\"attachment-large size-large wp-image-5074\" alt=\"Christian Hartmann, Martin Hetterich, Christina Puciata, Christoph Kettelhoit, Bundeszentrale f\u00fcr politische Bildung Lizenz: CC BY-NC-ND 3.0 DE, Screenshot des Videos bei 1:27\" srcset=\"https:\/\/euwww.eu\/wp-content\/uploads\/Grafik-Altersstruktur-EU-China-US-1.png 981w, https:\/\/euwww.eu\/wp-content\/uploads\/Grafik-Altersstruktur-EU-China-US-1-300x187.png 300w, https:\/\/euwww.eu\/wp-content\/uploads\/Grafik-Altersstruktur-EU-China-US-1-768x478.png 768w\" sizes=\"(max-width: 800px) 100vw, 800px\" \/>\t\t\t\t\t\t\t\t<\/a>\n\t\t\t\t\t\t\t\t\t\t\t\t\t<\/div>\n\t\t\t\t<\/div>\n\t\t\t\t<div class=\"elementor-element elementor-element-38d632e elementor-widget elementor-widget-text-editor\" data-id=\"38d632e\" data-element_type=\"widget\" data-widget_type=\"text-editor.default\">\n\t\t\t\t<div class=\"elementor-widget-container\">\n\t\t\t\t\t\t\t<p>Christian Hartmann, Martin Hetterich, Christina Puciata, Christoph Kettelhoit, <a href=\"https:\/\/www.bpb.de\/mediathek\/309989\/zahlen-und-fakten-europa-eu-usa-china\">Bundeszentrale f\u00fcr politische Bildung<\/a> Licence: <a href=\"https:\/\/creativecommons.org\/licenses\/by-nc-nd\/3.0\/de\">CC BY-NC-ND 3.0 DE<\/a>, Screenshot videa na 1:27<\/p>\n\t\t\t\t\t\t<\/div>\n\t\t\t\t<\/div>\n\t\t\t\t\t<\/div>\n\t\t<\/div>\n\t\t\t\t\t<\/div>\n\t\t<\/section>\n\t\t\t\t<div class=\"elementor-element elementor-element-9e93de8 elementor-widget-divider--view-line elementor-widget elementor-widget-divider\" data-id=\"9e93de8\" data-element_type=\"widget\" data-widget_type=\"divider.default\">\n\t\t\t\t<div class=\"elementor-widget-container\">\n\t\t\t\t\t<div class=\"elementor-divider\">\n\t\t\t<span class=\"elementor-divider-separator\">\n\t\t\t\t\t\t<\/span>\n\t\t<\/div>\n\t\t\t\t<\/div>\n\t\t\t\t<\/div>\n\t\t\t\t<section class=\"elementor-section elementor-inner-section elementor-element elementor-element-db7133d elementor-section-boxed elementor-section-height-default elementor-section-height-default\" data-id=\"db7133d\" data-element_type=\"section\" data-settings=\"{&quot;background_background&quot;:&quot;classic&quot;}\">\n\t\t\t\t\t\t<div class=\"elementor-container elementor-column-gap-default\">\n\t\t\t\t\t<div class=\"elementor-column elementor-col-33 elementor-inner-column elementor-element elementor-element-2422f7a\" data-id=\"2422f7a\" data-element_type=\"column\">\n\t\t\t<div class=\"elementor-widget-wrap elementor-element-populated\">\n\t\t\t\t\t\t<div class=\"elementor-element elementor-element-766723c elementor-widget elementor-widget-image\" data-id=\"766723c\" data-element_type=\"widget\" data-widget_type=\"image.default\">\n\t\t\t\t<div class=\"elementor-widget-container\">\n\t\t\t\t\t\t\t\t\t\t\t\t\t<img loading=\"lazy\" decoding=\"async\" width=\"70\" height=\"104\" src=\"https:\/\/euwww.eu\/wp-content\/uploads\/www40.jpg\" class=\"attachment-large size-large wp-image-2754\" alt=\"\" \/>\t\t\t\t\t\t\t\t\t\t\t\t\t<\/div>\n\t\t\t\t<\/div>\n\t\t\t\t\t<\/div>\n\t\t<\/div>\n\t\t\t\t<div class=\"elementor-column elementor-col-33 elementor-inner-column elementor-element elementor-element-669fbfe\" data-id=\"669fbfe\" data-element_type=\"column\">\n\t\t\t<div class=\"elementor-widget-wrap elementor-element-populated\">\n\t\t\t\t\t\t<div class=\"elementor-element elementor-element-d2333c6 elementor-widget elementor-widget-text-editor\" data-id=\"d2333c6\" data-element_type=\"widget\" data-widget_type=\"text-editor.default\">\n\t\t\t\t<div class=\"elementor-widget-container\">\n\t\t\t\t\t\t\t<p>M\u00e1m pro v\u00e1s <strong>film<\/strong>: <strong>\u010c\u00edsla a fakta: Evropa-EU-USA-\u010c\u00edna<\/strong> \u2013 uv\u00e1d\u00ed se v n\u011bm dal\u0161\u00ed zaj\u00edmav\u00e9 souvislosti a pozorov\u00e1n\u00ed. Zhl\u00e9dn\u011bte ho, trv\u00e1 jen p\u0159ibli\u017en\u011b 3 minuty!<\/p>\n\t\t\t\t\t\t<\/div>\n\t\t\t\t<\/div>\n\t\t\t\t\t<\/div>\n\t\t<\/div>\n\t\t\t\t<div class=\"elementor-column elementor-col-33 elementor-inner-column elementor-element elementor-element-9dd5015\" data-id=\"9dd5015\" data-element_type=\"column\">\n\t\t\t<div class=\"elementor-widget-wrap elementor-element-populated\">\n\t\t\t\t\t\t<div class=\"elementor-element elementor-element-2c22e70 elementor-widget elementor-widget-html\" data-id=\"2c22e70\" data-element_type=\"widget\" data-widget_type=\"html.default\">\n\t\t\t\t<div class=\"elementor-widget-container\">\n\t\t\t<iframe src=\"https:\/\/www.bpb.de\/embed\/309989\" width=\"100%\" height=\"100%\" frameborder=\"0\" allowfullscreen=\"\"><\/iframe>\t\t<\/div>\n\t\t\t\t<\/div>\n\t\t\t\t\t<\/div>\n\t\t<\/div>\n\t\t\t\t\t<\/div>\n\t\t<\/section>\n\t\t\t\t\t<\/div>\n\t\t<\/div>\n\t\t\t\t\t<\/div>\n\t\t<\/section>\n\t\t\t\t<section class=\"elementor-section elementor-top-section elementor-element elementor-element-447e7ff elementor-section-boxed elementor-section-height-default elementor-section-height-default\" data-id=\"447e7ff\" data-element_type=\"section\" data-settings=\"{&quot;background_background&quot;:&quot;classic&quot;}\">\n\t\t\t\t\t\t<div class=\"elementor-container elementor-column-gap-default\">\n\t\t\t\t\t<div class=\"elementor-column elementor-col-100 elementor-top-column elementor-element elementor-element-562425e\" data-id=\"562425e\" data-element_type=\"column\">\n\t\t\t<div class=\"elementor-widget-wrap elementor-element-populated\">\n\t\t\t\t\t\t<section class=\"elementor-section elementor-inner-section elementor-element elementor-element-091a62d elementor-section-boxed elementor-section-height-default elementor-section-height-default\" data-id=\"091a62d\" data-element_type=\"section\">\n\t\t\t\t\t\t<div class=\"elementor-container elementor-column-gap-default\">\n\t\t\t\t\t<div class=\"elementor-column elementor-col-33 elementor-inner-column elementor-element elementor-element-aa538d6\" data-id=\"aa538d6\" data-element_type=\"column\">\n\t\t\t<div class=\"elementor-widget-wrap elementor-element-populated\">\n\t\t\t\t\t\t<div class=\"elementor-element elementor-element-6a38592 elementor-widget elementor-widget-image\" data-id=\"6a38592\" data-element_type=\"widget\" data-widget_type=\"image.default\">\n\t\t\t\t<div class=\"elementor-widget-container\">\n\t\t\t\t\t\t\t\t\t\t\t\t\t\t<a href=\"https:\/\/euwww.eu\/wp-content\/uploads\/Frauen-tragen-die-Halfte-des-Himmels.jpg\" data-elementor-open-lightbox=\"yes\" data-elementor-lightbox-title=\"Frauen tragen die H\u00e4lfte des Himmels\" data-e-action-hash=\"#elementor-action%3Aaction%3Dlightbox%26settings%3DeyJpZCI6NTA3NiwidXJsIjoiaHR0cHM6XC9cL2V1d3d3LmV1XC93cC1jb250ZW50XC91cGxvYWRzXC9GcmF1ZW4tdHJhZ2VuLWRpZS1IYWxmdGUtZGVzLUhpbW1lbHMuanBnIn0%3D\">\n\t\t\t\t\t\t\t<img loading=\"lazy\" decoding=\"async\" width=\"800\" height=\"551\" src=\"https:\/\/euwww.eu\/wp-content\/uploads\/Frauen-tragen-die-Halfte-des-Himmels.jpg\" class=\"attachment-large size-large wp-image-5076\" alt=\"\" srcset=\"https:\/\/euwww.eu\/wp-content\/uploads\/Frauen-tragen-die-Halfte-des-Himmels.jpg 1000w, https:\/\/euwww.eu\/wp-content\/uploads\/Frauen-tragen-die-Halfte-des-Himmels-300x207.jpg 300w, https:\/\/euwww.eu\/wp-content\/uploads\/Frauen-tragen-die-Halfte-des-Himmels-768x529.jpg 768w\" sizes=\"(max-width: 800px) 100vw, 800px\" \/>\t\t\t\t\t\t\t\t<\/a>\n\t\t\t\t\t\t\t\t\t\t\t\t\t<\/div>\n\t\t\t\t<\/div>\n\t\t\t\t<div class=\"elementor-element elementor-element-fd785f2 elementor-widget elementor-widget-text-editor\" data-id=\"fd785f2\" data-element_type=\"widget\" data-widget_type=\"text-editor.default\">\n\t\t\t\t<div class=\"elementor-widget-container\">\n\t\t\t\t\t\t\t<p>Jonas Thie \u2013 <a href=\"https:\/\/www.europaeischer-wettbewerb.de\/jonas-thie\/?media=136&amp;ewcat=225\" target=\"_blank\" rel=\"noopener\">\u201e\u017deny nesou polovinu nebe\u201d<\/a>, 63. Evropsk\u00e1 sout\u011b\u017e<\/p>\n\t\t\t\t\t\t<\/div>\n\t\t\t\t<\/div>\n\t\t\t\t\t<\/div>\n\t\t<\/div>\n\t\t\t\t<div class=\"elementor-column elementor-col-33 elementor-inner-column elementor-element elementor-element-d077e08\" data-id=\"d077e08\" data-element_type=\"column\">\n\t\t\t<div class=\"elementor-widget-wrap elementor-element-populated\">\n\t\t\t\t\t\t<div class=\"elementor-element elementor-element-f332b98 elementor-widget elementor-widget-heading\" data-id=\"f332b98\" data-element_type=\"widget\" data-widget_type=\"heading.default\">\n\t\t\t\t<div class=\"elementor-widget-container\">\n\t\t\t<h2 class=\"elementor-heading-title elementor-size-default\">Jednotn\u00ed v rozmanitosti<\/h2>\t\t<\/div>\n\t\t\t\t<\/div>\n\t\t\t\t\t<\/div>\n\t\t<\/div>\n\t\t\t\t<div class=\"elementor-column elementor-col-33 elementor-inner-column elementor-element elementor-element-128672e\" data-id=\"128672e\" data-element_type=\"column\">\n\t\t\t<div class=\"elementor-widget-wrap elementor-element-populated\">\n\t\t\t\t\t\t<div class=\"elementor-element elementor-element-1bb51ff elementor-widget elementor-widget-text-editor\" data-id=\"1bb51ff\" data-element_type=\"widget\" data-widget_type=\"text-editor.default\">\n\t\t\t\t<div class=\"elementor-widget-container\">\n\t\t\t\t\t\t\t<p>Tato stru\u010dn\u00e1 v\u011bta je <strong>mottem<\/strong>Evropsk\u00e9 unie od roku 2000.<\/p>\n\t\t\t\t\t\t<\/div>\n\t\t\t\t<\/div>\n\t\t\t\t\t<\/div>\n\t\t<\/div>\n\t\t\t\t\t<\/div>\n\t\t<\/section>\n\t\t\t\t<section class=\"elementor-section elementor-inner-section elementor-element elementor-element-8a9ad8b elementor-section-boxed elementor-section-height-default elementor-section-height-default\" data-id=\"8a9ad8b\" data-element_type=\"section\" data-settings=\"{&quot;background_background&quot;:&quot;classic&quot;}\">\n\t\t\t\t\t\t<div class=\"elementor-container elementor-column-gap-default\">\n\t\t\t\t\t<div class=\"elementor-column elementor-col-50 elementor-inner-column elementor-element elementor-element-20f23e0\" data-id=\"20f23e0\" data-element_type=\"column\">\n\t\t\t<div class=\"elementor-widget-wrap elementor-element-populated\">\n\t\t\t\t\t\t<div class=\"elementor-element elementor-element-ff29a84 elementor-widget elementor-widget-image\" data-id=\"ff29a84\" data-element_type=\"widget\" data-widget_type=\"image.default\">\n\t\t\t\t<div class=\"elementor-widget-container\">\n\t\t\t\t\t\t\t\t\t\t\t\t\t<img loading=\"lazy\" decoding=\"async\" width=\"66\" height=\"91\" src=\"https:\/\/euwww.eu\/wp-content\/uploads\/www42.jpg\" class=\"attachment-large size-large wp-image-2781\" alt=\"\" \/>\t\t\t\t\t\t\t\t\t\t\t\t\t<\/div>\n\t\t\t\t<\/div>\n\t\t\t\t\t<\/div>\n\t\t<\/div>\n\t\t\t\t<div class=\"elementor-column elementor-col-50 elementor-inner-column elementor-element elementor-element-0a103d7\" data-id=\"0a103d7\" data-element_type=\"column\">\n\t\t\t<div class=\"elementor-widget-wrap elementor-element-populated\">\n\t\t\t\t\t\t<div class=\"elementor-element elementor-element-7fab559 elementor-widget elementor-widget-text-editor\" data-id=\"7fab559\" data-element_type=\"widget\" data-widget_type=\"text-editor.default\">\n\t\t\t\t<div class=\"elementor-widget-container\">\n\t\t\t\t\t\t\t<p>\u201eMotto vyjad\u0159uje, \u017ee se Evropan\u00e9 v EU <strong>se spojili,<\/strong> aby spole\u010dn\u011b usilovali o <strong>m\u00edr<\/strong> a <strong>prosperitu<\/strong> &#8230;\u201c<\/p>\n\t\t\t\t\t\t<\/div>\n\t\t\t\t<\/div>\n\t\t\t\t\t<\/div>\n\t\t<\/div>\n\t\t\t\t\t<\/div>\n\t\t<\/section>\n\t\t\t\t<section class=\"elementor-section elementor-inner-section elementor-element elementor-element-26c6d6a elementor-section-boxed elementor-section-height-default elementor-section-height-default\" data-id=\"26c6d6a\" data-element_type=\"section\" data-settings=\"{&quot;background_background&quot;:&quot;classic&quot;}\">\n\t\t\t\t\t\t<div class=\"elementor-container elementor-column-gap-default\">\n\t\t\t\t\t<div class=\"elementor-column elementor-col-50 elementor-inner-column elementor-element elementor-element-bd64d61\" data-id=\"bd64d61\" data-element_type=\"column\">\n\t\t\t<div class=\"elementor-widget-wrap elementor-element-populated\">\n\t\t\t\t\t\t<div class=\"elementor-element elementor-element-6cfca03 elementor-widget elementor-widget-image\" data-id=\"6cfca03\" data-element_type=\"widget\" data-widget_type=\"image.default\">\n\t\t\t\t<div class=\"elementor-widget-container\">\n\t\t\t\t\t\t\t\t\t\t\t\t\t<img loading=\"lazy\" decoding=\"async\" width=\"64\" height=\"89\" src=\"https:\/\/euwww.eu\/wp-content\/uploads\/www43.jpg\" class=\"attachment-large size-large wp-image-2782\" alt=\"\" \/>\t\t\t\t\t\t\t\t\t\t\t\t\t<\/div>\n\t\t\t\t<\/div>\n\t\t\t\t\t<\/div>\n\t\t<\/div>\n\t\t\t\t<div class=\"elementor-column elementor-col-50 elementor-inner-column elementor-element elementor-element-b831b28\" data-id=\"b831b28\" data-element_type=\"column\">\n\t\t\t<div class=\"elementor-widget-wrap elementor-element-populated\">\n\t\t\t\t\t\t<div class=\"elementor-element elementor-element-62548bc elementor-widget elementor-widget-text-editor\" data-id=\"62548bc\" data-element_type=\"widget\" data-widget_type=\"text-editor.default\">\n\t\t\t\t<div class=\"elementor-widget-container\">\n\t\t\t\t\t\t\t<p>\u201c\u2026 a z\u00e1rove\u0148 mnoho r\u016fzn\u00fdch evropsk\u00fdch <strong>kultur<\/strong>, <strong>tradic<\/strong> a <strong>jazyk\u016f<\/strong> v jejich rozmanitosti <strong>obohacovalo<\/strong> cel\u00fd <strong>kontinent<\/strong>.\u201c<\/p>\n\t\t\t\t\t\t<\/div>\n\t\t\t\t<\/div>\n\t\t\t\t\t<\/div>\n\t\t<\/div>\n\t\t\t\t\t<\/div>\n\t\t<\/section>\n\t\t\t\t<section class=\"elementor-section elementor-inner-section elementor-element elementor-element-08b0d8b elementor-section-boxed elementor-section-height-default elementor-section-height-default\" data-id=\"08b0d8b\" data-element_type=\"section\">\n\t\t\t\t\t\t<div class=\"elementor-container elementor-column-gap-default\">\n\t\t\t\t\t<div class=\"elementor-column elementor-col-50 elementor-inner-column elementor-element elementor-element-5c60c63\" data-id=\"5c60c63\" data-element_type=\"column\">\n\t\t\t<div class=\"elementor-widget-wrap elementor-element-populated\">\n\t\t\t\t\t\t<div class=\"elementor-element elementor-element-0f77371 elementor-widget elementor-widget-text-editor\" data-id=\"0f77371\" data-element_type=\"widget\" data-widget_type=\"text-editor.default\">\n\t\t\t\t<div class=\"elementor-widget-container\">\n\t\t\t\t\t\t\t<p><strong>Vlajka<\/strong> Evropsk\u00e9 unie nen\u00ed jen <strong>symbolem<\/strong> EU, ale tak\u00e9 znamen\u00e1 v \u0161ir\u0161\u00edm smyslu jednotu a identitu Evropy.<br \/>Ukazuje kruh dvan\u00e1cti zlat\u00fdch hv\u011bzd na modr\u00e9m pozad\u00ed. Hv\u011bzdy p\u0159edstavuj\u00ed hodnoty jednoty, solidarity a harmonie mezi n\u00e1rody Evropy.<\/p>\n<p>Po\u010det hv\u011bzd nem\u00e1 nic spole\u010dn\u00e9ho s po\u010dtem \u010dlensk\u00fdch st\u00e1t\u016f, ale kruh je symbolem jednoty.<\/p>\n\t\t\t\t\t\t<\/div>\n\t\t\t\t<\/div>\n\t\t\t\t\t<\/div>\n\t\t<\/div>\n\t\t\t\t<div class=\"elementor-column elementor-col-50 elementor-inner-column elementor-element elementor-element-87cf5d4\" data-id=\"87cf5d4\" data-element_type=\"column\">\n\t\t\t<div class=\"elementor-widget-wrap elementor-element-populated\">\n\t\t\t\t\t\t<div class=\"elementor-element elementor-element-9b58cd4 elementor-widget elementor-widget-image\" data-id=\"9b58cd4\" data-element_type=\"widget\" data-widget_type=\"image.default\">\n\t\t\t\t<div class=\"elementor-widget-container\">\n\t\t\t\t\t\t\t\t\t\t\t\t\t<img loading=\"lazy\" decoding=\"async\" width=\"275\" height=\"183\" src=\"https:\/\/euwww.eu\/wp-content\/uploads\/EU-Flagge.png\" class=\"attachment-large size-large wp-image-5078\" alt=\"\" \/>\t\t\t\t\t\t\t\t\t\t\t\t\t<\/div>\n\t\t\t\t<\/div>\n\t\t\t\t\t<\/div>\n\t\t<\/div>\n\t\t\t\t\t<\/div>\n\t\t<\/section>\n\t\t\t\t<section class=\"elementor-section elementor-inner-section elementor-element elementor-element-f060bca elementor-section-boxed elementor-section-height-default elementor-section-height-default\" data-id=\"f060bca\" data-element_type=\"section\">\n\t\t\t\t\t\t<div class=\"elementor-container elementor-column-gap-default\">\n\t\t\t\t\t<div class=\"elementor-column elementor-col-50 elementor-inner-column elementor-element elementor-element-93c0708\" data-id=\"93c0708\" data-element_type=\"column\">\n\t\t\t<div class=\"elementor-widget-wrap elementor-element-populated\">\n\t\t\t\t\t\t<div class=\"elementor-element elementor-element-aa56ca2 elementor-widget elementor-widget-text-editor\" data-id=\"aa56ca2\" data-element_type=\"widget\" data-widget_type=\"text-editor.default\">\n\t\t\t\t<div class=\"elementor-widget-container\">\n\t\t\t\t\t\t\t<p>Dal\u0161\u00edm symbolem EU je <strong>evropsk\u00e1 hymna<\/strong>. Nenahrazuje n\u00e1rodn\u00ed hymny \u010dlensk\u00fdch st\u00e1t\u016f, ale symbolizuje <strong>jednotu<\/strong> Evropy v rozmanitosti univerz\u00e1ln\u00edm jazykem, tedy v <strong>hudb\u011b<\/strong>.<\/p>\n<p><a href=\"https:\/\/europa.eu\/european-union\/about-eu\/symbols\/anthem_de\" target=\"_blank\" rel=\"noopener\">[Evropsk\u00e1 hymna: 02:07 min. na str\u00e1nk\u00e1ch EU]<\/a><\/p>\n<p>Ludwig van Beethoven slo\u017eil svou melodii k n\u00e1dhern\u00e9mu textu Friedricha Schillera:<\/p>\n<p>\u201eRadosti, ty jiskro bo\u017e\u00ed, dcero, ji\u017e n\u00e1m r\u00e1j dal s\u00e1m! Srdce vz\u0148at\u00e9 \u017e\u00e1rem tou\u017e\u00ed, nebesk\u00fd tv\u016fj kr\u00e1sy chr\u00e1m.\u201c<\/p>\n<p>Je nutn\u00e9 n\u011bco dodat?<\/p>\n\t\t\t\t\t\t<\/div>\n\t\t\t\t<\/div>\n\t\t\t\t\t<\/div>\n\t\t<\/div>\n\t\t\t\t<div class=\"elementor-column elementor-col-50 elementor-inner-column elementor-element elementor-element-ffb2edf\" data-id=\"ffb2edf\" data-element_type=\"column\">\n\t\t\t<div class=\"elementor-widget-wrap elementor-element-populated\">\n\t\t\t\t\t\t<div class=\"elementor-element elementor-element-f3935ad elementor-widget elementor-widget-image\" data-id=\"f3935ad\" data-element_type=\"widget\" data-widget_type=\"image.default\">\n\t\t\t\t<div class=\"elementor-widget-container\">\n\t\t\t\t\t\t\t\t\t\t\t\t\t\t<a href=\"https:\/\/europa.eu\/european-union\/about-eu\/symbols\/anthem_de\" target=\"_blank\">\n\t\t\t\t\t\t\t<img loading=\"lazy\" decoding=\"async\" width=\"249\" height=\"300\" src=\"https:\/\/euwww.eu\/wp-content\/uploads\/beethoven-249x300.jpg\" class=\"attachment-medium size-medium wp-image-5080\" alt=\"\" srcset=\"https:\/\/euwww.eu\/wp-content\/uploads\/beethoven-249x300.jpg 249w, https:\/\/euwww.eu\/wp-content\/uploads\/beethoven.jpg 452w\" sizes=\"(max-width: 249px) 100vw, 249px\" \/>\t\t\t\t\t\t\t\t<\/a>\n\t\t\t\t\t\t\t\t\t\t\t\t\t<\/div>\n\t\t\t\t<\/div>\n\t\t\t\t\t<\/div>\n\t\t<\/div>\n\t\t\t\t\t<\/div>\n\t\t<\/section>\n\t\t\t\t\t<\/div>\n\t\t<\/div>\n\t\t\t\t\t<\/div>\n\t\t<\/section>\n\t\t\t\t<\/div>\n\t\t","protected":false},"excerpt":{"rendered":"<p>Geografie a politika Vzd\u011bl\u00e1vac\u00ed materi\u00e1ly P\u0159\u00edsp\u011bvky ozna\u010den\u00ed jako \u201eVzd\u011bl\u00e1vac\u00ed materi\u00e1l\u201d vytvo\u0159ili Georg Fath, Gabriela Ripka a Gerhard Luber EU nen\u00ed Evropa! Evropa zahrnuje zem\u011bpisn\u011b oblast od Atlantiku po Ural. Ale ne v\u0161echny st\u00e1ty v t\u00e9to oblasti jsou tak\u00e9 sou\u010d\u00e1st\u00ed EU. Evropsk\u00e1 unie [= EU]m\u00e1 v sou\u010dasn\u00e9 dob\u011b, po vystoupen\u00ed Spojen\u00e9ho kr\u00e1lovstv\u00ed, 27 \u010dlensk\u00fdch st\u00e1t\u016f. N\u011bkter\u00e9 [&hellip;]<\/p>\n","protected":false},"author":6,"featured_media":0,"parent":5003,"menu_order":0,"comment_status":"closed","ping_status":"closed","template":"","meta":{"_acf_changed":false,"footnotes":""},"class_list":["post-5068","page","type-page","status-publish","hentry"],"acf":[],"_links":{"self":[{"href":"https:\/\/euwww.eu\/cs\/wp-json\/wp\/v2\/pages\/5068","targetHints":{"allow":["GET"]}}],"collection":[{"href":"https:\/\/euwww.eu\/cs\/wp-json\/wp\/v2\/pages"}],"about":[{"href":"https:\/\/euwww.eu\/cs\/wp-json\/wp\/v2\/types\/page"}],"author":[{"embeddable":true,"href":"https:\/\/euwww.eu\/cs\/wp-json\/wp\/v2\/users\/6"}],"replies":[{"embeddable":true,"href":"https:\/\/euwww.eu\/cs\/wp-json\/wp\/v2\/comments?post=5068"}],"version-history":[{"count":3,"href":"https:\/\/euwww.eu\/cs\/wp-json\/wp\/v2\/pages\/5068\/revisions"}],"predecessor-version":[{"id":5091,"href":"https:\/\/euwww.eu\/cs\/wp-json\/wp\/v2\/pages\/5068\/revisions\/5091"}],"up":[{"embeddable":true,"href":"https:\/\/euwww.eu\/cs\/wp-json\/wp\/v2\/pages\/5003"}],"wp:attachment":[{"href":"https:\/\/euwww.eu\/cs\/wp-json\/wp\/v2\/media?parent=5068"}],"curies":[{"name":"wp","href":"https:\/\/api.w.org\/{rel}","templated":true}]}}