
{"id":5093,"date":"2021-02-19T11:37:49","date_gmt":"2021-02-19T10:37:49","guid":{"rendered":"https:\/\/euwww.eu\/vzdelavaci-material-zakladni-prava\/"},"modified":"2021-09-22T20:02:35","modified_gmt":"2021-09-22T18:02:35","slug":"vzdelavaci-material-zakladni-prava","status":"publish","type":"page","link":"https:\/\/euwww.eu\/cs\/zakladni-prava\/vzdelavaci-material-zakladni-prava\/","title":{"rendered":"Vzd\u011bl\u00e1vac\u00ed materi\u00e1l Z\u00e1kladn\u00ed pr\u00e1va"},"content":{"rendered":"\t\t<div data-elementor-type=\"wp-page\" data-elementor-id=\"5093\" class=\"elementor elementor-5093 elementor-510\" data-elementor-post-type=\"page\">\n\t\t\t\t\t\t<section class=\"elementor-section elementor-top-section elementor-element elementor-element-a7f5793 elementor-section-full_width elementor-section-height-default elementor-section-height-default\" data-id=\"a7f5793\" data-element_type=\"section\">\n\t\t\t\t\t\t<div class=\"elementor-container elementor-column-gap-default\">\n\t\t\t\t\t<div class=\"elementor-column elementor-col-100 elementor-top-column elementor-element elementor-element-42e3e79\" data-id=\"42e3e79\" data-element_type=\"column\">\n\t\t\t<div class=\"elementor-widget-wrap elementor-element-populated\">\n\t\t\t\t\t\t<div class=\"elementor-element elementor-element-ec1dc05 elementor-cta--skin-cover elementor-cta--valign-middle elementor-widget elementor-widget-call-to-action\" data-id=\"ec1dc05\" data-element_type=\"widget\" data-widget_type=\"call-to-action.default\">\n\t\t\t\t<div class=\"elementor-widget-container\">\n\t\t\t\t\t<div class=\"elementor-cta\" data-e-bg-lazyload=\".elementor-bg\">\n\t\t\t\t\t<div class=\"elementor-cta__bg-wrapper\">\n\t\t\t\t<div class=\"elementor-cta__bg elementor-bg\" style=\"background-image: var(--e-bg-lazyload-loaded); --e-bg-lazyload: url(https:\/\/euwww.eu\/wp-content\/uploads\/Hintergrund-2.jpg);\" role=\"img\" aria-label=\"Hintergrund-2\"><\/div>\n\t\t\t\t<div class=\"elementor-cta__bg-overlay\"><\/div>\n\t\t\t<\/div>\n\t\t\t\t\t\t\t<div class=\"elementor-cta__content\">\n\t\t\t\t\n\t\t\t\t\t\t\t\t\t<h2 class=\"elementor-cta__title elementor-cta__content-item elementor-content-item\">\n\t\t\t\t\t\tZ\u00e1kladn\u00ed pr\u00e1va\t\t\t\t\t<\/h2>\n\t\t\t\t\n\t\t\t\t\n\t\t\t\t\t\t\t<\/div>\n\t\t\t\t\t\t\t<div class=\"elementor-ribbon elementor-ribbon-left\">\n\t\t\t\t<div class=\"elementor-ribbon-inner\">Vzd\u011bl\u00e1vac\u00ed materi\u00e1l Z\u00e1kladn\u00ed pr\u00e1va<\/div>\n\t\t\t<\/div>\n\t\t\t\t<\/div>\n\t\t\t\t<\/div>\n\t\t\t\t<\/div>\n\t\t\t\t\t<\/div>\n\t\t<\/div>\n\t\t\t\t\t<\/div>\n\t\t<\/section>\n\t\t\t\t<section class=\"elementor-section elementor-top-section elementor-element elementor-element-8584627 elementor-section-boxed elementor-section-height-default elementor-section-height-default\" data-id=\"8584627\" data-element_type=\"section\">\n\t\t\t\t\t\t<div class=\"elementor-container elementor-column-gap-default\">\n\t\t\t\t\t<div class=\"elementor-column elementor-col-100 elementor-top-column elementor-element elementor-element-fd8e608\" data-id=\"fd8e608\" data-element_type=\"column\">\n\t\t\t<div class=\"elementor-widget-wrap elementor-element-populated\">\n\t\t\t\t\t\t<section class=\"elementor-section elementor-inner-section elementor-element elementor-element-b2d6f5d elementor-section-boxed elementor-section-height-default elementor-section-height-default\" data-id=\"b2d6f5d\" data-element_type=\"section\">\n\t\t\t\t\t\t<div class=\"elementor-container elementor-column-gap-default\">\n\t\t\t\t\t<div class=\"elementor-column elementor-col-33 elementor-inner-column elementor-element elementor-element-765948f\" data-id=\"765948f\" data-element_type=\"column\">\n\t\t\t<div class=\"elementor-widget-wrap elementor-element-populated\">\n\t\t\t\t\t\t<div class=\"elementor-element elementor-element-ef04b2f elementor-widget elementor-widget-image\" data-id=\"ef04b2f\" data-element_type=\"widget\" data-widget_type=\"image.default\">\n\t\t\t\t<div class=\"elementor-widget-container\">\n\t\t\t\t\t\t\t\t\t\t\t\t\t<img fetchpriority=\"high\" decoding=\"async\" width=\"800\" height=\"533\" src=\"https:\/\/euwww.eu\/wp-content\/uploads\/Grundrechte-1.png\" class=\"attachment-large size-large wp-image-5095\" alt=\"\" srcset=\"https:\/\/euwww.eu\/wp-content\/uploads\/Grundrechte-1.png 900w, https:\/\/euwww.eu\/wp-content\/uploads\/Grundrechte-1-300x200.png 300w, https:\/\/euwww.eu\/wp-content\/uploads\/Grundrechte-1-768x512.png 768w\" sizes=\"(max-width: 800px) 100vw, 800px\" \/>\t\t\t\t\t\t\t\t\t\t\t\t\t<\/div>\n\t\t\t\t<\/div>\n\t\t\t\t<div class=\"elementor-element elementor-element-47785cb elementor-widget elementor-widget-text-editor\" data-id=\"47785cb\" data-element_type=\"widget\" data-widget_type=\"text-editor.default\">\n\t\t\t\t<div class=\"elementor-widget-container\">\n\t\t\t\t\t\t\t<p><a href=\"https:\/\/www.bpb.de\/politik\/grundfragen\/politik-einfach-fuer-alle\/236724\/die-wuerde-des-menschen-ist-unantastbar\">\u00a9Bundeszentrale f\u00fcr politische Bildung<\/a><\/p>\n\t\t\t\t\t\t<\/div>\n\t\t\t\t<\/div>\n\t\t\t\t\t<\/div>\n\t\t<\/div>\n\t\t\t\t<div class=\"elementor-column elementor-col-33 elementor-inner-column elementor-element elementor-element-f9588c3\" data-id=\"f9588c3\" data-element_type=\"column\">\n\t\t\t<div class=\"elementor-widget-wrap elementor-element-populated\">\n\t\t\t\t\t\t<div class=\"elementor-element elementor-element-84da696 elementor-widget elementor-widget-heading\" data-id=\"84da696\" data-element_type=\"widget\" data-widget_type=\"heading.default\">\n\t\t\t\t<div class=\"elementor-widget-container\">\n\t\t\t<h2 class=\"elementor-heading-title elementor-size-default\">Lidsk\u00e1 d\u016fstojnost<\/h2>\t\t<\/div>\n\t\t\t\t<\/div>\n\t\t\t\t\t<\/div>\n\t\t<\/div>\n\t\t\t\t<div class=\"elementor-column elementor-col-33 elementor-inner-column elementor-element elementor-element-6a578bf\" data-id=\"6a578bf\" data-element_type=\"column\">\n\t\t\t<div class=\"elementor-widget-wrap\">\n\t\t\t\t\t\t\t<\/div>\n\t\t<\/div>\n\t\t\t\t\t<\/div>\n\t\t<\/section>\n\t\t\t\t<section class=\"elementor-section elementor-inner-section elementor-element elementor-element-dfc077a elementor-section-boxed elementor-section-height-default elementor-section-height-default\" data-id=\"dfc077a\" data-element_type=\"section\">\n\t\t\t\t\t\t<div class=\"elementor-container elementor-column-gap-default\">\n\t\t\t\t\t<div class=\"elementor-column elementor-col-33 elementor-inner-column elementor-element elementor-element-209fb70\" data-id=\"209fb70\" data-element_type=\"column\">\n\t\t\t<div class=\"elementor-widget-wrap\">\n\t\t\t\t\t\t\t<\/div>\n\t\t<\/div>\n\t\t\t\t<div class=\"elementor-column elementor-col-33 elementor-inner-column elementor-element elementor-element-0f4f014\" data-id=\"0f4f014\" data-element_type=\"column\">\n\t\t\t<div class=\"elementor-widget-wrap elementor-element-populated\">\n\t\t\t\t\t\t<div class=\"elementor-element elementor-element-32dfcce elementor-widget elementor-widget-text-editor\" data-id=\"32dfcce\" data-element_type=\"widget\" data-widget_type=\"text-editor.default\">\n\t\t\t\t<div class=\"elementor-widget-container\">\n\t\t\t\t\t\t\t<p>Lidsk\u00e1 d\u016fstojnost je nedotknuteln\u00e1. <\/p>\n<p>Mus\u00ed b\u00fdt respektov\u00e1na a chr\u00e1n\u011bna.<\/p>\n\t\t\t\t\t\t<\/div>\n\t\t\t\t<\/div>\n\t\t\t\t\t<\/div>\n\t\t<\/div>\n\t\t\t\t<div class=\"elementor-column elementor-col-33 elementor-inner-column elementor-element elementor-element-b0a1a69\" data-id=\"b0a1a69\" data-element_type=\"column\">\n\t\t\t<div class=\"elementor-widget-wrap\">\n\t\t\t\t\t\t\t<\/div>\n\t\t<\/div>\n\t\t\t\t\t<\/div>\n\t\t<\/section>\n\t\t\t\t<div class=\"elementor-element elementor-element-15a6f2d linkcolor elementor-widget elementor-widget-text-editor\" data-id=\"15a6f2d\" data-element_type=\"widget\" data-widget_type=\"text-editor.default\">\n\t\t\t\t<div class=\"elementor-widget-container\">\n\t\t\t\t\t\t\t<p style=\"text-align: center;\">Tak zn\u00ed \u010dl\u00e1nek 1 <a href=\"https:\/\/www.europarl.europa.eu\/germany\/resource\/static\/files\/europa_grundrechtecharta\/_30.03.2010.pdf\">Listiny z\u00e1kladn\u00edch pr\u00e1v<\/a> Evropsk\u00e9 unie. Je to skv\u011bl\u00e1 v\u011bta, kter\u00e1 ale vy\u017eaduje bli\u017e\u0161\u00ed vysv\u011btlen\u00ed, proto\u017ee: Co je vlastn\u011b \u201elidsk\u00e1 d\u016fstojnost&#8221;? A jak bychom ji m\u011bli \u201erespektovat&#8221; a \u201echr\u00e1nit&#8221;?<\/p>\n\t\t\t\t\t\t<\/div>\n\t\t\t\t<\/div>\n\t\t\t\t<section class=\"elementor-section elementor-inner-section elementor-element elementor-element-5673914 elementor-section-boxed elementor-section-height-default elementor-section-height-default\" data-id=\"5673914\" data-element_type=\"section\">\n\t\t\t\t\t\t<div class=\"elementor-container elementor-column-gap-default\">\n\t\t\t\t\t<div class=\"elementor-column elementor-col-100 elementor-inner-column elementor-element elementor-element-037ef2b\" data-id=\"037ef2b\" data-element_type=\"column\">\n\t\t\t<div class=\"elementor-widget-wrap elementor-element-populated\">\n\t\t\t\t\t\t<div class=\"elementor-element elementor-element-cad5055 elementor-widget elementor-widget-heading\" data-id=\"cad5055\" data-element_type=\"widget\" data-widget_type=\"heading.default\">\n\t\t\t\t<div class=\"elementor-widget-container\">\n\t\t\t<h3 class=\"elementor-heading-title elementor-size-default\">Od\u016fvodn\u011bn\u00ed lidsk\u00e9 d\u016fstojnosti<\/h3>\t\t<\/div>\n\t\t\t\t<\/div>\n\t\t\t\t<div class=\"elementor-element elementor-element-1cf40ba elementor-widget elementor-widget-image\" data-id=\"1cf40ba\" data-element_type=\"widget\" data-widget_type=\"image.default\">\n\t\t\t\t<div class=\"elementor-widget-container\">\n\t\t\t\t\t\t\t\t\t\t\t\t\t<img decoding=\"async\" width=\"2560\" height=\"461\" src=\"https:\/\/euwww.eu\/wp-content\/uploads\/Michelangelo_-_Creation_of_Adam-scaled.jpg\" class=\"attachment-full size-full wp-image-5097\" alt=\"\" srcset=\"https:\/\/euwww.eu\/wp-content\/uploads\/Michelangelo_-_Creation_of_Adam-scaled.jpg 2560w, https:\/\/euwww.eu\/wp-content\/uploads\/Michelangelo_-_Creation_of_Adam-300x54.jpg 300w, https:\/\/euwww.eu\/wp-content\/uploads\/Michelangelo_-_Creation_of_Adam-1024x184.jpg 1024w, https:\/\/euwww.eu\/wp-content\/uploads\/Michelangelo_-_Creation_of_Adam-768x138.jpg 768w, https:\/\/euwww.eu\/wp-content\/uploads\/Michelangelo_-_Creation_of_Adam-1536x277.jpg 1536w, https:\/\/euwww.eu\/wp-content\/uploads\/Michelangelo_-_Creation_of_Adam-2048x369.jpg 2048w\" sizes=\"(max-width: 2560px) 100vw, 2560px\" \/>\t\t\t\t\t\t\t\t\t\t\t\t\t<\/div>\n\t\t\t\t<\/div>\n\t\t\t\t<div class=\"elementor-element elementor-element-0587e85 elementor-widget elementor-widget-text-editor\" data-id=\"0587e85\" data-element_type=\"widget\" data-widget_type=\"text-editor.default\">\n\t\t\t\t<div class=\"elementor-widget-container\">\n\t\t\t\t\t\t\t<p>N\u00e1bo\u017eensk\u00e1 vyj\u00e1d\u0159en\u00ed o lidsk\u00e9 d\u016fstojnosti: <strong>Judaismus<\/strong> a <strong>k\u0159es\u0165anstv\u00ed<\/strong> ch\u00e1pou d\u016fstojnost tak, \u017ee \u010dlov\u011bk byl stvo\u0159en k Bo\u017e\u00edmu obrazu \u2013 k jeho podob\u011b.<\/p>\n<p><strong>Isl\u00e1m<\/strong> vysv\u011btluje d\u016fstojnost \u010dlov\u011bka jakou danou stvo\u0159en\u00edm.<\/p>\n\t\t\t\t\t\t<\/div>\n\t\t\t\t<\/div>\n\t\t\t\t<div class=\"elementor-element elementor-element-7b4b6cc elementor-widget elementor-widget-text-editor\" data-id=\"7b4b6cc\" data-element_type=\"widget\" data-widget_type=\"text-editor.default\">\n\t\t\t\t<div class=\"elementor-widget-container\">\n\t\t\t\t\t\t\t<p><strong>Osv\u00edcenstv\u00ed <\/strong>vysv\u011btluje lidskou d\u016fstojnost du\u0161\u00ed, rozumem a schopnost\u00ed \u00fasudku.<img decoding=\"async\" class=\"size-medium wp-image-3080 alignright\" src=\"https:\/\/euwww.eu\/wp-content\/uploads\/Grundrechte-3-300x169.png\" alt=\"\" width=\"300\" height=\"169\" srcset=\"https:\/\/euwww.eu\/wp-content\/uploads\/Grundrechte-3-300x169.png 300w, https:\/\/euwww.eu\/wp-content\/uploads\/Grundrechte-3.png 730w\" sizes=\"(max-width: 300px) 100vw, 300px\" \/><\/p>\n<p><strong>V\u0161eobecn\u00e1 deklarace<\/strong>lidsk\u00fdch pr\u00e1v (OSN z 10. prosince 1948) uv\u00e1d\u00ed rozum, sv\u011bdom\u00ed a bratrstv\u00ed jako rozhoduj\u00edc\u00ed faktory lidsk\u00e9 d\u016fstojnosti.<\/p>\n\t\t\t\t\t\t<\/div>\n\t\t\t\t<\/div>\n\t\t\t\t<div class=\"elementor-element elementor-element-a2a4e80 elementor-widget elementor-widget-heading\" data-id=\"a2a4e80\" data-element_type=\"widget\" data-widget_type=\"heading.default\">\n\t\t\t\t<div class=\"elementor-widget-container\">\n\t\t\t<h3 class=\"elementor-heading-title elementor-size-default\">Ochrana lidsk\u00e9 d\u016fstojnosti<\/h3>\t\t<\/div>\n\t\t\t\t<\/div>\n\t\t\t\t<div class=\"elementor-element elementor-element-fe0be6b elementor-widget elementor-widget-text-editor\" data-id=\"fe0be6b\" data-element_type=\"widget\" data-widget_type=\"text-editor.default\">\n\t\t\t\t<div class=\"elementor-widget-container\">\n\t\t\t\t\t\t\t<p>V EU plat\u00ed: Ka\u017ed\u00fd ob\u010dan Unie m\u00e1<\/p>\n\t\t\t\t\t\t<\/div>\n\t\t\t\t<\/div>\n\t\t\t\t<div class=\"elementor-element elementor-element-21e9411 elementor-icon-list--layout-traditional elementor-list-item-link-full_width elementor-widget elementor-widget-icon-list\" data-id=\"21e9411\" data-element_type=\"widget\" data-widget_type=\"icon-list.default\">\n\t\t\t\t<div class=\"elementor-widget-container\">\n\t\t\t\t\t<ul class=\"elementor-icon-list-items\">\n\t\t\t\t\t\t\t<li class=\"elementor-icon-list-item\">\n\t\t\t\t\t\t\t\t\t\t\t<span class=\"elementor-icon-list-icon\">\n\t\t\t\t\t\t\t<i aria-hidden=\"true\" class=\"fas fa-check\"><\/i>\t\t\t\t\t\t<\/span>\n\t\t\t\t\t\t\t\t\t\t<span class=\"elementor-icon-list-text\">pr\u00e1vo na \u017eivot (neexistuje zde trest smrti)<\/span>\n\t\t\t\t\t\t\t\t\t<\/li>\n\t\t\t\t\t\t\t\t<li class=\"elementor-icon-list-item\">\n\t\t\t\t\t\t\t\t\t\t\t<span class=\"elementor-icon-list-icon\">\n\t\t\t\t\t\t\t<i aria-hidden=\"true\" class=\"fas fa-check\"><\/i>\t\t\t\t\t\t<\/span>\n\t\t\t\t\t\t\t\t\t\t<span class=\"elementor-icon-list-text\">pr\u00e1vo na fyzickou a du\u0161evn\u00ed nedotknutelnost<\/span>\n\t\t\t\t\t\t\t\t\t<\/li>\n\t\t\t\t\t\t\t\t<li class=\"elementor-icon-list-item\">\n\t\t\t\t\t\t\t\t\t\t\t<span class=\"elementor-icon-list-icon\">\n\t\t\t\t\t\t\t<i aria-hidden=\"true\" class=\"fas fa-check\"><\/i>\t\t\t\t\t\t<\/span>\n\t\t\t\t\t\t\t\t\t\t<span class=\"elementor-icon-list-text\">pr\u00e1vo na ochranu p\u0159ed mu\u010den\u00edm <\/span>\n\t\t\t\t\t\t\t\t\t<\/li>\n\t\t\t\t\t\t\t\t<li class=\"elementor-icon-list-item\">\n\t\t\t\t\t\t\t\t\t\t\t<span class=\"elementor-icon-list-icon\">\n\t\t\t\t\t\t\t<i aria-hidden=\"true\" class=\"fas fa-check\"><\/i>\t\t\t\t\t\t<\/span>\n\t\t\t\t\t\t\t\t\t\t<span class=\"elementor-icon-list-text\">pr\u00e1vo na ochranu p\u0159ed otroctv\u00edm a nucenou prac\u00ed.<\/span>\n\t\t\t\t\t\t\t\t\t<\/li>\n\t\t\t\t\t\t<\/ul>\n\t\t\t\t<\/div>\n\t\t\t\t<\/div>\n\t\t\t\t\t<\/div>\n\t\t<\/div>\n\t\t\t\t\t<\/div>\n\t\t<\/section>\n\t\t\t\t\t<\/div>\n\t\t<\/div>\n\t\t\t\t\t<\/div>\n\t\t<\/section>\n\t\t\t\t<section class=\"elementor-section elementor-top-section elementor-element elementor-element-05180cf elementor-section-boxed elementor-section-height-default elementor-section-height-default\" data-id=\"05180cf\" data-element_type=\"section\" data-settings=\"{&quot;background_background&quot;:&quot;classic&quot;}\">\n\t\t\t\t\t\t<div class=\"elementor-container elementor-column-gap-default\">\n\t\t\t\t\t<div class=\"elementor-column elementor-col-100 elementor-top-column elementor-element elementor-element-2d11e01\" data-id=\"2d11e01\" data-element_type=\"column\">\n\t\t\t<div class=\"elementor-widget-wrap elementor-element-populated\">\n\t\t\t\t\t\t<div class=\"elementor-element elementor-element-9ae4092 elementor-widget elementor-widget-heading\" data-id=\"9ae4092\" data-element_type=\"widget\" data-widget_type=\"heading.default\">\n\t\t\t\t<div class=\"elementor-widget-container\">\n\t\t\t<h2 class=\"elementor-heading-title elementor-size-default\">Svoboda a rovnost<\/h2>\t\t<\/div>\n\t\t\t\t<\/div>\n\t\t\t\t<section class=\"elementor-section elementor-inner-section elementor-element elementor-element-ac343d2 elementor-section-boxed elementor-section-height-default elementor-section-height-default\" data-id=\"ac343d2\" data-element_type=\"section\" data-settings=\"{&quot;background_background&quot;:&quot;classic&quot;}\">\n\t\t\t\t\t\t<div class=\"elementor-container elementor-column-gap-default\">\n\t\t\t\t\t<div class=\"elementor-column elementor-col-50 elementor-inner-column elementor-element elementor-element-6ff00cb\" data-id=\"6ff00cb\" data-element_type=\"column\">\n\t\t\t<div class=\"elementor-widget-wrap elementor-element-populated\">\n\t\t\t\t\t\t<div class=\"elementor-element elementor-element-0f51d79 elementor-widget elementor-widget-image\" data-id=\"0f51d79\" data-element_type=\"widget\" data-widget_type=\"image.default\">\n\t\t\t\t<div class=\"elementor-widget-container\">\n\t\t\t\t\t\t\t\t\t\t\t\t\t<img loading=\"lazy\" decoding=\"async\" width=\"150\" height=\"150\" src=\"https:\/\/euwww.eu\/wp-content\/uploads\/Gesicht-1-2-150x150.jpg\" class=\"attachment-thumbnail size-thumbnail wp-image-5040\" alt=\"\" \/>\t\t\t\t\t\t\t\t\t\t\t\t\t<\/div>\n\t\t\t\t<\/div>\n\t\t\t\t\t<\/div>\n\t\t<\/div>\n\t\t\t\t<div class=\"elementor-column elementor-col-50 elementor-inner-column elementor-element elementor-element-fe5d694\" data-id=\"fe5d694\" data-element_type=\"column\">\n\t\t\t<div class=\"elementor-widget-wrap elementor-element-populated\">\n\t\t\t\t\t\t<div class=\"elementor-element elementor-element-1c9b5a4 elementor-widget elementor-widget-text-editor\" data-id=\"1c9b5a4\" data-element_type=\"widget\" data-widget_type=\"text-editor.default\">\n\t\t\t\t<div class=\"elementor-widget-container\">\n\t\t\t\t\t\t\t<p>\u201eVe smyslu Listiny z\u00e1kladn\u00edch pr\u00e1v EU rovnost znamen\u00e1 <strong>rovnost p\u0159ed z\u00e1konem<\/strong>. T\u00fdk\u00e1 se to nap\u0159\u00edklad rovnosti \u017een a mu\u017e\u016f a pr\u00e1v d\u011bt\u00ed. Nikdo by nem\u011bl b\u00fdt vylou\u010den kv\u016fli sv\u00e9 p\u0159\u00edslu\u0161nosti k ur\u010dit\u00e9 skupin\u011b lid\u00ed.\u201c<\/p>\n\t\t\t\t\t\t<\/div>\n\t\t\t\t<\/div>\n\t\t\t\t\t<\/div>\n\t\t<\/div>\n\t\t\t\t\t<\/div>\n\t\t<\/section>\n\t\t\t\t<section class=\"elementor-section elementor-inner-section elementor-element elementor-element-c37981d elementor-section-boxed elementor-section-height-default elementor-section-height-default\" data-id=\"c37981d\" data-element_type=\"section\" data-settings=\"{&quot;background_background&quot;:&quot;classic&quot;}\">\n\t\t\t\t\t\t<div class=\"elementor-container elementor-column-gap-default\">\n\t\t\t\t\t<div class=\"elementor-column elementor-col-50 elementor-inner-column elementor-element elementor-element-8ab52d8\" data-id=\"8ab52d8\" data-element_type=\"column\">\n\t\t\t<div class=\"elementor-widget-wrap elementor-element-populated\">\n\t\t\t\t\t\t<div class=\"elementor-element elementor-element-d2b7add elementor-widget elementor-widget-image\" data-id=\"d2b7add\" data-element_type=\"widget\" data-widget_type=\"image.default\">\n\t\t\t\t<div class=\"elementor-widget-container\">\n\t\t\t\t\t\t\t\t\t\t\t\t\t<img loading=\"lazy\" decoding=\"async\" width=\"150\" height=\"150\" src=\"https:\/\/euwww.eu\/wp-content\/uploads\/Gesicht-3-2-1-150x150.jpg\" class=\"attachment-thumbnail size-thumbnail wp-image-5101\" alt=\"\" \/>\t\t\t\t\t\t\t\t\t\t\t\t\t<\/div>\n\t\t\t\t<\/div>\n\t\t\t\t\t<\/div>\n\t\t<\/div>\n\t\t\t\t<div class=\"elementor-column elementor-col-50 elementor-inner-column elementor-element elementor-element-8a94285\" data-id=\"8a94285\" data-element_type=\"column\">\n\t\t\t<div class=\"elementor-widget-wrap elementor-element-populated\">\n\t\t\t\t\t\t<div class=\"elementor-element elementor-element-a29101e elementor-widget elementor-widget-text-editor\" data-id=\"a29101e\" data-element_type=\"widget\" data-widget_type=\"text-editor.default\">\n\t\t\t\t<div class=\"elementor-widget-container\">\n\t\t\t\t\t\t\t<p>\u201e<strong>V r\u00e1mci t\u011bchto z\u00e1kon\u016f<\/strong>, kter\u00e9 jsme vydali a p\u0159ijali, <strong>jsme svobodn\u00ed<\/strong>. Tato svoboda se t\u00fdk\u00e1 zejm\u00e9na n\u00e1bo\u017eensk\u00e9ho vyzn\u00e1n\u00ed, ochrany soukrom\u00ed a majetku, svobody n\u00e1zoru, svobody shroma\u017e\u010fov\u00e1n\u00ed a svobody informac\u00ed. Um\u011bn\u00ed a v\u011bda jsou tak\u00e9 svobodn\u00e9.\u201c <\/p>\n\t\t\t\t\t\t<\/div>\n\t\t\t\t<\/div>\n\t\t\t\t\t<\/div>\n\t\t<\/div>\n\t\t\t\t\t<\/div>\n\t\t<\/section>\n\t\t\t\t<div class=\"elementor-element elementor-element-67602fe linkcolor elementor-widget elementor-widget-text-editor\" data-id=\"67602fe\" data-element_type=\"widget\" data-widget_type=\"text-editor.default\">\n\t\t\t\t<div class=\"elementor-widget-container\">\n\t\t\t\t\t\t\t<p>Obzvl\u00e1\u0161t\u011b d\u016fle\u017eitou oblast\u00ed v souh\u0159e mezi svobodou a rovnost\u00ed je <strong>pr\u00e1vo na azyl<\/strong>.<\/p>\n<p>Pokud jsou lid\u00e9 v zemi mimo EU politicky perzekuov\u00e1ni nebo ohro\u017eeni na \u017eivot\u011b, jsou ohro\u017eeny z\u00e1kladn\u00ed evropsk\u00e9 principy o lidsk\u00e9 d\u016fstojnosti, svobod\u011b a rovnosti lid\u00ed po cel\u00e9m sv\u011bt\u011b. Pokud takov\u00e9 politicky nebo existen\u010dn\u011b pron\u00e1sledovan\u00e9 osoby hledaj\u00ed ochranu v EU, mus\u00ed jim b\u00fdt poskytnuta ochrana podle \u010dl\u00e1nk\u016f 18 a 19 Listiny z\u00e1kladn\u00edch pr\u00e1v. V\u00edce informac\u00ed o <a href=\"https:\/\/www.europarl.europa.eu\/factsheets\/de\/sheet\/151\/asylpolitik\" target=\"_blank\" rel=\"noopener\">azylov\u00e9 politice<\/a> EU naleznete zde. <\/p>\n\t\t\t\t\t\t<\/div>\n\t\t\t\t<\/div>\n\t\t\t\t\t<\/div>\n\t\t<\/div>\n\t\t\t\t\t<\/div>\n\t\t<\/section>\n\t\t\t\t<section class=\"elementor-section elementor-top-section elementor-element elementor-element-b669b79 linkcolor elementor-section-boxed elementor-section-height-default elementor-section-height-default\" data-id=\"b669b79\" data-element_type=\"section\">\n\t\t\t\t\t\t<div class=\"elementor-container elementor-column-gap-default\">\n\t\t\t\t\t<div class=\"elementor-column elementor-col-100 elementor-top-column elementor-element elementor-element-ebdf924\" data-id=\"ebdf924\" data-element_type=\"column\">\n\t\t\t<div class=\"elementor-widget-wrap elementor-element-populated\">\n\t\t\t\t\t\t<div class=\"elementor-element elementor-element-00b9f59 elementor-widget elementor-widget-heading\" data-id=\"00b9f59\" data-element_type=\"widget\" data-widget_type=\"heading.default\">\n\t\t\t\t<div class=\"elementor-widget-container\">\n\t\t\t<h2 class=\"elementor-heading-title elementor-size-default\">Solidarita a ob\u010dansk\u00e1 pr\u00e1va<\/h2>\t\t<\/div>\n\t\t\t\t<\/div>\n\t\t\t\t<div class=\"elementor-element elementor-element-f59a113 elementor-widget elementor-widget-text-editor\" data-id=\"f59a113\" data-element_type=\"widget\" data-widget_type=\"text-editor.default\">\n\t\t\t\t<div class=\"elementor-widget-container\">\n\t\t\t\t\t\t\t<p>Zd\u00e1 se, \u017ee pojmy solidarita a ob\u010dansk\u00e1 pr\u00e1va b\u00fdvaj\u00ed v rozporu. Jako podnikatel a zam\u011bstnavatel m\u00e1 evropsk\u00fd ob\u010dan mnoho ob\u010dansk\u00fdch pr\u00e1v na svobodnou podobu sv\u00e9 spole\u010dnosti \u2013 tato pr\u00e1va by m\u011bla b\u00fdt z\u00e1rove\u0148 omezena, aby byla solid\u00e1rn\u00ed se zam\u011bstnanci?<\/p>\n\t\t\t\t\t\t<\/div>\n\t\t\t\t<\/div>\n\t\t\t\t<section class=\"elementor-section elementor-inner-section elementor-element elementor-element-aca73fa elementor-section-boxed elementor-section-height-default elementor-section-height-default\" data-id=\"aca73fa\" data-element_type=\"section\" data-settings=\"{&quot;background_background&quot;:&quot;classic&quot;}\">\n\t\t\t\t\t\t<div class=\"elementor-container elementor-column-gap-default\">\n\t\t\t\t\t<div class=\"elementor-column elementor-col-50 elementor-inner-column elementor-element elementor-element-8ea1125\" data-id=\"8ea1125\" data-element_type=\"column\">\n\t\t\t<div class=\"elementor-widget-wrap elementor-element-populated\">\n\t\t\t\t\t\t<div class=\"elementor-element elementor-element-1b385d8 elementor-widget elementor-widget-image\" data-id=\"1b385d8\" data-element_type=\"widget\" data-widget_type=\"image.default\">\n\t\t\t\t<div class=\"elementor-widget-container\">\n\t\t\t\t\t\t\t\t\t\t\t\t\t<img loading=\"lazy\" decoding=\"async\" width=\"150\" height=\"150\" src=\"https:\/\/euwww.eu\/wp-content\/uploads\/Gesicht-2-2-150x150.jpg\" class=\"attachment-thumbnail size-thumbnail wp-image-5103\" alt=\"\" \/>\t\t\t\t\t\t\t\t\t\t\t\t\t<\/div>\n\t\t\t\t<\/div>\n\t\t\t\t\t<\/div>\n\t\t<\/div>\n\t\t\t\t<div class=\"elementor-column elementor-col-50 elementor-inner-column elementor-element elementor-element-41aeb3b\" data-id=\"41aeb3b\" data-element_type=\"column\">\n\t\t\t<div class=\"elementor-widget-wrap elementor-element-populated\">\n\t\t\t\t\t\t<div class=\"elementor-element elementor-element-e2f1fde elementor-widget elementor-widget-text-editor\" data-id=\"e2f1fde\" data-element_type=\"widget\" data-widget_type=\"text-editor.default\">\n\t\t\t\t<div class=\"elementor-widget-container\">\n\t\t\t\t\t\t\t<p>\u201eMy\u0161lenka <strong>solidarity<\/strong> v EU je zam\u011b\u0159ena na ochranu p\u0159ed zam\u011bstnavateli, kte\u0159\u00ed jsou \u010dasto a\u017e p\u0159\u00edli\u0161 siln\u00ed. Solidarita mezi zam\u011bstnavateli a zam\u011bstnanci znamen\u00e1: vytv\u00e1\u0159en\u00ed dobr\u00fdch pracovn\u00edch podm\u00ednek, ochrana zdrav\u00ed a soci\u00e1ln\u00edho postaven\u00ed, loaj\u00e1ln\u00ed spolupr\u00e1ce ve firm\u011b.\u201c<\/p>\n\t\t\t\t\t\t<\/div>\n\t\t\t\t<\/div>\n\t\t\t\t\t<\/div>\n\t\t<\/div>\n\t\t\t\t\t<\/div>\n\t\t<\/section>\n\t\t\t\t<section class=\"elementor-section elementor-inner-section elementor-element elementor-element-32d6c64 elementor-section-boxed elementor-section-height-default elementor-section-height-default\" data-id=\"32d6c64\" data-element_type=\"section\" data-settings=\"{&quot;background_background&quot;:&quot;classic&quot;}\">\n\t\t\t\t\t\t<div class=\"elementor-container elementor-column-gap-default\">\n\t\t\t\t\t<div class=\"elementor-column elementor-col-50 elementor-inner-column elementor-element elementor-element-5f7e54f\" data-id=\"5f7e54f\" data-element_type=\"column\">\n\t\t\t<div class=\"elementor-widget-wrap elementor-element-populated\">\n\t\t\t\t\t\t<div class=\"elementor-element elementor-element-c8e1a3a elementor-widget elementor-widget-image\" data-id=\"c8e1a3a\" data-element_type=\"widget\" data-widget_type=\"image.default\">\n\t\t\t\t<div class=\"elementor-widget-container\">\n\t\t\t\t\t\t\t\t\t\t\t\t\t<img loading=\"lazy\" decoding=\"async\" width=\"150\" height=\"150\" src=\"https:\/\/euwww.eu\/wp-content\/uploads\/Gesicht-3-3-150x150.jpg\" class=\"attachment-thumbnail size-thumbnail wp-image-5058\" alt=\"\" \/>\t\t\t\t\t\t\t\t\t\t\t\t\t<\/div>\n\t\t\t\t<\/div>\n\t\t\t\t\t<\/div>\n\t\t<\/div>\n\t\t\t\t<div class=\"elementor-column elementor-col-50 elementor-inner-column elementor-element elementor-element-dcf52e5\" data-id=\"dcf52e5\" data-element_type=\"column\">\n\t\t\t<div class=\"elementor-widget-wrap elementor-element-populated\">\n\t\t\t\t\t\t<div class=\"elementor-element elementor-element-467bc7c elementor-widget elementor-widget-text-editor\" data-id=\"467bc7c\" data-element_type=\"widget\" data-widget_type=\"text-editor.default\">\n\t\t\t\t<div class=\"elementor-widget-container\">\n\t\t\t\t\t\t\t<p>\u201eNa druh\u00e9 stran\u011b <strong>ob\u010dansk\u00e1 pr\u00e1va<\/strong> zaru\u010duj\u00ed ochranu p\u0159ed p\u0159\u00edli\u0161 siln\u00fdm st\u00e1tem: Ob\u010dan\u00e9 EU maj\u00ed zaru\u010deno volebn\u00ed pr\u00e1vo (aktivn\u00ed i pasivn\u00ed) na v\u0161ech \u00farovn\u00edch. M\u011bli by b\u00fdt tak\u00e9 v\u017edy vyslechnuti a podporov\u00e1ni v jejich po\u017eadavc\u00edch (to je z\u00e1sada \u0159\u00e1dn\u00e9 spr\u00e1vy).\u201c<\/p>\n\t\t\t\t\t\t<\/div>\n\t\t\t\t<\/div>\n\t\t\t\t\t<\/div>\n\t\t<\/div>\n\t\t\t\t\t<\/div>\n\t\t<\/section>\n\t\t\t\t<div class=\"elementor-element elementor-element-3b0ed97 elementor-widget elementor-widget-text-editor\" data-id=\"3b0ed97\" data-element_type=\"widget\" data-widget_type=\"text-editor.default\">\n\t\t\t\t<div class=\"elementor-widget-container\">\n\t\t\t\t\t\t\t<p><strong>Evropsk\u00fd ve\u0159ejn\u00fd ochr\u00e1nce pr\u00e1v<\/strong>pom\u00e1h\u00e1 ob\u010dan\u016fm EU vym\u00e1hat ob\u010dansk\u00e1 pr\u00e1va a z\u00e1sadu solidarity. Kdokoli v EU se na n\u011bj m\u016f\u017ee obr\u00e1tit p\u0159i<\/p>\n\t\t\t\t\t\t<\/div>\n\t\t\t\t<\/div>\n\t\t\t\t<div class=\"elementor-element elementor-element-9e2be6a elementor-align-left elementor-icon-list--layout-traditional elementor-list-item-link-full_width elementor-widget elementor-widget-icon-list\" data-id=\"9e2be6a\" data-element_type=\"widget\" data-widget_type=\"icon-list.default\">\n\t\t\t\t<div class=\"elementor-widget-container\">\n\t\t\t\t\t<ul class=\"elementor-icon-list-items\">\n\t\t\t\t\t\t\t<li class=\"elementor-icon-list-item\">\n\t\t\t\t\t\t\t\t\t\t\t<span class=\"elementor-icon-list-icon\">\n\t\t\t\t\t\t\t<i aria-hidden=\"true\" class=\"fas fa-check\"><\/i>\t\t\t\t\t\t<\/span>\n\t\t\t\t\t\t\t\t\t\t<span class=\"elementor-icon-list-text\">nespravedliv\u00e9m zach\u00e1zen\u00ed<\/span>\n\t\t\t\t\t\t\t\t\t<\/li>\n\t\t\t\t\t\t\t\t<li class=\"elementor-icon-list-item\">\n\t\t\t\t\t\t\t\t\t\t\t<span class=\"elementor-icon-list-icon\">\n\t\t\t\t\t\t\t<i aria-hidden=\"true\" class=\"fas fa-check\"><\/i>\t\t\t\t\t\t<\/span>\n\t\t\t\t\t\t\t\t\t\t<span class=\"elementor-icon-list-text\">Diskriminace a zneu\u017eit\u00ed moci<\/span>\n\t\t\t\t\t\t\t\t\t<\/li>\n\t\t\t\t\t\t\t\t<li class=\"elementor-icon-list-item\">\n\t\t\t\t\t\t\t\t\t\t\t<span class=\"elementor-icon-list-icon\">\n\t\t\t\t\t\t\t<i aria-hidden=\"true\" class=\"fas fa-check\"><\/i>\t\t\t\t\t\t<\/span>\n\t\t\t\t\t\t\t\t\t\t<span class=\"elementor-icon-list-text\">Odm\u00edtnut\u00ed informac\u00ed<\/span>\n\t\t\t\t\t\t\t\t\t<\/li>\n\t\t\t\t\t\t\t\t<li class=\"elementor-icon-list-item\">\n\t\t\t\t\t\t\t\t\t\t\t<span class=\"elementor-icon-list-icon\">\n\t\t\t\t\t\t\t<i aria-hidden=\"true\" class=\"fas fa-check\"><\/i>\t\t\t\t\t\t<\/span>\n\t\t\t\t\t\t\t\t\t\t<span class=\"elementor-icon-list-text\">Pr\u016ftahy ve spr\u00e1vn\u00edch \u0159\u00edzen\u00edch<\/span>\n\t\t\t\t\t\t\t\t\t<\/li>\n\t\t\t\t\t\t\t\t<li class=\"elementor-icon-list-item\">\n\t\t\t\t\t\t\t\t\t\t\t<span class=\"elementor-icon-list-icon\">\n\t\t\t\t\t\t\t<i aria-hidden=\"true\" class=\"fas fa-check\"><\/i>\t\t\t\t\t\t<\/span>\n\t\t\t\t\t\t\t\t\t\t<span class=\"elementor-icon-list-text\">Chyby v rozhodovac\u00edch procesech.<\/span>\n\t\t\t\t\t\t\t\t\t<\/li>\n\t\t\t\t\t\t<\/ul>\n\t\t\t\t<\/div>\n\t\t\t\t<\/div>\n\t\t\t\t<div class=\"elementor-element elementor-element-67d31e5 elementor-widget elementor-widget-text-editor\" data-id=\"67d31e5\" data-element_type=\"widget\" data-widget_type=\"text-editor.default\">\n\t\t\t\t<div class=\"elementor-widget-container\">\n\t\t\t\t\t\t\t<p>Zde se dozv\u00edte v\u00edce o <a href=\"https:\/\/www.ombudsman.europa.eu\/de\/areas-of-work\" target=\"_blank\" rel=\"noopener\">\u00fakolech a pr\u00e1ci<\/a> evropsk\u00e9ho ve\u0159ejn\u00e9ho ochr\u00e1nce pr\u00e1v (ombudsmana)<\/p>\n\t\t\t\t\t\t<\/div>\n\t\t\t\t<\/div>\n\t\t\t\t\t<\/div>\n\t\t<\/div>\n\t\t\t\t\t<\/div>\n\t\t<\/section>\n\t\t\t\t<section class=\"elementor-section elementor-top-section elementor-element elementor-element-3373951 linkcolor elementor-section-boxed elementor-section-height-default elementor-section-height-default\" data-id=\"3373951\" data-element_type=\"section\" data-settings=\"{&quot;background_background&quot;:&quot;classic&quot;}\">\n\t\t\t\t\t\t<div class=\"elementor-container elementor-column-gap-default\">\n\t\t\t\t\t<div class=\"elementor-column elementor-col-100 elementor-top-column elementor-element elementor-element-30d92ec\" data-id=\"30d92ec\" data-element_type=\"column\">\n\t\t\t<div class=\"elementor-widget-wrap elementor-element-populated\">\n\t\t\t\t\t\t<div class=\"elementor-element elementor-element-794b4fb elementor-widget elementor-widget-heading\" data-id=\"794b4fb\" data-element_type=\"widget\" data-widget_type=\"heading.default\">\n\t\t\t\t<div class=\"elementor-widget-container\">\n\t\t\t<h2 class=\"elementor-heading-title elementor-size-default\">Pr\u00e1va u soudu<\/h2>\t\t<\/div>\n\t\t\t\t<\/div>\n\t\t\t\t<div class=\"elementor-element elementor-element-97e19ee elementor-widget elementor-widget-text-editor\" data-id=\"97e19ee\" data-element_type=\"widget\" data-widget_type=\"text-editor.default\">\n\t\t\t\t<div class=\"elementor-widget-container\">\n\t\t\t\t\t\t\t<p>Pokud n\u00e1zorov\u00e9 spory mezi ob\u010dany Unie nebo trestn\u00e9 \u010diny skon\u010d\u00ed u soud\u016f, je d\u016fle\u017eit\u00e9, aby soudy byly nez\u00e1visl\u00e9 a mohly soudit spravedliv\u011b a nestrann\u011b podle z\u00e1sad EU. Ka\u017ed\u00fd ob\u010dan EU mus\u00ed m\u00edt mo\u017enost p\u0159edlo\u017eit svou z\u00e1le\u017eitost soudu a zde se domoci pr\u00e1va na z\u00e1klad\u011b stejn\u00fdch z\u00e1sad.<\/p>\n\t\t\t\t\t\t<\/div>\n\t\t\t\t<\/div>\n\t\t\t\t<section class=\"elementor-section elementor-inner-section elementor-element elementor-element-ebcb781 elementor-section-boxed elementor-section-height-default elementor-section-height-default\" data-id=\"ebcb781\" data-element_type=\"section\" data-settings=\"{&quot;background_background&quot;:&quot;classic&quot;}\">\n\t\t\t\t\t\t<div class=\"elementor-container elementor-column-gap-default\">\n\t\t\t\t\t<div class=\"elementor-column elementor-col-50 elementor-inner-column elementor-element elementor-element-8d8d32b\" data-id=\"8d8d32b\" data-element_type=\"column\">\n\t\t\t<div class=\"elementor-widget-wrap elementor-element-populated\">\n\t\t\t\t\t\t<div class=\"elementor-element elementor-element-3219b49 elementor-widget elementor-widget-image\" data-id=\"3219b49\" data-element_type=\"widget\" data-widget_type=\"image.default\">\n\t\t\t\t<div class=\"elementor-widget-container\">\n\t\t\t\t\t\t\t\t\t\t\t\t\t<img loading=\"lazy\" decoding=\"async\" width=\"150\" height=\"150\" src=\"https:\/\/euwww.eu\/wp-content\/uploads\/Gesicht-1-2-150x150.jpg\" class=\"attachment-thumbnail size-thumbnail wp-image-5040\" alt=\"\" \/>\t\t\t\t\t\t\t\t\t\t\t\t\t<\/div>\n\t\t\t\t<\/div>\n\t\t\t\t\t<\/div>\n\t\t<\/div>\n\t\t\t\t<div class=\"elementor-column elementor-col-50 elementor-inner-column elementor-element elementor-element-486121a\" data-id=\"486121a\" data-element_type=\"column\">\n\t\t\t<div class=\"elementor-widget-wrap elementor-element-populated\">\n\t\t\t\t\t\t<div class=\"elementor-element elementor-element-4cff9b1 elementor-widget elementor-widget-text-editor\" data-id=\"4cff9b1\" data-element_type=\"widget\" data-widget_type=\"text-editor.default\">\n\t\t\t\t<div class=\"elementor-widget-container\">\n\t\t\t\t\t\t\t<p>\u201ePokud nap\u0159\u00edklad stanete p\u0159ed soudem za trestn\u00fd \u010din kdekoli v EU, plat\u00ed presumpce neviny, dokud se neprok\u00e1\u017ee vina. Plat\u00ed tak\u00e9 z\u00e1sada p\u0159im\u011b\u0159enosti.\u201d<\/p>\n\t\t\t\t\t\t<\/div>\n\t\t\t\t<\/div>\n\t\t\t\t\t<\/div>\n\t\t<\/div>\n\t\t\t\t\t<\/div>\n\t\t<\/section>\n\t\t\t\t<section class=\"elementor-section elementor-inner-section elementor-element elementor-element-bb532ef elementor-section-boxed elementor-section-height-default elementor-section-height-default\" data-id=\"bb532ef\" data-element_type=\"section\" data-settings=\"{&quot;background_background&quot;:&quot;classic&quot;}\">\n\t\t\t\t\t\t<div class=\"elementor-container elementor-column-gap-default\">\n\t\t\t\t\t<div class=\"elementor-column elementor-col-50 elementor-inner-column elementor-element elementor-element-02d182d\" data-id=\"02d182d\" data-element_type=\"column\">\n\t\t\t<div class=\"elementor-widget-wrap elementor-element-populated\">\n\t\t\t\t\t\t<div class=\"elementor-element elementor-element-c9e11e6 elementor-widget elementor-widget-image\" data-id=\"c9e11e6\" data-element_type=\"widget\" data-widget_type=\"image.default\">\n\t\t\t\t<div class=\"elementor-widget-container\">\n\t\t\t\t\t\t\t\t\t\t\t\t\t<img loading=\"lazy\" decoding=\"async\" width=\"150\" height=\"150\" src=\"https:\/\/euwww.eu\/wp-content\/uploads\/Gesicht-2-2-150x150.jpg\" class=\"attachment-thumbnail size-thumbnail wp-image-5103\" alt=\"\" \/>\t\t\t\t\t\t\t\t\t\t\t\t\t<\/div>\n\t\t\t\t<\/div>\n\t\t\t\t\t<\/div>\n\t\t<\/div>\n\t\t\t\t<div class=\"elementor-column elementor-col-50 elementor-inner-column elementor-element elementor-element-6c35628\" data-id=\"6c35628\" data-element_type=\"column\">\n\t\t\t<div class=\"elementor-widget-wrap elementor-element-populated\">\n\t\t\t\t\t\t<div class=\"elementor-element elementor-element-d460f23 elementor-widget elementor-widget-text-editor\" data-id=\"d460f23\" data-element_type=\"widget\" data-widget_type=\"text-editor.default\">\n\t\t\t\t<div class=\"elementor-widget-container\">\n\t\t\t\t\t\t\t<p>\u201eNejd\u016fle\u017eit\u011bj\u0161\u00edm \u00fast\u0159edn\u00edm soudem v EU je <strong>Soudn\u00ed dv\u016fr Evropsk\u00e9 unie<\/strong>(ESD). M\u00e1 s\u00eddlo v Lucembursku. Soud zaji\u0161\u0165uje dodr\u017eov\u00e1n\u00ed pr\u00e1va p\u0159i uplat\u0148ov\u00e1n\u00ed Smluv EU.&#8221;<\/p>\n\t\t\t\t\t\t<\/div>\n\t\t\t\t<\/div>\n\t\t\t\t\t<\/div>\n\t\t<\/div>\n\t\t\t\t\t<\/div>\n\t\t<\/section>\n\t\t\t\t<section class=\"elementor-section elementor-inner-section elementor-element elementor-element-92596a6 elementor-section-boxed elementor-section-height-default elementor-section-height-default\" data-id=\"92596a6\" data-element_type=\"section\" data-settings=\"{&quot;background_background&quot;:&quot;classic&quot;}\">\n\t\t\t\t\t\t<div class=\"elementor-container elementor-column-gap-default\">\n\t\t\t\t\t<div class=\"elementor-column elementor-col-50 elementor-inner-column elementor-element elementor-element-a7622df\" data-id=\"a7622df\" data-element_type=\"column\">\n\t\t\t<div class=\"elementor-widget-wrap elementor-element-populated\">\n\t\t\t\t\t\t<div class=\"elementor-element elementor-element-2044559 elementor-widget elementor-widget-image\" data-id=\"2044559\" data-element_type=\"widget\" data-widget_type=\"image.default\">\n\t\t\t\t<div class=\"elementor-widget-container\">\n\t\t\t\t\t\t\t\t\t\t\t\t\t<img loading=\"lazy\" decoding=\"async\" width=\"150\" height=\"150\" src=\"https:\/\/euwww.eu\/wp-content\/uploads\/Gesicht-3-2-1-150x150.jpg\" class=\"attachment-thumbnail size-thumbnail wp-image-5101\" alt=\"\" \/>\t\t\t\t\t\t\t\t\t\t\t\t\t<\/div>\n\t\t\t\t<\/div>\n\t\t\t\t\t<\/div>\n\t\t<\/div>\n\t\t\t\t<div class=\"elementor-column elementor-col-50 elementor-inner-column elementor-element elementor-element-785c9b8\" data-id=\"785c9b8\" data-element_type=\"column\">\n\t\t\t<div class=\"elementor-widget-wrap elementor-element-populated\">\n\t\t\t\t\t\t<div class=\"elementor-element elementor-element-a134e0b elementor-widget elementor-widget-text-editor\" data-id=\"a134e0b\" data-element_type=\"widget\" data-widget_type=\"text-editor.default\">\n\t\t\t\t<div class=\"elementor-widget-container\">\n\t\t\t\t\t\t\t<p>\u201eSt\u00e1le se objevuj\u00ed k velk\u00e9 procesy a rozsudky ESD, jako nap\u0159. p\u0159i sporu o z\u00e1pis n\u00e1zvu filmu \u201eFakj\u016f pane u\u010diteli \u201c jako ochrann\u00e9 zn\u00e1mky. A zde najdete dal\u0161\u00ed <a href=\"https:\/\/www.lto.de\/recht\/hintergruende\/h\/wichtige-eugh-urteile-2020-diesel-vorratsdatenspeicherung-privacy-shield-fack-ju-europischer-haftbefehl\/\" target=\"_blank\" rel=\"noopener\">zn\u00e1m\u00e9 rozsudky ESD<\/a>!\u201c<\/p>\n\t\t\t\t\t\t<\/div>\n\t\t\t\t<\/div>\n\t\t\t\t\t<\/div>\n\t\t<\/div>\n\t\t\t\t\t<\/div>\n\t\t<\/section>\n\t\t\t\t\t<\/div>\n\t\t<\/div>\n\t\t\t\t\t<\/div>\n\t\t<\/section>\n\t\t\t\t<section class=\"elementor-section elementor-top-section elementor-element elementor-element-42433b6 elementor-section-boxed elementor-section-height-default elementor-section-height-default\" data-id=\"42433b6\" data-element_type=\"section\">\n\t\t\t\t\t\t<div class=\"elementor-container elementor-column-gap-default\">\n\t\t\t\t\t<div class=\"elementor-column elementor-col-100 elementor-top-column elementor-element elementor-element-ae80d62\" data-id=\"ae80d62\" data-element_type=\"column\">\n\t\t\t<div class=\"elementor-widget-wrap\">\n\t\t\t\t\t\t\t<\/div>\n\t\t<\/div>\n\t\t\t\t\t<\/div>\n\t\t<\/section>\n\t\t\t\t<\/div>\n\t\t","protected":false},"excerpt":{"rendered":"<p>Z\u00e1kladn\u00ed pr\u00e1va \u00a9Bundeszentrale f\u00fcr politische Bildung Lidsk\u00e1 d\u016fstojnost Lidsk\u00e1 d\u016fstojnost je nedotknuteln\u00e1. Mus\u00ed b\u00fdt respektov\u00e1na a chr\u00e1n\u011bna. Tak zn\u00ed \u010dl\u00e1nek 1 Listiny z\u00e1kladn\u00edch pr\u00e1v Evropsk\u00e9 unie. Je to skv\u011bl\u00e1 v\u011bta, kter\u00e1 ale vy\u017eaduje bli\u017e\u0161\u00ed vysv\u011btlen\u00ed, proto\u017ee: Co je vlastn\u011b \u201elidsk\u00e1 d\u016fstojnost&#8221;? A jak bychom ji m\u011bli \u201erespektovat&#8221; a \u201echr\u00e1nit&#8221;? Od\u016fvodn\u011bn\u00ed lidsk\u00e9 d\u016fstojnosti N\u00e1bo\u017eensk\u00e1 vyj\u00e1d\u0159en\u00ed o [&hellip;]<\/p>\n","protected":false},"author":1,"featured_media":0,"parent":5386,"menu_order":0,"comment_status":"closed","ping_status":"closed","template":"","meta":{"_acf_changed":false,"footnotes":""},"class_list":["post-5093","page","type-page","status-publish","hentry"],"acf":[],"_links":{"self":[{"href":"https:\/\/euwww.eu\/cs\/wp-json\/wp\/v2\/pages\/5093","targetHints":{"allow":["GET"]}}],"collection":[{"href":"https:\/\/euwww.eu\/cs\/wp-json\/wp\/v2\/pages"}],"about":[{"href":"https:\/\/euwww.eu\/cs\/wp-json\/wp\/v2\/types\/page"}],"author":[{"embeddable":true,"href":"https:\/\/euwww.eu\/cs\/wp-json\/wp\/v2\/users\/1"}],"replies":[{"embeddable":true,"href":"https:\/\/euwww.eu\/cs\/wp-json\/wp\/v2\/comments?post=5093"}],"version-history":[{"count":5,"href":"https:\/\/euwww.eu\/cs\/wp-json\/wp\/v2\/pages\/5093\/revisions"}],"predecessor-version":[{"id":5121,"href":"https:\/\/euwww.eu\/cs\/wp-json\/wp\/v2\/pages\/5093\/revisions\/5121"}],"up":[{"embeddable":true,"href":"https:\/\/euwww.eu\/cs\/wp-json\/wp\/v2\/pages\/5386"}],"wp:attachment":[{"href":"https:\/\/euwww.eu\/cs\/wp-json\/wp\/v2\/media?parent=5093"}],"curies":[{"name":"wp","href":"https:\/\/api.w.org\/{rel}","templated":true}]}}