
{"id":5153,"date":"2021-03-28T18:18:14","date_gmt":"2021-03-28T16:18:14","guid":{"rendered":"https:\/\/euwww.eu\/vzdelavaci-material-globalni-hodnoty\/"},"modified":"2021-09-23T03:04:39","modified_gmt":"2021-09-23T01:04:39","slug":"vzdelavaci-material-globalni-hodnoty","status":"publish","type":"page","link":"https:\/\/euwww.eu\/cs\/globalni-hodnoty\/vzdelavaci-material-globalni-hodnoty\/","title":{"rendered":"Vzd\u011bl\u00e1vac\u00ed materi\u00e1l Glob\u00e1ln\u00ed hodnoty"},"content":{"rendered":"\t\t<div data-elementor-type=\"wp-page\" data-elementor-id=\"5153\" class=\"elementor elementor-5153 elementor-3202\" data-elementor-post-type=\"page\">\n\t\t\t\t\t\t<section class=\"elementor-section elementor-top-section elementor-element elementor-element-7bbd79e elementor-section-full_width elementor-section-height-default elementor-section-height-default\" data-id=\"7bbd79e\" data-element_type=\"section\">\n\t\t\t\t\t\t<div class=\"elementor-container elementor-column-gap-default\">\n\t\t\t\t\t<div class=\"elementor-column elementor-col-100 elementor-top-column elementor-element elementor-element-c9eae33\" data-id=\"c9eae33\" data-element_type=\"column\">\n\t\t\t<div class=\"elementor-widget-wrap elementor-element-populated\">\n\t\t\t\t\t\t<div class=\"elementor-element elementor-element-454c727 elementor-cta--skin-cover elementor-cta--valign-middle elementor-widget elementor-widget-call-to-action\" data-id=\"454c727\" data-element_type=\"widget\" data-widget_type=\"call-to-action.default\">\n\t\t\t\t<div class=\"elementor-widget-container\">\n\t\t\t\t\t<div class=\"elementor-cta\" data-e-bg-lazyload=\".elementor-bg\">\n\t\t\t\t\t<div class=\"elementor-cta__bg-wrapper\">\n\t\t\t\t<div class=\"elementor-cta__bg elementor-bg\" style=\"background-image: var(--e-bg-lazyload-loaded); --e-bg-lazyload: url(https:\/\/euwww.eu\/wp-content\/uploads\/Hintergrund-2.jpg);\" role=\"img\" aria-label=\"Hintergrund-2\"><\/div>\n\t\t\t\t<div class=\"elementor-cta__bg-overlay\"><\/div>\n\t\t\t<\/div>\n\t\t\t\t\t\t\t<div class=\"elementor-cta__content\">\n\t\t\t\t\n\t\t\t\t\t\t\t\t\t<h2 class=\"elementor-cta__title elementor-cta__content-item elementor-content-item\">\n\t\t\t\t\t\tGlob\u00e1ln\u00ed hodnoty\t\t\t\t\t<\/h2>\n\t\t\t\t\n\t\t\t\t\n\t\t\t\t\t\t\t<\/div>\n\t\t\t\t\t\t\t<div class=\"elementor-ribbon elementor-ribbon-left\">\n\t\t\t\t<div class=\"elementor-ribbon-inner\">Vzd\u011bl\u00e1vac\u00ed materi\u00e1l Glob\u00e1ln\u00ed hodnoty<\/div>\n\t\t\t<\/div>\n\t\t\t\t<\/div>\n\t\t\t\t<\/div>\n\t\t\t\t<\/div>\n\t\t\t\t\t<\/div>\n\t\t<\/div>\n\t\t\t\t\t<\/div>\n\t\t<\/section>\n\t\t\t\t<section class=\"elementor-section elementor-top-section elementor-element elementor-element-b723d3d elementor-section-boxed elementor-section-height-default elementor-section-height-default\" data-id=\"b723d3d\" data-element_type=\"section\">\n\t\t\t\t\t\t<div class=\"elementor-container elementor-column-gap-default\">\n\t\t\t\t\t<div class=\"elementor-column elementor-col-100 elementor-top-column elementor-element elementor-element-2e3ea59\" data-id=\"2e3ea59\" data-element_type=\"column\">\n\t\t\t<div class=\"elementor-widget-wrap elementor-element-populated\">\n\t\t\t\t\t\t<div class=\"elementor-element elementor-element-9723f70 elementor-widget elementor-widget-heading\" data-id=\"9723f70\" data-element_type=\"widget\" data-widget_type=\"heading.default\">\n\t\t\t\t<div class=\"elementor-widget-container\">\n\t\t\t<h2 class=\"elementor-heading-title elementor-size-default\">EU se zav\u00e1zala k udr\u017eitelnosti a druhov\u00e9 rozmanitosti<\/h2>\t\t<\/div>\n\t\t\t\t<\/div>\n\t\t\t\t<section class=\"elementor-section elementor-inner-section elementor-element elementor-element-3c21a17 elementor-section-boxed elementor-section-height-default elementor-section-height-default\" data-id=\"3c21a17\" data-element_type=\"section\">\n\t\t\t\t\t\t<div class=\"elementor-container elementor-column-gap-default\">\n\t\t\t\t\t<div class=\"elementor-column elementor-col-50 elementor-inner-column elementor-element elementor-element-2b5fc7f\" data-id=\"2b5fc7f\" data-element_type=\"column\">\n\t\t\t<div class=\"elementor-widget-wrap elementor-element-populated\">\n\t\t\t\t\t\t<div class=\"elementor-element elementor-element-07c6015 elementor-widget elementor-widget-image\" data-id=\"07c6015\" data-element_type=\"widget\" data-widget_type=\"image.default\">\n\t\t\t\t<div class=\"elementor-widget-container\">\n\t\t\t\t\t\t\t\t\t\t\t\t\t<img fetchpriority=\"high\" decoding=\"async\" width=\"300\" height=\"200\" src=\"https:\/\/euwww.eu\/wp-content\/uploads\/Global-1-300x200.png\" class=\"attachment-medium size-medium wp-image-5155\" alt=\"\" srcset=\"https:\/\/euwww.eu\/wp-content\/uploads\/Global-1-300x200.png 300w, https:\/\/euwww.eu\/wp-content\/uploads\/Global-1.png 750w\" sizes=\"(max-width: 300px) 100vw, 300px\" \/>\t\t\t\t\t\t\t\t\t\t\t\t\t<\/div>\n\t\t\t\t<\/div>\n\t\t\t\t<div class=\"elementor-element elementor-element-8b07d47 elementor-widget elementor-widget-text-editor\" data-id=\"8b07d47\" data-element_type=\"widget\" data-widget_type=\"text-editor.default\">\n\t\t\t\t<div class=\"elementor-widget-container\">\n\t\t\t\t\t\t\t<p>Zdroj: <a href=\"http:\/\/ec.europa.eu\">Evropsk\u00e1 komise<\/a>Licence: <a href=\"https:\/\/creativecommons.org\/licenses\/by\/4.0\/deed.de\"><span class=\"cc-license-identifier\">CC BY 4.0<\/span><\/a><\/p>\n\t\t\t\t\t\t<\/div>\n\t\t\t\t<\/div>\n\t\t\t\t\t<\/div>\n\t\t<\/div>\n\t\t\t\t<div class=\"elementor-column elementor-col-50 elementor-inner-column elementor-element elementor-element-fdebdb2\" data-id=\"fdebdb2\" data-element_type=\"column\">\n\t\t\t<div class=\"elementor-widget-wrap elementor-element-populated\">\n\t\t\t\t\t\t<div class=\"elementor-element elementor-element-8c5b1ad elementor-widget elementor-widget-text-editor\" data-id=\"8c5b1ad\" data-element_type=\"widget\" data-widget_type=\"text-editor.default\">\n\t\t\t\t<div class=\"elementor-widget-container\">\n\t\t\t\t\t\t\t<p><strong><em>Evropsk\u00e1 Zelen\u00e1 dohoda je na\u0161e nov\u00e1 strategie r\u016fstu \u2013 pro r\u016fst, kter\u00fd n\u00e1m p\u0159in\u00e1\u0161\u00ed v\u00edce ne\u017e n\u00e1s stoj\u00ed.<\/em><\/strong><\/p>\n\t\t\t\t\t\t<\/div>\n\t\t\t\t<\/div>\n\t\t\t\t<div class=\"elementor-element elementor-element-0021ab4 elementor-widget elementor-widget-text-editor\" data-id=\"0021ab4\" data-element_type=\"widget\" data-widget_type=\"text-editor.default\">\n\t\t\t\t<div class=\"elementor-widget-container\">\n\t\t\t\t\t\t\t<p>Ursula von der Leyen<br \/>P\u0159edsedkyn\u011b Evropsk\u00e9 komise<\/p>\n\t\t\t\t\t\t<\/div>\n\t\t\t\t<\/div>\n\t\t\t\t\t<\/div>\n\t\t<\/div>\n\t\t\t\t\t<\/div>\n\t\t<\/section>\n\t\t\t\t<div class=\"elementor-element elementor-element-18f3d23 elementor-widget elementor-widget-text-editor\" data-id=\"18f3d23\" data-element_type=\"widget\" data-widget_type=\"text-editor.default\">\n\t\t\t\t<div class=\"elementor-widget-container\">\n\t\t\t\t\t\t\t<p>Do roku 2050 se Evropa chce st\u00e1t prvn\u00edm <strong>klimaticky neutr\u00e1ln\u00edm<\/strong> kontinentem \u2013 o\u010dek\u00e1v\u00e1 se, \u017ee \u010dist\u00e9 emise sklen\u00edkov\u00fdch plyn\u016f se sn\u00ed\u017e\u00ed na nulu. A\u010dkoli je dnes v EU 26 000 p\u0159\u00edrodn\u00edch rezervac\u00ed, \u00fabytek druh\u016f je st\u00e1le enormn\u00ed a <strong>zachov\u00e1n\u00ed druhov\u00e9 rozmanitosti<\/strong> u zv\u00ed\u0159at v r\u00e1mci Zelen\u00e9 dohody mimo\u0159\u00e1dn\u011b d\u016fle\u017eit\u00e9.<\/p>\n\t\t\t\t\t\t<\/div>\n\t\t\t\t<\/div>\n\t\t\t\t<section class=\"elementor-section elementor-inner-section elementor-element elementor-element-b5cf066 linkcolor elementor-section-boxed elementor-section-height-default elementor-section-height-default\" data-id=\"b5cf066\" data-element_type=\"section\" data-settings=\"{&quot;background_background&quot;:&quot;classic&quot;}\">\n\t\t\t\t\t\t<div class=\"elementor-container elementor-column-gap-default\">\n\t\t\t\t\t<div class=\"elementor-column elementor-col-50 elementor-inner-column elementor-element elementor-element-e526a9e\" data-id=\"e526a9e\" data-element_type=\"column\">\n\t\t\t<div class=\"elementor-widget-wrap elementor-element-populated\">\n\t\t\t\t\t\t<div class=\"elementor-element elementor-element-043ff0b elementor-widget elementor-widget-image\" data-id=\"043ff0b\" data-element_type=\"widget\" data-widget_type=\"image.default\">\n\t\t\t\t<div class=\"elementor-widget-container\">\n\t\t\t\t\t\t\t\t\t\t\t\t\t<img decoding=\"async\" width=\"150\" height=\"150\" src=\"https:\/\/euwww.eu\/wp-content\/uploads\/Gesicht-2-2-150x150.jpg\" class=\"attachment-thumbnail size-thumbnail wp-image-5103\" alt=\"\" \/>\t\t\t\t\t\t\t\t\t\t\t\t\t<\/div>\n\t\t\t\t<\/div>\n\t\t\t\t\t<\/div>\n\t\t<\/div>\n\t\t\t\t<div class=\"elementor-column elementor-col-50 elementor-inner-column elementor-element elementor-element-35aca50\" data-id=\"35aca50\" data-element_type=\"column\">\n\t\t\t<div class=\"elementor-widget-wrap elementor-element-populated\">\n\t\t\t\t\t\t<div class=\"elementor-element elementor-element-9c17638 elementor-widget elementor-widget-text-editor\" data-id=\"9c17638\" data-element_type=\"widget\" data-widget_type=\"text-editor.default\">\n\t\t\t\t<div class=\"elementor-widget-container\">\n\t\t\t\t\t\t\t<p>\u201eJe k tomu zapot\u0159eb\u00ed obrovsk\u00e9ho \u00fasil\u00ed a investic. Zde najdete vysv\u011btlen\u00ed a detaily:<\/p>\n<ul>\n<li><a href=\"https:\/\/ec.europa.eu\/germany\/about-us\/reasons\/greendeal_de\" target=\"_blank\" rel=\"noopener\"><strong>Klimatick\u00e1 neutralita<\/strong><\/a><\/li>\n<li><a href=\"https:\/\/ec.europa.eu\/germany\/about-us\/reasons\/biodiversity_de\" target=\"_blank\" rel=\"noopener\"><strong>Druhov\u00e1 rozmanitost\u201c<\/strong><\/a><\/li>\n<\/ul>\n\t\t\t\t\t\t<\/div>\n\t\t\t\t<\/div>\n\t\t\t\t\t<\/div>\n\t\t<\/div>\n\t\t\t\t\t<\/div>\n\t\t<\/section>\n\t\t\t\t\t<\/div>\n\t\t<\/div>\n\t\t\t\t\t<\/div>\n\t\t<\/section>\n\t\t\t\t<section class=\"elementor-section elementor-top-section elementor-element elementor-element-c9893a1 linkcolor elementor-section-boxed elementor-section-height-default elementor-section-height-default\" data-id=\"c9893a1\" data-element_type=\"section\" data-settings=\"{&quot;background_background&quot;:&quot;classic&quot;}\">\n\t\t\t\t\t\t<div class=\"elementor-container elementor-column-gap-default\">\n\t\t\t\t\t<div class=\"elementor-column elementor-col-100 elementor-top-column elementor-element elementor-element-fac84ec\" data-id=\"fac84ec\" data-element_type=\"column\">\n\t\t\t<div class=\"elementor-widget-wrap elementor-element-populated\">\n\t\t\t\t\t\t<div class=\"elementor-element elementor-element-4364936 elementor-widget elementor-widget-heading\" data-id=\"4364936\" data-element_type=\"widget\" data-widget_type=\"heading.default\">\n\t\t\t\t<div class=\"elementor-widget-container\">\n\t\t\t<h2 class=\"elementor-heading-title elementor-size-default\">EU h\u00e1j\u00ed po cel\u00e9m sv\u011bt\u011b demokracii a svobodu tisku<\/h2>\t\t<\/div>\n\t\t\t\t<\/div>\n\t\t\t\t<div class=\"elementor-element elementor-element-ebd752a linkcolor elementor-widget elementor-widget-text-editor\" data-id=\"ebd752a\" data-element_type=\"widget\" data-widget_type=\"text-editor.default\">\n\t\t\t\t<div class=\"elementor-widget-container\">\n\t\t\t\t\t\t\t<p>Dezinformace a c\u00edlen\u00fd vliv na demokratick\u00e9 volby zas\u00e9vaj\u00ed nen\u00e1vist, rozd\u011blen\u00ed a ned\u016fv\u011bru a jsou bohu\u017eel na denn\u00edm po\u0159\u00e1dku v boji sv\u011btov\u00fdch mocnost\u00ed. Co s t\u00edm m\u016f\u017eeme ud\u011blat?<\/p>\n\t\t\t\t\t\t<\/div>\n\t\t\t\t<\/div>\n\t\t\t\t<section class=\"elementor-section elementor-inner-section elementor-element elementor-element-1f3fc89 elementor-section-boxed elementor-section-height-default elementor-section-height-default\" data-id=\"1f3fc89\" data-element_type=\"section\" data-settings=\"{&quot;background_background&quot;:&quot;classic&quot;}\">\n\t\t\t\t\t\t<div class=\"elementor-container elementor-column-gap-default\">\n\t\t\t\t\t<div class=\"elementor-column elementor-col-50 elementor-inner-column elementor-element elementor-element-e6813ec\" data-id=\"e6813ec\" data-element_type=\"column\">\n\t\t\t<div class=\"elementor-widget-wrap elementor-element-populated\">\n\t\t\t\t\t\t<div class=\"elementor-element elementor-element-05b3209 elementor-widget elementor-widget-image\" data-id=\"05b3209\" data-element_type=\"widget\" data-widget_type=\"image.default\">\n\t\t\t\t<div class=\"elementor-widget-container\">\n\t\t\t\t\t\t\t\t\t\t\t\t\t<img decoding=\"async\" width=\"150\" height=\"150\" src=\"https:\/\/euwww.eu\/wp-content\/uploads\/Gesicht-1-2-150x150.jpg\" class=\"attachment-thumbnail size-thumbnail wp-image-5040\" alt=\"\" \/>\t\t\t\t\t\t\t\t\t\t\t\t\t<\/div>\n\t\t\t\t<\/div>\n\t\t\t\t\t<\/div>\n\t\t<\/div>\n\t\t\t\t<div class=\"elementor-column elementor-col-50 elementor-inner-column elementor-element elementor-element-bebd72a\" data-id=\"bebd72a\" data-element_type=\"column\">\n\t\t\t<div class=\"elementor-widget-wrap elementor-element-populated\">\n\t\t\t\t\t\t<div class=\"elementor-element elementor-element-f1f74c9 elementor-widget elementor-widget-text-editor\" data-id=\"f1f74c9\" data-element_type=\"widget\" data-widget_type=\"text-editor.default\">\n\t\t\t\t<div class=\"elementor-widget-container\">\n\t\t\t\t\t\t\t<p>\u201eVe skute\u010dnosti nen\u00ed snadn\u00e9 proti takov\u00e9mu vlivu zas\u00e1hnout. EU v\u0161ak rozhodn\u011b nen\u00ed zcela bezmocn\u00e1 \u2013 vytvo\u0159ila nap\u0159\u00edklad syst\u00e9m rychl\u00e9ho varov\u00e1n\u00ed p\u0159ed dezinformacemi! \u201c<\/p>\n\t\t\t\t\t\t<\/div>\n\t\t\t\t<\/div>\n\t\t\t\t\t<\/div>\n\t\t<\/div>\n\t\t\t\t\t<\/div>\n\t\t<\/section>\n\t\t\t\t<section class=\"elementor-section elementor-inner-section elementor-element elementor-element-3f435d7 elementor-section-boxed elementor-section-height-default elementor-section-height-default\" data-id=\"3f435d7\" data-element_type=\"section\" data-settings=\"{&quot;background_background&quot;:&quot;classic&quot;}\">\n\t\t\t\t\t\t<div class=\"elementor-container elementor-column-gap-default\">\n\t\t\t\t\t<div class=\"elementor-column elementor-col-50 elementor-inner-column elementor-element elementor-element-e4b579a\" data-id=\"e4b579a\" data-element_type=\"column\">\n\t\t\t<div class=\"elementor-widget-wrap elementor-element-populated\">\n\t\t\t\t\t\t<div class=\"elementor-element elementor-element-e459542 elementor-widget elementor-widget-image\" data-id=\"e459542\" data-element_type=\"widget\" data-widget_type=\"image.default\">\n\t\t\t\t<div class=\"elementor-widget-container\">\n\t\t\t\t\t\t\t\t\t\t\t\t\t<img loading=\"lazy\" decoding=\"async\" width=\"150\" height=\"150\" src=\"https:\/\/euwww.eu\/wp-content\/uploads\/Gesicht-3-2-1-150x150.jpg\" class=\"attachment-thumbnail size-thumbnail wp-image-5101\" alt=\"\" \/>\t\t\t\t\t\t\t\t\t\t\t\t\t<\/div>\n\t\t\t\t<\/div>\n\t\t\t\t\t<\/div>\n\t\t<\/div>\n\t\t\t\t<div class=\"elementor-column elementor-col-50 elementor-inner-column elementor-element elementor-element-f1d207c\" data-id=\"f1d207c\" data-element_type=\"column\">\n\t\t\t<div class=\"elementor-widget-wrap elementor-element-populated\">\n\t\t\t\t\t\t<div class=\"elementor-element elementor-element-9e87653 elementor-widget elementor-widget-text-editor\" data-id=\"9e87653\" data-element_type=\"widget\" data-widget_type=\"text-editor.default\">\n\t\t\t\t<div class=\"elementor-widget-container\">\n\t\t\t\t\t\t\t<p>\u201eA EU tak\u00e9 vykon\u00e1v\u00e1 dohled na velk\u00fdch online platform\u00e1ch a p\u0159ipom\u00edn\u00e1 jim jejich povinnosti. Pokud v\u00e1s t\u00e9ma v\u00edce zaj\u00edm\u00e1: Zde se m\u016f\u017eete dozv\u011bd\u011bt v\u00edce o <a href=\"https:\/\/ec.europa.eu\/germany\/about-us\/reasons\/desinformation_de\" target=\"_blank\" rel=\"noopener\">opat\u0159en\u00edch<\/a> EU!&#8221;<\/p>\n\t\t\t\t\t\t<\/div>\n\t\t\t\t<\/div>\n\t\t\t\t\t<\/div>\n\t\t<\/div>\n\t\t\t\t\t<\/div>\n\t\t<\/section>\n\t\t\t\t\t<\/div>\n\t\t<\/div>\n\t\t\t\t\t<\/div>\n\t\t<\/section>\n\t\t\t\t<\/div>\n\t\t","protected":false},"excerpt":{"rendered":"<p>Glob\u00e1ln\u00ed hodnoty EU se zav\u00e1zala k udr\u017eitelnosti a druhov\u00e9 rozmanitosti Zdroj: Evropsk\u00e1 komiseLicence: CC BY 4.0 Evropsk\u00e1 Zelen\u00e1 dohoda je na\u0161e nov\u00e1 strategie r\u016fstu \u2013 pro r\u016fst, kter\u00fd n\u00e1m p\u0159in\u00e1\u0161\u00ed v\u00edce ne\u017e n\u00e1s stoj\u00ed. Ursula von der LeyenP\u0159edsedkyn\u011b Evropsk\u00e9 komise Do roku 2050 se Evropa chce st\u00e1t prvn\u00edm klimaticky neutr\u00e1ln\u00edm kontinentem \u2013 o\u010dek\u00e1v\u00e1 se, \u017ee [&hellip;]<\/p>\n","protected":false},"author":6,"featured_media":0,"parent":5409,"menu_order":0,"comment_status":"closed","ping_status":"closed","template":"","meta":{"_acf_changed":false,"footnotes":""},"class_list":["post-5153","page","type-page","status-publish","hentry"],"acf":[],"_links":{"self":[{"href":"https:\/\/euwww.eu\/cs\/wp-json\/wp\/v2\/pages\/5153","targetHints":{"allow":["GET"]}}],"collection":[{"href":"https:\/\/euwww.eu\/cs\/wp-json\/wp\/v2\/pages"}],"about":[{"href":"https:\/\/euwww.eu\/cs\/wp-json\/wp\/v2\/types\/page"}],"author":[{"embeddable":true,"href":"https:\/\/euwww.eu\/cs\/wp-json\/wp\/v2\/users\/6"}],"replies":[{"embeddable":true,"href":"https:\/\/euwww.eu\/cs\/wp-json\/wp\/v2\/comments?post=5153"}],"version-history":[{"count":5,"href":"https:\/\/euwww.eu\/cs\/wp-json\/wp\/v2\/pages\/5153\/revisions"}],"predecessor-version":[{"id":5170,"href":"https:\/\/euwww.eu\/cs\/wp-json\/wp\/v2\/pages\/5153\/revisions\/5170"}],"up":[{"embeddable":true,"href":"https:\/\/euwww.eu\/cs\/wp-json\/wp\/v2\/pages\/5409"}],"wp:attachment":[{"href":"https:\/\/euwww.eu\/cs\/wp-json\/wp\/v2\/media?parent=5153"}],"curies":[{"name":"wp","href":"https:\/\/api.w.org\/{rel}","templated":true}]}}