
{"id":5194,"date":"2021-03-28T18:36:23","date_gmt":"2021-03-28T16:36:23","guid":{"rendered":"https:\/\/euwww.eu\/vzdelavaci-material-hodnoty-v-kazdodennim-zivote\/"},"modified":"2021-09-23T04:28:44","modified_gmt":"2021-09-23T02:28:44","slug":"vzdelavaci-material-hodnoty-v-kazdodennim-zivote","status":"publish","type":"page","link":"https:\/\/euwww.eu\/cs\/hodnoty-v-kazdodennim-zivote\/vzdelavaci-material-hodnoty-v-kazdodennim-zivote\/","title":{"rendered":"Vzd\u011bl\u00e1vac\u00ed materi\u00e1l Hodnoty v ka\u017edodenn\u00edm \u017eivot\u011b"},"content":{"rendered":"\t\t<div data-elementor-type=\"wp-page\" data-elementor-id=\"5194\" class=\"elementor elementor-5194 elementor-3238\" data-elementor-post-type=\"page\">\n\t\t\t\t\t\t<section class=\"elementor-section elementor-top-section elementor-element elementor-element-b00d643 elementor-section-full_width elementor-section-height-default elementor-section-height-default\" data-id=\"b00d643\" data-element_type=\"section\">\n\t\t\t\t\t\t<div class=\"elementor-container elementor-column-gap-default\">\n\t\t\t\t\t<div class=\"elementor-column elementor-col-100 elementor-top-column elementor-element elementor-element-dbea24f\" data-id=\"dbea24f\" data-element_type=\"column\">\n\t\t\t<div class=\"elementor-widget-wrap elementor-element-populated\">\n\t\t\t\t\t\t<div class=\"elementor-element elementor-element-46af2c4 elementor-cta--skin-cover elementor-cta--valign-middle elementor-widget elementor-widget-call-to-action\" data-id=\"46af2c4\" data-element_type=\"widget\" data-widget_type=\"call-to-action.default\">\n\t\t\t\t<div class=\"elementor-widget-container\">\n\t\t\t\t\t<div class=\"elementor-cta\" data-e-bg-lazyload=\".elementor-bg\">\n\t\t\t\t\t<div class=\"elementor-cta__bg-wrapper\">\n\t\t\t\t<div class=\"elementor-cta__bg elementor-bg\" style=\"background-image: var(--e-bg-lazyload-loaded); --e-bg-lazyload: url(https:\/\/euwww.eu\/wp-content\/uploads\/Hintergrund-2.jpg);\" role=\"img\" aria-label=\"Hintergrund-2\"><\/div>\n\t\t\t\t<div class=\"elementor-cta__bg-overlay\"><\/div>\n\t\t\t<\/div>\n\t\t\t\t\t\t\t<div class=\"elementor-cta__content\">\n\t\t\t\t\n\t\t\t\t\t\t\t\t\t<h2 class=\"elementor-cta__title elementor-cta__content-item elementor-content-item\">\n\t\t\t\t\t\tHodnoty v ka\u017edodenn\u00edm \u017eivot\u011b\t\t\t\t\t<\/h2>\n\t\t\t\t\n\t\t\t\t\n\t\t\t\t\t\t\t<\/div>\n\t\t\t\t\t\t\t<div class=\"elementor-ribbon elementor-ribbon-left\">\n\t\t\t\t<div class=\"elementor-ribbon-inner\">Vzd\u011bl\u00e1vac\u00ed materi\u00e1l Hodnoty v ka\u017edodenn\u00edm \u017eivot\u011b<\/div>\n\t\t\t<\/div>\n\t\t\t\t<\/div>\n\t\t\t\t<\/div>\n\t\t\t\t<\/div>\n\t\t\t\t\t<\/div>\n\t\t<\/div>\n\t\t\t\t\t<\/div>\n\t\t<\/section>\n\t\t\t\t<section class=\"elementor-section elementor-top-section elementor-element elementor-element-264f853 elementor-section-boxed elementor-section-height-default elementor-section-height-default\" data-id=\"264f853\" data-element_type=\"section\">\n\t\t\t\t\t\t<div class=\"elementor-container elementor-column-gap-default\">\n\t\t\t\t\t<div class=\"elementor-column elementor-col-100 elementor-top-column elementor-element elementor-element-04e6d99\" data-id=\"04e6d99\" data-element_type=\"column\">\n\t\t\t<div class=\"elementor-widget-wrap elementor-element-populated\">\n\t\t\t\t\t\t<div class=\"elementor-element elementor-element-33bcfc4 elementor-widget elementor-widget-heading\" data-id=\"33bcfc4\" data-element_type=\"widget\" data-widget_type=\"heading.default\">\n\t\t\t\t<div class=\"elementor-widget-container\">\n\t\t\t<h2 class=\"elementor-heading-title elementor-size-default\">Evropa se t\u00fdk\u00e1 ka\u017ed\u00e9ho<\/h2>\t\t<\/div>\n\t\t\t\t<\/div>\n\t\t\t\t<div class=\"elementor-element elementor-element-d89843c linkcolor elementor-widget elementor-widget-text-editor\" data-id=\"d89843c\" data-element_type=\"widget\" data-widget_type=\"text-editor.default\">\n\t\t\t\t<div class=\"elementor-widget-container\">\n\t\t\t\t\t\t\t<p>\u201eEvropa se m\u011b net\u00fdk\u00e1,&#8221; to m\u016f\u017eete \u0159\u00edct je tehdy, pokud <strong>ned\u00fdch\u00e1te<\/strong>, <strong>nepijete vodu<\/strong>, <strong>nenakupujete<\/strong>, <strong>nevzd\u011bl\u00e1v\u00e1te<\/strong> se a <strong>necestujete<\/strong>.<\/p>\n<p>Pro\u010d tomu tak je, se dozv\u00edte <a href=\"https:\/\/www.bpb.de\/izpb\/325904\/europa-als-alltagserfahrung\" target=\"_blank\" rel=\"noopener\"><strong>podrobn\u011bji n\u00ed\u017ee<\/strong><\/a>.<\/p>\n\t\t\t\t\t\t<\/div>\n\t\t\t\t<\/div>\n\t\t\t\t\t<\/div>\n\t\t<\/div>\n\t\t\t\t\t<\/div>\n\t\t<\/section>\n\t\t\t\t<section class=\"elementor-section elementor-top-section elementor-element elementor-element-cbd532d elementor-section-boxed elementor-section-height-default elementor-section-height-default\" data-id=\"cbd532d\" data-element_type=\"section\" data-settings=\"{&quot;background_background&quot;:&quot;classic&quot;}\">\n\t\t\t\t\t\t<div class=\"elementor-container elementor-column-gap-default\">\n\t\t\t\t\t<div class=\"elementor-column elementor-col-50 elementor-top-column elementor-element elementor-element-5ee4bd0\" data-id=\"5ee4bd0\" data-element_type=\"column\">\n\t\t\t<div class=\"elementor-widget-wrap elementor-element-populated\">\n\t\t\t\t\t\t<div class=\"elementor-element elementor-element-2200e13 elementor-widget elementor-widget-heading\" data-id=\"2200e13\" data-element_type=\"widget\" data-widget_type=\"heading.default\">\n\t\t\t\t<div class=\"elementor-widget-container\">\n\t\t\t<h2 class=\"elementor-heading-title elementor-size-default\">Svoboda cestov\u00e1n\u00ed<\/h2>\t\t<\/div>\n\t\t\t\t<\/div>\n\t\t\t\t<div class=\"elementor-element elementor-element-4ba4e2b linkcolor elementor-widget elementor-widget-text-editor\" data-id=\"4ba4e2b\" data-element_type=\"widget\" data-widget_type=\"text-editor.default\">\n\t\t\t\t<div class=\"elementor-widget-container\">\n\t\t\t\t\t\t\t<p><strong>Hrani\u010dn\u00ed kontroly<\/strong> a nutnost <strong>v\u00fdm\u011bny pen\u011bz<\/strong> v r\u00e1mci Evropy jsou mlad\u00fdm lidem zn\u00e1m\u00e9 t\u00e9m\u011b\u0159 jen z vypr\u00e1v\u011bn\u00ed jejich rodi\u010d\u016f a prarodi\u010d\u016f. <br \/>Skute\u010dnost, \u017ee dnes ji\u017e prakticky <strong>neexistuj\u00ed<\/strong>, je pro n\u00e1s samoz\u0159ejmost\u00ed, ale BEZ EU by NEEXISTOVALA.<\/p>\n<p>V roce 1985 byla v mal\u00e9 lucembursk\u00e9 vina\u0159sk\u00e9 vesnici Schengen dohodnuta <strong>Evropa bez bari\u00e9r<\/strong>a v roce 1995 se <a href=\"https:\/\/ec.europa.eu\/germany\/about-us\/reasons\/schengenarea_de\" target=\"_blank\" rel=\"noopener\">Schengensk\u00e1 dohoda<\/a> stala skute\u010dnost\u00ed.<\/p>\n<p>Irsko se (prozat\u00edm) nep\u0159ipojilo k Schengensk\u00e9 dohod\u011b, ale zem\u011b mimo EU, jako nap\u0159\u00edklad Norsko, Island, Lichten\u0161tejnsko a \u0160v\u00fdcarsko, se k n\u00ed ji\u017e p\u0159ipojily.<\/p>\n<p><a href=\"https:\/\/ec.europa.eu\/germany\/about-us\/reasons\/discovereu_de\" target=\"_blank\" rel=\"noopener\">\u201eDiscoverEU\u201c<\/a> je n\u00e1zev zp\u016fsobu zakoupen\u00ed vlakov\u00fdch j\u00edzdenek sponzorovan\u00e9ho Evropskou uni\u00ed pro 18let\u00e9, kte\u0159\u00ed cestuj\u00ed Evropou vlakem, pozn\u00e1vaj\u00ed jej\u00ed m\u011bsta a krajinu a z\u00edsk\u00e1vaj\u00ed zku\u0161enosti.<\/p>\n\t\t\t\t\t\t<\/div>\n\t\t\t\t<\/div>\n\t\t\t\t\t<\/div>\n\t\t<\/div>\n\t\t\t\t<div class=\"elementor-column elementor-col-50 elementor-top-column elementor-element elementor-element-23a1b69\" data-id=\"23a1b69\" data-element_type=\"column\" data-settings=\"{&quot;background_background&quot;:&quot;classic&quot;}\">\n\t\t\t<div class=\"elementor-widget-wrap\">\n\t\t\t\t\t\t\t<\/div>\n\t\t<\/div>\n\t\t\t\t\t<\/div>\n\t\t<\/section>\n\t\t\t\t<section class=\"elementor-section elementor-top-section elementor-element elementor-element-7b85335 elementor-section-boxed elementor-section-height-default elementor-section-height-default\" data-id=\"7b85335\" data-element_type=\"section\">\n\t\t\t\t\t\t<div class=\"elementor-container elementor-column-gap-default\">\n\t\t\t\t\t<div class=\"elementor-column elementor-col-100 elementor-top-column elementor-element elementor-element-659d5dd\" data-id=\"659d5dd\" data-element_type=\"column\">\n\t\t\t<div class=\"elementor-widget-wrap elementor-element-populated\">\n\t\t\t\t\t\t<div class=\"elementor-element elementor-element-442f135 elementor-widget elementor-widget-heading\" data-id=\"442f135\" data-element_type=\"widget\" data-widget_type=\"heading.default\">\n\t\t\t\t<div class=\"elementor-widget-container\">\n\t\t\t<h2 class=\"elementor-heading-title elementor-size-default\">\u201eERASMUS\u201c - PLUS pro STUDIUM a ZAM\u011aSTN\u00c1N\u00cd<\/h2>\t\t<\/div>\n\t\t\t\t<\/div>\n\t\t\t\t<div class=\"elementor-element elementor-element-f8cfeb0 linkcolor elementor-widget elementor-widget-text-editor\" data-id=\"f8cfeb0\" data-element_type=\"widget\" data-widget_type=\"text-editor.default\">\n\t\t\t\t<div class=\"elementor-widget-container\">\n\t\t\t\t\t\t\t<p>Od roku 1987 <a href=\"https:\/\/ec.europa.eu\/germany\/about-us\/reasons\/erasmus_de\" target=\"_blank\" rel=\"noopener\">program EU \u201eErasmus\u201c<\/a> umo\u017enil v\u00edce ne\u017e deseti milion\u016fm mlad\u00fdch lid\u00ed dokon\u010dit <strong>studium<\/strong>nebo <strong>odbornou p\u0159\u00edpravu<\/strong> v n\u011bkter\u00e9 ze zem\u00ed EU, zlep\u0161it jejich kari\u00e9rn\u00ed mo\u017enosti, ale tak\u00e9 z\u00edskat <strong>cenn\u00e9 osobn\u00ed zku\u0161enosti<\/strong>.<\/p>\n<p>Pouze z N\u011bmecka se od jeho zalo\u017een\u00ed Erasmu z\u00fa\u010dastnilo 1,3 milionu mlad\u00fdch lid\u00ed.<\/p>\n<p>Jako p\u0159\u00edjemce <strong>stipendia Erasmus+<\/strong> neplat\u00edte \u0161koln\u00e9 v zahrani\u010d\u00ed, uzn\u00e1vaj\u00ed se vysv\u011bd\u010den\u00ed a kvalifikace a dost\u00e1v\u00e1te <strong>m\u011bs\u00ed\u010dn\u00ed p\u0159\u00edsp\u011bvek<\/strong> a\u017e do v\u00fd\u0161e 450 EUR (na studium) nebo 550 EUR (na st\u00e1\u017e).<\/p>\n\t\t\t\t\t\t<\/div>\n\t\t\t\t<\/div>\n\t\t\t\t\t<\/div>\n\t\t<\/div>\n\t\t\t\t\t<\/div>\n\t\t<\/section>\n\t\t\t\t<section class=\"elementor-section elementor-top-section elementor-element elementor-element-a9c21b2 elementor-section-boxed elementor-section-height-default elementor-section-height-default\" data-id=\"a9c21b2\" data-element_type=\"section\" data-settings=\"{&quot;background_background&quot;:&quot;classic&quot;}\">\n\t\t\t\t\t\t<div class=\"elementor-container elementor-column-gap-default\">\n\t\t\t\t\t<div class=\"elementor-column elementor-col-100 elementor-top-column elementor-element elementor-element-c53042d\" data-id=\"c53042d\" data-element_type=\"column\">\n\t\t\t<div class=\"elementor-widget-wrap elementor-element-populated\">\n\t\t\t\t\t\t<div class=\"elementor-element elementor-element-94bddb5 elementor-widget elementor-widget-heading\" data-id=\"94bddb5\" data-element_type=\"widget\" data-widget_type=\"heading.default\">\n\t\t\t\t<div class=\"elementor-widget-container\">\n\t\t\t<h2 class=\"elementor-heading-title elementor-size-default\">Tolerance a kulturn\u00ed rozmanitost<\/h2>\t\t<\/div>\n\t\t\t\t<\/div>\n\t\t\t\t<section class=\"elementor-section elementor-inner-section elementor-element elementor-element-2c874a4 elementor-section-boxed elementor-section-height-default elementor-section-height-default\" data-id=\"2c874a4\" data-element_type=\"section\">\n\t\t\t\t\t\t<div class=\"elementor-container elementor-column-gap-default\">\n\t\t\t\t\t<div class=\"elementor-column elementor-col-50 elementor-inner-column elementor-element elementor-element-4d53b51\" data-id=\"4d53b51\" data-element_type=\"column\">\n\t\t\t<div class=\"elementor-widget-wrap elementor-element-populated\">\n\t\t\t\t\t\t<div class=\"elementor-element elementor-element-b27aa59 elementor-widget elementor-widget-text-editor\" data-id=\"b27aa59\" data-element_type=\"widget\" data-widget_type=\"text-editor.default\">\n\t\t\t\t<div class=\"elementor-widget-container\">\n\t\t\t\t\t\t\t<p><strong><em>\u201eKdybychom museli v\u0161echno vytvo\u0159it znovu, m\u011bli bychom za\u010d\u00edt kulturou.\u201c<\/em><\/strong><\/p>\n\t\t\t\t\t\t<\/div>\n\t\t\t\t<\/div>\n\t\t\t\t\t<\/div>\n\t\t<\/div>\n\t\t\t\t<div class=\"elementor-column elementor-col-50 elementor-inner-column elementor-element elementor-element-90563b3\" data-id=\"90563b3\" data-element_type=\"column\">\n\t\t\t<div class=\"elementor-widget-wrap elementor-element-populated\">\n\t\t\t\t\t\t<div class=\"elementor-element elementor-element-7f7a3be elementor-widget elementor-widget-text-editor\" data-id=\"7f7a3be\" data-element_type=\"widget\" data-widget_type=\"text-editor.default\">\n\t\t\t\t<div class=\"elementor-widget-container\">\n\t\t\t\t\t\t\t<p>Tento cit\u00e1t je p\u0159ipisov\u00e1n Jeanu Monnetovi, jednomu ze zakladatel\u016f Evropy. Stoj\u00ed za to si uv\u011bdomit, \u017ee kultura je d\u016fle\u017eit\u00fdm hybatelem evropsk\u00e9 identity. Jej\u00ed rozmanitost obohacuje lidi, p\u0159in\u00e1\u0161\u00ed jim radost a ztoto\u017en\u011bn\u00ed.<\/p>\n\t\t\t\t\t\t<\/div>\n\t\t\t\t<\/div>\n\t\t\t\t\t<\/div>\n\t\t<\/div>\n\t\t\t\t\t<\/div>\n\t\t<\/section>\n\t\t\t\t<div class=\"elementor-element elementor-element-3cca215 linkcolor elementor-widget elementor-widget-text-editor\" data-id=\"3cca215\" data-element_type=\"widget\" data-widget_type=\"text-editor.default\">\n\t\t\t\t<div class=\"elementor-widget-container\">\n\t\t\t\t\t\t\t<\/p>\n<p>Sou\u017eit\u00ed lid\u00ed ve st\u00e1t\u011b nebo dokonce ve spole\u010denstv\u00ed st\u00e1t\u016f je ve 21. stolet\u00ed zna\u010dn\u011b spletit\u00e9. Proto hraje pr\u00e1vo v\u00fdznamnou roli v mnoha r\u016fzn\u00fdch oblastech ka\u017edodenn\u00edho \u017eivota. P\u0159\u00edklad:<\/p>\n\t\t\t\t\t\t<\/div>\n\t\t\t\t<\/div>\n\t\t\t\t<section class=\"elementor-section elementor-inner-section elementor-element elementor-element-7dde2cf elementor-section-boxed elementor-section-height-default elementor-section-height-default\" data-id=\"7dde2cf\" data-element_type=\"section\" data-settings=\"{&quot;background_background&quot;:&quot;classic&quot;}\">\n\t\t\t\t\t\t<div class=\"elementor-container elementor-column-gap-default\">\n\t\t\t\t\t<div class=\"elementor-column elementor-col-50 elementor-inner-column elementor-element elementor-element-8e29f58\" data-id=\"8e29f58\" data-element_type=\"column\">\n\t\t\t<div class=\"elementor-widget-wrap elementor-element-populated\">\n\t\t\t\t\t\t<div class=\"elementor-element elementor-element-7457190 elementor-widget elementor-widget-image\" data-id=\"7457190\" data-element_type=\"widget\" data-widget_type=\"image.default\">\n\t\t\t\t<div class=\"elementor-widget-container\">\n\t\t\t\t\t\t\t\t\t\t\t\t\t<img decoding=\"async\" width=\"150\" height=\"150\" src=\"https:\/\/euwww.eu\/wp-content\/uploads\/Gesicht-1-2-150x150.jpg\" class=\"attachment-thumbnail size-thumbnail wp-image-5040\" alt=\"\" \/>\t\t\t\t\t\t\t\t\t\t\t\t\t<\/div>\n\t\t\t\t<\/div>\n\t\t\t\t\t<\/div>\n\t\t<\/div>\n\t\t\t\t<div class=\"elementor-column elementor-col-50 elementor-inner-column elementor-element elementor-element-24d4650\" data-id=\"24d4650\" data-element_type=\"column\">\n\t\t\t<div class=\"elementor-widget-wrap elementor-element-populated\">\n\t\t\t\t\t\t<div class=\"elementor-element elementor-element-35359a5 elementor-widget elementor-widget-text-editor\" data-id=\"35359a5\" data-element_type=\"widget\" data-widget_type=\"text-editor.default\">\n\t\t\t\t<div class=\"elementor-widget-container\">\n\t\t\t\t\t\t\t<p>\u201eAle t\u00e9m\u011b\u0159 ka\u017ed\u00fd den se p\u0159esv\u011bd\u010duji o opaku: Lid\u00e9 v na\u0161\u00ed zemi se ob\u00e1vaj\u00ed ztr\u00e1ty sv\u00e9 n\u00e1rodn\u00ed identity.\u201c<\/p>\n\t\t\t\t\t\t<\/div>\n\t\t\t\t<\/div>\n\t\t\t\t\t<\/div>\n\t\t<\/div>\n\t\t\t\t\t<\/div>\n\t\t<\/section>\n\t\t\t\t<section class=\"elementor-section elementor-inner-section elementor-element elementor-element-7a8a751 elementor-section-boxed elementor-section-height-default elementor-section-height-default\" data-id=\"7a8a751\" data-element_type=\"section\" data-settings=\"{&quot;background_background&quot;:&quot;classic&quot;}\">\n\t\t\t\t\t\t<div class=\"elementor-container elementor-column-gap-default\">\n\t\t\t\t\t<div class=\"elementor-column elementor-col-50 elementor-inner-column elementor-element elementor-element-07c0fdc\" data-id=\"07c0fdc\" data-element_type=\"column\">\n\t\t\t<div class=\"elementor-widget-wrap elementor-element-populated\">\n\t\t\t\t\t\t<div class=\"elementor-element elementor-element-150b6a0 elementor-widget elementor-widget-image\" data-id=\"150b6a0\" data-element_type=\"widget\" data-widget_type=\"image.default\">\n\t\t\t\t<div class=\"elementor-widget-container\">\n\t\t\t\t\t\t\t\t\t\t\t\t\t<img decoding=\"async\" width=\"150\" height=\"150\" src=\"https:\/\/euwww.eu\/wp-content\/uploads\/Gesicht-3-2-150x150.jpg\" class=\"attachment-thumbnail size-thumbnail wp-image-5042\" alt=\"\" \/>\t\t\t\t\t\t\t\t\t\t\t\t\t<\/div>\n\t\t\t\t<\/div>\n\t\t\t\t\t<\/div>\n\t\t<\/div>\n\t\t\t\t<div class=\"elementor-column elementor-col-50 elementor-inner-column elementor-element elementor-element-6e21aa3\" data-id=\"6e21aa3\" data-element_type=\"column\">\n\t\t\t<div class=\"elementor-widget-wrap elementor-element-populated\">\n\t\t\t\t\t\t<div class=\"elementor-element elementor-element-4c012ac elementor-widget elementor-widget-text-editor\" data-id=\"4c012ac\" data-element_type=\"widget\" data-widget_type=\"text-editor.default\">\n\t\t\t\t<div class=\"elementor-widget-container\">\n\t\t\t\t\t\t\t<p>\u201eN\u011bkdy ano a dokonce se p\u0159istihnu, \u017ee pohl\u00ed\u017e\u00edm na lidi jin\u00e9 n\u00e1rodnosti nebo barvy pleti spatra.&#8221;<\/p>\n\t\t\t\t\t\t<\/div>\n\t\t\t\t<\/div>\n\t\t\t\t\t<\/div>\n\t\t<\/div>\n\t\t\t\t\t<\/div>\n\t\t<\/section>\n\t\t\t\t<section class=\"elementor-section elementor-inner-section elementor-element elementor-element-3a410b5 elementor-section-boxed elementor-section-height-default elementor-section-height-default\" data-id=\"3a410b5\" data-element_type=\"section\" data-settings=\"{&quot;background_background&quot;:&quot;classic&quot;}\">\n\t\t\t\t\t\t<div class=\"elementor-container elementor-column-gap-default\">\n\t\t\t\t\t<div class=\"elementor-column elementor-col-50 elementor-inner-column elementor-element elementor-element-8ceb429\" data-id=\"8ceb429\" data-element_type=\"column\">\n\t\t\t<div class=\"elementor-widget-wrap elementor-element-populated\">\n\t\t\t\t\t\t<div class=\"elementor-element elementor-element-6b216dc elementor-widget elementor-widget-image\" data-id=\"6b216dc\" data-element_type=\"widget\" data-widget_type=\"image.default\">\n\t\t\t\t<div class=\"elementor-widget-container\">\n\t\t\t\t\t\t\t\t\t\t\t\t\t<img decoding=\"async\" width=\"150\" height=\"150\" src=\"https:\/\/euwww.eu\/wp-content\/uploads\/Gesicht_Junge-150x150.jpg\" class=\"attachment-thumbnail size-thumbnail wp-image-5048\" alt=\"\" \/>\t\t\t\t\t\t\t\t\t\t\t\t\t<\/div>\n\t\t\t\t<\/div>\n\t\t\t\t\t<\/div>\n\t\t<\/div>\n\t\t\t\t<div class=\"elementor-column elementor-col-50 elementor-inner-column elementor-element elementor-element-a48ea88\" data-id=\"a48ea88\" data-element_type=\"column\">\n\t\t\t<div class=\"elementor-widget-wrap elementor-element-populated\">\n\t\t\t\t\t\t<div class=\"elementor-element elementor-element-1d0e1ba elementor-widget elementor-widget-text-editor\" data-id=\"1d0e1ba\" data-element_type=\"widget\" data-widget_type=\"text-editor.default\">\n\t\t\t\t<div class=\"elementor-widget-container\">\n\t\t\t\t\t\t\t<p>\u201ePr\u00e1v\u011b tak za\u010d\u00edn\u00e1 drobn\u00e1 diskriminace v ka\u017edodenn\u00edm \u017eivot\u011b a bohu\u017eel vede d\u00e1le k otev\u0159en\u00e9mu rasismu a xenofobii, i kdy\u017e jsou ve v\u0161ech \u010dlensk\u00fdch st\u00e1tech EU trestn\u00e9.\u201c<\/p>\n\t\t\t\t\t\t<\/div>\n\t\t\t\t<\/div>\n\t\t\t\t\t<\/div>\n\t\t<\/div>\n\t\t\t\t\t<\/div>\n\t\t<\/section>\n\t\t\t\t<section class=\"elementor-section elementor-inner-section elementor-element elementor-element-0280003 linkcolor elementor-section-boxed elementor-section-height-default elementor-section-height-default\" data-id=\"0280003\" data-element_type=\"section\" data-settings=\"{&quot;background_background&quot;:&quot;classic&quot;}\">\n\t\t\t\t\t\t<div class=\"elementor-container elementor-column-gap-default\">\n\t\t\t\t\t<div class=\"elementor-column elementor-col-50 elementor-inner-column elementor-element elementor-element-10f1ef4\" data-id=\"10f1ef4\" data-element_type=\"column\">\n\t\t\t<div class=\"elementor-widget-wrap elementor-element-populated\">\n\t\t\t\t\t\t<div class=\"elementor-element elementor-element-332f191 elementor-widget elementor-widget-image\" data-id=\"332f191\" data-element_type=\"widget\" data-widget_type=\"image.default\">\n\t\t\t\t<div class=\"elementor-widget-container\">\n\t\t\t\t\t\t\t\t\t\t\t\t\t<img loading=\"lazy\" decoding=\"async\" width=\"150\" height=\"150\" src=\"https:\/\/euwww.eu\/wp-content\/uploads\/Gesicht-3-3-150x150.jpg\" class=\"attachment-thumbnail size-thumbnail wp-image-5058\" alt=\"\" \/>\t\t\t\t\t\t\t\t\t\t\t\t\t<\/div>\n\t\t\t\t<\/div>\n\t\t\t\t\t<\/div>\n\t\t<\/div>\n\t\t\t\t<div class=\"elementor-column elementor-col-50 elementor-inner-column elementor-element elementor-element-7b25839\" data-id=\"7b25839\" data-element_type=\"column\">\n\t\t\t<div class=\"elementor-widget-wrap elementor-element-populated\">\n\t\t\t\t\t\t<div class=\"elementor-element elementor-element-d5007e2 elementor-widget elementor-widget-text-editor\" data-id=\"d5007e2\" data-element_type=\"widget\" data-widget_type=\"text-editor.default\">\n\t\t\t\t<div class=\"elementor-widget-container\">\n\t\t\t\t\t\t\t<p>\u201eT\u00edm v\u00edce bychom se m\u011bli zapojit do rozpozn\u00e1v\u00e1n\u00ed diskriminace a sna\u017eit se o porozum\u011bn\u00ed, toleranci a respekt v\u016f\u010di ostatn\u00edm a v\u0161emu nov\u00e9mu; to je duch Evropy.\u201d<\/p>\n\t\t\t\t\t\t<\/div>\n\t\t\t\t<\/div>\n\t\t\t\t\t<\/div>\n\t\t<\/div>\n\t\t\t\t\t<\/div>\n\t\t<\/section>\n\t\t\t\t\t<\/div>\n\t\t<\/div>\n\t\t\t\t\t<\/div>\n\t\t<\/section>\n\t\t\t\t<section class=\"elementor-section elementor-top-section elementor-element elementor-element-b667e88 elementor-section-boxed elementor-section-height-default elementor-section-height-default\" data-id=\"b667e88\" data-element_type=\"section\">\n\t\t\t\t\t\t<div class=\"elementor-container elementor-column-gap-default\">\n\t\t\t\t\t<div class=\"elementor-column elementor-col-100 elementor-top-column elementor-element elementor-element-679911b\" data-id=\"679911b\" data-element_type=\"column\">\n\t\t\t<div class=\"elementor-widget-wrap elementor-element-populated\">\n\t\t\t\t\t\t<div class=\"elementor-element elementor-element-9f88b78 elementor-widget elementor-widget-image\" data-id=\"9f88b78\" data-element_type=\"widget\" data-widget_type=\"image.default\">\n\t\t\t\t<div class=\"elementor-widget-container\">\n\t\t\t\t\t\t\t\t\t\t\t\t\t<img loading=\"lazy\" decoding=\"async\" width=\"300\" height=\"75\" src=\"https:\/\/euwww.eu\/wp-content\/uploads\/wahllokal-2-300x75.jpg\" class=\"attachment-medium size-medium wp-image-5196\" alt=\"\" srcset=\"https:\/\/euwww.eu\/wp-content\/uploads\/wahllokal-2-300x75.jpg 300w, https:\/\/euwww.eu\/wp-content\/uploads\/wahllokal-2-1024x256.jpg 1024w, https:\/\/euwww.eu\/wp-content\/uploads\/wahllokal-2-768x192.jpg 768w, https:\/\/euwww.eu\/wp-content\/uploads\/wahllokal-2-1536x384.jpg 1536w, https:\/\/euwww.eu\/wp-content\/uploads\/wahllokal-2.jpg 1898w\" sizes=\"(max-width: 300px) 100vw, 300px\" \/>\t\t\t\t\t\t\t\t\t\t\t\t\t<\/div>\n\t\t\t\t<\/div>\n\t\t\t\t<div class=\"elementor-element elementor-element-738af21 elementor-widget elementor-widget-heading\" data-id=\"738af21\" data-element_type=\"widget\" data-widget_type=\"heading.default\">\n\t\t\t\t<div class=\"elementor-widget-container\">\n\t\t\t<h2 class=\"elementor-heading-title elementor-size-default\">V\u0161udyp\u0159\u00edtomn\u00e9 komun\u00e1ln\u00ed volebn\u00ed pr\u00e1vo<\/h2>\t\t<\/div>\n\t\t\t\t<\/div>\n\t\t\t\t<div class=\"elementor-element elementor-element-237182f linkcolor elementor-widget elementor-widget-text-editor\" data-id=\"237182f\" data-element_type=\"widget\" data-widget_type=\"text-editor.default\">\n\t\t\t\t<div class=\"elementor-widget-container\">\n\t\t\t\t\t\t\t<p>Ka\u017ed\u00fd ob\u010dan EU m\u00e1 <strong>pr\u00e1vo z\u00fa\u010dastnit se m\u00edstn\u00edch voleb<\/strong> a b\u00fdt volen v m\u00edst\u011b sv\u00e9ho pobytu.<\/p>\n<p>Ve v\u011bt\u0161in\u011b n\u011bmeck\u00fdch spolkov\u00fdch zem\u00ed (Bavorsko je v\u00fdjimkou) mohou ob\u010dan\u00e9 EU kandidovat na v\u0161echny \u00fa\u0159ady na obecn\u00ed \u00farovni, a to i na starostu.<\/p>\n<p>Ka\u017ed\u00fd, kdo nem\u00e1 st\u00e1tn\u00ed p\u0159\u00edslu\u0161nost \u010dlensk\u00e9ho st\u00e1tu EU, je z komun\u00e1ln\u00edch voleb vylou\u010den. . Tak nap\u0159\u00edklad \u0160pan\u011bl, kter\u00fd se p\u0159ed \u010dty\u0159mi m\u011bs\u00edci p\u0159est\u011bhoval do Mnichova, se m\u016f\u017ee \u00fa\u010dastnit komun\u00e1ln\u00edch voleb v N\u011bmecku jako ob\u010dan EU. Na druhou stranu Turek, kter\u00fd se narodil v N\u011bmecku a \u017eije zde 20 let, mus\u00ed v den voleb z\u016fstat doma.<\/p>\n<p><a href=\"http:\/\/www.eu-info.de\/leben-wohnen-eu\/6513\/6788\/6010\/\" target=\"_blank\" rel=\"noopener\">O komun\u00e1ln\u00edm volebn\u00edm pr\u00e1vu se dozv\u00edte v\u00edce zde.<\/a><\/p>\n\t\t\t\t\t\t<\/div>\n\t\t\t\t<\/div>\n\t\t\t\t\t<\/div>\n\t\t<\/div>\n\t\t\t\t\t<\/div>\n\t\t<\/section>\n\t\t\t\t<\/div>\n\t\t","protected":false},"excerpt":{"rendered":"<p>Hodnoty v ka\u017edodenn\u00edm \u017eivot\u011b Evropa se t\u00fdk\u00e1 ka\u017ed\u00e9ho \u201eEvropa se m\u011b net\u00fdk\u00e1,&#8221; to m\u016f\u017eete \u0159\u00edct je tehdy, pokud ned\u00fdch\u00e1te, nepijete vodu, nenakupujete, nevzd\u011bl\u00e1v\u00e1te se a necestujete. Pro\u010d tomu tak je, se dozv\u00edte podrobn\u011bji n\u00ed\u017ee. Svoboda cestov\u00e1n\u00ed Hrani\u010dn\u00ed kontroly a nutnost v\u00fdm\u011bny pen\u011bz v r\u00e1mci Evropy jsou mlad\u00fdm lidem zn\u00e1m\u00e9 t\u00e9m\u011b\u0159 jen z vypr\u00e1v\u011bn\u00ed jejich rodi\u010d\u016f [&hellip;]<\/p>\n","protected":false},"author":6,"featured_media":0,"parent":5413,"menu_order":0,"comment_status":"closed","ping_status":"closed","template":"","meta":{"_acf_changed":false,"footnotes":""},"class_list":["post-5194","page","type-page","status-publish","hentry"],"acf":[],"_links":{"self":[{"href":"https:\/\/euwww.eu\/cs\/wp-json\/wp\/v2\/pages\/5194","targetHints":{"allow":["GET"]}}],"collection":[{"href":"https:\/\/euwww.eu\/cs\/wp-json\/wp\/v2\/pages"}],"about":[{"href":"https:\/\/euwww.eu\/cs\/wp-json\/wp\/v2\/types\/page"}],"author":[{"embeddable":true,"href":"https:\/\/euwww.eu\/cs\/wp-json\/wp\/v2\/users\/6"}],"replies":[{"embeddable":true,"href":"https:\/\/euwww.eu\/cs\/wp-json\/wp\/v2\/comments?post=5194"}],"version-history":[{"count":3,"href":"https:\/\/euwww.eu\/cs\/wp-json\/wp\/v2\/pages\/5194\/revisions"}],"predecessor-version":[{"id":5203,"href":"https:\/\/euwww.eu\/cs\/wp-json\/wp\/v2\/pages\/5194\/revisions\/5203"}],"up":[{"embeddable":true,"href":"https:\/\/euwww.eu\/cs\/wp-json\/wp\/v2\/pages\/5413"}],"wp:attachment":[{"href":"https:\/\/euwww.eu\/cs\/wp-json\/wp\/v2\/media?parent=5194"}],"curies":[{"name":"wp","href":"https:\/\/api.w.org\/{rel}","templated":true}]}}