
{"id":5205,"date":"2021-03-28T14:47:46","date_gmt":"2021-03-28T12:47:46","guid":{"rendered":"https:\/\/euwww.eu\/vzdelavaci-material-katalog-hodnot\/"},"modified":"2021-09-23T04:43:58","modified_gmt":"2021-09-23T02:43:58","slug":"vzdelavaci-material-katalog-hodnot","status":"publish","type":"page","link":"https:\/\/euwww.eu\/cs\/katalog-hodnot\/vzdelavaci-material-katalog-hodnot\/","title":{"rendered":"Vzd\u011bl\u00e1vac\u00ed materi\u00e1l Katalog hodnot"},"content":{"rendered":"\t\t<div data-elementor-type=\"wp-page\" data-elementor-id=\"5205\" class=\"elementor elementor-5205 elementor-2963\" data-elementor-post-type=\"page\">\n\t\t\t\t\t\t<section class=\"elementor-section elementor-top-section elementor-element elementor-element-0de5161 elementor-section-full_width elementor-section-height-default elementor-section-height-default\" data-id=\"0de5161\" data-element_type=\"section\">\n\t\t\t\t\t\t<div class=\"elementor-container elementor-column-gap-default\">\n\t\t\t\t\t<div class=\"elementor-column elementor-col-100 elementor-top-column elementor-element elementor-element-d066f0c\" data-id=\"d066f0c\" data-element_type=\"column\">\n\t\t\t<div class=\"elementor-widget-wrap elementor-element-populated\">\n\t\t\t\t\t\t<div class=\"elementor-element elementor-element-328d26a elementor-cta--skin-cover elementor-cta--valign-middle elementor-widget elementor-widget-call-to-action\" data-id=\"328d26a\" data-element_type=\"widget\" data-widget_type=\"call-to-action.default\">\n\t\t\t\t<div class=\"elementor-widget-container\">\n\t\t\t\t\t<div class=\"elementor-cta\" data-e-bg-lazyload=\".elementor-bg\">\n\t\t\t\t\t<div class=\"elementor-cta__bg-wrapper\">\n\t\t\t\t<div class=\"elementor-cta__bg elementor-bg\" style=\"background-image: var(--e-bg-lazyload-loaded); --e-bg-lazyload: url(https:\/\/euwww.eu\/wp-content\/uploads\/Hintergrund-2.jpg);\" role=\"img\" aria-label=\"Hintergrund-2\"><\/div>\n\t\t\t\t<div class=\"elementor-cta__bg-overlay\"><\/div>\n\t\t\t<\/div>\n\t\t\t\t\t\t\t<div class=\"elementor-cta__content\">\n\t\t\t\t\n\t\t\t\t\t\t\t\t\t<h2 class=\"elementor-cta__title elementor-cta__content-item elementor-content-item\">\n\t\t\t\t\t\tKatalog hodnot\t\t\t\t\t<\/h2>\n\t\t\t\t\n\t\t\t\t\n\t\t\t\t\t\t\t<\/div>\n\t\t\t\t\t\t\t<div class=\"elementor-ribbon elementor-ribbon-left\">\n\t\t\t\t<div class=\"elementor-ribbon-inner\">Vzd\u011bl\u00e1vac\u00ed materi\u00e1l Katalog hodnot<\/div>\n\t\t\t<\/div>\n\t\t\t\t<\/div>\n\t\t\t\t<\/div>\n\t\t\t\t<\/div>\n\t\t\t\t\t<\/div>\n\t\t<\/div>\n\t\t\t\t\t<\/div>\n\t\t<\/section>\n\t\t\t\t<section class=\"elementor-section elementor-top-section elementor-element elementor-element-0167a95 elementor-section-boxed elementor-section-height-default elementor-section-height-default\" data-id=\"0167a95\" data-element_type=\"section\">\n\t\t\t\t\t\t<div class=\"elementor-container elementor-column-gap-default\">\n\t\t\t\t\t<div class=\"elementor-column elementor-col-100 elementor-top-column elementor-element elementor-element-49d3eda\" data-id=\"49d3eda\" data-element_type=\"column\">\n\t\t\t<div class=\"elementor-widget-wrap elementor-element-populated\">\n\t\t\t\t\t\t<section class=\"elementor-section elementor-inner-section elementor-element elementor-element-d898ae6 elementor-section-boxed elementor-section-height-default elementor-section-height-default\" data-id=\"d898ae6\" data-element_type=\"section\">\n\t\t\t\t\t\t<div class=\"elementor-container elementor-column-gap-default\">\n\t\t\t\t\t<div class=\"elementor-column elementor-col-50 elementor-inner-column elementor-element elementor-element-529c9ed\" data-id=\"529c9ed\" data-element_type=\"column\">\n\t\t\t<div class=\"elementor-widget-wrap elementor-element-populated\">\n\t\t\t\t\t\t<div class=\"elementor-element elementor-element-12e00ee elementor-widget elementor-widget-heading\" data-id=\"12e00ee\" data-element_type=\"widget\" data-widget_type=\"heading.default\">\n\t\t\t\t<div class=\"elementor-widget-container\">\n\t\t\t<h2 class=\"elementor-heading-title elementor-size-default\">Hodnoty EU<\/h2>\t\t<\/div>\n\t\t\t\t<\/div>\n\t\t\t\t<div class=\"elementor-element elementor-element-1103ce9 elementor-widget elementor-widget-text-editor\" data-id=\"1103ce9\" data-element_type=\"widget\" data-widget_type=\"text-editor.default\">\n\t\t\t\t<div class=\"elementor-widget-container\">\n\t\t\t\t\t\t\t<p>Hodnoty EU jsou stanoveny v \u010dl\u00e1nku 2 Smlouvy o EU [SEU]. [EUV]<\/p>\n<p>Hodnoty ji\u017e definovan\u00e9 v prvn\u00ed verzi Smlouvy o EU (Maastrichtsk\u00e1 smlouva) v roce 1992 byly naposledy p\u0159eformulov\u00e1ny v <a href=\"https:\/\/www.bpb.de\/internationales\/europa\/europaeische-union\/43000\/grafik-lissabonner-vertrag\" target=\"_blank\" rel=\"noopener\">Lisabonsk\u00e9 smlouv\u011b<\/a>. Ta vstoupila v platnost 1. prosince 2009 s c\u00edlem zv\u00fd\u0161it demokrati\u010dnost, transparentnost a efektivnost EU.<\/p>\n\t\t\t\t\t\t<\/div>\n\t\t\t\t<\/div>\n\t\t\t\t\t<\/div>\n\t\t<\/div>\n\t\t\t\t<div class=\"elementor-column elementor-col-50 elementor-inner-column elementor-element elementor-element-cd8383e\" data-id=\"cd8383e\" data-element_type=\"column\">\n\t\t\t<div class=\"elementor-widget-wrap elementor-element-populated\">\n\t\t\t\t\t\t<div class=\"elementor-element elementor-element-8280408 elementor-widget elementor-widget-image\" data-id=\"8280408\" data-element_type=\"widget\" data-widget_type=\"image.default\">\n\t\t\t\t<div class=\"elementor-widget-container\">\n\t\t\t\t\t\t\t\t\t\t\t\t\t\t<a href=\"https:\/\/euwww.eu\/wp-content\/uploads\/diewertedereuropaeischenunion.png\" data-elementor-open-lightbox=\"yes\" data-elementor-lightbox-title=\"diewertedereuropaeischenunion\" data-e-action-hash=\"#elementor-action%3Aaction%3Dlightbox%26settings%3DeyJpZCI6NTIwNywidXJsIjoiaHR0cHM6XC9cL2V1d3d3LmV1XC93cC1jb250ZW50XC91cGxvYWRzXC9kaWV3ZXJ0ZWRlcmV1cm9wYWVpc2NoZW51bmlvbi5wbmcifQ%3D%3D\">\n\t\t\t\t\t\t\t<img fetchpriority=\"high\" decoding=\"async\" width=\"800\" height=\"577\" src=\"https:\/\/euwww.eu\/wp-content\/uploads\/diewertedereuropaeischenunion-1024x739.png\" class=\"attachment-large size-large wp-image-5207\" alt=\"\" srcset=\"https:\/\/euwww.eu\/wp-content\/uploads\/diewertedereuropaeischenunion-1024x739.png 1024w, https:\/\/euwww.eu\/wp-content\/uploads\/diewertedereuropaeischenunion-300x216.png 300w, https:\/\/euwww.eu\/wp-content\/uploads\/diewertedereuropaeischenunion-768x554.png 768w, https:\/\/euwww.eu\/wp-content\/uploads\/diewertedereuropaeischenunion.png 1216w\" sizes=\"(max-width: 800px) 100vw, 800px\" \/>\t\t\t\t\t\t\t\t<\/a>\n\t\t\t\t\t\t\t\t\t\t\t\t\t<\/div>\n\t\t\t\t<\/div>\n\t\t\t\t<div class=\"elementor-element elementor-element-e69fd2c elementor-widget elementor-widget-text-editor\" data-id=\"e69fd2c\" data-element_type=\"widget\" data-widget_type=\"text-editor.default\">\n\t\t\t\t<div class=\"elementor-widget-container\">\n\t\t\t\t\t\t\t<p><a href=\"https:\/\/www.bpb.de\/internationales\/europa\/europaeische-union\/42851\/grafik-werte-der-eu\">Bundeszentrale f\u00fcr politische Bildung<\/a>, Licence: <a href=\"https:\/\/creativecommons.org\/licenses\/by-nc-nd\/3.0\/de\/\">CC BY-NC-ND 3.0 DE<\/a><\/p>\n\t\t\t\t\t\t<\/div>\n\t\t\t\t<\/div>\n\t\t\t\t\t<\/div>\n\t\t<\/div>\n\t\t\t\t\t<\/div>\n\t\t<\/section>\n\t\t\t\t\t<\/div>\n\t\t<\/div>\n\t\t\t\t\t<\/div>\n\t\t<\/section>\n\t\t\t\t<section class=\"elementor-section elementor-top-section elementor-element elementor-element-c28e01e elementor-section-boxed elementor-section-height-default elementor-section-height-default\" data-id=\"c28e01e\" data-element_type=\"section\" data-settings=\"{&quot;background_background&quot;:&quot;classic&quot;}\">\n\t\t\t\t\t\t<div class=\"elementor-container elementor-column-gap-default\">\n\t\t\t\t\t<div class=\"elementor-column elementor-col-100 elementor-top-column elementor-element elementor-element-1881fc1\" data-id=\"1881fc1\" data-element_type=\"column\">\n\t\t\t<div class=\"elementor-widget-wrap elementor-element-populated\">\n\t\t\t\t\t\t<div class=\"elementor-element elementor-element-50981bb elementor-widget elementor-widget-heading\" data-id=\"50981bb\" data-element_type=\"widget\" data-widget_type=\"heading.default\">\n\t\t\t\t<div class=\"elementor-widget-container\">\n\t\t\t<h2 class=\"elementor-heading-title elementor-size-default\">Identifikace v evropsk\u00e9m barometru<\/h2>\t\t<\/div>\n\t\t\t\t<\/div>\n\t\t\t\t<div class=\"elementor-element elementor-element-4dff5ef elementor-widget elementor-widget-text-editor\" data-id=\"4dff5ef\" data-element_type=\"widget\" data-widget_type=\"text-editor.default\">\n\t\t\t\t<div class=\"elementor-widget-container\">\n\t\t\t\t\t\t\t<p>Dal\u0161\u00ed v\u011bc\u00ed je, do jak\u00e9 m\u00edry se ob\u010dan\u00e9 EU s t\u011bmito hodnotami ztoto\u017e\u0148uj\u00ed nebo je pova\u017euj\u00ed za d\u016fle\u017eit\u00e9.<\/p>\n\t\t\t\t\t\t<\/div>\n\t\t\t\t<\/div>\n\t\t\t\t<section class=\"elementor-section elementor-inner-section elementor-element elementor-element-26c3460 elementor-section-boxed elementor-section-height-default elementor-section-height-default\" data-id=\"26c3460\" data-element_type=\"section\" data-settings=\"{&quot;background_background&quot;:&quot;classic&quot;}\">\n\t\t\t\t\t\t<div class=\"elementor-container elementor-column-gap-default\">\n\t\t\t\t\t<div class=\"elementor-column elementor-col-33 elementor-inner-column elementor-element elementor-element-f0c27fc\" data-id=\"f0c27fc\" data-element_type=\"column\">\n\t\t\t<div class=\"elementor-widget-wrap elementor-element-populated\">\n\t\t\t\t\t\t<div class=\"elementor-element elementor-element-e5b8b93 elementor-widget elementor-widget-image\" data-id=\"e5b8b93\" data-element_type=\"widget\" data-widget_type=\"image.default\">\n\t\t\t\t<div class=\"elementor-widget-container\">\n\t\t\t\t\t\t\t\t\t\t\t\t\t<img decoding=\"async\" width=\"150\" height=\"150\" src=\"https:\/\/euwww.eu\/wp-content\/uploads\/Gesicht-3-2-1-150x150.jpg\" class=\"attachment-thumbnail size-thumbnail wp-image-5101\" alt=\"\" \/>\t\t\t\t\t\t\t\t\t\t\t\t\t<\/div>\n\t\t\t\t<\/div>\n\t\t\t\t\t<\/div>\n\t\t<\/div>\n\t\t\t\t<div class=\"elementor-column elementor-col-33 elementor-inner-column elementor-element elementor-element-cf14d65\" data-id=\"cf14d65\" data-element_type=\"column\">\n\t\t\t<div class=\"elementor-widget-wrap elementor-element-populated\">\n\t\t\t\t\t\t<div class=\"elementor-element elementor-element-bfa8a9a elementor-widget elementor-widget-text-editor\" data-id=\"bfa8a9a\" data-element_type=\"widget\" data-widget_type=\"text-editor.default\">\n\t\t\t\t<div class=\"elementor-widget-container\">\n\t\t\t\t\t\t\t<p>\u201eTo je velmi d\u016fle\u017eit\u00e1 v\u011bc! Abychom zjistili v\u00edce, existuje zvl\u00e1\u0161tn\u00ed za\u0159\u00edzen\u00ed: <strong>Evropsk\u00fd barometr<\/strong>. Jedn\u00e1 se o pr\u016fzkum ve\u0159ejn\u00e9ho m\u00edn\u011bn\u00ed v zem\u00edch Evropsk\u00e9 unie.\u201c<\/p>\n\t\t\t\t\t\t<\/div>\n\t\t\t\t<\/div>\n\t\t\t\t\t<\/div>\n\t\t<\/div>\n\t\t\t\t<div class=\"elementor-column elementor-col-33 elementor-inner-column elementor-element elementor-element-4aef75c\" data-id=\"4aef75c\" data-element_type=\"column\">\n\t\t\t<div class=\"elementor-widget-wrap\">\n\t\t\t\t\t\t\t<\/div>\n\t\t<\/div>\n\t\t\t\t\t<\/div>\n\t\t<\/section>\n\t\t\t\t<div class=\"elementor-element elementor-element-c54d8da elementor-widget-divider--view-line elementor-widget elementor-widget-divider\" data-id=\"c54d8da\" data-element_type=\"widget\" data-widget_type=\"divider.default\">\n\t\t\t\t<div class=\"elementor-widget-container\">\n\t\t\t\t\t<div class=\"elementor-divider\">\n\t\t\t<span class=\"elementor-divider-separator\">\n\t\t\t\t\t\t<\/span>\n\t\t<\/div>\n\t\t\t\t<\/div>\n\t\t\t\t<\/div>\n\t\t\t\t<section class=\"elementor-section elementor-inner-section elementor-element elementor-element-aa41ea0 elementor-section-boxed elementor-section-height-default elementor-section-height-default\" data-id=\"aa41ea0\" data-element_type=\"section\" data-settings=\"{&quot;background_background&quot;:&quot;classic&quot;}\">\n\t\t\t\t\t\t<div class=\"elementor-container elementor-column-gap-default\">\n\t\t\t\t\t<div class=\"elementor-column elementor-col-33 elementor-inner-column elementor-element elementor-element-52caed6\" data-id=\"52caed6\" data-element_type=\"column\">\n\t\t\t<div class=\"elementor-widget-wrap elementor-element-populated\">\n\t\t\t\t\t\t<div class=\"elementor-element elementor-element-c62bb0b elementor-widget elementor-widget-image\" data-id=\"c62bb0b\" data-element_type=\"widget\" data-widget_type=\"image.default\">\n\t\t\t\t<div class=\"elementor-widget-container\">\n\t\t\t\t\t\t\t\t\t\t\t\t\t<img decoding=\"async\" width=\"150\" height=\"150\" src=\"https:\/\/euwww.eu\/wp-content\/uploads\/Gesicht-1-2-150x150.jpg\" class=\"attachment-thumbnail size-thumbnail wp-image-5040\" alt=\"\" \/>\t\t\t\t\t\t\t\t\t\t\t\t\t<\/div>\n\t\t\t\t<\/div>\n\t\t\t\t\t<\/div>\n\t\t<\/div>\n\t\t\t\t<div class=\"elementor-column elementor-col-33 elementor-inner-column elementor-element elementor-element-3b12296\" data-id=\"3b12296\" data-element_type=\"column\">\n\t\t\t<div class=\"elementor-widget-wrap elementor-element-populated\">\n\t\t\t\t\t\t<div class=\"elementor-element elementor-element-d85341b elementor-widget elementor-widget-text-editor\" data-id=\"d85341b\" data-element_type=\"widget\" data-widget_type=\"text-editor.default\">\n\t\t\t\t<div class=\"elementor-widget-container\">\n\t\t\t\t\t\t\t<p>\u201eJe zad\u00e1v\u00e1n Evropskou komis\u00ed a prob\u00edh\u00e1 v pravideln\u00fdch intervalech. Ve v\u0161ech zem\u00edch se prov\u00e1d\u00ed pr\u016fzkum reprezentativn\u00edho vzorku populace.\u201c<\/p>\n\t\t\t\t\t\t<\/div>\n\t\t\t\t<\/div>\n\t\t\t\t\t<\/div>\n\t\t<\/div>\n\t\t\t\t<div class=\"elementor-column elementor-col-33 elementor-inner-column elementor-element elementor-element-93e466f\" data-id=\"93e466f\" data-element_type=\"column\">\n\t\t\t<div class=\"elementor-widget-wrap elementor-element-populated\">\n\t\t\t\t\t\t<div class=\"elementor-element elementor-element-5872fd7 elementor-widget elementor-widget-image\" data-id=\"5872fd7\" data-element_type=\"widget\" data-widget_type=\"image.default\">\n\t\t\t\t<div class=\"elementor-widget-container\">\n\t\t\t\t\t\t\t\t\t\t\t\t\t\t<a href=\"https:\/\/euwww.eu\/wp-content\/uploads\/europaeisch-werte-umfrage.png\" data-elementor-open-lightbox=\"yes\" data-elementor-lightbox-title=\"europaeisch werte umfrage\" data-e-action-hash=\"#elementor-action%3Aaction%3Dlightbox%26settings%3DeyJpZCI6NTIwOSwidXJsIjoiaHR0cHM6XC9cL2V1d3d3LmV1XC93cC1jb250ZW50XC91cGxvYWRzXC9ldXJvcGFlaXNjaC13ZXJ0ZS11bWZyYWdlLnBuZyJ9\">\n\t\t\t\t\t\t\t<img loading=\"lazy\" decoding=\"async\" width=\"202\" height=\"300\" src=\"https:\/\/euwww.eu\/wp-content\/uploads\/europaeisch-werte-umfrage-202x300.png\" class=\"attachment-medium size-medium wp-image-5209\" alt=\"\" srcset=\"https:\/\/euwww.eu\/wp-content\/uploads\/europaeisch-werte-umfrage-202x300.png 202w, https:\/\/euwww.eu\/wp-content\/uploads\/europaeisch-werte-umfrage.png 616w\" sizes=\"(max-width: 202px) 100vw, 202px\" \/>\t\t\t\t\t\t\t\t<\/a>\n\t\t\t\t\t\t\t\t\t\t\t\t\t<\/div>\n\t\t\t\t<\/div>\n\t\t\t\t<div class=\"elementor-element elementor-element-16909f3 elementor-widget elementor-widget-text-editor\" data-id=\"16909f3\" data-element_type=\"widget\" data-widget_type=\"text-editor.default\">\n\t\t\t\t<div class=\"elementor-widget-container\">\n\t\t\t\t\t\t\t<p style=\"text-align: center;\"><a href=\"https:\/\/www.bpb.de\/nachschlagen\/zahlen-und-fakten\/europa\/70649\/persoenliche-werte\">Bundeszentrale f\u00fcr politische Bildung<\/a>, Licence: <a href=\"https:\/\/creativecommons.org\/licenses\/by-nc-nd\/3.0\/de\/\">CC BY-NC-ND 3.0 DE<\/a><\/p>\n\t\t\t\t\t\t<\/div>\n\t\t\t\t<\/div>\n\t\t\t\t\t<\/div>\n\t\t<\/div>\n\t\t\t\t\t<\/div>\n\t\t<\/section>\n\t\t\t\t<div class=\"elementor-element elementor-element-ac68fc7 elementor-widget-divider--view-line elementor-widget elementor-widget-divider\" data-id=\"ac68fc7\" data-element_type=\"widget\" data-widget_type=\"divider.default\">\n\t\t\t\t<div class=\"elementor-widget-container\">\n\t\t\t\t\t<div class=\"elementor-divider\">\n\t\t\t<span class=\"elementor-divider-separator\">\n\t\t\t\t\t\t<\/span>\n\t\t<\/div>\n\t\t\t\t<\/div>\n\t\t\t\t<\/div>\n\t\t\t\t<section class=\"elementor-section elementor-inner-section elementor-element elementor-element-f8cbce3 elementor-section-boxed elementor-section-height-default elementor-section-height-default\" data-id=\"f8cbce3\" data-element_type=\"section\" data-settings=\"{&quot;background_background&quot;:&quot;classic&quot;}\">\n\t\t\t\t\t\t<div class=\"elementor-container elementor-column-gap-default\">\n\t\t\t\t\t<div class=\"elementor-column elementor-col-33 elementor-inner-column elementor-element elementor-element-f466c3d\" data-id=\"f466c3d\" data-element_type=\"column\">\n\t\t\t<div class=\"elementor-widget-wrap elementor-element-populated\">\n\t\t\t\t\t\t<div class=\"elementor-element elementor-element-d30a063 elementor-widget elementor-widget-image\" data-id=\"d30a063\" data-element_type=\"widget\" data-widget_type=\"image.default\">\n\t\t\t\t<div class=\"elementor-widget-container\">\n\t\t\t\t\t\t\t\t\t\t\t\t\t<img loading=\"lazy\" decoding=\"async\" width=\"150\" height=\"150\" src=\"https:\/\/euwww.eu\/wp-content\/uploads\/Gesicht-2-2-150x150.jpg\" class=\"attachment-thumbnail size-thumbnail wp-image-5103\" alt=\"\" \/>\t\t\t\t\t\t\t\t\t\t\t\t\t<\/div>\n\t\t\t\t<\/div>\n\t\t\t\t\t<\/div>\n\t\t<\/div>\n\t\t\t\t<div class=\"elementor-column elementor-col-33 elementor-inner-column elementor-element elementor-element-2752d8c\" data-id=\"2752d8c\" data-element_type=\"column\">\n\t\t\t<div class=\"elementor-widget-wrap elementor-element-populated\">\n\t\t\t\t\t\t<div class=\"elementor-element elementor-element-2b2f0fd elementor-widget elementor-widget-text-editor\" data-id=\"2b2f0fd\" data-element_type=\"widget\" data-widget_type=\"text-editor.default\">\n\t\t\t\t<div class=\"elementor-widget-container\">\n\t\t\t\t\t\t\t<p>\u201ePova\u017euji za zaj\u00edmav\u00e9, jak se mezi lety 2010 a 2018 zm\u011bnil postoj u t\u0159\u00ed hlavn\u00edch hodnot, konkr\u00e9tn\u011b <strong>lidsk\u00fdch pr\u00e1v, m\u00edru<\/strong> a <strong>demokracie<\/strong>.\u201c<\/p>\n\t\t\t\t\t\t<\/div>\n\t\t\t\t<\/div>\n\t\t\t\t\t<\/div>\n\t\t<\/div>\n\t\t\t\t<div class=\"elementor-column elementor-col-33 elementor-inner-column elementor-element elementor-element-241d207\" data-id=\"241d207\" data-element_type=\"column\">\n\t\t\t<div class=\"elementor-widget-wrap elementor-element-populated\">\n\t\t\t\t\t\t<div class=\"elementor-element elementor-element-d012e74 elementor-widget elementor-widget-image\" data-id=\"d012e74\" data-element_type=\"widget\" data-widget_type=\"image.default\">\n\t\t\t\t<div class=\"elementor-widget-container\">\n\t\t\t\t\t\t\t\t\t\t\t\t\t\t<a href=\"https:\/\/www.bpb.de\/nachschlagen\/zahlen-und-fakten\/europa\/70649\/persoenliche-werte\" target=\"_blank\">\n\t\t\t\t\t\t\t<img loading=\"lazy\" decoding=\"async\" width=\"800\" height=\"593\" src=\"https:\/\/euwww.eu\/wp-content\/uploads\/FireShot-Capture-005-Personliche-Werte-bpb-www.bpb_.de_.png\" class=\"attachment-large size-large wp-image-5211\" alt=\"\" srcset=\"https:\/\/euwww.eu\/wp-content\/uploads\/FireShot-Capture-005-Personliche-Werte-bpb-www.bpb_.de_.png 980w, https:\/\/euwww.eu\/wp-content\/uploads\/FireShot-Capture-005-Personliche-Werte-bpb-www.bpb_.de_-300x223.png 300w, https:\/\/euwww.eu\/wp-content\/uploads\/FireShot-Capture-005-Personliche-Werte-bpb-www.bpb_.de_-768x570.png 768w\" sizes=\"(max-width: 800px) 100vw, 800px\" \/>\t\t\t\t\t\t\t\t<\/a>\n\t\t\t\t\t\t\t\t\t\t\t\t\t<\/div>\n\t\t\t\t<\/div>\n\t\t\t\t<div class=\"elementor-element elementor-element-0e9fefc elementor-widget elementor-widget-text-editor\" data-id=\"0e9fefc\" data-element_type=\"widget\" data-widget_type=\"text-editor.default\">\n\t\t\t\t<div class=\"elementor-widget-container\">\n\t\t\t\t\t\t\t<p><a href=\"https:\/\/www.bpb.de\/nachschlagen\/zahlen-und-fakten\/europa\/70649\/persoenliche-werte\">Bundeszentrale f\u00fcr politische Bildung<\/a>, Licence: <a href=\"https:\/\/creativecommons.org\/licenses\/by-nc-nd\/3.0\/de\/\">CC BY-NC-ND 3.0 DE<\/a><\/p>\n\t\t\t\t\t\t<\/div>\n\t\t\t\t<\/div>\n\t\t\t\t\t<\/div>\n\t\t<\/div>\n\t\t\t\t\t<\/div>\n\t\t<\/section>\n\t\t\t\t\t<\/div>\n\t\t<\/div>\n\t\t\t\t\t<\/div>\n\t\t<\/section>\n\t\t\t\t<section class=\"elementor-section elementor-top-section elementor-element elementor-element-1239565 elementor-section-boxed elementor-section-height-default elementor-section-height-default\" data-id=\"1239565\" data-element_type=\"section\">\n\t\t\t\t\t\t<div class=\"elementor-container elementor-column-gap-default\">\n\t\t\t\t\t<div class=\"elementor-column elementor-col-50 elementor-top-column elementor-element elementor-element-cdc0510\" data-id=\"cdc0510\" data-element_type=\"column\">\n\t\t\t<div class=\"elementor-widget-wrap elementor-element-populated\">\n\t\t\t\t\t\t<div class=\"elementor-element elementor-element-7bc9b01 elementor-widget elementor-widget-heading\" data-id=\"7bc9b01\" data-element_type=\"widget\" data-widget_type=\"heading.default\">\n\t\t\t\t<div class=\"elementor-widget-container\">\n\t\t\t<h2 class=\"elementor-heading-title elementor-size-default\">\u00dasp\u011bchy a probl\u00e9my<\/h2>\t\t<\/div>\n\t\t\t\t<\/div>\n\t\t\t\t<div class=\"elementor-element elementor-element-3b8daf3 elementor-widget elementor-widget-text-editor\" data-id=\"3b8daf3\" data-element_type=\"widget\" data-widget_type=\"text-editor.default\">\n\t\t\t\t<div class=\"elementor-widget-container\">\n\t\t\t\t\t\t\t<p><strong>Hodnoty<\/strong> a <strong>v\u00fddobytky<\/strong>, ale tak\u00e9 <strong>probl\u00e9my<\/strong>, kter\u00e9 ob\u010dan\u00e9 EU pova\u017euj\u00ed za d\u016fle\u017eit\u00e9, ukazuje n\u00e1sleduj\u00edc\u00ed videoklip (2:45 min.):<\/p>\n\t\t\t\t\t\t<\/div>\n\t\t\t\t<\/div>\n\t\t\t\t\t<\/div>\n\t\t<\/div>\n\t\t\t\t<div class=\"elementor-column elementor-col-50 elementor-top-column elementor-element elementor-element-051065e\" data-id=\"051065e\" data-element_type=\"column\">\n\t\t\t<div class=\"elementor-widget-wrap elementor-element-populated\">\n\t\t\t\t\t\t<div class=\"elementor-element elementor-element-289da35 elementor-widget elementor-widget-html\" data-id=\"289da35\" data-element_type=\"widget\" data-widget_type=\"html.default\">\n\t\t\t\t<div class=\"elementor-widget-container\">\n\t\t\t<iframe src=\"https:\/\/www.bpb.de\/embed\/309991\" width=\"100%\" height=\"100%\" frameborder=\"0\" allowfullscreen=\"\"><\/iframe>\t\t<\/div>\n\t\t\t\t<\/div>\n\t\t\t\t\t<\/div>\n\t\t<\/div>\n\t\t\t\t\t<\/div>\n\t\t<\/section>\n\t\t\t\t<\/div>\n\t\t","protected":false},"excerpt":{"rendered":"<p>Katalog hodnot Hodnoty EU Hodnoty EU jsou stanoveny v \u010dl\u00e1nku 2 Smlouvy o EU [SEU]. [EUV] Hodnoty ji\u017e definovan\u00e9 v prvn\u00ed verzi Smlouvy o EU (Maastrichtsk\u00e1 smlouva) v roce 1992 byly naposledy p\u0159eformulov\u00e1ny v Lisabonsk\u00e9 smlouv\u011b. Ta vstoupila v platnost 1. prosince 2009 s c\u00edlem zv\u00fd\u0161it demokrati\u010dnost, transparentnost a efektivnost EU. Bundeszentrale f\u00fcr politische Bildung, [&hellip;]<\/p>\n","protected":false},"author":6,"featured_media":0,"parent":5240,"menu_order":0,"comment_status":"closed","ping_status":"closed","template":"","meta":{"_acf_changed":false,"footnotes":""},"class_list":["post-5205","page","type-page","status-publish","hentry"],"acf":[],"_links":{"self":[{"href":"https:\/\/euwww.eu\/cs\/wp-json\/wp\/v2\/pages\/5205","targetHints":{"allow":["GET"]}}],"collection":[{"href":"https:\/\/euwww.eu\/cs\/wp-json\/wp\/v2\/pages"}],"about":[{"href":"https:\/\/euwww.eu\/cs\/wp-json\/wp\/v2\/types\/page"}],"author":[{"embeddable":true,"href":"https:\/\/euwww.eu\/cs\/wp-json\/wp\/v2\/users\/6"}],"replies":[{"embeddable":true,"href":"https:\/\/euwww.eu\/cs\/wp-json\/wp\/v2\/comments?post=5205"}],"version-history":[{"count":5,"href":"https:\/\/euwww.eu\/cs\/wp-json\/wp\/v2\/pages\/5205\/revisions"}],"predecessor-version":[{"id":5239,"href":"https:\/\/euwww.eu\/cs\/wp-json\/wp\/v2\/pages\/5205\/revisions\/5239"}],"up":[{"embeddable":true,"href":"https:\/\/euwww.eu\/cs\/wp-json\/wp\/v2\/pages\/5240"}],"wp:attachment":[{"href":"https:\/\/euwww.eu\/cs\/wp-json\/wp\/v2\/media?parent=5205"}],"curies":[{"name":"wp","href":"https:\/\/api.w.org\/{rel}","templated":true}]}}