
{"id":5259,"date":"2021-03-26T14:32:19","date_gmt":"2021-03-26T13:32:19","guid":{"rendered":"https:\/\/euwww.eu\/katalog-hodnot\/obecny-informacni-katalog-hodnot\/"},"modified":"2021-09-24T15:37:17","modified_gmt":"2021-09-24T13:37:17","slug":"obecny-informacni-katalog-hodnot","status":"publish","type":"page","link":"https:\/\/euwww.eu\/cs\/katalog-hodnot\/obecny-informacni-katalog-hodnot\/","title":{"rendered":"Obecn\u00fd informa\u010dn\u00ed katalog hodnot"},"content":{"rendered":"\t\t<div data-elementor-type=\"wp-page\" data-elementor-id=\"5259\" class=\"elementor elementor-5259 elementor-2193\" data-elementor-post-type=\"page\">\n\t\t\t\t\t\t<section class=\"elementor-section elementor-top-section elementor-element elementor-element-27d2c3b elementor-section-full_width elementor-section-content-middle elementor-section-height-default elementor-section-height-default\" data-id=\"27d2c3b\" data-element_type=\"section\">\n\t\t\t\t\t\t<div class=\"elementor-container elementor-column-gap-default\">\n\t\t\t\t\t<div class=\"elementor-column elementor-col-100 elementor-top-column elementor-element elementor-element-677948e linkcolor\" data-id=\"677948e\" data-element_type=\"column\">\n\t\t\t<div class=\"elementor-widget-wrap elementor-element-populated\">\n\t\t\t\t\t\t<div class=\"elementor-element elementor-element-1699dfa elementor-cta--skin-cover elementor-cta--valign-middle elementor-widget elementor-widget-call-to-action\" data-id=\"1699dfa\" data-element_type=\"widget\" data-widget_type=\"call-to-action.default\">\n\t\t\t\t<div class=\"elementor-widget-container\">\n\t\t\t\t\t<div class=\"elementor-cta\" data-e-bg-lazyload=\".elementor-bg\">\n\t\t\t\t\t<div class=\"elementor-cta__bg-wrapper\">\n\t\t\t\t<div class=\"elementor-cta__bg elementor-bg\" style=\"background-image: var(--e-bg-lazyload-loaded); --e-bg-lazyload: url(https:\/\/euwww.eu\/wp-content\/uploads\/Hintergrund-2.jpg);\" role=\"img\" aria-label=\"Hintergrund-2\"><\/div>\n\t\t\t\t<div class=\"elementor-cta__bg-overlay\"><\/div>\n\t\t\t<\/div>\n\t\t\t\t\t\t\t<div class=\"elementor-cta__content\">\n\t\t\t\t\n\t\t\t\t\t\t\t\t\t<h1 class=\"elementor-cta__title elementor-cta__content-item elementor-content-item\">\n\t\t\t\t\t\tKatalog hodnot\t\t\t\t\t<\/h1>\n\t\t\t\t\n\t\t\t\t\n\t\t\t\t\t\t\t<\/div>\n\t\t\t\t\t\t\t<div class=\"elementor-ribbon elementor-ribbon-left\">\n\t\t\t\t<div class=\"elementor-ribbon-inner\">Informace<\/div>\n\t\t\t<\/div>\n\t\t\t\t<\/div>\n\t\t\t\t<\/div>\n\t\t\t\t<\/div>\n\t\t\t\t\t<\/div>\n\t\t<\/div>\n\t\t\t\t\t<\/div>\n\t\t<\/section>\n\t\t\t\t<section class=\"elementor-section elementor-top-section elementor-element elementor-element-ca0305f elementor-section-boxed elementor-section-height-default elementor-section-height-default\" data-id=\"ca0305f\" data-element_type=\"section\">\n\t\t\t\t\t\t<div class=\"elementor-container elementor-column-gap-default\">\n\t\t\t\t\t<div class=\"elementor-column elementor-col-100 elementor-top-column elementor-element elementor-element-acd70d1 linkcolor\" data-id=\"acd70d1\" data-element_type=\"column\">\n\t\t\t<div class=\"elementor-widget-wrap elementor-element-populated\">\n\t\t\t\t\t\t<div class=\"elementor-element elementor-element-f8c4d93 ueberschrift2 elementor-widget elementor-widget-heading\" data-id=\"f8c4d93\" data-element_type=\"widget\" data-widget_type=\"heading.default\">\n\t\t\t\t<div class=\"elementor-widget-container\">\n\t\t\t<h2 class=\"elementor-heading-title elementor-size-default\">Aktu\u00e1lnost debaty<\/h2>\t\t<\/div>\n\t\t\t\t<\/div>\n\t\t\t\t<div class=\"elementor-element elementor-element-611280e bulletlist elementor-widget elementor-widget-text-editor\" data-id=\"611280e\" data-element_type=\"widget\" data-widget_type=\"text-editor.default\">\n\t\t\t\t<div class=\"elementor-widget-container\">\n\t\t\t\t\t\t\t<ul>\n<li>Ve 14 z 27 \u010dlensk\u00fdch st\u00e1t\u016f EU jsou v parlamentech zastoupeny pravicov\u011b populistick\u00e9 a nacion\u00e1ln\u011b konzervativn\u00ed strany, v \u0161esti z nich v sou\u010dasnosti sestavily vl\u00e1du, pop\u0159. jsou v n\u00ed zastoupeny jako koali\u010dn\u00ed partne\u0159i. S d\u016fsledky pro spole\u010dnosti v t\u011bchto zem\u00edch: Spole\u010densky kulturn\u00ed ve\u0159ejnost se v t\u011bchto zem\u00edch prom\u011b\u0148uje, p\u0159ib\u00fdv\u00e1 nesn\u00e1\u0161enlivosti a nacionalistick\u00fdch vymezuj\u00edc\u00edch se tendenc\u00ed. Politick\u00e1 ochota vl\u00e1d ke kompromisu se sni\u017euje.<\/li>\n<li>Europeizace a globalizace prom\u011b\u0148uj\u00ed spole\u010dnosti, proto\u017ee jsou zpochyb\u0148ov\u00e1ny tradi\u010dn\u00ed hodnoty a sm\u00fd\u0161len\u00ed. Spory o zp\u016fsob a rozsah otev\u0159en\u00ed n\u00e1rodn\u00edch spole\u010dnost\u00ed pro cizince v\u0161e ciz\u00ed se vedou st\u00e1le v\u011bt\u0161\u00ed nesmi\u0159itelnost\u00ed.<\/li>\n<li>Politick\u00e9 skand\u00e1ly a p\u0159\u00edpady korupce neust\u00e1le ot\u0159\u00e1saj\u00ed ve v\u0161ech \u010dlensk\u00fdch zem\u00edch EU d\u016fv\u011brou ob\u010dan\u016f v mechanismy a reprezentanty zastupitelsk\u00e9 demokracie. P\u0159edev\u0161\u00edm v zem\u00edch, v nich\u017e byl vstup do EU spojen s nad\u011bj\u00ed na zlep\u0161en\u00ed t\u00e9to problematick\u00e9 situace, se lid\u00e9 zklaman\u00ed nedodr\u017een\u00fdmi sliby odvrac\u00ed od demokracie a pr\u00e1vn\u00edho st\u00e1tu. <\/li>\n<\/ul>\n\t\t\t\t\t\t<\/div>\n\t\t\t\t<\/div>\n\t\t\t\t<div class=\"elementor-element elementor-element-06c3084 ueberschrift2 elementor-widget elementor-widget-heading\" data-id=\"06c3084\" data-element_type=\"widget\" data-widget_type=\"heading.default\">\n\t\t\t\t<div class=\"elementor-widget-container\">\n\t\t\t<h2 class=\"elementor-heading-title elementor-size-default\">\u00davodn\u00ed informace<\/h2>\t\t<\/div>\n\t\t\t\t<\/div>\n\t\t\t\t<div class=\"elementor-element elementor-element-22f0bfb elementor-widget elementor-widget-heading\" data-id=\"22f0bfb\" data-element_type=\"widget\" data-widget_type=\"heading.default\">\n\t\t\t\t<div class=\"elementor-widget-container\">\n\t\t\t<h3 class=\"elementor-heading-title elementor-size-default\">Politika a hodnoty \u2013 tato kombinace nen\u00ed samoz\u0159ejmost\u00ed\n<\/h3>\t\t<\/div>\n\t\t\t\t<\/div>\n\t\t\t\t<div class=\"elementor-element elementor-element-25c4d37 elementor-widget elementor-widget-text-editor\" data-id=\"25c4d37\" data-element_type=\"widget\" data-widget_type=\"text-editor.default\">\n\t\t\t\t<div class=\"elementor-widget-container\">\n\t\t\t\t\t\t\t<p>My\u0161lenka, kterou dnes my Evropan\u00e9 tak dob\u0159e zn\u00e1me, \u017ee se ve st\u00e1tech p\u0159ij\u00edmaj\u00ed spole\u010dn\u00e1 rozhodnut\u00ed podle demokratick\u00fdch z\u00e1sad nebo \u017ee existuj\u00ed z\u00e1kladn\u00ed lidsk\u00e1 a ob\u010dansk\u00e1 pr\u00e1va, kter\u00e1 mus\u00ed st\u00e1t aktivn\u011b chr\u00e1nit, nen\u00ed ani samoz\u0159ejm\u00e1, ani povinn\u00e1. V\u00fdkon politick\u00e9 moci m\u016f\u017ee \u2013 jak ukazuj\u00ed diktatury v\u0161eho druhu \u2013 velmi dob\u0159e fungovat bez demokracie a pr\u00e1vn\u00edho st\u00e1tu. Na\u0161e sou\u010dasn\u00e9 pojet\u00ed je v\u00fdsledkem stalet\u00ed proces\u016f vz\u00e1jemn\u00e9ho, \u010dasto bolestn\u00e9ho u\u010den\u00ed, doprov\u00e1zen\u00e9ho (ob\u010dansk\u00fdmi) v\u00e1lkami. V nich jsme se mimo jin\u00e9 nau\u010dili, \u017ee   <\/p>\n<ul>\n<li>diktatury nestoj\u00ed o pod\u00edl ob\u010dan\u016f na politick\u00e9 moci a nedbaj\u00ed na ob\u010dansk\u00e1 pr\u00e1va,<\/li>\n<li>\u017ee i zvolen\u00e9 parlamentn\u00ed v\u011bt\u0161iny si dok\u00e1\u017eou um\u00e9st cesti\u010dku k totalitn\u00ed vl\u00e1d\u011b,<\/li>\n<li>demokratick\u00e1 hnut\u00ed jsou \u010dasto potla\u010dov\u00e1na dr\u017eiteli moci,<\/li>\n<li>tolerance v\u016f\u010di druh\u00fdm a jinak sm\u00fd\u0161lej\u00edc\u00edm velmi rychle p\u0159er\u016fst\u00e1 v nen\u00e1vist a vy\u010dle\u0148ov\u00e1n\u00ed,<\/li>\n<li>mluvit spolu, jednat, hledat kompromisy je sice zdlouhav\u00e9 a n\u00e1ro\u010dn\u00e9, ale znamen\u00e1 tak\u00e9 m\u00e9n\u011b v\u00e1lek ne\u017e populistick\u00e9 \u201evl\u00e1dnut\u00ed\u201c pro mnoho lid\u00ed vytou\u017een\u00e9ho vl\u00e1dce<\/li>\n<\/ul>\n\t\t\t\t\t\t<\/div>\n\t\t\t\t<\/div>\n\t\t\t\t<div class=\"elementor-element elementor-element-9cd9cf5 elementor-widget elementor-widget-heading\" data-id=\"9cd9cf5\" data-element_type=\"widget\" data-widget_type=\"heading.default\">\n\t\t\t\t<div class=\"elementor-widget-container\">\n\t\t\t<h3 class=\"elementor-heading-title elementor-size-default\">Spole\u010dn\u00e9 d\u011bdictv\u00ed velkolep\u00fdch ide\u00ed\n<\/h3>\t\t<\/div>\n\t\t\t\t<\/div>\n\t\t\t\t<div class=\"elementor-element elementor-element-43d60db elementor-widget elementor-widget-text-editor\" data-id=\"43d60db\" data-element_type=\"widget\" data-widget_type=\"text-editor.default\">\n\t\t\t\t<div class=\"elementor-widget-container\">\n\t\t\t\t\t\t\t<p>\u201eInspiruj\u00edc\u00ed se evropsk\u00fdm kulturn\u00edm, n\u00e1bo\u017eensk\u00fdm a humanistick\u00fdm odkazem\u2026\u201c tak za\u010d\u00edn\u00e1 zn\u011bn\u00ed Smlouvy o EU. Toto d\u011bdictv\u00ed zahrnuje tak\u00e9 ur\u010dit\u00e9 p\u0159edstavy o d\u016fle\u017eit\u00fdch hodnot\u00e1ch, kter\u00e9 n\u00e1s Evropany a zp\u016fsob, jak\u00fdm p\u0159em\u00fd\u0161l\u00edme a jedn\u00e1me, odli\u0161uj\u00ed. Pat\u0159\u00ed mezi n\u011b nap\u0159\u00edklad z\u00e1kladn\u00ed my\u0161lenky \u0159ecko-\u0159\u00edmsk\u00e9 filozofie, <strong>jako je kritick\u00e9 my\u0161len\u00ed, vl\u00e1da rozumu, hodnota ctnost\u00ed, rozli\u0161ov\u00e1n\u00ed mezi monarchi\u00ed, aristokraci\u00ed a demokraci\u00ed.<\/strong> Humanismus p\u0159evzal tyto my\u0161lenky a hodnoty znovu v cel\u00e9 Evrop\u011b a zd\u016fraznil individualitu jednotlivce a jeho svobodu rozvoje. <img decoding=\"async\" class=\"size-full wp-image-2228 alignright\" src=\"https:\/\/euwww.eu\/wp-content\/uploads\/www16.jpg\" alt=\"\" width=\"253\" height=\"169\">Reformace p\u0159ipravila v cel\u00e9 Evrop\u011b p\u016fdu siln\u011bj\u0161\u00edmu <strong>odd\u011blen\u00ed c\u00edrkve od st\u00e1tu<\/strong> (tzv. sekularizaci), i kdy\u017e nemohlo b\u00fdt ve v\u0161ech st\u00e1tech prosazeno ve stejn\u00e9 m\u00ed\u0159e. \u00c9ra osv\u00edcenstv\u00ed formovala na\u0161e sou\u017eit\u00ed d\u00edky v\u00ed\u0159e ve <strong>v\u011bdeck\u00e9 pozn\u00e1n\u00ed<\/strong>, nutnosti <strong>d\u011blby politick\u00e9 moc<\/strong>i a my\u0161lence <strong>n\u00e1rodn\u00ed suverenity<\/strong>, stejn\u011b jako <strong>pr\u00e1v na sebeur\u010den\u00ed a nez\u00e1vislost.<\/strong><\/p>\n\t\t\t\t\t\t<\/div>\n\t\t\t\t<\/div>\n\t\t\t\t<div class=\"elementor-element elementor-element-d2c43a4 elementor-widget elementor-widget-heading\" data-id=\"d2c43a4\" data-element_type=\"widget\" data-widget_type=\"heading.default\">\n\t\t\t\t<div class=\"elementor-widget-container\">\n\t\t\t<h3 class=\"elementor-heading-title elementor-size-default\">Hodnotov\u00e1 z\u00e1kladna EU<\/h3>\t\t<\/div>\n\t\t\t\t<\/div>\n\t\t\t\t<div class=\"elementor-element elementor-element-fd75fbf elementor-widget elementor-widget-image\" data-id=\"fd75fbf\" data-element_type=\"widget\" data-widget_type=\"image.default\">\n\t\t\t\t<div class=\"elementor-widget-container\">\n\t\t\t\t\t\t\t\t\t\t\t\t\t\t<a href=\"https:\/\/euwww.eu\/wp-content\/uploads\/www17.jpg\" data-elementor-open-lightbox=\"yes\" data-e-action-hash=\"#elementor-action%3Aaction%3Dlightbox%26settings%3DeyJpZCI6MjIzNiwidXJsIjoiaHR0cHM6XC9cL2V1d3d3LmV1XC93cC1jb250ZW50XC91cGxvYWRzXC93d3cxNy5qcGcifQ%3D%3D\">\n\t\t\t\t\t\t\t<img fetchpriority=\"high\" decoding=\"async\" width=\"497\" height=\"297\" src=\"https:\/\/euwww.eu\/wp-content\/uploads\/www17.jpg\" class=\"attachment-medium_large size-medium_large wp-image-2236\" alt=\"\" srcset=\"https:\/\/euwww.eu\/wp-content\/uploads\/www17.jpg 497w, https:\/\/euwww.eu\/wp-content\/uploads\/www17-300x179.jpg 300w\" sizes=\"(max-width: 497px) 100vw, 497px\" \/>\t\t\t\t\t\t\t\t<\/a>\n\t\t\t\t\t\t\t\t\t\t\t\t\t<\/div>\n\t\t\t\t<\/div>\n\t\t\t\t<div class=\"elementor-element elementor-element-87d3a3a elementor-widget elementor-widget-text-editor\" data-id=\"87d3a3a\" data-element_type=\"widget\" data-widget_type=\"text-editor.default\">\n\t\t\t\t<div class=\"elementor-widget-container\">\n\t\t\t\t\t\t\t<ul>\n<li>\u010cl\u00e1nek 2 Smlouvy o EU, v n\u011bm\u017e jsou uvedeny z\u00e1kladn\u00ed hodnoty EU. Zavazuje EU a jej\u00ed \u010dlensk\u00e9 st\u00e1ty respektovat tyto hodnoty a z nich vypl\u00fdvaj\u00edc\u00ed z\u00e1kladn\u00ed pr\u00e1va.<\/li>\n<li>Evropsk\u00e1 \u00famluva o ochran\u011b lidsk\u00fdch pr\u00e1v a z\u00e1kladn\u00edch svobod (E\u00daLP). E\u00daLP je lidskopr\u00e1vn\u00ed \u00famluvou sjednanou v r\u00e1mci Rady Evropy, mezin\u00e1rodn\u00ed organizace, kter\u00e1 je star\u0161\u00ed ne\u017e Evropsk\u00e1 unie a jej\u00edmi\u017e \u010dleny je v\u00edce st\u00e1t\u016f ne\u017e st\u00e1tu EU (nap\u0159. tak\u00e9 Rusko, Ukrajina, \u0160v\u00fdcarsko).<\/li>\n<li>Listina z\u00e1kladn\u00edch pr\u00e1v Evropsk\u00e9 unie. Byla podeps\u00e1na 7. prosince 2000, pr\u00e1vn\u00ed z\u00e1vaznost ale z\u00edskala a\u017e pozd\u011bji spole\u010dn\u011b s Lisabonskou smlouvou. Plat\u00ed pro v\u0161echny org\u00e1ny a jin\u00e9 subjekty Evropsk\u00e9 unie. \u010clensk\u00e9 st\u00e1ty Evropsk\u00e9 unie jsou j\u00ed v\u00e1z\u00e1ny pouze v situac\u00edch, kdy uplat\u0148uj\u00ed pr\u00e1vo Evropsk\u00e9 unie.<\/li>\n<\/ul>\n\t\t\t\t\t\t<\/div>\n\t\t\t\t<\/div>\n\t\t\t\t<div class=\"elementor-element elementor-element-5d2b73a elementor-widget elementor-widget-heading\" data-id=\"5d2b73a\" data-element_type=\"widget\" data-widget_type=\"heading.default\">\n\t\t\t\t<div class=\"elementor-widget-container\">\n\t\t\t<h3 class=\"elementor-heading-title elementor-size-default\">Pro\u010d EU pot\u0159ebuje \u201ekatalog hodnot\u201c?\n<\/h3>\t\t<\/div>\n\t\t\t\t<\/div>\n\t\t\t\t<div class=\"elementor-element elementor-element-5b87e78 elementor-widget elementor-widget-text-editor\" data-id=\"5b87e78\" data-element_type=\"widget\" data-widget_type=\"text-editor.default\">\n\t\t\t\t<div class=\"elementor-widget-container\">\n\t\t\t\t\t\t\t<p>Odkaz na obecn\u011b platn\u00e9 hodnoty a z\u00e1kladn\u00ed pr\u00e1va ve smlouv\u00e1ch Spole\u010denstv\u00ed nen\u00ed ani samoz\u0159ejmost\u00ed, ani nebyl p\u016fvodn\u011b zam\u00fd\u0161len: Jedinou hodnotou, kter\u00e1 byla zm\u00edn\u011bna ji\u017e v \u010dl\u00e1nku 7 Smlouvy o Evropsk\u00e9m hospod\u00e1\u0159sk\u00e9m spole\u010denstv\u00ed (EHS) z roku 1957, je z\u00e1kaz diskriminace na z\u00e1klad\u011b st\u00e1tn\u00ed p\u0159\u00edslu\u0161nosti. Pro\u010d zrovna tento? EHS p\u0159edstavovalo \u010dist\u011b ekonomick\u00e9 spole\u010denstv\u00ed. K dosa\u017een\u00ed sv\u00fdch c\u00edl\u016f \u2013 vytvo\u0159en\u00ed celn\u00ed unie a spole\u010dn\u00e9ho vnit\u0159n\u00edho trhu \u2013 bylo v prvn\u00ed \u0159ad\u011b nutn\u00e9 vz\u00e1jemn\u00e9 uzn\u00e1n\u00ed jako obchodn\u00edch partner\u016f, kte\u0159\u00ed navz\u00e1jem obchoduj\u00ed za stejn\u00fdch podm\u00ednek a nediskriminuj\u00ed se jednostrann\u011b (kr\u00e1tce po druh\u00e9 sv\u011btov\u00e9 v\u00e1lce to byla ohromn\u00e1 v\u00fdzva \u2013 koneckonc\u016f, z\u00fa\u010dastn\u011bn\u00e9 st\u00e1ty byly tehdy je\u0161t\u011b p\u0159ed 10 lety ve v\u00e1lce protivn\u00edky). U t\u00e9to mezin\u00e1rodn\u00ed smlouvy mezi suver\u00e9nn\u00edmi st\u00e1ty nebyla ani pot\u0159eba solidarity nebo demokracie \u2013 spolupr\u00e1ce m\u011bla prim\u00e1rn\u011b odstra\u0148ovat p\u0159ek\u00e1\u017eky v obchodu, nem\u011bla vytv\u00e1\u0159et politick\u00e9 spole\u010denstv\u00ed s dopady na pr\u00e1va a povinnosti ob\u010dan\u016f ve smluvn\u00edch st\u00e1tech.  <\/p>\n<p>Teprve o 45 let pozd\u011bji, s Maastrichtskou smlouvou o Evropsk\u00e9 unii z roku 1992, byl formulov\u00e1n po\u017eadavek demokracie (\u010dl\u00e1nek F Smlouvy o EU), ale jeho c\u00edlem byla pouze demokracie ve vl\u00e1dn\u00edch syst\u00e9mech \u010dlensk\u00fdch st\u00e1t\u016f. EU se nav\u00edc poprv\u00e9 zav\u00e1zala k dodr\u017eov\u00e1n\u00ed z\u00e1kladn\u00edch pr\u00e1v obsa\u017een\u00fdch v \u00fastav\u00e1ch \u010dlensk\u00fdch st\u00e1t\u016f a v E\u00daLP. Spolupr\u00e1ce mezi \u010dlensk\u00fdmi st\u00e1ty EU se zintenzivnila a rozhodnut\u00ed p\u0159ij\u00edman\u00e1 spole\u010dn\u011b m\u011bla dopad na lidi ve st\u00e1le v\u00edce oblastech \u017eivota. To v\u0161ak tak\u00e9 zv\u00fd\u0161ilo po\u017eadavky na politiku EU, aby se \u0159\u00eddila stejn\u00fdmi demokratick\u00fdmi a \u00fastavn\u00edmi standardy, jak\u00e9 platily pro \u010dlensk\u00e9 st\u00e1ty.   <\/p>\n<p>V dal\u0161\u00edch zm\u011bn\u00e1ch Smlouvy o EU byly z\u00e1vazn\u00e9 hodnoty EU postupn\u011b roz\u0161i\u0159ov\u00e1ny a\u017e do sou\u010dasn\u00e9 verze. Z\u00e1sada, \u017ee \u010dinnost org\u00e1n\u016f EU a rozhodovac\u00ed procesy evropsk\u00e9 politiky budou vych\u00e1zet z demokratick\u00fdch a \u00fastavn\u00edch princip\u016f, byla do Smlouvy o EU p\u0159id\u00e1na v roce 1997.<\/p>\n\t\t\t\t\t\t<\/div>\n\t\t\t\t<\/div>\n\t\t\t\t<div class=\"elementor-element elementor-element-b69d638 ueberschrift2 elementor-widget elementor-widget-heading\" data-id=\"b69d638\" data-element_type=\"widget\" data-widget_type=\"heading.default\">\n\t\t\t\t<div class=\"elementor-widget-container\">\n\t\t\t<h2 class=\"elementor-heading-title elementor-size-default\">Odkazy<\/h2>\t\t<\/div>\n\t\t\t\t<\/div>\n\t\t\t\t<div class=\"elementor-element elementor-element-c0f18da bulletlist elementor-widget elementor-widget-text-editor\" data-id=\"c0f18da\" data-element_type=\"widget\" data-widget_type=\"text-editor.default\">\n\t\t\t\t<div class=\"elementor-widget-container\">\n\t\t\t\t\t\t\t<ul>\n<li>Evropa \u2013 M\u00edsto, my\u0161lenka, spole\u010denstv\u00ed? | V rozhovoru | Hv\u011bzdn\u00e9 hodiny filozofie | SRF Kultur; politologov\u00e9 Frank Schimmelfennig a Ulrike Gu\u00e9rot v rozhovoru s moder\u00e1torkou Barbarou Bleisch <a href=\"https:\/\/www.youtube.com\/watch?v=IZ9E0EK5L7I\" target=\"_blank\" rel=\"noopener\">https:\/\/www.youtube.com\/watch?v=IZ9E0EK5L7I<\/a><\/li>\n<li>V\u00edce o spole\u010dn\u00e9m d\u011bdictv\u00ed Evropy najdete na str\u00e1nk\u00e1ch Europa Nostra <a href=\"https:\/\/www.europanostra.org\/\" target=\"_blank\" rel=\"noopener\">https:\/\/www.europanostra.org\/<\/a>nebo sb\u00edrky EUROPEANA <a href=\"https:\/\/www.europeana.eu\/en\/collections\" target=\"_blank\" rel=\"noopener\">https:\/\/www.europeana.eu\/en\/collections<\/a><\/li>\n<li>Informace EU ke kulturn\u00edmu d\u011bdictv\u00ed Evropy: <a href=\"https:\/\/ec.europa.eu\/culture\/cultural-heritage\" target=\"_blank\" rel=\"noopener\">https:\/\/ec.europa.eu\/culture\/cultural-heritage<\/a><\/li>\n<\/ul>\n\t\t\t\t\t\t<\/div>\n\t\t\t\t<\/div>\n\t\t\t\t\t<\/div>\n\t\t<\/div>\n\t\t\t\t\t<\/div>\n\t\t<\/section>\n\t\t\t\t<\/div>\n\t\t","protected":false},"excerpt":{"rendered":"<p>Katalog hodnot Informace Aktu\u00e1lnost debaty Ve 14 z 27 \u010dlensk\u00fdch st\u00e1t\u016f EU jsou v parlamentech zastoupeny pravicov\u011b populistick\u00e9 a nacion\u00e1ln\u011b konzervativn\u00ed strany, v \u0161esti z nich v sou\u010dasnosti sestavily vl\u00e1du, pop\u0159. jsou v n\u00ed zastoupeny jako koali\u010dn\u00ed partne\u0159i. S d\u016fsledky pro spole\u010dnosti v t\u011bchto zem\u00edch: Spole\u010densky kulturn\u00ed ve\u0159ejnost se v t\u011bchto zem\u00edch prom\u011b\u0148uje, p\u0159ib\u00fdv\u00e1 nesn\u00e1\u0161enlivosti [&hellip;]<\/p>\n","protected":false},"author":1,"featured_media":0,"parent":5240,"menu_order":0,"comment_status":"closed","ping_status":"closed","template":"","meta":{"_acf_changed":false,"footnotes":""},"class_list":["post-5259","page","type-page","status-publish","hentry"],"acf":[],"_links":{"self":[{"href":"https:\/\/euwww.eu\/cs\/wp-json\/wp\/v2\/pages\/5259","targetHints":{"allow":["GET"]}}],"collection":[{"href":"https:\/\/euwww.eu\/cs\/wp-json\/wp\/v2\/pages"}],"about":[{"href":"https:\/\/euwww.eu\/cs\/wp-json\/wp\/v2\/types\/page"}],"author":[{"embeddable":true,"href":"https:\/\/euwww.eu\/cs\/wp-json\/wp\/v2\/users\/1"}],"replies":[{"embeddable":true,"href":"https:\/\/euwww.eu\/cs\/wp-json\/wp\/v2\/comments?post=5259"}],"version-history":[{"count":5,"href":"https:\/\/euwww.eu\/cs\/wp-json\/wp\/v2\/pages\/5259\/revisions"}],"predecessor-version":[{"id":5266,"href":"https:\/\/euwww.eu\/cs\/wp-json\/wp\/v2\/pages\/5259\/revisions\/5266"}],"up":[{"embeddable":true,"href":"https:\/\/euwww.eu\/cs\/wp-json\/wp\/v2\/pages\/5240"}],"wp:attachment":[{"href":"https:\/\/euwww.eu\/cs\/wp-json\/wp\/v2\/media?parent=5259"}],"curies":[{"name":"wp","href":"https:\/\/api.w.org\/{rel}","templated":true}]}}