
{"id":5273,"date":"2021-03-26T14:33:47","date_gmt":"2021-03-26T13:33:47","guid":{"rendered":"https:\/\/euwww.eu\/obecne-informace-kazdodenni-hodnoty\/"},"modified":"2021-11-12T15:03:39","modified_gmt":"2021-11-12T14:03:39","slug":"obecne-informace-kazdodenni-hodnoty","status":"publish","type":"page","link":"https:\/\/euwww.eu\/cs\/hodnoty-v-kazdodennim-zivote\/obecne-informace-kazdodenni-hodnoty\/","title":{"rendered":"Obecn\u00e9 informace Ka\u017edodenn\u00ed hodnoty"},"content":{"rendered":"\t\t<div data-elementor-type=\"wp-page\" data-elementor-id=\"5273\" class=\"elementor elementor-5273 elementor-2204\" data-elementor-post-type=\"page\">\n\t\t\t\t\t\t<section class=\"elementor-section elementor-top-section elementor-element elementor-element-e1331f4 elementor-section-full_width elementor-section-content-middle elementor-section-height-default elementor-section-height-default\" data-id=\"e1331f4\" data-element_type=\"section\">\n\t\t\t\t\t\t<div class=\"elementor-container elementor-column-gap-default\">\n\t\t\t\t\t<div class=\"elementor-column elementor-col-100 elementor-top-column elementor-element elementor-element-f22a50c linkcolor\" data-id=\"f22a50c\" data-element_type=\"column\">\n\t\t\t<div class=\"elementor-widget-wrap elementor-element-populated\">\n\t\t\t\t\t\t<div class=\"elementor-element elementor-element-8ca4bbf elementor-cta--skin-cover elementor-cta--valign-middle elementor-widget elementor-widget-call-to-action\" data-id=\"8ca4bbf\" data-element_type=\"widget\" data-widget_type=\"call-to-action.default\">\n\t\t\t\t<div class=\"elementor-widget-container\">\n\t\t\t\t\t<div class=\"elementor-cta\" data-e-bg-lazyload=\".elementor-bg\">\n\t\t\t\t\t<div class=\"elementor-cta__bg-wrapper\">\n\t\t\t\t<div class=\"elementor-cta__bg elementor-bg\" style=\"background-image: var(--e-bg-lazyload-loaded); --e-bg-lazyload: url(https:\/\/euwww.eu\/wp-content\/uploads\/Hintergrund-2.jpg);\" role=\"img\" aria-label=\"Hintergrund-2\"><\/div>\n\t\t\t\t<div class=\"elementor-cta__bg-overlay\"><\/div>\n\t\t\t<\/div>\n\t\t\t\t\t\t\t<div class=\"elementor-cta__content\">\n\t\t\t\t\n\t\t\t\t\t\t\t\t\t<h1 class=\"elementor-cta__title elementor-cta__content-item elementor-content-item\">\n\t\t\t\t\t\tHodnoty v ka\u017edodenn\u00edm \u017eivot\u011b\t\t\t\t\t<\/h1>\n\t\t\t\t\n\t\t\t\t\n\t\t\t\t\t\t\t<\/div>\n\t\t\t\t\t\t\t<div class=\"elementor-ribbon elementor-ribbon-left\">\n\t\t\t\t<div class=\"elementor-ribbon-inner\">Informace<\/div>\n\t\t\t<\/div>\n\t\t\t\t<\/div>\n\t\t\t\t<\/div>\n\t\t\t\t<\/div>\n\t\t\t\t\t<\/div>\n\t\t<\/div>\n\t\t\t\t\t<\/div>\n\t\t<\/section>\n\t\t\t\t<section class=\"elementor-section elementor-top-section elementor-element elementor-element-cfafe6a elementor-section-boxed elementor-section-height-default elementor-section-height-default\" data-id=\"cfafe6a\" data-element_type=\"section\">\n\t\t\t\t\t\t<div class=\"elementor-container elementor-column-gap-default\">\n\t\t\t\t\t<div class=\"elementor-column elementor-col-100 elementor-top-column elementor-element elementor-element-292c8c0 linkcolor\" data-id=\"292c8c0\" data-element_type=\"column\">\n\t\t\t<div class=\"elementor-widget-wrap elementor-element-populated\">\n\t\t\t\t\t\t<div class=\"elementor-element elementor-element-3e87e5b ueberschrift2 elementor-widget elementor-widget-heading\" data-id=\"3e87e5b\" data-element_type=\"widget\" data-widget_type=\"heading.default\">\n\t\t\t\t<div class=\"elementor-widget-container\">\n\t\t\t<h2 class=\"elementor-heading-title elementor-size-default\">K aktu\u00e1lnosti t\u00e9matu<\/h2>\t\t<\/div>\n\t\t\t\t<\/div>\n\t\t\t\t<div class=\"elementor-element elementor-element-32935be bulletlist elementor-widget elementor-widget-text-editor\" data-id=\"32935be\" data-element_type=\"widget\" data-widget_type=\"text-editor.default\">\n\t\t\t\t<div class=\"elementor-widget-container\">\n\t\t\t\t\t\t\t<ul>\n<li>Koronovou krizi doprov\u00e1z\u00ed mohutn\u00e1 vlna nepravdiv\u00fdch a zav\u00e1d\u011bj\u00edc\u00edch zpr\u00e1v. Konspira\u010dn\u00ed teorie a zdrav\u00ed \u0161kodliv\u00e9 l\u00e9\u010debn\u00e9 metody se masov\u011b \u0161\u00ed\u0159\u00ed internetem (v Belgii se po nepravdiv\u00fdch informac\u00edch na internetu, \u017ee b\u011bl\u00edc\u00ed prost\u0159edky pom\u00e1haj\u00ed proti onemocn\u011bn\u00ed COVID-19, ud\u00e1lo o 15 % v\u00edce nehod zp\u016fsoben\u00fdch b\u011blidly na b\u00e1zi chl\u00f3ru ne\u017e p\u0159ed epidemi\u00ed koronaviru). Internet nen\u00ed \u2013 p\u0159inejmen\u0161\u00edm v Evrop\u011b \u2013 nijak omezov\u00e1n, tak\u017ee by EU mohla velice dob\u0159e spole\u010dn\u011b postupovat proti dezinformac\u00edm.<img decoding=\"async\" class=\"size-full wp-image-2498 alignright\" src=\"https:\/\/euwww.eu\/wp-content\/uploads\/www25.jpg\" alt=\"\" width=\"173\" height=\"75\"><\/li>\n<li>\u0160okuj\u00edc\u00ed z\u00e1b\u011bry z p\u0159elidn\u011bn\u00fdch uprchlick\u00fdch t\u00e1bor\u016f na \u0159eck\u00e9m ostrov\u011b Lesbos sice vzbuzuj\u00ed hromadn\u011b rozpaky a soucitn\u00e1 prohl\u00e1\u0161en\u00ed politik\u016f. Vl\u00e1dy \u010dlensk\u00fdch st\u00e1t\u016f se v\u0161ak st\u00e1le nedok\u00e1zaly dohodnout na solid\u00e1rn\u00edm p\u0159erozd\u011blen\u00ed uprchl\u00edk\u016f p\u0159ich\u00e1zej\u00edc\u00edch na vn\u011bj\u0161\u00ed hranici EU. V EU solidarita \u010dasto kon\u010d\u00ed na hranici st\u00e1t\u016f.<\/li>\n<\/ul>\n\t\t\t\t\t\t<\/div>\n\t\t\t\t<\/div>\n\t\t\t\t<div class=\"elementor-element elementor-element-a13dcca ueberschrift2 elementor-widget elementor-widget-heading\" data-id=\"a13dcca\" data-element_type=\"widget\" data-widget_type=\"heading.default\">\n\t\t\t\t<div class=\"elementor-widget-container\">\n\t\t\t<h2 class=\"elementor-heading-title elementor-size-default\">\u00davodn\u00ed informace\n<\/h2>\t\t<\/div>\n\t\t\t\t<\/div>\n\t\t\t\t<div class=\"elementor-element elementor-element-07da160 elementor-widget elementor-widget-heading\" data-id=\"07da160\" data-element_type=\"widget\" data-widget_type=\"heading.default\">\n\t\t\t\t<div class=\"elementor-widget-container\">\n\t\t\t<h3 class=\"elementor-heading-title elementor-size-default\">Solidarita v r\u00e1mci EU<\/h3>\t\t<\/div>\n\t\t\t\t<\/div>\n\t\t\t\t<div class=\"elementor-element elementor-element-4e81d09 elementor-widget elementor-widget-text-editor\" data-id=\"4e81d09\" data-element_type=\"widget\" data-widget_type=\"text-editor.default\">\n\t\t\t\t<div class=\"elementor-widget-container\">\n\t\t\t\t\t\t\t<p>\u010clensk\u00e9 st\u00e1ty EU jsou povinny vz\u00e1jemn\u011b solid\u00e1rn\u011b spolupracovat (\u010dl\u00e1nek 2 SEU). Existuje dokonce zvl\u00e1\u0161tn\u00ed dolo\u017eka solidarity, kter\u00e1 vy\u017eaduje vz\u00e1jemnou pomoc v p\u0159\u00edpad\u011b teroristick\u00fdch \u00fatok\u016f, p\u0159\u00edrodn\u00edch katastrof a katastrof zp\u016fsoben\u00fdch \u010dlov\u011bkem (\u010dl\u00e1nek 222 Smlouvy o fungov\u00e1n\u00ed Evropsk\u00e9 unie, SFEU). Tato dolo\u017eka byla od roku 2002 dopln\u011bna Fondem solidarity EU, kter\u00fd poskytuje finan\u010dn\u00ed pomoc v p\u0159\u00edpad\u011b p\u0159\u00edrodn\u00edch katastrof. Jeho rozpo\u010det je v\u0161ak pom\u011brn\u011b omezen\u00fd.<\/p>\n<ul>\n<li>Solid\u00e1rn\u00ed finan\u010dn\u00ed podpora je ve v\u011bt\u0161\u00edm rozsahu poskytov\u00e1na prost\u0159ednictv\u00edm r\u016fzn\u00fdch struktur\u00e1ln\u00edch fond\u016f EU: Evropsk\u00fd fond pro region\u00e1ln\u00ed rozvoj (EFRR)\n<ul>\n<li>Finan\u010dn\u00ed podpora p\u0159i struktur\u00e1ln\u00edch zm\u011bn\u00e1ch v pr\u016fmyslu<\/li>\n<\/ul>\n<\/li>\n<li>Fond soudr\u017enosti\n<ul>\n<li>Finan\u010dn\u00ed podpora opat\u0159en\u00ed v oblasti \u017eivotn\u00edho prost\u0159ed\u00ed, transevropsk\u00fdch s\u00edt\u00ed<\/li>\n<\/ul>\n<\/li>\n<li>Evropsk\u00fd soci\u00e1ln\u00ed fond ESF+\n<ul>\n<li>Zlep\u0161en\u00ed pracovn\u00edch p\u0159\u00edle\u017eitost\u00ed pro mlad\u00e9 a pracovn\u00edky na vnit\u0159n\u00edm trhu<\/li>\n<\/ul>\n<\/li>\n<\/ul>\n\t\t\t\t\t\t<\/div>\n\t\t\t\t<\/div>\n\t\t\t\t<div class=\"elementor-element elementor-element-22e3350 elementor-widget elementor-widget-heading\" data-id=\"22e3350\" data-element_type=\"widget\" data-widget_type=\"heading.default\">\n\t\t\t\t<div class=\"elementor-widget-container\">\n\t\t\t<h3 class=\"elementor-heading-title elementor-size-default\">P\u0159\u00edklady projekt\u016f financovan\u00fdch z Evropsk\u00e9ho soci\u00e1ln\u00edho fondu:<\/h3>\t\t<\/div>\n\t\t\t\t<\/div>\n\t\t\t\t<div class=\"elementor-element elementor-element-0827e06 bulletlist elementor-widget elementor-widget-text-editor\" data-id=\"0827e06\" data-element_type=\"widget\" data-widget_type=\"text-editor.default\">\n\t\t\t\t<div class=\"elementor-widget-container\">\n\t\t\t\t\t\t\t<ul>\n<li>\u201eScience and Education for Smart Growth\u201c: Projekt v Bulharsku pom\u00e1h\u00e1 d\u011btem, kter\u00e9 jsou posti\u017eeny soci\u00e1ln\u00edm vylou\u010den\u00edm nebo jim hroz\u00ed toto vylou\u010den\u00ed, proto\u017ee nemluv\u00ed bulharsky. V t\u00e9m\u011b\u0159 2 000 mate\u0159sk\u00fdch \u0161kol\u00e1ch je celkov\u011b 55 000 d\u011btem umo\u017en\u011bno l\u00e9pe se integrovat s pomoc\u00ed jazykov\u00e9ho vzd\u011bl\u00e1v\u00e1n\u00ed.<\/li>\n<li>\u201eTer\u00e9nn\u00ed soci\u00e1ln\u00ed pr\u00e1ce v obc\u00edch I\u201c: Tento projekt pom\u00e1h\u00e1 Rom\u016fm na Slovensku, nap\u0159\u00edklad v \u010cakanovc\u00edch, p\u0159ekonat jazykov\u00e9 a kulturn\u00ed bari\u00e9ry a naj\u00edt si pr\u00e1ci.<img decoding=\"async\" class=\"size-full wp-image-2521 alignright\" src=\"https:\/\/euwww.eu\/wp-content\/uploads\/www26.jpg\" alt=\"\" width=\"244\" height=\"162\"> D\u011btem je poskytov\u00e1na podpora, aby dos\u00e1hly co nejlep\u0161\u00edho vzd\u011bl\u00e1n\u00ed.<\/li>\n<li>V bulharsk\u00e9 obci Sliven je projekt zam\u011b\u0159en na p\u00e9\u010di a podporu star\u0161\u00edch nebo zdravotn\u011b posti\u017een\u00fdch osob. C\u00edlem je v\u00fdrazn\u011b zlep\u0161it kvalitu \u017eivota t\u011bchto pacient\u016f. Celkem v\u00edce ne\u017e 300 osob je podporov\u00e1no v\u00edce ne\u017e 100 kvalifikovan\u00fdmi odborn\u00edky.  <\/li>\n<\/ul>\n\t\t\t\t\t\t<\/div>\n\t\t\t\t<\/div>\n\t\t\t\t<div class=\"elementor-element elementor-element-109ad9b elementor-widget elementor-widget-heading\" data-id=\"109ad9b\" data-element_type=\"widget\" data-widget_type=\"heading.default\">\n\t\t\t\t<div class=\"elementor-widget-container\">\n\t\t\t<h3 class=\"elementor-heading-title elementor-size-default\">Hranice solidarity<\/h3>\t\t<\/div>\n\t\t\t\t<\/div>\n\t\t\t\t<div class=\"elementor-element elementor-element-8363717 elementor-widget elementor-widget-text-editor\" data-id=\"8363717\" data-element_type=\"widget\" data-widget_type=\"text-editor.default\">\n\t\t\t\t<div class=\"elementor-widget-container\">\n\t\t\t\t\t\t\t<p>Vz\u00e1sad\u011b podle \u010dl. 80 SFEU plat\u00ed pro politiku unie v oblasti hrani\u010dn\u00edch kontrol, azylu a p\u0159ist\u011bhovalectv\u00ed \u201ez\u00e1sada solidarity a spravedliv\u00e9ho rozd\u011blen\u00ed odpov\u011bdnosti mezi \u010dlensk\u00fdmi st\u00e1ty\u201c. Z prob\u00edhaj\u00edc\u00ed diskuse o p\u0159erozd\u011blov\u00e1n\u00ed uprchl\u00edk\u016f mezi \u010dlensk\u00fdmi st\u00e1ty v\u00edme, jak obt\u00ed\u017en\u011b je s takovouto formou solidarity nakl\u00e1d\u00e1no. Neblah\u00e9 d\u016fsledky pak m\u016f\u017eeme vid\u011bt nap\u0159\u00edklad v \u0158ecku: Je zahlcen\u00e9 a nezvl\u00e1d\u00e1 poskytnout v\u0161em uprchl\u00edk\u016fm p\u0159\u00edst\u0159e\u0161\u00ed v t\u00e1borech a ubytovn\u00e1ch. I kdy\u017e z EU plynou pen\u00edze na vybudov\u00e1n\u00ed t\u011bchto t\u00e1bor\u016f, finan\u010dn\u00ed podpora sama o sob\u011b nesta\u010d\u00ed. Jen m\u00e1lo zem\u00ed souhlasilo s p\u0159ijet\u00edm uprchl\u00edk\u016f po po\u017e\u00e1ru v t\u00e1bo\u0159e Moria. Jedn\u00e1 se o nejtypi\u010dt\u011bj\u0161\u00ed p\u0159\u00edklad toho, \u017ee panuje velk\u00fd rozd\u00edl mezi p\u0159\u00e1n\u00edm a realitou, pokud jde o \u201eevropskou solidaritu&#8221;.<\/p>\t\t\t\t\t\t<\/div>\n\t\t\t\t<\/div>\n\t\t\t\t<div class=\"elementor-element elementor-element-5bbd46a ueberschrift2 elementor-widget elementor-widget-heading\" data-id=\"5bbd46a\" data-element_type=\"widget\" data-widget_type=\"heading.default\">\n\t\t\t\t<div class=\"elementor-widget-container\">\n\t\t\t<h2 class=\"elementor-heading-title elementor-size-default\">Ochrana demokracie a svobody projevu\n<\/h2>\t\t<\/div>\n\t\t\t\t<\/div>\n\t\t\t\t<div class=\"elementor-element elementor-element-495d710 elementor-widget elementor-widget-heading\" data-id=\"495d710\" data-element_type=\"widget\" data-widget_type=\"heading.default\">\n\t\t\t\t<div class=\"elementor-widget-container\">\n\t\t\t<h3 class=\"elementor-heading-title elementor-size-default\">Spolu proti dezinformac\u00edm a erozi na\u0161eho rozmanit\u00e9ho medi\u00e1ln\u00edho prost\u0159ed\u00ed<\/h3>\t\t<\/div>\n\t\t\t\t<\/div>\n\t\t\t\t<div class=\"elementor-element elementor-element-adb7904 bulletlist elementor-widget elementor-widget-text-editor\" data-id=\"adb7904\" data-element_type=\"widget\" data-widget_type=\"text-editor.default\">\n\t\t\t\t<div class=\"elementor-widget-container\">\n\t\t\t\t\t\t\t<p>Kampa\u0148 kolem brexitu Spojen\u00e9ho kr\u00e1lovstv\u00ed a tak\u00e9 politick\u00fd v\u00fdvoj v Ma\u010farsku ukazuj\u00ed, jak je pro demokratick\u00e9 spole\u010dnosti nesm\u00edrn\u011b d\u016fle\u017eit\u00e9 rozmanit\u00e9, pluralitn\u00ed medi\u00e1ln\u00edm prost\u0159ed\u00ed s nez\u00e1visl\u00fdmi m\u00e9dii. Pokud v ti\u0161t\u011bn\u00fdch, rozhlasov\u00fdch nebo televizn\u00edch a soci\u00e1ln\u00edch m\u00e9di\u00edch chyb\u00ed r\u016fznost n\u00e1zor\u016f a pohled\u016f na politiku a spole\u010dnost, ob\u010dan\u00e9 ztr\u00e1cej\u00ed v\u00fdznamnou kontrolu nad t\u011bmi, kdo maj\u00ed moc, a populist\u00e9 to pak maj\u00ed v prosazov\u00e1n\u00ed kontroly n\u00e1zor\u016f velmi snadn\u00e9. <\/p>\n<p>Co proti tomu m\u016f\u017ee EU podniknout?<\/p>\n<ul>\n<li>Org\u00e1ny pro hospod\u00e1\u0159skou sout\u011b\u017e EU mohou zajistit, aby bylo zabr\u00e1n\u011bno tvorb\u011b kartel\u016f v oblasti m\u00e9di\u00ed s p\u0159\u00edli\u0161 velk\u00fdm vlivem na ve\u0159ejn\u00e9 m\u00edn\u011bn\u00ed. Op\u00edraj\u00ed se v\u0161ak o spolupr\u00e1ci s n\u00e1rodn\u00edmi org\u00e1ny pro hospod\u00e1\u0159skou sout\u011b\u017e.<\/li>\n<li>EU se rozhodla aktivn\u011bji podporovat evropsk\u00e9 ov\u011b\u0159ovatele fakt\u016f a vy\u0161et\u0159ovatele. Ned\u00e1vno z\u0159\u00edzen\u00e9 Evropsk\u00e9 st\u0159edisko pro sledov\u00e1n\u00ed digit\u00e1ln\u00edch m\u00e9di\u00ed p\u0159isp\u00edv\u00e1 k pochopen\u00ed \u00fa\u010dastn\u00edk\u016f, faktor\u016f, n\u00e1stroj\u016f, metod, dynamiky, priorit a d\u016fsledk\u016f dezinformac\u00ed na spole\u010dnost. M\u011bla by se st\u00e1t evropsk\u00fdm centrem boje proti online dezinformac\u00edm. <img decoding=\"async\" class=\"size-full wp-image-2552 alignleft\" src=\"https:\/\/euwww.eu\/wp-content\/uploads\/www28.jpg\" alt=\"\" width=\"197\" height=\"86\">Dal\u0161\u00ed informace o \u010dinnostech EU v boji proti dezinformac\u00edm najdete na domovsk\u00e9 str\u00e1nce <a href=\"https:\/\/www.disinfo.eu\/resources\/eu-actions\" target=\"_blank\" rel=\"noopener\"><span style=\"text-decoration: underline;\"><strong>laborato\u0159e EU DISINFO<\/strong><\/span><\/a><\/li>\n<\/ul>\n\t\t\t\t\t\t<\/div>\n\t\t\t\t<\/div>\n\t\t\t\t<div class=\"elementor-element elementor-element-58c2cae elementor-widget elementor-widget-image\" data-id=\"58c2cae\" data-element_type=\"widget\" data-widget_type=\"image.default\">\n\t\t\t\t<div class=\"elementor-widget-container\">\n\t\t\t\t\t\t\t\t\t\t<figure class=\"wp-caption\">\n\t\t\t\t\t\t\t\t\t\t\t<a href=\"https:\/\/euwww.eu\/wp-content\/uploads\/www29.jpg\" data-elementor-open-lightbox=\"yes\" data-e-action-hash=\"#elementor-action%3Aaction%3Dlightbox%26settings%3DeyJpZCI6NTI3NSwidXJsIjoiaHR0cHM6XC9cL2V1d3d3LmV1XC93cC1jb250ZW50XC91cGxvYWRzXC93d3cyOS5qcGcifQ%3D%3D\">\n\t\t\t\t\t\t\t<img loading=\"lazy\" decoding=\"async\" width=\"268\" height=\"176\" src=\"https:\/\/euwww.eu\/wp-content\/uploads\/www29.jpg\" class=\"attachment-full size-full wp-image-5275\" alt=\"\" \/>\t\t\t\t\t\t\t\t<\/a>\n\t\t\t\t\t\t\t\t\t\t\t<figcaption class=\"widget-image-caption wp-caption-text\">P\u0159\u00edsp\u011bvek ozna\u010den\u00fd jako dezinformace na Instagramu \n<\/figcaption>\n\t\t\t\t\t\t\t\t\t\t<\/figure>\n\t\t\t\t\t\t\t<\/div>\n\t\t\t\t<\/div>\n\t\t\t\t<div class=\"elementor-element elementor-element-ecb2505 ueberschrift2 elementor-widget elementor-widget-heading\" data-id=\"ecb2505\" data-element_type=\"widget\" data-widget_type=\"heading.default\">\n\t\t\t\t<div class=\"elementor-widget-container\">\n\t\t\t<h2 class=\"elementor-heading-title elementor-size-default\">Odpov\u011bdnost jednotlivce za hodnoty v na\u0161\u00ed spole\u010dnosti\n<\/h2>\t\t<\/div>\n\t\t\t\t<\/div>\n\t\t\t\t<div class=\"elementor-element elementor-element-bbe6dfb elementor-widget elementor-widget-heading\" data-id=\"bbe6dfb\" data-element_type=\"widget\" data-widget_type=\"heading.default\">\n\t\t\t\t<div class=\"elementor-widget-container\">\n\t\t\t<h3 class=\"elementor-heading-title elementor-size-default\">P\u0159\u00edklad whistleblowingu<\/h3>\t\t<\/div>\n\t\t\t\t<\/div>\n\t\t\t\t<div class=\"elementor-element elementor-element-14e7b4e elementor-widget elementor-widget-text-editor\" data-id=\"14e7b4e\" data-element_type=\"widget\" data-widget_type=\"text-editor.default\">\n\t\t\t\t<div class=\"elementor-widget-container\">\n\t\t\t\t\t\t\t<p>N\u00e1zory na Juliana Assangea a Edwarda Snowdena se li\u0161\u00ed \u2013 pro n\u011bkter\u00e9 jsou hrdiny v boji za transparentnost a kontrolu, pro jin\u00e9 t\u011bmi, kte\u0159\u00ed poru\u0161ili pravidlo zachov\u00e1v\u00e1n\u00ed ml\u010denlivosti. V roce 2019 se EU rozhodla umo\u017enit oznamovatel\u016fm v cel\u00e9 unii p\u0159ed\u00e1vat informace jak v r\u00e1mci spole\u010dnost\u00ed, tak org\u00e1n\u016fm prost\u0159ednictv\u00edm zabezpe\u010den\u00fdch kan\u00e1l\u016f. To plat\u00ed pro oblasti, jako je pran\u00ed \u0161pinav\u00fdch pen\u011bz, ochrana osobn\u00edch \u00fadaj\u016f a ochrana spot\u0159ebitele a ochrana ve\u0159ejn\u00e9ho zdrav\u00ed. Oznamovatel\u00e9 by nav\u00edc m\u011bli b\u00fdt \u00fa\u010dinn\u011b chr\u00e1n\u011bni p\u0159ed propu\u0161t\u011bn\u00edm, obt\u011b\u017eov\u00e1n\u00edm nebo jin\u00fdmi formami odvetn\u00fdch opat\u0159en\u00ed. \u201eOznamovatel\u00e9 jsou v na\u0161ich spole\u010dnostech nesm\u00edrn\u011b d\u016fle\u017eit\u00ed. Jsou to odv\u00e1\u017en\u00ed lid\u00e9, kte\u0159\u00ed jsou p\u0159ipraveni upozornit na neleg\u00e1ln\u00ed aktivity, aby ochr\u00e1nili ve\u0159ejnost p\u0159ed nez\u00e1konn\u00fdmi \u010diny \u2013 \u010dasto s velk\u00fdm rizikem pro jejich kari\u00e9ru a \u017eivobyt\u00ed\u201c, uvedla m\u00edstop\u0159edsedkyn\u011b a komisa\u0159ka pro hodnoty a transparentnost V\u011bra Jourov\u00e1 v tiskov\u00e9 zpr\u00e1v\u011b Evropsk\u00e9 komise ze dne 16. prosince 2019 u p\u0159\u00edle\u017eitosti vstupu sm\u011brnice o ochran\u011b oznamovatel\u016f v platnost.    <\/p><\/p>\n\t\t\t\t\t\t<\/div>\n\t\t\t\t<\/div>\n\t\t\t\t<div class=\"elementor-element elementor-element-96679a4 ueberschrift2 elementor-widget elementor-widget-heading\" data-id=\"96679a4\" data-element_type=\"widget\" data-widget_type=\"heading.default\">\n\t\t\t\t<div class=\"elementor-widget-container\">\n\t\t\t<h2 class=\"elementor-heading-title elementor-size-default\">Odkazy<\/h2>\t\t<\/div>\n\t\t\t\t<\/div>\n\t\t\t\t<div class=\"elementor-element elementor-element-9a2e93b bulletlist elementor-widget elementor-widget-text-editor\" data-id=\"9a2e93b\" data-element_type=\"widget\" data-widget_type=\"text-editor.default\">\n\t\t\t\t<div class=\"elementor-widget-container\">\n\t\t\t\t\t\t\t<p><strong>Rozpo\u010det EU:<\/strong><\/p>\n<ul>\n<li><a href=\"https:\/\/europa.eu\/european-union\/about-eu\/eu-budget\/expenditure_de\" target=\"_blank\" rel=\"noopener\">https:\/\/europa.eu\/european-union\/about-eu\/eu-budget\/expenditure_de<\/a><\/li>\n<li><a href=\"https:\/\/www.consilium.europa.eu\/de\/policies\/the-eu-budget\/\" target=\"_blank\" rel=\"noopener\">https:\/\/www.consilium.europa.eu\/de\/policies\/the-eu-budget\/<\/a><\/li>\n<li><a href=\"https:\/\/www.augsburg.de\/buergerservice-rathaus\/europa-und-entwicklungszusammenarbeit\/im-fokus\/der-gesamthaushalt-der-eu-2021-2027\" target=\"_blank\" rel=\"noopener\">https:\/\/www.augsburg.de\/buergerservice-rathaus\/europa-und-entwicklungszusammenarbeit\/im-fokus\/der-gesamthaushalt-der-eu-2021-2027<\/a><\/li>\n<li><a href=\"https:\/\/www.europarl.europa.eu\/factsheets\/de\/sheet\/29\/mehrjahriger-finanzrahmen\" target=\"_blank\" rel=\"noopener\">https:\/\/www.europarl.europa.eu\/factsheets\/de\/sheet\/29\/mehrjahriger-finanzrahmen<\/a><\/li>\n<\/ul>\n<p><strong>Whistleblowing:<\/strong><\/p>\n<ul>\n<li><a href=\"https:\/\/ec.europa.eu\/germany\/news\/whistleblower20191216_de\" target=\"_blank\" rel=\"noopener\">https:\/\/ec.europa.eu\/germany\/news\/whistleblower20191216_de<\/a><\/li>\n<\/ul>\n<p><strong>R\u016fznost m\u00e9di\u00ed a n\u00e1zor\u016f:<\/strong><\/p>\n<ul>\n<li><a href=\"https:\/\/ec.europa.eu\/info\/live-work-travel-eu\/coronavirus-response\/fighting-disinformation\/tackling-coronavirus-disinformation_de\" target=\"_blank\" rel=\"noopener\">https:\/\/ec.europa.eu\/info\/live-work-travel-eu\/coronavirus-response\/fighting-disinformation\/tackling-coronavirus-disinformation_de<\/a><\/li>\n<li><a href=\"https:\/\/www.mdr.de\/brisant\/corona-verschwoerungstheorien-100.html\" target=\"_blank\" rel=\"noopener\">https:\/\/www.mdr.de\/brisant\/corona-verschwoerungstheorien-100.html<\/a><\/li>\n<\/ul>\n<p><strong>Voln\u00fd pohyb osob bez v\u00edz:<\/strong><\/p>\n<ul>\n<li><a href=\"https:\/\/reopen.europa.eu\/de\/\" target=\"_blank\" rel=\"noopener\">https:\/\/reopen.europa.eu\/de\/<\/a><\/li>\n<li><a href=\"https:\/\/www.consilium.europa.eu\/de\/policies\/coronavirus\/covid-19-travel-and-transport\/\" target=\"_blank\" rel=\"noopener\">https:\/\/www.consilium.europa.eu\/de\/policies\/coronavirus\/covid-19-travel-and-transport\/<\/a><\/li>\n<\/ul>\n<p><strong>Solidarita a fondy EU:<\/strong><\/p>\n<ul>\n<li><a href=\"https:\/\/ec.europa.eu\/regional_policy\/de\/funding\/\" target=\"_blank\" rel=\"noopener\">https:\/\/ec.europa.eu\/regional_policy\/de\/funding\/<\/a><\/li>\n<li><a href=\"https:\/\/www.bpb.de\/nachschlagen\/lexika\/das-europalexikon\/177288\/struktur-und-kohaesionsfonds-der-eu\" target=\"_blank\" rel=\"noopener\">https:\/\/www.bpb.de\/nachschlagen\/lexika\/das-europalexikon\/177288\/struktur-und-kohaesionsfonds-der-eu<\/a><\/li>\n<li><a href=\"https:\/\/ec.europa.eu\/esf\/\" target=\"_blank\" rel=\"noopener\">https:\/\/ec.europa.eu\/esf\/<\/a><\/li>\n<\/ul>\n<div id=\"a36bb854c610d44-autofill-overlay-host\" class=\"a36bb854c610d44-autofill-overlay-host\" style=\"position: absolute; z-index: 10; top: 0px; left: 0px; width: 0;\">\n<div style=\"display: hidden;\"><\/div>\n<\/div>\n\t\t\t\t\t\t<\/div>\n\t\t\t\t<\/div>\n\t\t\t\t\t<\/div>\n\t\t<\/div>\n\t\t\t\t\t<\/div>\n\t\t<\/section>\n\t\t\t\t<\/div>\n\t\t","protected":false},"excerpt":{"rendered":"<p>Hodnoty v ka\u017edodenn\u00edm \u017eivot\u011b Informace K aktu\u00e1lnosti t\u00e9matu Koronovou krizi doprov\u00e1z\u00ed mohutn\u00e1 vlna nepravdiv\u00fdch a zav\u00e1d\u011bj\u00edc\u00edch zpr\u00e1v. Konspira\u010dn\u00ed teorie a zdrav\u00ed \u0161kodliv\u00e9 l\u00e9\u010debn\u00e9 metody se masov\u011b \u0161\u00ed\u0159\u00ed internetem (v Belgii se po nepravdiv\u00fdch informac\u00edch na internetu, \u017ee b\u011bl\u00edc\u00ed prost\u0159edky pom\u00e1haj\u00ed proti onemocn\u011bn\u00ed COVID-19, ud\u00e1lo o 15 % v\u00edce nehod zp\u016fsoben\u00fdch b\u011blidly na b\u00e1zi chl\u00f3ru ne\u017e [&hellip;]<\/p>\n","protected":false},"author":1,"featured_media":0,"parent":5413,"menu_order":0,"comment_status":"closed","ping_status":"closed","template":"","meta":{"_acf_changed":false,"footnotes":""},"class_list":["post-5273","page","type-page","status-publish","hentry"],"acf":[],"_links":{"self":[{"href":"https:\/\/euwww.eu\/cs\/wp-json\/wp\/v2\/pages\/5273","targetHints":{"allow":["GET"]}}],"collection":[{"href":"https:\/\/euwww.eu\/cs\/wp-json\/wp\/v2\/pages"}],"about":[{"href":"https:\/\/euwww.eu\/cs\/wp-json\/wp\/v2\/types\/page"}],"author":[{"embeddable":true,"href":"https:\/\/euwww.eu\/cs\/wp-json\/wp\/v2\/users\/1"}],"replies":[{"embeddable":true,"href":"https:\/\/euwww.eu\/cs\/wp-json\/wp\/v2\/comments?post=5273"}],"version-history":[{"count":5,"href":"https:\/\/euwww.eu\/cs\/wp-json\/wp\/v2\/pages\/5273\/revisions"}],"predecessor-version":[{"id":5588,"href":"https:\/\/euwww.eu\/cs\/wp-json\/wp\/v2\/pages\/5273\/revisions\/5588"}],"up":[{"embeddable":true,"href":"https:\/\/euwww.eu\/cs\/wp-json\/wp\/v2\/pages\/5413"}],"wp:attachment":[{"href":"https:\/\/euwww.eu\/cs\/wp-json\/wp\/v2\/media?parent=5273"}],"curies":[{"name":"wp","href":"https:\/\/api.w.org\/{rel}","templated":true}]}}