
{"id":5282,"date":"2021-03-26T14:33:58","date_gmt":"2021-03-26T13:33:58","guid":{"rendered":"https:\/\/euwww.eu\/obecne-informace-ocenuji-zivot\/"},"modified":"2021-09-24T18:28:59","modified_gmt":"2021-09-24T16:28:59","slug":"obecne-informace-ocenuji-zivot","status":"publish","type":"page","link":"https:\/\/euwww.eu\/cs\/obecne-informace-ocenuji-zivot\/","title":{"rendered":"Obecn\u00e9 informace oce\u0148uj\u00ed \u017eivot"},"content":{"rendered":"\t\t<div data-elementor-type=\"wp-page\" data-elementor-id=\"5282\" class=\"elementor elementor-5282 elementor-2206\" data-elementor-post-type=\"page\">\n\t\t\t\t\t\t<section class=\"elementor-section elementor-top-section elementor-element elementor-element-4300093 elementor-section-full_width elementor-section-content-middle elementor-section-height-default elementor-section-height-default\" data-id=\"4300093\" data-element_type=\"section\">\n\t\t\t\t\t\t<div class=\"elementor-container elementor-column-gap-default\">\n\t\t\t\t\t<div class=\"elementor-column elementor-col-100 elementor-top-column elementor-element elementor-element-a63646e linkcolor\" data-id=\"a63646e\" data-element_type=\"column\">\n\t\t\t<div class=\"elementor-widget-wrap elementor-element-populated\">\n\t\t\t\t\t\t<div class=\"elementor-element elementor-element-fbc3b2c elementor-cta--skin-cover elementor-cta--valign-middle elementor-widget elementor-widget-call-to-action\" data-id=\"fbc3b2c\" data-element_type=\"widget\" data-widget_type=\"call-to-action.default\">\n\t\t\t\t<div class=\"elementor-widget-container\">\n\t\t\t\t\t<div class=\"elementor-cta\" data-e-bg-lazyload=\".elementor-bg\">\n\t\t\t\t\t<div class=\"elementor-cta__bg-wrapper\">\n\t\t\t\t<div class=\"elementor-cta__bg elementor-bg\" style=\"background-image: var(--e-bg-lazyload-loaded); --e-bg-lazyload: url(https:\/\/euwww.eu\/wp-content\/uploads\/Hintergrund-2.jpg);\" role=\"img\" aria-label=\"Hintergrund-2\"><\/div>\n\t\t\t\t<div class=\"elementor-cta__bg-overlay\"><\/div>\n\t\t\t<\/div>\n\t\t\t\t\t\t\t<div class=\"elementor-cta__content\">\n\t\t\t\t\n\t\t\t\t\t\t\t\t\t<h1 class=\"elementor-cta__title elementor-cta__content-item elementor-content-item\">\n\t\t\t\t\t\tHodnota \u017divot\t\t\t\t\t<\/h1>\n\t\t\t\t\n\t\t\t\t\n\t\t\t\t\t\t\t<\/div>\n\t\t\t\t\t\t\t<div class=\"elementor-ribbon elementor-ribbon-left\">\n\t\t\t\t<div class=\"elementor-ribbon-inner\">Informace<\/div>\n\t\t\t<\/div>\n\t\t\t\t<\/div>\n\t\t\t\t<\/div>\n\t\t\t\t<\/div>\n\t\t\t\t\t<\/div>\n\t\t<\/div>\n\t\t\t\t\t<\/div>\n\t\t<\/section>\n\t\t\t\t<section class=\"elementor-section elementor-top-section elementor-element elementor-element-0bd5a13 elementor-section-boxed elementor-section-height-default elementor-section-height-default\" data-id=\"0bd5a13\" data-element_type=\"section\">\n\t\t\t\t\t\t<div class=\"elementor-container elementor-column-gap-default\">\n\t\t\t\t\t<div class=\"elementor-column elementor-col-100 elementor-top-column elementor-element elementor-element-7e5dd24 linkcolor\" data-id=\"7e5dd24\" data-element_type=\"column\">\n\t\t\t<div class=\"elementor-widget-wrap elementor-element-populated\">\n\t\t\t\t\t\t<div class=\"elementor-element elementor-element-6e80803 ueberschrift2 elementor-widget elementor-widget-heading\" data-id=\"6e80803\" data-element_type=\"widget\" data-widget_type=\"heading.default\">\n\t\t\t\t<div class=\"elementor-widget-container\">\n\t\t\t<h2 class=\"elementor-heading-title elementor-size-default\">Demokracie a hodnoty \u2013 pr\u00e1va a povinnosti pro ka\u017ed\u00e9ho z n\u00e1s<\/h2>\t\t<\/div>\n\t\t\t\t<\/div>\n\t\t\t\t<div class=\"elementor-element elementor-element-a2b3d2a bulletlist elementor-widget elementor-widget-text-editor\" data-id=\"a2b3d2a\" data-element_type=\"widget\" data-widget_type=\"text-editor.default\">\n\t\t\t\t<div class=\"elementor-widget-container\">\n\t\t\t\t\t\t\t<ul>\n<li>Abychom mohli \u017e\u00edt v m\u00edru, mus\u00edme \u0159e\u0161it probl\u00e9my mezi st\u00e1ty pokojn\u011b. Proto vznikla Evropsk\u00e1 unie a j\u00ed p\u0159edch\u00e1zej\u00edc\u00ed organizace. Je tak\u00e9 d\u016fle\u017eit\u00e9, abychom my, lid\u00e9 v EU, chr\u00e1nili na\u0161e svobody a z\u00e1kladn\u00ed pr\u00e1va \u2013 proti hrozb\u00e1m zven\u010d\u00ed, v\u016f\u010di st\u00e1tn\u00ed moci a na\u0161im ob\u010dan\u016fm.<\/li>\n<li>Br\u00e1nit hodnoty, z\u00e1kladn\u00ed pr\u00e1va a demokracii nen\u00ed ale jen \u00fakolem st\u00e1t\u016f EU. Mus\u00ed b\u00fdt \u017eity, respektov\u00e1ny a v p\u0159\u00edpad\u011b pot\u0159eby h\u00e1jeny v\u0161emi ob\u010dany. V ka\u017edodenn\u00edm \u017eivot\u011b v\u011bt\u0161ina p\u0159\u00edpad\u016f diskriminace nespo\u010d\u00edv\u00e1 ve vl\u00e1dn\u00edch nebo unijn\u00edch opat\u0159en\u00edch, ale v chov\u00e1n\u00ed bl\u00edzk\u00fdch v rodin\u00e1ch a okruhu p\u0159\u00e1tel, na pracovi\u0161ti a ve voln\u00e9m \u010dase.<\/li>\n<li>Uv\u011bdomovat si to a \u010delit tomu je \u00fakolem ka\u017ed\u00e9ho z n\u00e1s. Demokracie funguje pouze tehdy, pokud se na n\u00ed pod\u00edl\u00ed ob\u010danky a ob\u010dan\u00e9 \u2013 nejen ve volb\u00e1ch, ale i vyj\u00e1d\u0159en\u00edm sv\u00e9ho n\u00e1zoru, zapojen\u00edm se do rozhodov\u00e1n\u00ed a odv\u00e1\u017en\u00fdm odporem, pokud by byly demokracie nebo jej\u00ed z\u00e1kladn\u00ed hodnoty ohro\u017eeny.<\/li>\n<\/ul>\n\t\t\t\t\t\t<\/div>\n\t\t\t\t<\/div>\n\t\t\t\t<div class=\"elementor-element elementor-element-1b2a08c ueberschrift2 elementor-widget elementor-widget-heading\" data-id=\"1b2a08c\" data-element_type=\"widget\" data-widget_type=\"heading.default\">\n\t\t\t\t<div class=\"elementor-widget-container\">\n\t\t\t<h2 class=\"elementor-heading-title elementor-size-default\">Jednotn\u00ed v rozmanitosti \u2013 \u017e\u00edt spole\u010dn\u011b na z\u00e1klad\u011b spole\u010dn\u00e9ho ch\u00e1p\u00e1n\u00ed hodnot<\/h2>\t\t<\/div>\n\t\t\t\t<\/div>\n\t\t\t\t<div class=\"elementor-element elementor-element-790338d elementor-widget elementor-widget-text-editor\" data-id=\"790338d\" data-element_type=\"widget\" data-widget_type=\"text-editor.default\">\n\t\t\t\t<div class=\"elementor-widget-container\">\n\t\t\t\t\t\t\t<p><em>JEDNOTN\u00cd V ROZMANITOSTI<\/em> zn\u00ed motto Evropsk\u00e9 unie. Proto\u017ee st\u00e1ty a n\u00e1rody Evropy jsou tolik bohat\u00e9 na tradice, historick\u00e9 zku\u0161enosti a kulturu. Rozmanitost je kr\u00e1sn\u00e1 a obohacuj\u00edc\u00ed. Je to v\u0161ak tak\u00e9 v\u00fdzva, pokud jde o p\u0159eshrani\u010dn\u00ed spolupr\u00e1ci, proto\u017ee r\u016fzn\u00e1 historie, tradice a hospod\u00e1\u0159sk\u00e9 \u00fasp\u011bchy tak\u00e9 vedou k mnoha r\u016fzn\u00fdm z\u00e1jm\u016fm. A ty se ne v\u017edy da\u0159\u00ed sladit. To \u010din\u00ed spole\u010dn\u00e1 politick\u00e1 rozhodnut\u00ed na \u00farovni Evropsk\u00e9 unie velmi vzru\u0161uj\u00edc\u00edmi a z\u00e1rove\u0148 pracn\u00fdmi a n\u00e1ro\u010dn\u00fdmi. A na konci \u010dasto b\u00fdvaj\u00ed kompromisy nebo do\u010dasn\u00e1 \u0159e\u0161en\u00ed, kter\u00e1 n\u011bkdy ob\u010dany frustruj\u00ed. Proto\u017ee dosahuj\u00ed pouze \u010d\u00e1st\u00ed toho, co by bylo skute\u010dn\u011b nezbytn\u00e9 a \u00fa\u010deln\u00e9.       <\/p>\n<p>\u010c\u00edm v\u00edce spolu n\u00e1rody Evropsk\u00e9 unie spolupracuj\u00ed, t\u00edm v\u00edce rozhodnut\u00ed mus\u00ed spole\u010dn\u011b p\u0159ij\u00edmat a t\u00edm d\u016fle\u017eit\u011bj\u0161\u00ed je, aby byly hodnoty a z\u00e1sady, kter\u00e9 jsou z\u00e1kladem politiky EU, zcela jasn\u00e9. Abychom jako ob\u010dan\u00e9 EU v\u011bd\u011bli,<\/p>\n\t\t\t\t\t\t<\/div>\n\t\t\t\t<\/div>\n\t\t\t\t<div class=\"elementor-element elementor-element-938c68b bulletlist elementor-widget elementor-widget-text-editor\" data-id=\"938c68b\" data-element_type=\"widget\" data-widget_type=\"text-editor.default\">\n\t\t\t\t<div class=\"elementor-widget-container\">\n\t\t\t\t\t\t\t<ul>\n<li>co n\u00e1s spojuje a d\u011bl\u00e1 Evropany v EU<\/li>\n<li>Na co se m\u016f\u017eeme p\u0159i jedn\u00e1n\u00ed politick\u00fdch instituc\u00ed EU a jejich \u010dlensk\u00fdch st\u00e1t\u016f spolehnout<\/li>\n<li>co m\u016f\u017eeme o\u010dek\u00e1vat od spole\u010denstv\u00ed a ekonomiky<\/li>\n<li>kdy\u017e v\u00fdvoj p\u0159es\u00e1hne \u00fanosnou mez a mus\u00edme my (nebo na\u0161i volen\u00ed z\u00e1stupci) kontrolovan\u011b zas\u00e1hnout.<\/li>\n<\/ul>\n\t\t\t\t\t\t<\/div>\n\t\t\t\t<\/div>\n\t\t\t\t<div class=\"elementor-element elementor-element-df91946 ueberschrift2 elementor-widget elementor-widget-heading\" data-id=\"df91946\" data-element_type=\"widget\" data-widget_type=\"heading.default\">\n\t\t\t\t<div class=\"elementor-widget-container\">\n\t\t\t<h2 class=\"elementor-heading-title elementor-size-default\">Zapojen\u00ed a komunikace \u2013 i v evropsk\u00e9 politice<\/h2>\t\t<\/div>\n\t\t\t\t<\/div>\n\t\t\t\t<div class=\"elementor-element elementor-element-29e85df elementor-widget elementor-widget-image\" data-id=\"29e85df\" data-element_type=\"widget\" data-widget_type=\"image.default\">\n\t\t\t\t<div class=\"elementor-widget-container\">\n\t\t\t\t\t\t\t\t\t\t<figure class=\"wp-caption\">\n\t\t\t\t\t\t\t\t\t\t<img decoding=\"async\" width=\"162\" height=\"121\" src=\"https:\/\/euwww.eu\/wp-content\/uploads\/www31.jpg\" class=\"attachment-full size-full wp-image-5284\" alt=\"\" \/>\t\t\t\t\t\t\t\t\t\t\t<figcaption class=\"widget-image-caption wp-caption-text\">Zdroj: Obr\u00e1zek od <a href=\"https:\/\/pixabay.com\/users\/peggy_marco1553824\/?utm_source=linkattribution&amp;utm_medium=referral&amp;utm_campaign=image&amp;am%20p;utm_content=1002800\">Peggy a Marco Lachmann-Anke<\/a> z <a href=\"https:\/\/pixabay.com\/?utm_source=linkattribution&amp;utm_medium=referral&amp;utm_campaign=image&amp;am%20p;utm_content=1002800\">Pixabay<\/a><\/figcaption>\n\t\t\t\t\t\t\t\t\t\t<\/figure>\n\t\t\t\t\t\t\t<\/div>\n\t\t\t\t<\/div>\n\t\t\t\t<div class=\"elementor-element elementor-element-5fbee54 bulletlist elementor-widget elementor-widget-text-editor\" data-id=\"5fbee54\" data-element_type=\"widget\" data-widget_type=\"text-editor.default\">\n\t\t\t\t<div class=\"elementor-widget-container\">\n\t\t\t\t\t\t\t<p>Jako ob\u010dan\u00e9 EU m\u016f\u017eeme a m\u011bli bychom aktivn\u011b podporovat spole\u010dn\u00e9 hodnoty. A je to jednodu\u0161\u0161\u00ed, ne\u017e si mnoz\u00ed mysl\u00ed:<\/p>\n<ul>\n<li>Tolerance, odm\u00edt\u00e1n\u00ed diskriminace, osobn\u00ed mor\u00e1ln\u00ed odvaha: Za\u010d\u00edt bychom m\u011bli ka\u017ed\u00fd ve sv\u00e9m okol\u00ed. Pokud si va\u0161i zn\u00e1m\u00ed nebo kolegov\u00e9 z pr\u00e1ce neust\u00e1le st\u011b\u017euj\u00ed na cizince nebo se domn\u00edvaj\u00ed, \u017ee je v\u00e1\u0161 vlastn\u00ed n\u00e1rod zneu\u017e\u00edv\u00e1n a utla\u010dov\u00e1n, jednodu\u0161e se proti tomu p\u0159\u00e1telsky ohra\u010fte.<\/li>\n<li>Zejm\u00e9na pokud jde o rozhodnut\u00ed EU, je dobr\u00e9 nesoust\u0159edit se jen na n\u00e1rodn\u00ed z\u00e1jmy, ale pokusit se p\u0159i hodnocen\u00ed politiky EU zahrnout i z\u00e1jmy a postoje jin\u00fdch \u010dlensk\u00fdch st\u00e1t\u016f. Mimochodem, je to jednodu\u0161\u0161\u00ed, kdy\u017e p\u0159ich\u00e1z\u00edte do p\u0159\u00edm\u00e9ho kontaktu s lidmi z jin\u00fdch zem\u00ed. Pro\u010d nepo\u017e\u00e1dat polsk\u00e9ho nebo portugalsk\u00e9ho kolegu o n\u00e1zor na ot\u00e1zky evropsk\u00e9 politiky?  <\/li>\n<li>Naslouch\u00e1n\u00ed je nezbytnou podm\u00ednkou lidsk\u00e9 komunikace. Pokud nesouhlas\u00edte s n\u00e1zorem toho druh\u00e9ho, je to n\u011bkdy velmi obt\u00ed\u017en\u00e9. Ale s trochou sebek\u00e1zn\u011b a vz\u00e1jemn\u00e9 dobr\u00e9 v\u016fle se to v\u011bt\u0161inou poda\u0159\u00ed.<\/li>\n<li><strong>Poslanci Evropsk\u00e9ho parlamentu<\/strong> tam jsou od toho, aby v\u00e1m naslouchali, a tak se na n\u011b m\u016f\u017eete jednodu\u0161e p\u0159\u00edmo obr\u00e1tit. Ale pros\u00edm se vz\u00e1jemnou \u00factou a slu\u0161nost\u00ed \u2013 emotivn\u00ed a nen\u00e1vistn\u00e1 \u0159e\u010d zt\u011b\u017euje od sam\u00e9ho po\u010d\u00e1tku ochotu jednat otev\u0159en\u011b a vytv\u00e1\u0159\u00ed p\u0159ek\u00e1\u017eky. M\u00e1te-li ve sv\u00e9m volebn\u00edm obvodu ur\u010den\u00e9ho poslance Evropsk\u00e9ho parlamentu, obra\u0165te se na n\u00e1rodn\u00ed informa\u010dn\u00ed kancel\u00e1\u0159e Evropsk\u00e9ho parlamentu (nap\u0159. v Berl\u00edn\u011b <a href=\"http:\/\/www.europarl.europa.eu\/germany\/de\/\" target=\"_blank\" rel=\"noopener\"><span style=\"text-decoration: underline;\"><strong>www.europarl.europa.eu\/germany\/de\/<\/strong><\/span><\/a>) nebo p\u0159\u00edmo na <a href=\"http:\/\/www.europarl.europa.eu\/meps\/de\/home\" target=\"_blank\" rel=\"noopener\"><span style=\"text-decoration: underline;\"><strong>www.europarl.europa.eu\/meps\/de\/home<\/strong><\/span><\/a><\/li>\n<li>EU nab\u00edz\u00ed v porovn\u00e1n\u00ed s \u010dlensk\u00fdmi st\u00e1ty velmi transparentn\u00ed formu <strong>ve\u0159ejn\u00fdch konzultac\u00ed<\/strong>, kter\u00fdch mohou vyu\u017e\u00edt skute\u010dn\u011b v\u0161ichni. K jak\u00fdm t\u00e9mat\u016fm pr\u00e1v\u011b prob\u00edhaj\u00ed konzultace m\u016f\u017eete vid\u011bt na: <a href=\"https:\/\/ec.europa.eu\/info\/consultations_de\" target=\"_blank\" rel=\"noopener\"><span style=\"text-decoration: underline;\"><strong>https:\/\/ec.europa.eu\/info\/consultations_de<\/strong><\/span><\/a><\/li>\n<li>Zp\u016fsobem, jak se pod\u00edlet na utv\u00e1\u0159en\u00ed evropsk\u00e9 politiky, jsou nap\u0159. <strong>Evropsk\u00e9 ob\u010dansk\u00e9 iniciativy.<\/strong> Kter\u00e9 iniciativy prob\u00edhaj\u00ed a mohou b\u00fdt podpo\u0159eny podpisy s po\u010dty ji\u017e podepsan\u00fdch osob najdete na <a href=\"https:\/\/europa.eu\/citizens-initiative\/_de\" target=\"_blank\" rel=\"noopener\"><span style=\"text-decoration: underline;\"><strong>https:\/\/europa.eu\/citizens-initiative\/_de<\/strong><\/span><\/a><\/li>\n<\/ul>\n<div id=\"a36bb854c610d44-autofill-overlay-host\" class=\"a36bb854c610d44-autofill-overlay-host\" style=\"position: absolute; z-index: 10; top: 0px; left: 0px; width: 0;\">\n<div style=\"display: hidden;\"> <\/div>\n<\/div>\n\t\t\t\t\t\t<\/div>\n\t\t\t\t<\/div>\n\t\t\t\t\t<\/div>\n\t\t<\/div>\n\t\t\t\t\t<\/div>\n\t\t<\/section>\n\t\t\t\t<\/div>\n\t\t","protected":false},"excerpt":{"rendered":"<p>Hodnota \u017divot Informace Demokracie a hodnoty \u2013 pr\u00e1va a povinnosti pro ka\u017ed\u00e9ho z n\u00e1s Abychom mohli \u017e\u00edt v m\u00edru, mus\u00edme \u0159e\u0161it probl\u00e9my mezi st\u00e1ty pokojn\u011b. Proto vznikla Evropsk\u00e1 unie a j\u00ed p\u0159edch\u00e1zej\u00edc\u00ed organizace. Je tak\u00e9 d\u016fle\u017eit\u00e9, abychom my, lid\u00e9 v EU, chr\u00e1nili na\u0161e svobody a z\u00e1kladn\u00ed pr\u00e1va \u2013 proti hrozb\u00e1m zven\u010d\u00ed, v\u016f\u010di st\u00e1tn\u00ed moci a [&hellip;]<\/p>\n","protected":false},"author":1,"featured_media":0,"parent":0,"menu_order":0,"comment_status":"closed","ping_status":"closed","template":"","meta":{"_acf_changed":false,"footnotes":""},"class_list":["post-5282","page","type-page","status-publish","hentry"],"acf":[],"_links":{"self":[{"href":"https:\/\/euwww.eu\/cs\/wp-json\/wp\/v2\/pages\/5282","targetHints":{"allow":["GET"]}}],"collection":[{"href":"https:\/\/euwww.eu\/cs\/wp-json\/wp\/v2\/pages"}],"about":[{"href":"https:\/\/euwww.eu\/cs\/wp-json\/wp\/v2\/types\/page"}],"author":[{"embeddable":true,"href":"https:\/\/euwww.eu\/cs\/wp-json\/wp\/v2\/users\/1"}],"replies":[{"embeddable":true,"href":"https:\/\/euwww.eu\/cs\/wp-json\/wp\/v2\/comments?post=5282"}],"version-history":[{"count":3,"href":"https:\/\/euwww.eu\/cs\/wp-json\/wp\/v2\/pages\/5282\/revisions"}],"predecessor-version":[{"id":5287,"href":"https:\/\/euwww.eu\/cs\/wp-json\/wp\/v2\/pages\/5282\/revisions\/5287"}],"wp:attachment":[{"href":"https:\/\/euwww.eu\/cs\/wp-json\/wp\/v2\/media?parent=5282"}],"curies":[{"name":"wp","href":"https:\/\/api.w.org\/{rel}","templated":true}]}}