
{"id":9076,"date":"2021-01-29T14:09:24","date_gmt":"2021-01-29T13:09:24","guid":{"rendered":"https:\/\/werteweg.euw.edit-hosting.de\/%f0%9f%a0%b6-station-7-proteger-les-valeurs-europeennes-et-les-droits-de-lhomme-dans-le-monde-entier\/"},"modified":"2026-08-17T19:56:57","modified_gmt":"2026-08-17T17:56:57","slug":"%f0%9f%a0%b6-station-7-proteger-les-valeurs-europeennes-et-les-droits-de-lhomme-dans-le-monde-entier","status":"publish","type":"page","link":"https:\/\/euwww.eu\/fr\/%f0%9f%a0%b6-station-7-proteger-les-valeurs-europeennes-et-les-droits-de-lhomme-dans-le-monde-entier\/","title":{"rendered":"\ud83e\udc36 Station 7 &#8211; Prot\u00e9ger les valeurs europ\u00e9ennes dans le monde entier"},"content":{"rendered":"\t\t<div data-elementor-type=\"wp-page\" data-elementor-id=\"9076\" class=\"elementor elementor-9076 elementor-54\" data-elementor-post-type=\"page\">\n\t\t\t\t\t\t<section class=\"elementor-section elementor-top-section elementor-element elementor-element-c4e1a08 elementor-section-full_width bulletlist elementor-section-height-default elementor-section-height-default\" data-id=\"c4e1a08\" data-element_type=\"section\" data-e-type=\"section\">\n\t\t\t\t\t\t<div class=\"elementor-container elementor-column-gap-default\">\n\t\t\t\t\t<div class=\"elementor-column elementor-col-50 elementor-top-column elementor-element elementor-element-306b852\" data-id=\"306b852\" data-element_type=\"column\" data-e-type=\"column\">\n\t\t\t<div class=\"elementor-widget-wrap elementor-element-populated\">\n\t\t\t\t\t\t<div class=\"elementor-element elementor-element-a7b44a0 ueberschrift2 elementor-widget elementor-widget-heading\" data-id=\"a7b44a0\" data-element_type=\"widget\" data-e-type=\"widget\" data-widget_type=\"heading.default\">\n\t\t\t\t<div class=\"elementor-widget-container\">\n\t\t\t\t\t<h2 class=\"elementor-heading-title elementor-size-default\">Actualit\u00e9<\/h2>\t\t\t\t<\/div>\n\t\t\t\t<\/div>\n\t\t\t\t<div class=\"elementor-element elementor-element-0fd250b elementor-widget elementor-widget-text-editor\" data-id=\"0fd250b\" data-element_type=\"widget\" data-e-type=\"widget\" data-widget_type=\"text-editor.default\">\n\t\t\t\t<div class=\"elementor-widget-container\">\n\t\t\t\t\t\t\t\t\t<ul><li>Isra\u00ebl est un partenaire commercial important de l&#8217;UE et des \u00c9tats membres comme l&#8217;Allemagne se sentent profond\u00e9ment li\u00e9s \u00e0 ce pays pour des raisons historiques. Lors de la guerre de Gaza de 2024\/25, le gouvernement isra\u00e9lien a commis des violations des droits humains ; les \u00c9tats membres de l&#8217;UE n&#8217;ont toutefois pas r\u00e9ussi \u00e0 s&#8217;entendre sur une ligne commune \u00e0 adopter vis-\u00e0-vis d&#8217;Isra\u00ebl. <\/li><li>En f\u00e9vrier 2022, la Russie a d\u00e9clench\u00e9 une guerre contre l&#8217;Ukraine, en violation du droit international. Depuis lors, l&#8217;UE a adopt\u00e9 plusieurs s\u00e9ries de sanctions \u00e0 l&#8217;encontre de la Russie. Cependant, certains \u00c9tats membres continuent d&#8217;entretenir des relations commerciales avec ce pays (par exemple, la Hongrie).  <\/li><li>En Chine, l&#8217;universalit\u00e9 des droits de l&#8217;homme n&#8217;est pas reconnue. On y trouve par exemple encore la peine de mort, la censure et la surveillance des citoyen(ne)s. Le pays n&#8217;en reste pas moins un partenaire commercial important de l&#8217;UE.  <\/li><\/ul>\t\t\t\t\t\t\t\t<\/div>\n\t\t\t\t<\/div>\n\t\t\t\t<div class=\"elementor-element elementor-element-7f49591 ueberschrift2 elementor-widget elementor-widget-heading\" data-id=\"7f49591\" data-element_type=\"widget\" data-e-type=\"widget\" data-widget_type=\"heading.default\">\n\t\t\t\t<div class=\"elementor-widget-container\">\n\t\t\t\t\t<h2 class=\"elementor-heading-title elementor-size-default\">La politique de l'UE en mati\u00e8re de droits de l'homme<\/h2>\t\t\t\t<\/div>\n\t\t\t\t<\/div>\n\t\t\t\t<div class=\"elementor-element elementor-element-0f7e9d3 elementor-widget elementor-widget-text-editor\" data-id=\"0f7e9d3\" data-element_type=\"widget\" data-e-type=\"widget\" data-widget_type=\"text-editor.default\">\n\t\t\t\t<div class=\"elementor-widget-container\">\n\t\t\t\t\t\t\t\t\t<p>Dans ses relations avec les pays tiers, l\u2019Union europ\u00e9enne s\u2019engage \u00e0 mener une politique de soutien \u00e0 la d\u00e9mocratie et aux droits de l\u2019homme, conform\u00e9ment aux valeurs \u00e9nonc\u00e9es \u00e0 l\u2019Article 2 du Trait\u00e9 sur l\u2019Union europ\u00e9enne (TUE).<\/p><p>L\u2019objectif de l\u2019UE est ainsi de prendre en compte les questions relatives aux droits de l\u2019homme dans tous ses domaines politiques et programmes. La Charte des droits fondamentaux et la Convention europ\u00e9enne des droits de l&#8217;homme doivent \u00e9galement \u00eatre respect\u00e9es par l&#8217;UE et ses \u00c9tats membres dans leurs relations ext\u00e9rieures. L&#8217;UE apporte \u00e9galement un soutien financier \u00e0 des mesures et projets concrets men\u00e9s dans des pays tiers afin d&#8217;atteindre cet objectif.   <\/p>\t\t\t\t\t\t\t\t<\/div>\n\t\t\t\t<\/div>\n\t\t\t\t<div class=\"elementor-element elementor-element-e49c602 ueberschrift2 elementor-widget elementor-widget-heading\" data-id=\"e49c602\" data-element_type=\"widget\" data-e-type=\"widget\" data-widget_type=\"heading.default\">\n\t\t\t\t<div class=\"elementor-widget-container\">\n\t\t\t\t\t<h2 class=\"elementor-heading-title elementor-size-default\">Le plan d'action de l'UE pour les droits de l'homme et la d\u00e9mocratie 2020-2027<\/h2>\t\t\t\t<\/div>\n\t\t\t\t<\/div>\n\t\t\t\t<div class=\"elementor-element elementor-element-9bb42f4 elementor-widget elementor-widget-text-editor\" data-id=\"9bb42f4\" data-element_type=\"widget\" data-e-type=\"widget\" data-widget_type=\"text-editor.default\">\n\t\t\t\t<div class=\"elementor-widget-container\">\n\t\t\t\t\t\t\t\t\t<p>En 2012, l&#8217;UE a adopt\u00e9 un \u00ab cadre strat\u00e9gique en mati\u00e8re de droits de l&#8217;homme et de d\u00e9mocratie \u00bb ainsi qu&#8217;un premier plan d&#8217;action pour sa mise en \u0153uvre pratique. Le plan d\u2019action actuellement en vigueur couvre la p\u00e9riode de 2020 \u00e0 2027. Il contient des lignes directrices et des instructions pratiques \u00e0 l\u2019intention des repr\u00e9sentations de l\u2019UE dans le monde entier et des personnes charg\u00e9es, au nom de l\u2019UE, de n\u00e9gocier des accords et trait\u00e9s internationaux sur la mani\u00e8re dont les mesures de protection des droits de l\u2019homme peuvent \u00eatre prises en compte dans le cadre des politiques internationales de l\u2019UE.  <\/p>\t\t\t\t\t\t\t\t<\/div>\n\t\t\t\t<\/div>\n\t\t\t\t<section class=\"elementor-section elementor-inner-section elementor-element elementor-element-a189f90 elementor-section-full_width elementor-section-height-default elementor-section-height-default\" data-id=\"a189f90\" data-element_type=\"section\" data-e-type=\"section\">\n\t\t\t\t\t\t<div class=\"elementor-container elementor-column-gap-default\">\n\t\t\t\t\t<div class=\"elementor-column elementor-col-50 elementor-inner-column elementor-element elementor-element-2ede8ce\" data-id=\"2ede8ce\" data-element_type=\"column\" data-e-type=\"column\">\n\t\t\t<div class=\"elementor-widget-wrap elementor-element-populated\">\n\t\t\t\t\t\t<div class=\"elementor-element elementor-element-3be9801 elementor-widget elementor-widget-heading\" data-id=\"3be9801\" data-element_type=\"widget\" data-e-type=\"widget\" data-widget_type=\"heading.default\">\n\t\t\t\t<div class=\"elementor-widget-container\">\n\t\t\t\t\t<h3 class=\"elementor-heading-title elementor-size-default\">Les principaux objectifs du plan d'action sont les suivants :<\/h3>\t\t\t\t<\/div>\n\t\t\t\t<\/div>\n\t\t\t\t\t<\/div>\n\t\t<\/div>\n\t\t\t\t<div class=\"elementor-column elementor-col-50 elementor-inner-column elementor-element elementor-element-3c6ac5c\" data-id=\"3c6ac5c\" data-element_type=\"column\" data-e-type=\"column\" data-settings=\"{&quot;background_background&quot;:&quot;classic&quot;}\">\n\t\t\t<div class=\"elementor-widget-wrap elementor-element-populated\">\n\t\t\t\t\t<div class=\"elementor-background-overlay\"><\/div>\n\t\t\t\t\t\t<div class=\"elementor-element elementor-element-125c79b elementor-widget elementor-widget-ucaddon_content_slider_new\" data-id=\"125c79b\" data-element_type=\"widget\" data-e-type=\"widget\" data-widget_type=\"ucaddon_content_slider_new.default\">\n\t\t\t\t<div class=\"elementor-widget-container\">\n\t\t\t\t\t\n<!-- start Content Slider -->\n\t\t<link id='font-awesome-css' href='https:\/\/euwww.eu\/wp-content\/plugins\/unlimited-elements-for-elementor-premium\/assets_libraries\/font-awesome6\/fontawesome-all.min.css' type='text\/css' rel='stylesheet' >\n\t\t<link id='font-awesome-4-shim-css' href='https:\/\/euwww.eu\/wp-content\/plugins\/unlimited-elements-for-elementor-premium\/assets_libraries\/font-awesome6\/fontawesome-v4-shims.min.css' type='text\/css' rel='stylesheet' >\n\t\t<link id='owl-carousel-css' href='https:\/\/euwww.eu\/wp-content\/plugins\/unlimited-elements-for-elementor-premium\/assets_libraries\/owl-carousel-new\/assets\/owl.carousel.css' type='text\/css' rel='stylesheet' >\n\t\t<link id='fancybox-css' href='https:\/\/euwww.eu\/wp-content\/plugins\/unlimited-elements-for-elementor-premium\/assets_libraries\/fancybox3\/jquery.fancybox.min.css' type='text\/css' rel='stylesheet' >\n\t\t<link id='uc_ac_assets_file_animate_css_69179-css' href='https:\/\/euwww.eu\/wp-content\/uploads\/ac_assets\/uc_content_slider_new\/animate.css' type='text\/css' rel='stylesheet' >\n\n<style>\/* widget: Content Slider *\/\n\n#uc_content_slider_new_elementor_125c79b-wrapper{\n  min-height:1px;\n}\n\n#uc_content_slider_new_elementor_125c79b .uc_fbps_slide{\n  position:relative;\n  overflow:hidden;\n  display:flex;  \n}\n\n#uc_content_slider_new_elementor_125c79b .owl-carousel .animated   {\n  -webkit-animation-duration: 1000ms;\n  animation-duration: 1000ms;\n}\n\n#uc_content_slider_new_elementor_125c79b .uc_fbps_container_image img{\n  display:inline-block;\n}\n\n#uc_content_slider_new_elementor_125c79b .uc_fbps_content{\n  position:relative;\n}\n\n.uc_fbps_container_title{\n  font-size:21px;\n}\n\n#uc_content_slider_new_elementor_125c79b .ue-btn {\n\ttext-decoration:none;\n\ttransition: all 0.5s ease;\n    text-align:center;\n    position: relative;\n    z-index: 2;\n}\n\n#uc_content_slider_new_elementor_125c79b .ue-item-overlay{\n  position:absolute;\n  top:0px;\n  left:0px;\n  right:0px;\n  bottom:0px;\n}\n\n#uc_content_slider_new_elementor_125c79b .uc_fbps_slide-link{\n  position:absolute;\n  top:0px;\n  left:0px;\n  right:0px;\n  bottom:0px;\n  z-index: 1;\n}\n\n#uc_content_slider_new_elementor_125c79b .ue-item-image{\n  background-repeat:no-repeat;\n  position:absolute;\n  top:0px;\n  left:0px;\n  right:0px;\n  bottom:0px;\n}\n\n#uc_content_slider_new_elementor_125c79b .owl-dots {\n  overflow:hidden;\n  text-align:center;\n  position:relative;\n  z-index:2;\n}\n\n#uc_content_slider_new_elementor_125c79b .owl-dot {\n  border-radius:50%;\n  display:inline-block;\n}\n\n#uc_content_slider_new_elementor_125c79b .owl-dots button{\n  padding: 0;\n}\n\n#uc_content_slider_new_elementor_125c79b .owl-nav .owl-prev{\n    position:absolute;\n    display:inline-block;\n    text-align:center;\n    padding: 0;\n    margin:0;\n}\n#uc_content_slider_new_elementor_125c79b .owl-nav .owl-next{\n  position:absolute;\n  display:inline-block;\n  text-align:center;\n  padding: 0;\n  margin:0;\n}\n\n#uc_content_slider_new_elementor_125c79b .owl-nav .disabled{\n    display: none;  \n}\n\n#uc_content_slider_new_elementor_125c79b .ue-item-icon{\n  line-height:1em;\n  display:inline-flex;\n  justify-content:center;\n  align-items:center;\n  \n}\n\n#uc_content_slider_new_elementor_125c79b .ue-item-icon svg{\n  height:1em;\n  width:1em;\n}\n\n\t\n\n\n#uc_content_slider_new_elementor_125c79b .bounce {\n  -webkit-animation-name: bounce;\n  animation-name: bounce;\n  -webkit-transform-origin: center bottom;\n  transform-origin: center bottom;\n}\n\n#uc_content_slider_new_elementor_125c79b .flash {\n  -webkit-animation-name: flash;\n  animation-name: flash;\n}\n\n#uc_content_slider_new_elementor_125c79b .pulse {\n  -webkit-animation-name: pulse;\n  animation-name: pulse;\n}\n\n#uc_content_slider_new_elementor_125c79b .rubberBand {\n  -webkit-animation-name: rubberBand;\n  animation-name: rubberBand;\n}\n\n#uc_content_slider_new_elementor_125c79b .shake {\n  -webkit-animation-name: shake;\n  animation-name: shake;\n}\n\n#uc_content_slider_new_elementor_125c79b .headShake {\n  -webkit-animation-timing-function: ease-in-out;\n  animation-timing-function: ease-in-out;\n  -webkit-animation-name: headShake;\n  animation-name: headShake;\n}\n\n#uc_content_slider_new_elementor_125c79b .swing {\n  -webkit-transform-origin: top center;\n  transform-origin: top center;\n  -webkit-animation-name: swing;\n  animation-name: swing;\n}\n\n#uc_content_slider_new_elementor_125c79b .tada {\n  -webkit-animation-name: tada;\n  animation-name: tada;\n}\n\n#uc_content_slider_new_elementor_125c79b .wobble {\n  -webkit-animation-name: wobble;\n  animation-name: wobble;\n}\n\n#uc_content_slider_new_elementor_125c79b .jello {\n  -webkit-animation-name: jello;\n  animation-name: jello;\n  -webkit-transform-origin: center;\n  transform-origin: center;\n}\n\n#uc_content_slider_new_elementor_125c79b .heartBeat {\n  -webkit-animation-name: heartBeat;\n  animation-name: heartBeat;\n  -webkit-animation-duration: 1.3s;\n  animation-duration: 1.3s;\n  -webkit-animation-timing-function: ease-in-out;\n  animation-timing-function: ease-in-out;\n}\n\n#uc_content_slider_new_elementor_125c79b .bounceIn {\n  -webkit-animation-duration: 0.75s;\n  animation-duration: 0.75s;\n  -webkit-animation-name: bounceIn;\n  animation-name: bounceIn;\n}\n\n#uc_content_slider_new_elementor_125c79b .bounceInDown {\n  -webkit-animation-name: bounceInDown;\n  animation-name: bounceInDown;\n}\n\n#uc_content_slider_new_elementor_125c79b .bounceInLeft {\n  -webkit-animation-name: bounceInLeft;\n  animation-name: bounceInLeft;\n}\n\n#uc_content_slider_new_elementor_125c79b .bounceInRight {\n  -webkit-animation-name: bounceInRight;\n  animation-name: bounceInRight;\n}\n\n#uc_content_slider_new_elementor_125c79b .bounceInUp {\n  -webkit-animation-name: bounceInUp;\n  animation-name: bounceInUp;\n}\n\n#uc_content_slider_new_elementor_125c79b .bounceOutDown {\n  -webkit-animation-name: bounceOutDown;\n  animation-name: bounceOutDown;\n}\n\n#uc_content_slider_new_elementor_125c79b .bounceOutLeft {\n  -webkit-animation-name: bounceOutLeft;\n  animation-name: bounceOutLeft;\n}\n\n#uc_content_slider_new_elementor_125c79b .bounceOutRight {\n  -webkit-animation-name: bounceOutRight;\n  animation-name: bounceOutRight;\n}\n\n#uc_content_slider_new_elementor_125c79b .bounceOutUp {\n  -webkit-animation-name: bounceOutUp;\n  animation-name: bounceOutUp;\n}\n\n#uc_content_slider_new_elementor_125c79b .fadeIn {\n  -webkit-animation-name: fadeIn;\n  animation-name: fadeIn;\n}\n#uc_content_slider_new_elementor_125c79b .fadeInDown {\n  -webkit-animation-name: fadeInDown;\n  animation-name: fadeInDown;\n}\n#uc_content_slider_new_elementor_125c79b .fadeInDownBig {\n  -webkit-animation-name: fadeInDownBig;\n  animation-name: fadeInDownBig;\n}\n#uc_content_slider_new_elementor_125c79b .fadeInLeft {\n  -webkit-animation-name: fadeInLeft;\n  animation-name: fadeInLeft;\n}\n#uc_content_slider_new_elementor_125c79b .fadeInLeftBig {\n  -webkit-animation-name: fadeInLeftBig;\n  animation-name: fadeInLeftBig;\n}\n#uc_content_slider_new_elementor_125c79b .fadeInRight {\n  -webkit-animation-name: fadeInRight;\n  animation-name: fadeInRight;\n}\n#uc_content_slider_new_elementor_125c79b .fadeInRightBig {\n  -webkit-animation-name: fadeInRightBig;\n  animation-name: fadeInRightBig;\n}\n#uc_content_slider_new_elementor_125c79b .fadeInUp {\n  -webkit-animation-name: fadeInUp;\n  animation-name: fadeInUp;\n}\n#uc_content_slider_new_elementor_125c79b .fadeInUpBig {\n  -webkit-animation-name: fadeInUpBig;\n  animation-name: fadeInUpBig;\n}\n#uc_content_slider_new_elementor_125c79b .fadeOut {\n  -webkit-animation-name: fadeOut;\n  animation-name: fadeOut;\n}\n#uc_content_slider_new_elementor_125c79b .fadeOutDown {\n  -webkit-animation-name: fadeOutDown;\n  animation-name: fadeOutDown;\n}\n#uc_content_slider_new_elementor_125c79b .fadeOutDownBig {\n  -webkit-animation-name: fadeOutDownBig;\n  animation-name: fadeOutDownBig;\n}\n#uc_content_slider_new_elementor_125c79b .fadeOutLeft {\n  -webkit-animation-name: fadeOutLeft;\n  animation-name: fadeOutLeft;\n}\n#uc_content_slider_new_elementor_125c79b .fadeOutLeftBig {\n  -webkit-animation-name: fadeOutLeftBig;\n  animation-name: fadeOutLeftBig;\n}\n#uc_content_slider_new_elementor_125c79b .fadeOutRight {\n  -webkit-animation-name: fadeOutRight;\n  animation-name: fadeOutRight;\n}\n#uc_content_slider_new_elementor_125c79b .fadeOutRightBig {\n  -webkit-animation-name: fadeOutRightBig;\n  animation-name: fadeOutRightBig;\n}\n#uc_content_slider_new_elementor_125c79b .fadeOutUp {\n  -webkit-animation-name: fadeOutUp;\n  animation-name: fadeOutUp;\n}\n#uc_content_slider_new_elementor_125c79b .fadeOutUpBig {\n  -webkit-animation-name: fadeOutUpBig;\n  animation-name: fadeOutUpBig;\n}\n#uc_content_slider_new_elementor_125c79b .animated.flip {\n  -webkit-backface-visibility: visible;\n  backface-visibility: visible;\n  -webkit-animation-name: flip;\n  animation-name: flip;\n}\n#uc_content_slider_new_elementor_125c79b .flipInX {\n  -webkit-backface-visibility: visible !important;\n  backface-visibility: visible !important;\n  -webkit-animation-name: flipInX;\n  animation-name: flipInX;\n}\n#uc_content_slider_new_elementor_125c79b .flipInY {\n  -webkit-backface-visibility: visible !important;\n  backface-visibility: visible !important;\n  -webkit-animation-name: flipInY;\n  animation-name: flipInY;\n}\n#uc_content_slider_new_elementor_125c79b .flipOutX {\n  -webkit-animation-duration: 0.75s;\n  animation-duration: 0.75s;\n  -webkit-animation-name: flipOutX;\n  animation-name: flipOutX;\n  -webkit-backface-visibility: visible !important;\n  backface-visibility: visible !important;\n}\n#uc_content_slider_new_elementor_125c79b .flipOutY {\n  -webkit-animation-duration: 0.75s;\n  animation-duration: 0.75s;\n  -webkit-backface-visibility: visible !important;\n  backface-visibility: visible !important;\n  -webkit-animation-name: flipOutY;\n  animation-name: flipOutY;\n}\n#uc_content_slider_new_elementor_125c79b .lightSpeedIn {\n  -webkit-animation-name: lightSpeedIn;\n  animation-name: lightSpeedIn;\n  -webkit-animation-timing-function: ease-out;\n  animation-timing-function: ease-out;\n}\n#uc_content_slider_new_elementor_125c79b .rotateIn {\n  -webkit-animation-name: rotateIn;\n  animation-name: rotateIn;\n}\n#uc_content_slider_new_elementor_125c79b .rotateInDownLeft {\n  -webkit-animation-name: rotateInDownLeft;\n  animation-name: rotateInDownLeft;\n}\n#uc_content_slider_new_elementor_125c79b .rotateInDownRight {\n  -webkit-animation-name: rotateInDownRight;\n  animation-name: rotateInDownRight;\n}\n#uc_content_slider_new_elementor_125c79b .rotateInUpLeft {\n  -webkit-animation-name: rotateInUpLeft;\n  animation-name: rotateInUpLeft;\n}\n#uc_content_slider_new_elementor_125c79b .rotateInUpRight {\n  -webkit-animation-name: rotateInUpRight;\n  animation-name: rotateInUpRight;\n}\n#uc_content_slider_new_elementor_125c79b .rotateOut {\n  -webkit-animation-name: rotateOut;\n  animation-name: rotateOut;\n}\n#uc_content_slider_new_elementor_125c79b .rotateOutDownLeft {\n  -webkit-animation-name: rotateOutDownLeft;\n  animation-name: rotateOutDownLeft;\n}\n#uc_content_slider_new_elementor_125c79b .rotateOutDownRight {\n  -webkit-animation-name: rotateOutDownRight;\n  animation-name: rotateOutDownRight;\n}\n#uc_content_slider_new_elementor_125c79b .rotateOutUpLeft {\n  -webkit-animation-name: rotateOutUpLeft;\n  animation-name: rotateOutUpLeft;\n}\n#uc_content_slider_new_elementor_125c79b .rotateOutUpRight {\n  -webkit-animation-name: rotateOutUpRight;\n  animation-name: rotateOutUpRight;\n}\n#uc_content_slider_new_elementor_125c79b .hinge {\n  -webkit-animation-duration: 2s;\n  animation-duration: 2s;\n  -webkit-animation-name: hinge;\n  animation-name: hinge;\n}\n#uc_content_slider_new_elementor_125c79b .jackInTheBox {\n  -webkit-animation-name: jackInTheBox;\n  animation-name: jackInTheBox;\n}\n#uc_content_slider_new_elementor_125c79b .rollIn {\n  -webkit-animation-name: rollIn;\n  animation-name: rollIn;\n}\n#uc_content_slider_new_elementor_125c79b .rollOut {\n  -webkit-animation-name: rollOut;\n  animation-name: rollOut;\n}\n#uc_content_slider_new_elementor_125c79b .zoomIn {\n  -webkit-animation-name: zoomIn;\n  animation-name: zoomIn;\n}\n#uc_content_slider_new_elementor_125c79b .zoomInDown {\n  -webkit-animation-name: zoomInDown;\n  animation-name: zoomInDown;\n}\n#uc_content_slider_new_elementor_125c79b .zoomInLeft {\n  -webkit-animation-name: zoomInLeft;\n  animation-name: zoomInLeft;\n}\n#uc_content_slider_new_elementor_125c79b .zoomInRight {\n  -webkit-animation-name: zoomInRight;\n  animation-name: zoomInRight;\n}\n#uc_content_slider_new_elementor_125c79b .zoomInUp {\n  -webkit-animation-name: zoomInUp;\n  animation-name: zoomInUp;\n}\n#uc_content_slider_new_elementor_125c79b .zoomOut {\n  -webkit-animation-name: zoomOut;\n  animation-name: zoomOut;\n}\n#uc_content_slider_new_elementor_125c79b .zoomOutDown {\n  -webkit-animation-name: zoomOutDown;\n  animation-name: zoomOutDown;\n}\n#uc_content_slider_new_elementor_125c79b .zoomOutLeft {\n  -webkit-animation-name: zoomOutLeft;\n  animation-name: zoomOutLeft;\n}\n#uc_content_slider_new_elementor_125c79b .zoomOutRight {\n  -webkit-animation-name: zoomOutRight;\n  animation-name: zoomOutRight;\n}\n#uc_content_slider_new_elementor_125c79b .zoomOutUp {\n  -webkit-animation-name: zoomOutUp;\n  animation-name: zoomOutUp;\n}\n#uc_content_slider_new_elementor_125c79b .slideInDown {\n  -webkit-animation-name: slideInDown;\n  animation-name: slideInDown;\n}\n#uc_content_slider_new_elementor_125c79b .slideInLeft {\n  -webkit-animation-name: slideInLeft;\n  animation-name: slideInLeft;\n}\n#uc_content_slider_new_elementor_125c79b .slideInRight {\n  -webkit-animation-name: slideInRight;\n  animation-name: slideInRight;\n}\n#uc_content_slider_new_elementor_125c79b .slideInUp {\n  -webkit-animation-name: slideInUp;\n  animation-name: slideInUp;\n}\n#uc_content_slider_new_elementor_125c79b .slideOutDown {\n  -webkit-animation-name: slideOutDown;\n  animation-name: slideOutDown;\n}\n#uc_content_slider_new_elementor_125c79b .slideOutLeft {\n  -webkit-animation-name: slideOutLeft;\n  animation-name: slideOutLeft;\n}\n#uc_content_slider_new_elementor_125c79b .slideOutRight {\n  -webkit-animation-name: slideOutRight;\n  animation-name: slideOutRight;\n}\n#uc_content_slider_new_elementor_125c79b .slideOutUp {\n  -webkit-animation-name: slideOutUp;\n  animation-name: slideOutUp;\n}\n\n#uc_content_slider_new_elementor_125c79b .animated {\n  -webkit-animation-duration: 1s;\n  animation-duration: 1s;\n  -webkit-animation-fill-mode: both;\n  animation-fill-mode: both;\n}\n\n#uc_content_slider_new_elementor_125c79b .animated.infinite {\n  -webkit-animation-iteration-count: infinite;\n  animation-iteration-count: infinite;\n}\n\n#uc_content_slider_new_elementor_125c79b .animated.delay-1s {\n  -webkit-animation-delay: 1s;\n  animation-delay: 1s;\n}\n\n#uc_content_slider_new_elementor_125c79b .animated.delay-2s {\n  -webkit-animation-delay: 2s;\n  animation-delay: 2s;\n}\n\n#uc_content_slider_new_elementor_125c79b .animated.delay-3s {\n  -webkit-animation-delay: 3s;\n  animation-delay: 3s;\n}\n\n#uc_content_slider_new_elementor_125c79b .animated.delay-4s {\n  -webkit-animation-delay: 4s;\n  animation-delay: 4s;\n}\n\n#uc_content_slider_new_elementor_125c79b .animated.delay-5s {\n  -webkit-animation-delay: 5s;\n  animation-delay: 5s;\n}\n\n#uc_content_slider_new_elementor_125c79b .animated.fast {\n  -webkit-animation-duration: 800ms;\n  animation-duration: 800ms;\n}\n\n#uc_content_slider_new_elementor_125c79b .animated.faster {\n  -webkit-animation-duration: 500ms;\n  animation-duration: 500ms;\n}\n\n#uc_content_slider_new_elementor_125c79b .animated.slow {\n  -webkit-animation-duration: 2s;\n  animation-duration: 2s;\n}\n\n#uc_content_slider_new_elementor_125c79b .animated.slower {\n  -webkit-animation-duration: 3s;\n  animation-duration: 3s;\n}\n\n\n\n\n\n\n\n\n<\/style>\n\n<div id=\"uc_content_slider_new_elementor_125c79b-wrapper\">\n<div class=\"uc_fixed_box_postslider\" id=\"uc_content_slider_new_elementor_125c79b\" style=\"direction:ltr;\">\n        <div class=\"uc_fbps_container\">\n            <div id=\"slider-uc_content_slider_new_elementor_125c79b\" class=\"owl-carousel uc-items-wrapper  uc-remote-parent \"  data-remoteid='auto' data-widgetname='Content Slider' data-sync='true' data-syncid='group1'  data-lightbox=\"false\">\n            \t<div class=\"uc_fbps_slide elementor-repeater-item-c049fa1\" >\n  <div style=\"background-image:url();\" class=\"ue-item-image\"><\/div>\n  \n    \n    \t<div class=\"ue-item-overlay\"><\/div>\n      \n        <div class=\"uc_fbps_content \">\n        \n        \n                <div class=\"uc_fbps_container_desc\">Mise en place d\u2019un syst\u00e8me de sanctions mondiales en cas de violations graves des droits de l\u2019homme et d\u2019abus de pouvoir (adopt\u00e9 en 2020)<\/div>\n        \n              <\/div>\n        \n    \n        \n    \n    \n \n<\/div>\n<div class=\"uc_fbps_slide elementor-repeater-item-2d45900\" >\n  <div style=\"background-image:url();\" class=\"ue-item-image\"><\/div>\n  \n    \n    \t<div class=\"ue-item-overlay\"><\/div>\n      \n        <div class=\"uc_fbps_content \">\n        \n        \n                <div class=\"uc_fbps_container_desc\">Engagement en faveur de l'abolition de la peine de mort<\/div>\n        \n              <\/div>\n        \n    \n        \n    \n    \n \n<\/div>\n<div class=\"uc_fbps_slide elementor-repeater-item-5fa1985\" >\n  <div style=\"background-image:url();\" class=\"ue-item-image\"><\/div>\n  \n    \n    \t<div class=\"ue-item-overlay\"><\/div>\n      \n        <div class=\"uc_fbps_content \">\n        \n        \n                <div class=\"uc_fbps_container_desc\">Soutien aux d\u00e9fenseurs des droits de l'homme \u2013 c'est-\u00e0-dire aux personnes qui s'engagent dans leur pays d'origine pour le respect des droits de l'homme, de la d\u00e9mocratie et de l'\u00c9tat de droit <br\/>Observation \u00e9lectorale<\/div>\n        \n              <\/div>\n        \n    \n        \n    \n    \n \n<\/div>\n<div class=\"uc_fbps_slide elementor-repeater-item-5dc3766\" >\n  <div style=\"background-image:url();\" class=\"ue-item-image\"><\/div>\n  \n    \n    \t<div class=\"ue-item-overlay\"><\/div>\n      \n        <div class=\"uc_fbps_content \">\n        \n        \n                <div class=\"uc_fbps_container_desc\">Observation \u00e9lectorale<\/div>\n        \n              <\/div>\n        \n    \n        \n    \n    \n \n<\/div>\n<div class=\"uc_fbps_slide elementor-repeater-item-1a4808d\" >\n  <div style=\"background-image:url();\" class=\"ue-item-image\"><\/div>\n  \n    \n    \t<div class=\"ue-item-overlay\"><\/div>\n      \n        <div class=\"uc_fbps_content \">\n        \n        \n                <div class=\"uc_fbps_container_desc\">Renforcement des droits \u00e9conomiques, environnementaux, sociaux et culturels<\/div>\n        \n              <\/div>\n        \n    \n        \n    \n    \n \n<\/div>\n<div class=\"uc_fbps_slide elementor-repeater-item-e56feb2\" >\n  <div style=\"background-image:url();\" class=\"ue-item-image\"><\/div>\n  \n    \n    \t<div class=\"ue-item-overlay\"><\/div>\n      \n        <div class=\"uc_fbps_content \">\n        \n        \n                <div class=\"uc_fbps_container_desc\">Protection de la d\u00e9mocratie et lutte contre l'\u00e9rosion de l'\u00c9tat de droit <br\/><\/div>\n        \n              <\/div>\n        \n    \n        \n    \n    \n \n<\/div>\n\n            <\/div>\n        <\/div>\n<\/div>\n<\/div>\n<!-- end Content Slider -->\t\t\t\t<\/div>\n\t\t\t\t<\/div>\n\t\t\t\t\t<\/div>\n\t\t<\/div>\n\t\t\t\t\t<\/div>\n\t\t<\/section>\n\t\t\t\t<div class=\"elementor-element elementor-element-aaed308 linkcolor elementor-widget elementor-widget-text-editor\" data-id=\"aaed308\" data-element_type=\"widget\" data-e-type=\"widget\" data-widget_type=\"text-editor.default\">\n\t\t\t\t<div class=\"elementor-widget-container\">\n\t\t\t\t\t\t\t\t\t<p>Pour plus d&#8217;informations sur le plan d&#8217;action pour les droits de l&#8217;homme et la d\u00e9mocratie, consultez le site web de la Commission europ\u00e9enne \u00e0 l&#8217;adresse suivante https:\/\/international-partnerships.ec.europa.eu\/policies\/peace-and-governance\/human-rights_en#eu-action-plan-on-human-rights-and-democracy-2020-2027<\/p><p><a href=\"https:\/\/international-partnerships.ec.europa.eu\/policies\/peace-and-governance\/human-rights_en#eu-action-plan-on-human-rights-and-democracy-2020-2027\"><em>https:\/\/international-partnerships.ec.europa.eu\/policies\/peace-and-governance\/human-rights_en#eu-action-plan-on-human-rights-and-democracy-2020-2027<\/em><\/a><\/p>\t\t\t\t\t\t\t\t<\/div>\n\t\t\t\t<\/div>\n\t\t\t\t<div class=\"elementor-element elementor-element-dd24e09 ueberschrift2 elementor-widget elementor-widget-heading\" data-id=\"dd24e09\" data-element_type=\"widget\" data-e-type=\"widget\" data-widget_type=\"heading.default\">\n\t\t\t\t<div class=\"elementor-widget-container\">\n\t\t\t\t\t<h2 class=\"elementor-heading-title elementor-size-default\">De quels instruments l'UE dispose-t-elle pour d\u00e9fendre ses valeurs dans ses relations ext\u00e9rieures ?<\/h2>\t\t\t\t<\/div>\n\t\t\t\t<\/div>\n\t\t\t\t<div class=\"elementor-element elementor-element-a464ee8 elementor-widget elementor-widget-accordion\" data-id=\"a464ee8\" data-element_type=\"widget\" data-e-type=\"widget\" data-widget_type=\"accordion.default\">\n\t\t\t\t<div class=\"elementor-widget-container\">\n\t\t\t\t\t\t\t<div class=\"elementor-accordion\">\n\t\t\t\t\t\t\t<div class=\"elementor-accordion-item\">\n\t\t\t\t\t<div id=\"elementor-tab-title-1721\" class=\"elementor-tab-title\" data-tab=\"1\" role=\"button\" aria-controls=\"elementor-tab-content-1721\" aria-expanded=\"false\">\n\t\t\t\t\t\t\t\t\t\t\t\t\t<span class=\"elementor-accordion-icon elementor-accordion-icon-left\" aria-hidden=\"true\">\n\t\t\t\t\t\t\t\t\t\t\t\t\t\t\t<span class=\"elementor-accordion-icon-closed\"><i class=\"fas fa-plus\"><\/i><\/span>\n\t\t\t\t\t\t\t\t<span class=\"elementor-accordion-icon-opened\"><i class=\"fas fa-minus\"><\/i><\/span>\n\t\t\t\t\t\t\t\t\t\t\t\t\t\t<\/span>\n\t\t\t\t\t\t\t\t\t\t\t\t<a class=\"elementor-accordion-title\" tabindex=\"0\">Rapport annuel public de l'UE sur les droits de l'homme et la d\u00e9mocratie <\/a>\n\t\t\t\t\t<\/div>\n\t\t\t\t\t<div id=\"elementor-tab-content-1721\" class=\"elementor-tab-content elementor-clearfix\" data-tab=\"1\" role=\"region\" aria-labelledby=\"elementor-tab-title-1721\"><p>Le r<strong>apport annuel public de l&#8217;UE sur les droits de l&#8217;homme et la d\u00e9mocratie dans le monde<\/strong> est un outil permettant de suivre de mani\u00e8re transparente les progr\u00e8s r\u00e9alis\u00e9s dans le cadre du plan d&#8217;action, tant au sein de l&#8217;UE qu&#8217;\u00e0 l&#8217;ext\u00e9rieur.<\/p>\n<\/div>\n\t\t\t\t<\/div>\n\t\t\t\t\t\t\t<div class=\"elementor-accordion-item\">\n\t\t\t\t\t<div id=\"elementor-tab-title-1722\" class=\"elementor-tab-title\" data-tab=\"2\" role=\"button\" aria-controls=\"elementor-tab-content-1722\" aria-expanded=\"false\">\n\t\t\t\t\t\t\t\t\t\t\t\t\t<span class=\"elementor-accordion-icon elementor-accordion-icon-left\" aria-hidden=\"true\">\n\t\t\t\t\t\t\t\t\t\t\t\t\t\t\t<span class=\"elementor-accordion-icon-closed\"><i class=\"fas fa-plus\"><\/i><\/span>\n\t\t\t\t\t\t\t\t<span class=\"elementor-accordion-icon-opened\"><i class=\"fas fa-minus\"><\/i><\/span>\n\t\t\t\t\t\t\t\t\t\t\t\t\t\t<\/span>\n\t\t\t\t\t\t\t\t\t\t\t\t<a class=\"elementor-accordion-title\" tabindex=\"0\">Les accords commerciaux<\/a>\n\t\t\t\t\t<\/div>\n\t\t\t\t\t<div id=\"elementor-tab-content-1722\" class=\"elementor-tab-content elementor-clearfix\" data-tab=\"2\" role=\"region\" aria-labelledby=\"elementor-tab-title-1722\"><p>Les<strong> accords commerciaux bilat\u00e9raux <\/strong>et les nombreux <strong>accords de coop\u00e9ration <\/strong>conclus par l&#8217;UE avec des pays tiers ou des organisations r\u00e9gionales contiennent des clauses qui font du respect des droits de l&#8217;homme un \u00e9l\u00e9ment central. En cas de violation, des mesures telles que la restriction ou la suspension de la coop\u00e9ration peuvent \u00eatre prises. <\/p>\n<\/div>\n\t\t\t\t<\/div>\n\t\t\t\t\t\t\t<div class=\"elementor-accordion-item\">\n\t\t\t\t\t<div id=\"elementor-tab-title-1723\" class=\"elementor-tab-title\" data-tab=\"3\" role=\"button\" aria-controls=\"elementor-tab-content-1723\" aria-expanded=\"false\">\n\t\t\t\t\t\t\t\t\t\t\t\t\t<span class=\"elementor-accordion-icon elementor-accordion-icon-left\" aria-hidden=\"true\">\n\t\t\t\t\t\t\t\t\t\t\t\t\t\t\t<span class=\"elementor-accordion-icon-closed\"><i class=\"fas fa-plus\"><\/i><\/span>\n\t\t\t\t\t\t\t\t<span class=\"elementor-accordion-icon-opened\"><i class=\"fas fa-minus\"><\/i><\/span>\n\t\t\t\t\t\t\t\t\t\t\t\t\t\t<\/span>\n\t\t\t\t\t\t\t\t\t\t\t\t<a class=\"elementor-accordion-title\" tabindex=\"0\">Les forums multilat\u00e9raux - La Cour p\u00e9nale internationale.<\/a>\n\t\t\t\t\t<\/div>\n\t\t\t\t\t<div id=\"elementor-tab-content-1723\" class=\"elementor-tab-content elementor-clearfix\" data-tab=\"3\" role=\"region\" aria-labelledby=\"elementor-tab-title-1723\"><p>L&#8217;UE promeut les droits de l&#8217;homme par sa participation \u00e0 des <strong>forums multilat\u00e9raux <\/strong>tels que le Conseil des droits de l&#8217;homme des Nations unies, l&#8217;Organisation pour la s\u00e9curit\u00e9 et la coop\u00e9ration en Europe (OSCE) et le Conseil de l&#8217;Europe. L&#8217;Union soutient \u00e9galement activement la justice internationale, par exemple par le biais de la <strong>Cour p\u00e9nale internationale<\/strong> <\/p>\n<\/div>\n\t\t\t\t<\/div>\n\t\t\t\t\t\t\t<div class=\"elementor-accordion-item\">\n\t\t\t\t\t<div id=\"elementor-tab-title-1724\" class=\"elementor-tab-title\" data-tab=\"4\" role=\"button\" aria-controls=\"elementor-tab-content-1724\" aria-expanded=\"false\">\n\t\t\t\t\t\t\t\t\t\t\t\t\t<span class=\"elementor-accordion-icon elementor-accordion-icon-left\" aria-hidden=\"true\">\n\t\t\t\t\t\t\t\t\t\t\t\t\t\t\t<span class=\"elementor-accordion-icon-closed\"><i class=\"fas fa-plus\"><\/i><\/span>\n\t\t\t\t\t\t\t\t<span class=\"elementor-accordion-icon-opened\"><i class=\"fas fa-minus\"><\/i><\/span>\n\t\t\t\t\t\t\t\t\t\t\t\t\t\t<\/span>\n\t\t\t\t\t\t\t\t\t\t\t\t<a class=\"elementor-accordion-title\" tabindex=\"0\">plus de 1,5 milliard d\u2019euros pour la p\u00e9riode de 2021 \u00e0 2027<\/a>\n\t\t\t\t\t<\/div>\n\t\t\t\t\t<div id=\"elementor-tab-content-1724\" class=\"elementor-tab-content elementor-clearfix\" data-tab=\"4\" role=\"region\" aria-labelledby=\"elementor-tab-title-1724\"><p>Avec un <strong>budget de plus de 1,5 milliard d\u2019euros pour la p\u00e9riode de 2021 \u00e0 2027<\/strong>,<strong> l\u2019Instrument europ\u00e9en pour la d\u00e9mocratie et les droits de l\u2019homme (IEDDH)<\/strong> soutient et prot\u00e8ge principalement les acteurs de la soci\u00e9t\u00e9 civile qui s\u2019engagent en faveur des droits de l\u2019homme et de la d\u00e9mocratie (les \u00ab d\u00e9fenseurs des droits de l\u2019homme \u00bb). Les militants des droits de l&#8217;homme peuvent ainsi b\u00e9n\u00e9ficier d&#8217;une aide d&#8217;urgence de l&#8217;UE et les organisations de d\u00e9fense des droits de l&#8217;homme sont soutenues dans leur action. L&#8217;un des aspects importants de cet instrument est qu&#8217;il ne n\u00e9cessite pas l&#8217;accord du gouvernement concern\u00e9.  <\/p>\n<\/div>\n\t\t\t\t<\/div>\n\t\t\t\t\t\t\t<div class=\"elementor-accordion-item\">\n\t\t\t\t\t<div id=\"elementor-tab-title-1725\" class=\"elementor-tab-title\" data-tab=\"5\" role=\"button\" aria-controls=\"elementor-tab-content-1725\" aria-expanded=\"false\">\n\t\t\t\t\t\t\t\t\t\t\t\t\t<span class=\"elementor-accordion-icon elementor-accordion-icon-left\" aria-hidden=\"true\">\n\t\t\t\t\t\t\t\t\t\t\t\t\t\t\t<span class=\"elementor-accordion-icon-closed\"><i class=\"fas fa-plus\"><\/i><\/span>\n\t\t\t\t\t\t\t\t<span class=\"elementor-accordion-icon-opened\"><i class=\"fas fa-minus\"><\/i><\/span>\n\t\t\t\t\t\t\t\t\t\t\t\t\t\t<\/span>\n\t\t\t\t\t\t\t\t\t\t\t\t<a class=\"elementor-accordion-title\" tabindex=\"0\">Les missions d'observation \u00e9lectorale<\/a>\n\t\t\t\t\t<\/div>\n\t\t\t\t\t<div id=\"elementor-tab-content-1725\" class=\"elementor-tab-content elementor-clearfix\" data-tab=\"5\" role=\"region\" aria-labelledby=\"elementor-tab-title-1725\"><p>Avec l<strong>es missions d&#8217;observation \u00e9lectorale,<\/strong> g\u00e9n\u00e9ralement dirig\u00e9es par un membre du Parlement europ\u00e9en, l&#8217;UE vise \u00e0 garantir le bon d\u00e9roulement des \u00e9lections. La pr\u00e9sence d&#8217;observateurs \u00e9lectoraux peut dissuader les actes d&#8217;intimidation et de violence pendant les \u00e9lections et renforcer les institutions d\u00e9mocratiques. <\/p>\n<\/div>\n\t\t\t\t<\/div>\n\t\t\t\t\t\t\t<div class=\"elementor-accordion-item\">\n\t\t\t\t\t<div id=\"elementor-tab-title-1726\" class=\"elementor-tab-title\" data-tab=\"6\" role=\"button\" aria-controls=\"elementor-tab-content-1726\" aria-expanded=\"false\">\n\t\t\t\t\t\t\t\t\t\t\t\t\t<span class=\"elementor-accordion-icon elementor-accordion-icon-left\" aria-hidden=\"true\">\n\t\t\t\t\t\t\t\t\t\t\t\t\t\t\t<span class=\"elementor-accordion-icon-closed\"><i class=\"fas fa-plus\"><\/i><\/span>\n\t\t\t\t\t\t\t\t<span class=\"elementor-accordion-icon-opened\"><i class=\"fas fa-minus\"><\/i><\/span>\n\t\t\t\t\t\t\t\t\t\t\t\t\t\t<\/span>\n\t\t\t\t\t\t\t\t\t\t\t\t<a class=\"elementor-accordion-title\" tabindex=\"0\">Les sanctions<\/a>\n\t\t\t\t\t<\/div>\n\t\t\t\t\t<div id=\"elementor-tab-content-1726\" class=\"elementor-tab-content elementor-clearfix\" data-tab=\"6\" role=\"region\" aria-labelledby=\"elementor-tab-title-1726\"><p>L&#8217;UE impose <strong>des sanctions <\/strong>\u00e0 l&#8217;encontre des personnes, organisations et entit\u00e9s (\u00e9tatiques et non \u00e9tatiques) qui sont responsables de violations graves des droits de l&#8217;homme et d&#8217;abus, qui y participent ou qui y sont associ\u00e9es. Par exemple, en raison de la guerre d&#8217;agression men\u00e9e par la Russie contre l&#8217;Ukraine et du d\u00e9c\u00e8s d&#8217;Alexei Navalny, le Conseil a impos\u00e9 des mesures restrictives (gel des avoirs et interdictions commerciales et de voyage) \u00e0 l&#8217;encontre de centaines de personnes, d&#8217;entreprises et d&#8217;organisations russes.  <\/p>\n<\/div>\n\t\t\t\t<\/div>\n\t\t\t\t\t\t\t\t<\/div>\n\t\t\t\t\t\t<\/div>\n\t\t\t\t<\/div>\n\t\t\t\t<div class=\"elementor-element elementor-element-03f8613 ueberschrift2 elementor-widget elementor-widget-heading\" data-id=\"03f8613\" data-element_type=\"widget\" data-e-type=\"widget\" data-widget_type=\"heading.default\">\n\t\t\t\t<div class=\"elementor-widget-container\">\n\t\t\t\t\t<h2 class=\"elementor-heading-title elementor-size-default\">Qui est responsable des droits de l'homme dans les relations ext\u00e9rieures de l'UE ?<\/h2>\t\t\t\t<\/div>\n\t\t\t\t<\/div>\n\t\t\t\t<div class=\"elementor-element elementor-element-bc36c80 elementor-widget elementor-widget-accordion\" data-id=\"bc36c80\" data-element_type=\"widget\" data-e-type=\"widget\" data-widget_type=\"accordion.default\">\n\t\t\t\t<div class=\"elementor-widget-container\">\n\t\t\t\t\t\t\t<div class=\"elementor-accordion\">\n\t\t\t\t\t\t\t<div class=\"elementor-accordion-item\">\n\t\t\t\t\t<div id=\"elementor-tab-title-1971\" class=\"elementor-tab-title\" data-tab=\"1\" role=\"button\" aria-controls=\"elementor-tab-content-1971\" aria-expanded=\"false\">\n\t\t\t\t\t\t\t\t\t\t\t\t\t<span class=\"elementor-accordion-icon elementor-accordion-icon-left\" aria-hidden=\"true\">\n\t\t\t\t\t\t\t\t\t\t\t\t\t\t\t<span class=\"elementor-accordion-icon-closed\"><i class=\"fas fa-plus\"><\/i><\/span>\n\t\t\t\t\t\t\t\t<span class=\"elementor-accordion-icon-opened\"><i class=\"fas fa-minus\"><\/i><\/span>\n\t\t\t\t\t\t\t\t\t\t\t\t\t\t<\/span>\n\t\t\t\t\t\t\t\t\t\t\t\t<a class=\"elementor-accordion-title\" tabindex=\"0\">Repr\u00e9sentante sp\u00e9ciale de l'UE pour les droits de l'homme <\/a>\n\t\t\t\t\t<\/div>\n\t\t\t\t\t<div id=\"elementor-tab-content-1971\" class=\"elementor-tab-content elementor-clearfix\" data-tab=\"1\" role=\"region\" aria-labelledby=\"elementor-tab-title-1971\"><p>Une <strong>repr\u00e9sentante sp\u00e9ciale de l&#8217;UE pour les droits de l&#8217;homme<\/strong> est charg\u00e9e de la mise en \u0153uvre du plan d&#8217;action. Depuis 2025, ce poste est occup\u00e9 par la N\u00e9erlandaise Kajsa Ollongren. Elle a pour mission de promouvoir l&#8217;efficacit\u00e9 et la visibilit\u00e9 de la politique des droits de l&#8217;homme. La visibilit\u00e9 est importante, car elle permet d&#8217;exercer une pression politique sur les gouvernements et les pays qui bafouent les droits de l&#8217;homme.   <\/p>\n<\/div>\n\t\t\t\t<\/div>\n\t\t\t\t\t\t\t<div class=\"elementor-accordion-item\">\n\t\t\t\t\t<div id=\"elementor-tab-title-1972\" class=\"elementor-tab-title\" data-tab=\"2\" role=\"button\" aria-controls=\"elementor-tab-content-1972\" aria-expanded=\"false\">\n\t\t\t\t\t\t\t\t\t\t\t\t\t<span class=\"elementor-accordion-icon elementor-accordion-icon-left\" aria-hidden=\"true\">\n\t\t\t\t\t\t\t\t\t\t\t\t\t\t\t<span class=\"elementor-accordion-icon-closed\"><i class=\"fas fa-plus\"><\/i><\/span>\n\t\t\t\t\t\t\t\t<span class=\"elementor-accordion-icon-opened\"><i class=\"fas fa-minus\"><\/i><\/span>\n\t\t\t\t\t\t\t\t\t\t\t\t\t\t<\/span>\n\t\t\t\t\t\t\t\t\t\t\t\t<a class=\"elementor-accordion-title\" tabindex=\"0\">Le Service europ\u00e9en pour l'action ext\u00e9rieure (SEAE)<\/a>\n\t\t\t\t\t<\/div>\n\t\t\t\t\t<div id=\"elementor-tab-content-1972\" class=\"elementor-tab-content elementor-clearfix\" data-tab=\"2\" role=\"region\" aria-labelledby=\"elementor-tab-title-1972\"><p><strong>Le Service europ\u00e9en pour l&#8217;action ext\u00e9rieure (SEAE)<\/strong> de l&#8217;UE dispose d&#8217;une <strong>direction sp\u00e9cifique charg\u00e9e des droits de l&#8217;homme<\/strong>. Chacune des 142\u202fd\u00e9l\u00e9gations de l&#8217;UE dans les pays tiers (comparables \u00e0 des ambassades) dispose d&#8217;un point de contact pour les droits de l&#8217;homme. Les d\u00e9l\u00e9gations de l&#8217;UE jouent un r\u00f4le important dans l&#8217;\u00e9laboration et la mise en \u0153uvre des strat\u00e9gies par pays en mati\u00e8re de droits de l&#8217;homme et de d\u00e9mocratie, dans les dialogues sur les questions relatives aux droits de l&#8217;homme, dans les contacts avec les d\u00e9fenseurs des droits de l&#8217;homme et la soci\u00e9t\u00e9 civile, ainsi que dans la d\u00e9finition des priorit\u00e9s pour l&#8217;aide financi\u00e8re de l&#8217;UE. <\/p>\n<\/div>\n\t\t\t\t<\/div>\n\t\t\t\t\t\t\t<div class=\"elementor-accordion-item\">\n\t\t\t\t\t<div id=\"elementor-tab-title-1973\" class=\"elementor-tab-title\" data-tab=\"3\" role=\"button\" aria-controls=\"elementor-tab-content-1973\" aria-expanded=\"false\">\n\t\t\t\t\t\t\t\t\t\t\t\t\t<span class=\"elementor-accordion-icon elementor-accordion-icon-left\" aria-hidden=\"true\">\n\t\t\t\t\t\t\t\t\t\t\t\t\t\t\t<span class=\"elementor-accordion-icon-closed\"><i class=\"fas fa-plus\"><\/i><\/span>\n\t\t\t\t\t\t\t\t<span class=\"elementor-accordion-icon-opened\"><i class=\"fas fa-minus\"><\/i><\/span>\n\t\t\t\t\t\t\t\t\t\t\t\t\t\t<\/span>\n\t\t\t\t\t\t\t\t\t\t\t\t<a class=\"elementor-accordion-title\" tabindex=\"0\">L'Agence des droits fondamentaux de l'Union europ\u00e9enne <\/a>\n\t\t\t\t\t<\/div>\n\t\t\t\t\t<div id=\"elementor-tab-content-1973\" class=\"elementor-tab-content elementor-clearfix\" data-tab=\"3\" role=\"region\" aria-labelledby=\"elementor-tab-title-1973\"><p><strong>L&#8217;Agence des droits fondamentaux de l&#8217;Union europ\u00e9enne,<\/strong> situ\u00e9e \u00e0 Vienne, fournit aux d\u00e9cideurs aux niveaux europ\u00e9en et national des conseils ind\u00e9pendants et fond\u00e9s sur des donn\u00e9es factuelles afin de rendre les strat\u00e9gies et la l\u00e9gislation en mati\u00e8re de droits fondamentaux plus professionnelles et mieux cibl\u00e9es<\/p>\n<\/div>\n\t\t\t\t<\/div>\n\t\t\t\t\t\t\t\t<\/div>\n\t\t\t\t\t\t<\/div>\n\t\t\t\t<\/div>\n\t\t\t\t<div class=\"elementor-element elementor-element-1dd6a62 ueberschrift2 elementor-widget elementor-widget-heading\" data-id=\"1dd6a62\" data-element_type=\"widget\" data-e-type=\"widget\" data-widget_type=\"heading.default\">\n\t\t\t\t<div class=\"elementor-widget-container\">\n\t\t\t\t\t<h2 class=\"elementor-heading-title elementor-size-default\">Le r\u00f4le du Parlement europ\u00e9en (PE)<\/h2>\t\t\t\t<\/div>\n\t\t\t\t<\/div>\n\t\t\t\t<div class=\"elementor-element elementor-element-dd3d945 elementor-widget elementor-widget-text-editor\" data-id=\"dd3d945\" data-element_type=\"widget\" data-e-type=\"widget\" data-widget_type=\"text-editor.default\">\n\t\t\t\t<div class=\"elementor-widget-container\">\n\t\t\t\t\t\t\t\t\t<p>Conform\u00e9ment aux articles 207 et 218 du trait\u00e9 sur le fonctionnement de l&#8217;Union europ\u00e9enne (TFUE), l&#8217;entr\u00e9e en vigueur de la plupart des accords internationaux requiert l&#8217;approbation du Parlement. Ainsi, seuls les accords approuv\u00e9s par la majorit\u00e9 des d\u00e9put\u00e9(e)s peuvent entrer en vigueur. \u00c0 cet \u00e9gard, le Parlement veille tout particuli\u00e8rement \u00e0 ce que ces accords contribuent \u00e9galement \u00e0 renforcer les droits sociaux et les droits de l&#8217;homme dans les \u00c9tats concern\u00e9s.  <\/p><p>Le Parlement europ\u00e9en dispose d&#8217;une <strong>sous-commission des droits de l&#8217;homme<\/strong>. Celle-ci traite des questions relatives \u00e0 la d\u00e9mocratie, \u00e0 l&#8217;\u00c9tat de droit et aux droits de l&#8217;homme et des minorit\u00e9s dans les pays tiers, ainsi que des principes du droit international. Elle veille \u00e0 ce que l&#8217;action ext\u00e9rieure de l&#8217;Union soit compatible avec sa politique en mati\u00e8re de droits de l&#8217;homme.  <\/p><p>Le Parlement d\u00e9cide, conjointement avec le Conseil (c&#8217;est-\u00e0-dire les \u00c9tats membres), du <strong>budget de l&#8217;UE <\/strong>et se bat \u2013 souvent au cours de n\u00e9gociations acharn\u00e9es avec le Conseil \u2013 pour que des fonds suffisants soient allou\u00e9s \u00e0 la promotion des droits de l&#8217;homme, par exemple pour l&#8217;Instrument europ\u00e9en pour la d\u00e9mocratie et les droits de l&#8217;homme (IEDDH).<\/p><p>Depuis 1988, le Parlement europ\u00e9en d\u00e9cerne chaque ann\u00e9e <strong>le prix Sakharov <\/strong>pour la libert\u00e9 de l&#8217;esprit \u00e0 des militants des droits de l&#8217;homme du monde entier. Il est d\u00e9cern\u00e9 \u00e0 des personnes, des organisations ou des groupes qui ont apport\u00e9 une contribution exceptionnelle \u00e0 la protection de la libert\u00e9 de l&#8217;esprit. Il vise \u00e0 renforcer la libert\u00e9 d&#8217;expression, les droits des minorit\u00e9s, le respect du droit international, la d\u00e9mocratie et l&#8217;\u00c9tat de droit.  <\/p>\t\t\t\t\t\t\t\t<\/div>\n\t\t\t\t<\/div>\n\t\t\t\t<section class=\"elementor-section elementor-inner-section elementor-element elementor-element-d715d8a elementor-section-full_width elementor-section-height-default elementor-section-height-default\" data-id=\"d715d8a\" data-element_type=\"section\" data-e-type=\"section\">\n\t\t\t\t\t\t<div class=\"elementor-container elementor-column-gap-default\">\n\t\t\t\t\t<div class=\"elementor-column elementor-col-50 elementor-inner-column elementor-element elementor-element-284ec07\" data-id=\"284ec07\" data-element_type=\"column\" data-e-type=\"column\">\n\t\t\t<div class=\"elementor-widget-wrap elementor-element-populated\">\n\t\t\t\t\t\t<div class=\"elementor-element elementor-element-ec5fe53 elementor-widget elementor-widget-heading\" data-id=\"ec5fe53\" data-element_type=\"widget\" data-e-type=\"widget\" data-widget_type=\"heading.default\">\n\t\t\t\t<div class=\"elementor-widget-container\">\n\t\t\t\t\t<h3 class=\"elementor-heading-title elementor-size-default\">Laur\u00e9ats c\u00e9l\u00e8bres du prix Sakharov :<\/h3>\t\t\t\t<\/div>\n\t\t\t\t<\/div>\n\t\t\t\t<div class=\"elementor-element elementor-element-83b1ab9 linkcolor elementor-widget elementor-widget-text-editor\" data-id=\"83b1ab9\" data-element_type=\"widget\" data-e-type=\"widget\" data-widget_type=\"text-editor.default\">\n\t\t\t\t<div class=\"elementor-widget-container\">\n\t\t\t\t\t\t\t\t\t<p>Nelson Mandela, l&#8217;organisation Reporters sans fronti\u00e8res et Malala Yousafzai, du Pakistan, \u00e0 qui les talibans ont tir\u00e9 une balle dans la t\u00eate \u00e0 l&#8217;\u00e2ge de 15 ans parce qu&#8217;ils voulaient l&#8217;emp\u00eacher d&#8217;aller \u00e0 l&#8217;\u00e9cole. Le prix Sakharov 2025 a \u00e9t\u00e9 d\u00e9cern\u00e9 aux journalistes emprisonn\u00e9s Andrzej Poczobut (Bi\u00e9lorussie) et Msia Amaghlobeli (G\u00e9orgie) afin de saluer leur engagement courageux en faveur de la libert\u00e9 d&#8217;expression et de la d\u00e9mocratie face aux r\u00e9gimes autoritaires. <\/p>\t\t\t\t\t\t\t\t<\/div>\n\t\t\t\t<\/div>\n\t\t\t\t\t<\/div>\n\t\t<\/div>\n\t\t\t\t<div class=\"elementor-column elementor-col-50 elementor-inner-column elementor-element elementor-element-fa28646\" data-id=\"fa28646\" data-element_type=\"column\" data-e-type=\"column\">\n\t\t\t<div class=\"elementor-widget-wrap elementor-element-populated\">\n\t\t\t\t\t\t<div class=\"elementor-element elementor-element-c91d999 elementor-widget elementor-widget-image\" data-id=\"c91d999\" data-element_type=\"widget\" data-e-type=\"widget\" data-widget_type=\"image.default\">\n\t\t\t\t<div class=\"elementor-widget-container\">\n\t\t\t\t\t\t\t\t\t\t\t\t\t\t\t<img fetchpriority=\"high\" decoding=\"async\" width=\"800\" height=\"382\" src=\"https:\/\/euwww.eu\/wp-content\/uploads\/2026\/06\/EUWWW_Station-07-Die-Traeger-des-Sacharow-Preises-I-Europeana-www.europeana.eu_-1024x489.jpg\" class=\"attachment-large size-large wp-image-8509\" alt=\"\" srcset=\"https:\/\/euwww.eu\/wp-content\/uploads\/2026\/06\/EUWWW_Station-07-Die-Traeger-des-Sacharow-Preises-I-Europeana-www.europeana.eu_-1024x489.jpg 1024w, https:\/\/euwww.eu\/wp-content\/uploads\/2026\/06\/EUWWW_Station-07-Die-Traeger-des-Sacharow-Preises-I-Europeana-www.europeana.eu_-300x143.jpg 300w, https:\/\/euwww.eu\/wp-content\/uploads\/2026\/06\/EUWWW_Station-07-Die-Traeger-des-Sacharow-Preises-I-Europeana-www.europeana.eu_-768x367.jpg 768w, https:\/\/euwww.eu\/wp-content\/uploads\/2026\/06\/EUWWW_Station-07-Die-Traeger-des-Sacharow-Preises-I-Europeana-www.europeana.eu_-1536x734.jpg 1536w, https:\/\/euwww.eu\/wp-content\/uploads\/2026\/06\/EUWWW_Station-07-Die-Traeger-des-Sacharow-Preises-I-Europeana-www.europeana.eu_.jpg 1920w\" sizes=\"(max-width: 800px) 100vw, 800px\" \/>\t\t\t\t\t\t\t\t\t\t\t\t\t\t\t<\/div>\n\t\t\t\t<\/div>\n\t\t\t\t\t<\/div>\n\t\t<\/div>\n\t\t\t\t\t<\/div>\n\t\t<\/section>\n\t\t\t\t<div class=\"elementor-element elementor-element-91162dc linkcolor elementor-widget elementor-widget-text-editor\" data-id=\"91162dc\" data-element_type=\"widget\" data-e-type=\"widget\" data-widget_type=\"text-editor.default\">\n\t\t\t\t<div class=\"elementor-widget-container\">\n\t\t\t\t\t\t\t\t\t<p>Consultez la liste des laureats du prix Sakharov depuis 1988 https:\/<a href=\"https:\/\/www.europeana.eu\/de\/exhibitions\/sakharov-prize\/sakharov-prize-laureates\" target=\"_blank\" rel=\"noopener\">\/www.europeana.eu\/de\/exhibitions\/sakharov-prize\/sakharov-prize-laureates <\/a><br\/><\/p>\t\t\t\t\t\t\t\t<\/div>\n\t\t\t\t<\/div>\n\t\t\t\t<div class=\"elementor-element elementor-element-6cc124a ueberschrift2 elementor-widget elementor-widget-heading\" data-id=\"6cc124a\" data-element_type=\"widget\" data-e-type=\"widget\" data-widget_type=\"heading.default\">\n\t\t\t\t<div class=\"elementor-widget-container\">\n\t\t\t\t\t<h2 class=\"elementor-heading-title elementor-size-default\">Conflits d'objectifs entre politique commerciale, int\u00e9r\u00eats strat\u00e9giques, valeurs et droits de l'homme<\/h2>\t\t\t\t<\/div>\n\t\t\t\t<\/div>\n\t\t\t\t<div class=\"elementor-element elementor-element-32eeb46 elementor-widget elementor-widget-text-editor\" data-id=\"32eeb46\" data-element_type=\"widget\" data-e-type=\"widget\" data-widget_type=\"text-editor.default\">\n\t\t\t\t<div class=\"elementor-widget-container\">\n\t\t\t\t\t\t\t\t\t<p>C&#8217;est une chose de fixer des objectifs pour son action politique dans des constitutions ou des trait\u00e9s. C&#8217;en est une autre de les mettre r\u00e9ellement en \u0153uvre. L&#8217;UE ne fait pas exception \u00e0 la r\u00e8gle.  <\/p><p>M\u00eame si elle aspire \u00e0 une politique \u00e9trang\u00e8re fond\u00e9e sur des valeurs, l&#8217;Union europ\u00e9enne a \u00e9galement des objectifs et des int\u00e9r\u00eats \u00e9conomiques et g\u00e9opolitiques. Des conflits d&#8217;objectifs sont in\u00e9vitables : <\/p><ul><li style=\"list-style-type: none;\"><ul><li>Faut-il ou peut-on conclure des accords commerciaux avec des pays qui bafouent les valeurs et les droits de l&#8217;homme ?<\/li><li>Est-il l\u00e9gitime de coop\u00e9rer avec de tels pays, par exemple au sein d&#8217;organisations internationales, afin d&#8217;y faire valoir ses propres positions ?<\/li><li>Faut-il imposer des sanctions aux \u00c9tats qui violent les droits de l&#8217;homme ou recourent \u00e0 la violence contre leur propre population ou leurs pays voisins, m\u00eame si cela risque de nuire aux propres int\u00e9r\u00eats \u00e9conomiques ou de toucher la population civile de ces \u00c9tats ? <\/li><\/ul><\/li><\/ul><p>Dans la plupart des cas, les r\u00e9ponses \u00e0 ces conflits d&#8217;objectifs consistent en des compromis. La question de savoir si ceux-ci sont \u00e9quilibr\u00e9s et moralement acceptables restera controvers\u00e9e au sein de l&#8217;UE \u2013 comme dans toute d\u00e9mocratie \u2013 au cas par cas. Il est important de d\u00e9finir au pr\u00e9alable ses propres positions et strat\u00e9gies et de les rendre transparentes. Le lieu le plus important pour cela est le Parlement europ\u00e9en : c&#8217;est l\u00e0 que se prend en fin de compte la d\u00e9cision de conclure ou non des trait\u00e9s internationaux, avec qui, et quelle place y occupent les droits de l&#8217;homme.   <\/p>\t\t\t\t\t\t\t\t<\/div>\n\t\t\t\t<\/div>\n\t\t\t\t<section class=\"elementor-section elementor-inner-section elementor-element elementor-element-78109da elementor-section-full_width elementor-section-height-default elementor-section-height-default\" data-id=\"78109da\" data-element_type=\"section\" data-e-type=\"section\">\n\t\t\t\t\t\t<div class=\"elementor-container elementor-column-gap-default\">\n\t\t\t\t\t<div class=\"elementor-column elementor-col-50 elementor-inner-column elementor-element elementor-element-9ebdd9e\" data-id=\"9ebdd9e\" data-element_type=\"column\" data-e-type=\"column\">\n\t\t\t<div class=\"elementor-widget-wrap elementor-element-populated\">\n\t\t\t\t\t\t<div class=\"elementor-element elementor-element-1301d1f elementor-widget elementor-widget-heading\" data-id=\"1301d1f\" data-element_type=\"widget\" data-e-type=\"widget\" data-widget_type=\"heading.default\">\n\t\t\t\t<div class=\"elementor-widget-container\">\n\t\t\t\t\t<h3 class=\"elementor-heading-title elementor-size-default\">Les objectifs que l'UE doit poursuivre au niveau international sont \u00e9num\u00e9r\u00e9s \u00e0 l'article\u202f3, para. 5, du Trait\u00e9 sur l'Union europ\u00e9enne :<\/h3>\t\t\t\t<\/div>\n\t\t\t\t<\/div>\n\t\t\t\t\t<\/div>\n\t\t<\/div>\n\t\t\t\t<div class=\"elementor-column elementor-col-50 elementor-inner-column elementor-element elementor-element-61c3cef\" data-id=\"61c3cef\" data-element_type=\"column\" data-e-type=\"column\">\n\t\t\t<div class=\"elementor-widget-wrap elementor-element-populated\">\n\t\t\t\t\t\t<div class=\"elementor-element elementor-element-75ecd02 linkcolor elementor-widget elementor-widget-text-editor\" data-id=\"75ecd02\" data-element_type=\"widget\" data-e-type=\"widget\" data-widget_type=\"text-editor.default\">\n\t\t\t\t<div class=\"elementor-widget-container\">\n\t\t\t\t\t\t\t\t\t<p><em>\u201e\u00ab Dans ses relations avec le reste du monde, l&#8217;Union affirme et promeut ses valeurs et ses int\u00e9r\u00eats et contribue \u00e0 la protection de ses citoyens. Elle contribue \u00e0 la paix, \u00e0 la s\u00e9curit\u00e9, au d\u00e9veloppement durable de la plan\u00e8te, \u00e0 la solidarit\u00e9 et au respect mutuel entre les peuples, au commerce libre et \u00e9quitable, \u00e0 l&#8217;\u00e9limination de la pauvret\u00e9 et \u00e0 la protection des droits de l&#8217;homme, en particulier ceux de l&#8217;enfant, ainsi qu&#8217;au strict respect et au d\u00e9veloppement du droit international, notamment au respect des principes de la charte des Nations unies. \u00bb <br\/><\/em><\/p>\t\t\t\t\t\t\t\t<\/div>\n\t\t\t\t<\/div>\n\t\t\t\t\t<\/div>\n\t\t<\/div>\n\t\t\t\t\t<\/div>\n\t\t<\/section>\n\t\t\t\t<div class=\"elementor-element elementor-element-893f2b2 ueberschrift2 elementor-widget elementor-widget-heading\" data-id=\"893f2b2\" data-element_type=\"widget\" data-e-type=\"widget\" data-widget_type=\"heading.default\">\n\t\t\t\t<div class=\"elementor-widget-container\">\n\t\t\t\t\t<h2 class=\"elementor-heading-title elementor-size-default\">Quels r\u00e9sultats l'UE a-t-elle obtenus jusqu'\u00e0 pr\u00e9sent en mati\u00e8re de droits de l'homme et de d\u00e9mocratie dans le monde?<\/h2>\t\t\t\t<\/div>\n\t\t\t\t<\/div>\n\t\t\t\t<div class=\"elementor-element elementor-element-38af020 elementor-widget elementor-widget-text-editor\" data-id=\"38af020\" data-element_type=\"widget\" data-e-type=\"widget\" data-widget_type=\"text-editor.default\">\n\t\t\t\t<div class=\"elementor-widget-container\">\n\t\t\t\t\t\t\t\t\t<ul><li>Depuis 2015, l\u2019UE a soutenu plus de 55 000 <strong>d\u00e9fenseurs des droits de l\u2019homme<\/strong> dans le cadre du programme <strong>ProtectDefenders.eu.<\/strong><\/li><li>L&#8217;UE milite avec force pour <strong>l&#8217;abolition de la peine de mort <\/strong>dans le monde. Fin 2024, selon Amnesty International, 145 pays avaient aboli la peine de mort en droit ou en pratique. Une r\u00e9solution contre l&#8217;application de la peine de mort, pr\u00e9sent\u00e9e par l&#8217;UE, a \u00e9t\u00e9 adopt\u00e9e par l&#8217;Assembl\u00e9e g\u00e9n\u00e9rale des Nations Unies en d\u00e9cembre 2018 avec le soutien de 121 pays.  <\/li><li>L&#8217;UE s&#8217;engage \u00e0 l&#8217;\u00e9chelle mondiale pour l&#8217;\u00e9radication du travail des enfants. Un r\u00e8glement de l&#8217;UE datant de 2024 \u00e9tablit un cadre permettant de v\u00e9rifier si des entreprises ont recours au travail forc\u00e9 ou au travail des enfants. Si cela est prouv\u00e9, leurs produits sont bloqu\u00e9s aux fronti\u00e8res de l&#8217;UE ou, s&#8217;ils ont d\u00e9j\u00e0 p\u00e9n\u00e9tr\u00e9 sur le march\u00e9 de l&#8217;UE, retir\u00e9s de la vente.  <\/li><li>Depuis 2014, l&#8217;UE a soutenu la d\u00e9mocratie dans plus de 70 pays partenaires \u00e0 hauteur de plus de 500 millions d&#8217;euros, notamment pour soutenir l&#8217;organisation d&#8217;\u00e9lections et d&#8217;organismes de contr\u00f4le, les m\u00e9dias ind\u00e9pendants, les parlements et les partis politiques.<\/li><li>Plus de <strong>100 missions d&#8217;observation \u00e9lectorale <\/strong>de l&#8217;UE ont \u00e9t\u00e9 d\u00e9ploy\u00e9es \u00e0 travers le monde.<\/li><li>L&#8217;UE soutient la mise en \u0153uvre des conventions relatives aux droits de l&#8217;homme et aux droits des travailleurs, par exemple en envoyant des missions de surveillance. <br\/><\/li><\/ul>\t\t\t\t\t\t\t\t<\/div>\n\t\t\t\t<\/div>\n\t\t\t\t<div class=\"elementor-element elementor-element-851d2d6 linkcolor elementor-widget elementor-widget-text-editor\" data-id=\"851d2d6\" data-element_type=\"widget\" data-e-type=\"widget\" data-widget_type=\"text-editor.default\">\n\t\t\t\t<div class=\"elementor-widget-container\">\n\t\t\t\t\t\t\t\t\t<p><a href=\"https:\/\/protectdefenders.eu\/\" target=\"_blank\" rel=\"noopener\">https:\/\/protectdefenders.eu\/<\/a><\/p>\t\t\t\t\t\t\t\t<\/div>\n\t\t\t\t<\/div>\n\t\t\t\t\t<\/div>\n\t\t<\/div>\n\t\t\t\t<div class=\"elementor-column elementor-col-50 elementor-top-column elementor-element elementor-element-f2a93f6\" data-id=\"f2a93f6\" data-element_type=\"column\" data-e-type=\"column\">\n\t\t\t<div class=\"elementor-widget-wrap elementor-element-populated\">\n\t\t\t\t\t\t<section class=\"elementor-section elementor-inner-section elementor-element elementor-element-c9875e0 elementor-section-boxed elementor-section-height-default elementor-section-height-default\" data-id=\"c9875e0\" data-element_type=\"section\" data-e-type=\"section\" data-settings=\"{&quot;sticky&quot;:&quot;top&quot;,&quot;sticky_offset&quot;:80,&quot;sticky_parent&quot;:&quot;yes&quot;,&quot;sticky_on&quot;:[&quot;desktop&quot;,&quot;tablet_extra&quot;,&quot;tablet&quot;,&quot;mobile_extra&quot;,&quot;mobile&quot;],&quot;sticky_effects_offset&quot;:0,&quot;sticky_anchor_link_offset&quot;:0}\">\n\t\t\t\t\t\t<div class=\"elementor-container elementor-column-gap-default\">\n\t\t\t\t\t<div class=\"elementor-column elementor-col-100 elementor-inner-column elementor-element elementor-element-1f3b263\" data-id=\"1f3b263\" data-element_type=\"column\" data-e-type=\"column\">\n\t\t\t<div class=\"elementor-widget-wrap elementor-element-populated\">\n\t\t\t\t\t\t<div class=\"elementor-element elementor-element-8e52c39 elementor-widget elementor-widget-heading\" data-id=\"8e52c39\" data-element_type=\"widget\" data-e-type=\"widget\" data-widget_type=\"heading.default\">\n\t\t\t\t<div class=\"elementor-widget-container\">\n\t\t\t\t\t<h4 class=\"elementor-heading-title elementor-size-default\">Espace d'apprentissage et de jeux<\/h4>\t\t\t\t<\/div>\n\t\t\t\t<\/div>\n\t\t\t\t<div class=\"elementor-element elementor-element-4e0e41b elementor-widget elementor-widget-text-editor\" data-id=\"4e0e41b\" data-element_type=\"widget\" data-e-type=\"widget\" data-widget_type=\"text-editor.default\">\n\t\t\t\t<div class=\"elementor-widget-container\">\n\t\t\t\t\t\t\t\t\t<p>Apprendre gr\u00e2ce \u00e0 des suggestions, des quiz et d&#8217;autres \u00e9l\u00e9ments interactifs.<\/p>\t\t\t\t\t\t\t\t<\/div>\n\t\t\t\t<\/div>\n\t\t\t\t<div class=\"elementor-element elementor-element-75dd22f elementor-widget elementor-widget-ucaddon_dynamic_popup\" data-id=\"75dd22f\" data-element_type=\"widget\" data-e-type=\"widget\" data-widget_type=\"ucaddon_dynamic_popup.default\">\n\t\t\t\t<div class=\"elementor-widget-container\">\n\t\t\t\t\t\n<!-- start Dynamic Post Popup -->\n\n<style>\/* widget: Dynamic Post Popup *\/\n\n  body.ue-popup-opened:not(#uc_dynamic_popup_elementor_75dd22f body),\n  html.ue-popup-opened:not(#uc_dynamic_popup_elementor_75dd22f html){\n      overflow-y: hidden;\n  }\n \n\n#uc_dynamic_popup_elementor_75dd22f .ue-dynamic-popup-inner{\n  position: relative;\n  transition: all .3s;\n    \n}\n\n\n\t\n\n\t\n\n#uc_dynamic_popup_elementor_75dd22f .uc-iframe{\n  position: absolute;\n  top: 0;\n  left: 0;\n}\n\n#uc_dynamic_popup_elementor_75dd22f .ue-dynamic-popup-overlay{\n  position: fixed;\n  top:0;\n  bottom:0;\n  right:0;\n  left:0;\n  width:100%;\n  z-index:9999;\n  display:flex;\n  opacity: 0;\n  pointer-events: none;\n  visibility: hidden;\n}\n\n#uc_dynamic_popup_elementor_75dd22f .ue-dynamic-popup-overlay.uc-active{\n  opacity: 1;\n  pointer-events: all;\n  visibility: visible;\n}\n\n#uc_dynamic_popup_elementor_75dd22f .ue-dynamic-popup-close{\n  position:absolute;\n  line-height:1em;\n  cursor:pointer;\n  display:flex;\n  align-items:center;\n  justify-content:center;\n  z-index: 100;\n}\n\n#uc_dynamic_popup_elementor_75dd22f .ue-dynamic-popup-close:focus{\n  outline: 2px solid black;\n}\n\n#uc_dynamic_popup_elementor_75dd22f .ue-dynamic-popup-arrows{\n    display: flex;\n  \twidth: 100%;\n    position: absolute;\n  \t    justify-content: space-between;\n  \ttop: 0;\n  \t}\n\n#uc_dynamic_popup_elementor_75dd22f .ue-dynamic-popup-arrow{\n\tcursor: pointer;\n  \t    position: absolute;\n  \t\tdisplay: flex;\n    justify-content: center;\n    align-items: center;\n}\n\n#uc_dynamic_popup_elementor_75dd22f .ue-loader{\n    position: absolute;\n    z-index: 1;\n    width: 100%;\n    height: 100%;\n    display: flex;\n    justify-content: center;\n    align-items: center;\n}\n\n#uc_dynamic_popup_elementor_75dd22f .uc-loading-text{\n\tcolor: #696969;\n}\n\n\/* entrance animation *\/\n\/* end entrance animation *\/\n\n\/* global styling *\/\n\n\/* end global styling *\/\n\n@media screen and (max-width: 1024px) {\n  #uc_dynamic_popup_elementor_75dd22f .ue-dynamic-popup-arrows{\n  \topacity: 1 !important;\n  }\n}\n\n<\/style>\n\n\n\n<div id=\"uc_dynamic_popup_elementor_75dd22f\" class=\"ue-dynamic-popup\" data-link-target-parent=\"true\" data-editor=\"no\" data-template=\"6425\" data-arrows=\"true\" data-arrows-on-top=\"true\" data-show-arrows-on-hover=\"false\" data-debug-console=\"false\" data-advanced-cache=\"false\" data-close-after-addedtocart=\"false\">\n    \n    \n   \n  \n  <div class=\"ue-dynamic-popup-overlay\">\n    \n    <div class=\"ue-dynamic-popup-inner\">\n      \n      \t<div class=\"ue-loader\">\n      \t\t          \n          \t                  <div class=\"uc-loading-text\">Chargement en cours...<\/div>\n                      \n      \t<\/div>\n      \n    \t<div class=\"ue-dynamic-popup-close\" tabindex=\"0\"><i class='fas fa-times'><\/i><\/div>\n      \t<div class=\"ue-dynamic-popup-iframe-holder\" data-debug=\"false\" data-debug-post='' data-show-iframe=\"false\" data-adjust-height=\"false\" data-hide-scroll=\"false\" data-anim=\"none\" data-anim-speed=\".3\"><\/div> \n      \t\n      \t      \t<div class=\"ue-dynamic-popup-arrows\">\n          <div class=\"ue-dynamic-popup-arrow ue-dynamic-popup-prev-arrow\"><i class='fas fa-chevron-left'><\/i><\/div>\n      \t  <div class=\"ue-dynamic-popup-arrow ue-dynamic-popup-next-arrow\"><i class='fas fa-chevron-right'><\/i><\/div>          \t\n      \t<\/div>\n      \t \n    <\/div> \n    \n  <\/div>\n<\/div>\n<!-- end Dynamic Post Popup -->\t\t\t\t<\/div>\n\t\t\t\t<\/div>\n\t\t\t\t<div class=\"elementor-element elementor-element-5a16570 elementor-widget elementor-widget-ucaddon_post_list\" data-id=\"5a16570\" data-element_type=\"widget\" data-e-type=\"widget\" data-widget_type=\"ucaddon_post_list.default\">\n\t\t\t\t<div class=\"elementor-widget-container\">\n\t\t\t\t\t\n<!-- start Post List -->\n\n<style>\/* widget: Post List *\/\n\n\r\n@keyframes uc_post_list_elementor_5a16570__item-animation {\r\n  0% {\r\n            \r\n        \t        \tfilter: blur(10px);\r\n\t\t\t\r\n    \t    opacity: 0;\r\n  }\r\n  100% {\r\n            \r\n        \t            filter: blur(0px);\r\n            \r\n    \t\topacity: 1;\r\n  }\r\n}\r\n\r\n\r\n#uc_post_list_elementor_5a16570 .uc_post_list_box{\r\n\topacity:0;\r\n}\r\n\r\n\r\n#uc_post_list_elementor_5a16570 .uc-entrance-animate {\r\n  opacity:1;\r\n}\r\n\r\n#uc_post_list_elementor_5a16570 .uc-entrance-animate {\r\n\tanimation: uc_post_list_elementor_5a16570__item-animation 0.6s cubic-bezier(0.470, 0.000, 0.745, 0.715) both;\r\n}\r\n\r\n\t\t\t\n\n#uc_post_list_elementor_5a16570{\n  display:grid;\n}\n\n#uc_post_list_elementor_5a16570 .uc_post_list_image div{\n  background-size:cover;\n  background-position:center;\n}\n\n.uc_post_list .uc_post_list_box{\n\tposition: relative;\n\toverflow: hidden;\n\tdisplay: flex;\n}\n\n#uc_post_list_elementor_5a16570 .uc_post_list_image{\n  flex-grow:0;\n  flex-shrink:0;\n  overflow: hidden;\n}\n\n#uc_post_list_elementor_5a16570 .uc_post_list_image img{\n  width:100%;\n  height:100%;\n  display:block;\n  transition:0.3s;  \n  position: relative;\n  z-index: 1;\n}\n\n.uc_post_list_title a{\n    position: relative;\n    z-index: 1;\n\tcolor: #333333;\n    display: block;\n}\n\n.uc_post_list_date{\n\tfont-size: 12px;\n}\n\n#uc_post_list_elementor_5a16570 .uc_post_list_content{\n  display:flex;\n  flex-direction:column;\n  flex:1;\n}\n\n#uc_post_list_elementor_5a16570 .uc_more_btn{\n  text-align:center;\n  text-decoration:none;\n  transition:0.3s;\n  position: relative;\n  z-index: 1;\n}\n\n#uc_post_list_elementor_5a16570 .button-on-side{\n  display:flex;\n  align-items:center;\n}\n\n#uc_post_list_elementor_5a16570 .ue-grid-item-category{\n  display: flex;\n  align-items: center;\n}\n\n.ue-grid-item-category a{\n  display:inline-block;\n  font-size:10px;\n  text-transform:uppercase;\n  white-space: nowrap;\n}\n\n#uc_post_list_elementor_5a16570 .ue-meta-data{  \n  display:flex;\n  flex-wrap: wrap;\n  line-height:1em;\n}\n\n#uc_post_list_elementor_5a16570 .ue-grid-item-meta-data{\n      display:inline-flex;\n      align-items:center;\n}\n\n.ue-grid-item-meta-data{\n  font-size:12px;\n}\n\n#uc_post_list_elementor_5a16570 .ue-grid-item-meta-data-icon{\n  line-height:1em;\n}\n\n#uc_post_list_elementor_5a16570 .ue-grid-item-meta-data-icon svg{\n  width:1em;\n  height:1em;\n} \n\n#uc_post_list_elementor_5a16570 .ue-debug-meta{\n  padding:10px;\n  border:1px solid red;\n  position:relative;\n  line-height:1.5em;\n  font-size:11px;\n  width:100%;\n}\n\n.uc-remote-parent .uc_post_list_box{\n\tcursor:pointer;\n}\n\n#uc_post_list_elementor_5a16570 .ue-post-link-overlay{\n  display:block;\n  position:absolute;\n  top:0;\n  bottom:0;\n  right:0;\n  left:0;\n}\n\n\n\n\n\n<\/style>\n\n<div class=\"uc_post_list uc-items-wrapper  uc-dynamic-popup-grid\" id=\"uc_post_list_elementor_5a16570\"  >    \t\n  <div class=\"uc_post_list_box\" data-category=\"07 Les valeurs europ\u00e9ennes dans le monde\">\n  \n  \t    <div class=\"uc_post_list_image\">\n      <a href=\"https:\/\/euwww.eu\/fr\/fr-suggestions\/apercu-des-mesures-prises-par-lue-pour-proteger-les-enfants\/\" target=\"_self\" title=\"Aper\u00e7u des mesures prises par l&#039;UE pour prot\u00e9ger les enfants\">\n          \n            <img decoding=\"async\" src=\"https:\/\/euwww.eu\/wp-content\/uploads\/2026\/06\/EUWWW_Informationsbeitrag-768x768.png\"  src=\"https:\/\/euwww.eu\/wp-content\/uploads\/2026\/06\/EUWWW_Informationsbeitrag-768x768.png\" alt=\"EUWWW_Information\" width=\"768\" height=\"768\">\n        \t        \n      <\/a>\n    <\/div>\n  \t\t\n  \n    <div class=\"uc_post_list_content\">\n      <div class=\"uc_post_list_content_inside\">\n        \n                \n             \n                         \n        <div class=\"ue-meta-data\">\n                 \n                \n            \n              \n              \n  \n      \n<\/div>      \n               \n                                  \n        <a target=\"_self\"  href='javascrpit:void(0)' data-post-link='https:\/\/euwww.eu\/fr\/fr-suggestions\/apercu-des-mesures-prises-par-lue-pour-proteger-les-enfants\/' data-postid='8997' class=\"uc_more_btn   uc-open-popup\" title=\"\">Aper\u00e7u des mesures prises par l&#8217;UE pour prot\u00e9ger les enfants<\/a>        \n      <\/div>\n    <\/div>\n     \n       \n  \n         <a target=\"_self\" href=\"https:\/\/euwww.eu\/fr\/fr-suggestions\/apercu-des-mesures-prises-par-lue-pour-proteger-les-enfants\/\" class=\"ue-post-link-overlay\"><\/a>\n   <\/div>\n<div class=\"uc_post_list_box\" data-category=\"07 Les valeurs europ\u00e9ennes dans le monde\">\n  \n  \t    <div class=\"uc_post_list_image\">\n      <a href=\"https:\/\/euwww.eu\/fr\/fr-suggestions\/soumis-a-discussion-libre-echange-avec-des-dictatures-et-des-etats-qui-meprisent-les-droits-humains\/\" target=\"_self\" title=\"Soumis \u00e0 discussion - Libre-\u00e9change avec des dictatures et des \u00c9tats qui m\u00e9prisent les droits humains ?\">\n          \n            <img decoding=\"async\" src=\"https:\/\/euwww.eu\/wp-content\/uploads\/2026\/06\/EUWWW_Diskussionsbeitragsbild-768x768.png\"  src=\"https:\/\/euwww.eu\/wp-content\/uploads\/2026\/06\/EUWWW_Diskussionsbeitragsbild-768x768.png\" alt=\"EUWWW_Image-contribution-\u00e0-la-discussion\" width=\"768\" height=\"768\">\n        \t        \n      <\/a>\n    <\/div>\n  \t\t\n  \n    <div class=\"uc_post_list_content\">\n      <div class=\"uc_post_list_content_inside\">\n        \n                \n             \n                         \n        <div class=\"ue-meta-data\">\n                 \n                \n            \n              \n              \n  \n      \n<\/div>      \n               \n                                  \n        <a target=\"_self\"  href='javascrpit:void(0)' data-post-link='https:\/\/euwww.eu\/fr\/fr-suggestions\/soumis-a-discussion-libre-echange-avec-des-dictatures-et-des-etats-qui-meprisent-les-droits-humains\/' data-postid='8999' class=\"uc_more_btn   uc-open-popup\" title=\"\">Soumis \u00e0 discussion &#8211; Libre-\u00e9change avec des dictatures et des \u00c9tats qui m\u00e9prisent les droits humains ?<\/a>        \n      <\/div>\n    <\/div>\n     \n       \n  \n         <a target=\"_self\" href=\"https:\/\/euwww.eu\/fr\/fr-suggestions\/soumis-a-discussion-libre-echange-avec-des-dictatures-et-des-etats-qui-meprisent-les-droits-humains\/\" class=\"ue-post-link-overlay\"><\/a>\n   <\/div>\n\n<\/div>\n\n  <div id=\"uc_post_list_elementor_5a16570_empty_message\" class=\"ue-no-posts-found\"  style=\"display:none\" >Aucune contribution n'a \u00e9t\u00e9 trouv\u00e9e<\/div>\n\n<!-- end Post List -->\t\t\t\t<\/div>\n\t\t\t\t<\/div>\n\t\t\t\t\t<\/div>\n\t\t<\/div>\n\t\t\t\t\t<\/div>\n\t\t<\/section>\n\t\t\t\t\t<\/div>\n\t\t<\/div>\n\t\t\t\t\t<\/div>\n\t\t<\/section>\n\t\t\t\t<\/div>\n\t\t","protected":false},"excerpt":{"rendered":"<p>T&#8217;es-tu d\u00e9j\u00e0 demand\u00e9 si les avocats contenus dans ta p\u00e2te \u00e0 tartiner v\u00e9gane pr\u00e9f\u00e9r\u00e9e provenaient d&#8217;un pays o\u00f9 la peine de mort est toujours prononc\u00e9e et appliqu\u00e9e ?<\/p>\n","protected":false},"author":1,"featured_media":0,"parent":0,"menu_order":0,"comment_status":"closed","ping_status":"closed","template":"","meta":{"_acf_changed":false,"footnotes":""},"categories":[86],"tags":[],"hf_cat_page":[41],"class_list":["post-9076","page","type-page","status-publish","hentry","category-station"],"acf":[],"_links":{"self":[{"href":"https:\/\/euwww.eu\/fr\/wp-json\/wp\/v2\/pages\/9076","targetHints":{"allow":["GET"]}}],"collection":[{"href":"https:\/\/euwww.eu\/fr\/wp-json\/wp\/v2\/pages"}],"about":[{"href":"https:\/\/euwww.eu\/fr\/wp-json\/wp\/v2\/types\/page"}],"author":[{"embeddable":true,"href":"https:\/\/euwww.eu\/fr\/wp-json\/wp\/v2\/users\/1"}],"replies":[{"embeddable":true,"href":"https:\/\/euwww.eu\/fr\/wp-json\/wp\/v2\/comments?post=9076"}],"version-history":[{"count":0,"href":"https:\/\/euwww.eu\/fr\/wp-json\/wp\/v2\/pages\/9076\/revisions"}],"wp:attachment":[{"href":"https:\/\/euwww.eu\/fr\/wp-json\/wp\/v2\/media?parent=9076"}],"wp:term":[{"taxonomy":"category","embeddable":true,"href":"https:\/\/euwww.eu\/fr\/wp-json\/wp\/v2\/categories?post=9076"},{"taxonomy":"post_tag","embeddable":true,"href":"https:\/\/euwww.eu\/fr\/wp-json\/wp\/v2\/tags?post=9076"},{"taxonomy":"hf_cat_page","embeddable":true,"href":"https:\/\/euwww.eu\/fr\/wp-json\/wp\/v2\/hf_cat_page?post=9076"}],"curies":[{"name":"wp","href":"https:\/\/api.w.org\/{rel}","templated":true}]}}