
{"id":9080,"date":"2021-01-29T13:32:27","date_gmt":"2021-01-29T12:32:27","guid":{"rendered":"https:\/\/werteweg.euw.edit-hosting.de\/%f0%9f%a0%b6-station-6-unis-dans-la-diversite-au-sein-dune-societe-pluraliste\/"},"modified":"2026-08-17T19:42:17","modified_gmt":"2026-08-17T17:42:17","slug":"%f0%9f%a0%b6-station-6-unis-dans-la-diversite-au-sein-dune-societe-pluraliste","status":"publish","type":"page","link":"https:\/\/euwww.eu\/fr\/%f0%9f%a0%b6-station-6-unis-dans-la-diversite-au-sein-dune-societe-pluraliste\/","title":{"rendered":"\ud83e\udc36 Station 6 &#8211; Unis dans la diversit\u00e9 au sein d&#8217;une soci\u00e9t\u00e9 pluraliste"},"content":{"rendered":"\t\t<div data-elementor-type=\"wp-page\" data-elementor-id=\"9080\" class=\"elementor elementor-9080 elementor-37\" data-elementor-post-type=\"page\">\n\t\t\t\t\t\t<section class=\"elementor-section elementor-top-section elementor-element elementor-element-bfdd05d elementor-section-full_width bulletlist elementor-section-height-default elementor-section-height-default\" data-id=\"bfdd05d\" data-element_type=\"section\" data-e-type=\"section\">\n\t\t\t\t\t\t<div class=\"elementor-container elementor-column-gap-default\">\n\t\t\t\t\t<div class=\"elementor-column elementor-col-50 elementor-top-column elementor-element elementor-element-aa4ac21\" data-id=\"aa4ac21\" data-element_type=\"column\" data-e-type=\"column\">\n\t\t\t<div class=\"elementor-widget-wrap elementor-element-populated\">\n\t\t\t\t\t\t<div class=\"elementor-element elementor-element-d8092f0 ueberschrift2 elementor-widget elementor-widget-heading\" data-id=\"d8092f0\" data-element_type=\"widget\" data-e-type=\"widget\" data-widget_type=\"heading.default\">\n\t\t\t\t<div class=\"elementor-widget-container\">\n\t\t\t\t\t<h2 class=\"elementor-heading-title elementor-size-default\">Actualit\u00e9<\/h2>\t\t\t\t<\/div>\n\t\t\t\t<\/div>\n\t\t\t\t<div class=\"elementor-element elementor-element-df94320 elementor-widget elementor-widget-text-editor\" data-id=\"df94320\" data-element_type=\"widget\" data-e-type=\"widget\" data-widget_type=\"text-editor.default\">\n\t\t\t\t<div class=\"elementor-widget-container\">\n\t\t\t\t\t\t\t\t\t<ul><li>Lorsque vous achetez du \u00ab jambon de Parme \u00bb en Europe, vous pouvez \u00eatre s\u00fbr qu&#8217;il provient bien de la r\u00e9gion italienne autour de la ville de Parme. Il s&#8217;agit en effet d&#8217;une appellation d&#8217;origine prot\u00e9g\u00e9e. <\/li><li>Chaque ann\u00e9e, deux r\u00e9gions europ\u00e9ennes pr\u00e9sentent la diversit\u00e9 et la richesse de leur vie historique, culturelle et ethnique dans le cadre des \u00ab capitales culturelles \u00bb, attirant ainsi des centaines de milliers de visiteurs.<\/li><li>Les minorit\u00e9s ethniques nationales sont particuli\u00e8rement prot\u00e9g\u00e9es dans l&#8217;Union europ\u00e9enne et ont le droit de cultiver leurs langues et leurs traditions, qu&#8217;il s&#8217;agisse des Catalans en Espagne ou des Sorabes en Allemagne.<\/li><\/ul>\t\t\t\t\t\t\t\t<\/div>\n\t\t\t\t<\/div>\n\t\t\t\t<div class=\"elementor-element elementor-element-7e3c29c ueberschrift2 elementor-widget elementor-widget-heading\" data-id=\"7e3c29c\" data-element_type=\"widget\" data-e-type=\"widget\" data-widget_type=\"heading.default\">\n\t\t\t\t<div class=\"elementor-widget-container\">\n\t\t\t\t\t<h2 class=\"elementor-heading-title elementor-size-default\">Unis dans la diversit\u00e9<\/h2>\t\t\t\t<\/div>\n\t\t\t\t<\/div>\n\t\t\t\t<div class=\"elementor-element elementor-element-9f43460 elementor-widget elementor-widget-text-editor\" data-id=\"9f43460\" data-element_type=\"widget\" data-e-type=\"widget\" data-widget_type=\"text-editor.default\">\n\t\t\t\t<div class=\"elementor-widget-container\">\n\t\t\t\t\t\t\t\t\t<p>Les \u00c9tats et les peuples d&#8217;Europe sont riches en traditions, en exp\u00e9riences historiques et en cultures.<\/p>\n<p>On a longtemps craint que la coop\u00e9ration toujours plus \u00e9troite entre les \u00c9tats europ\u00e9ens au sein de l&#8217;Union europ\u00e9enne ne conduise \u00e0 une uniformisation des cultures nationales, que \u00ab Bruxelles \u00bb ne veuille harmoniser non seulement les normes techniques, mais aussi les normes sociales et culturelles, cr\u00e9ant ainsi pour ainsi dire un \u00ab Europ\u00e9en type \u00bb. Mais cela n&#8217;a jamais \u00e9t\u00e9 l&#8217;objectif du processus d&#8217;int\u00e9gration europ\u00e9enne. <\/p>\n<p>Pour le souligner, le slogan \u00ab <strong>Unis dans la diversit\u00e9 <\/strong>\u00bb a \u00e9t\u00e9 choisi en 2000 dans le cadre d&#8217;un concours europ\u00e9en. Depuis 2004, il est la devise officielle de la communaut\u00e9 des \u00c9tats. Il vise \u00e0 souligner que les Europ\u00e9en(ne)s se sont uni(e)s pour \u0153uvrer ensemble en faveur de la paix, de leurs valeurs et de leur prosp\u00e9rit\u00e9, tout en pr\u00e9servant la diversit\u00e9 de leurs cultures, de leurs langues et de leurs traditions. Cela a \u00e9galement \u00e9t\u00e9 inscrit dans le Trait\u00e9 sur l&#8217;Union europ\u00e9enne, \u00e0 l&#8217;Article 3, paragraphe 3 : l&#8217;UE \u00ab respecte la richesse de sa diversit\u00e9 culturelle et linguistique, et veille \u00e0 la sauvegarde et au d\u00e9veloppement du patrimoine culturel europ\u00e9en \u00bb.   <\/p>\n<p>La diversit\u00e9 linguistique s&#8217;exprime de mani\u00e8re visible, par exemple, dans le fait que les 24 langues officielles de l&#8217;UE sont utilis\u00e9es dans les d\u00e9bats et les documents du Parlement europ\u00e9en. Les citoyen(ne)s peuvent adresser des requ\u00eates aux institutions europ\u00e9ennes dans leur langue et recevoir une r\u00e9ponse dans cette m\u00eame langue. C&#8217;est pourquoi les co\u00fbts li\u00e9s aux travaux de traduction et d&#8217;interpr\u00e9tation sont tr\u00e8s \u00e9lev\u00e9s. C&#8217;est le prix \u00e0 payer pour vivre la diversit\u00e9, mais cela en vaut la peine.   <\/p>\t\t\t\t\t\t\t\t<\/div>\n\t\t\t\t<\/div>\n\t\t\t\t<div class=\"elementor-element elementor-element-f6aa515 elementor-align-justify elementor-widget elementor-widget-button\" data-id=\"f6aa515\" data-element_type=\"widget\" data-e-type=\"widget\" data-widget_type=\"button.default\">\n\t\t\t\t<div class=\"elementor-widget-container\">\n\t\t\t\t\t\t\t\t\t<div class=\"elementor-button-wrapper\">\n\t\t\t\t\t<a class=\"elementor-button elementor-button-link elementor-size-sm\" href=\"#elementor-action%3Aaction%3Dpopup%3Aopen%26settings%3DeyJpZCI6ODM5OSwidG9nZ2xlIjpmYWxzZX0%3D\">\n\t\t\t\t\t\t<span class=\"elementor-button-content-wrapper\">\n\t\t\t\t\t\t\t\t\t<span class=\"elementor-button-text\">&gt;&gt; Wie kann die EU dies erreichen? <\/span>\n\t\t\t\t\t<\/span>\n\t\t\t\t\t<\/a>\n\t\t\t\t<\/div>\n\t\t\t\t\t\t\t\t<\/div>\n\t\t\t\t<\/div>\n\t\t\t\t<section class=\"elementor-section elementor-inner-section elementor-element elementor-element-4b99441 elementor-section-full_width elementor-section-height-default elementor-section-height-default\" data-id=\"4b99441\" data-element_type=\"section\" data-e-type=\"section\">\n\t\t\t\t\t\t<div class=\"elementor-container elementor-column-gap-default\">\n\t\t\t\t\t<div class=\"elementor-column elementor-col-50 elementor-inner-column elementor-element elementor-element-a8f5419\" data-id=\"a8f5419\" data-element_type=\"column\" data-e-type=\"column\">\n\t\t\t<div class=\"elementor-widget-wrap elementor-element-populated\">\n\t\t\t\t\t\t<div class=\"elementor-element elementor-element-d94a93e elementor-widget elementor-widget-heading\" data-id=\"d94a93e\" data-element_type=\"widget\" data-e-type=\"widget\" data-widget_type=\"heading.default\">\n\t\t\t\t<div class=\"elementor-widget-container\">\n\t\t\t\t\t<h3 class=\"elementor-heading-title elementor-size-default\">Voulez-vous conna\u00eetre les coutumes et les f\u00eates qui existent en Europe ?<\/h3>\t\t\t\t<\/div>\n\t\t\t\t<\/div>\n\t\t\t\t<div class=\"elementor-element elementor-element-849094d linkcolor elementor-widget elementor-widget-text-editor\" data-id=\"849094d\" data-element_type=\"widget\" data-e-type=\"widget\" data-widget_type=\"text-editor.default\">\n\t\t\t\t<div class=\"elementor-widget-container\">\n\t\t\t\t\t\t\t\t\t<p>Voulez-vous conna\u00eetre les coutumes et les f\u00eates qui existent en Europe ? Alors rendez-vous sur le site<a href=\"https:\/\/folklore-europaea.org\/\"> https:\/\/folklore-europaea.org\/ <\/a>vorbei (site en allemand).<\/p><p>Vous pourriez y d\u00e9couvrir la diversit\u00e9 europ\u00e9enne par pays et par saison.<\/p>\t\t\t\t\t\t\t\t<\/div>\n\t\t\t\t<\/div>\n\t\t\t\t\t<\/div>\n\t\t<\/div>\n\t\t\t\t<div class=\"elementor-column elementor-col-50 elementor-inner-column elementor-element elementor-element-2f6cf1f\" data-id=\"2f6cf1f\" data-element_type=\"column\" data-e-type=\"column\">\n\t\t\t<div class=\"elementor-widget-wrap elementor-element-populated\">\n\t\t\t\t\t\t<div class=\"elementor-element elementor-element-5ca3e2e elementor-widget elementor-widget-image\" data-id=\"5ca3e2e\" data-element_type=\"widget\" data-e-type=\"widget\" data-widget_type=\"image.default\">\n\t\t\t\t<div class=\"elementor-widget-container\">\n\t\t\t\t\t\t\t\t\t\t\t\t\t\t\t<img loading=\"lazy\" decoding=\"async\" width=\"800\" height=\"382\" src=\"https:\/\/euwww.eu\/wp-content\/uploads\/2026\/06\/EUWWW_Station-06-Suche-nach-Festen-I-folklore-europaea-folklore-europaea.org_-1024x489.jpg\" class=\"attachment-large size-large wp-image-8407\" alt=\"\" srcset=\"https:\/\/euwww.eu\/wp-content\/uploads\/2026\/06\/EUWWW_Station-06-Suche-nach-Festen-I-folklore-europaea-folklore-europaea.org_-1024x489.jpg 1024w, https:\/\/euwww.eu\/wp-content\/uploads\/2026\/06\/EUWWW_Station-06-Suche-nach-Festen-I-folklore-europaea-folklore-europaea.org_-300x143.jpg 300w, https:\/\/euwww.eu\/wp-content\/uploads\/2026\/06\/EUWWW_Station-06-Suche-nach-Festen-I-folklore-europaea-folklore-europaea.org_-768x367.jpg 768w, https:\/\/euwww.eu\/wp-content\/uploads\/2026\/06\/EUWWW_Station-06-Suche-nach-Festen-I-folklore-europaea-folklore-europaea.org_-1536x734.jpg 1536w, https:\/\/euwww.eu\/wp-content\/uploads\/2026\/06\/EUWWW_Station-06-Suche-nach-Festen-I-folklore-europaea-folklore-europaea.org_.jpg 1920w\" sizes=\"(max-width: 800px) 100vw, 800px\" \/>\t\t\t\t\t\t\t\t\t\t\t\t\t\t\t<\/div>\n\t\t\t\t<\/div>\n\t\t\t\t\t<\/div>\n\t\t<\/div>\n\t\t\t\t\t<\/div>\n\t\t<\/section>\n\t\t\t\t<div class=\"elementor-element elementor-element-fca5590 ueberschrift2 elementor-widget elementor-widget-heading\" data-id=\"fca5590\" data-element_type=\"widget\" data-e-type=\"widget\" data-widget_type=\"heading.default\">\n\t\t\t\t<div class=\"elementor-widget-container\">\n\t\t\t\t\t<h2 class=\"elementor-heading-title elementor-size-default\">Vivre la diversit\u00e9<\/h2>\t\t\t\t<\/div>\n\t\t\t\t<\/div>\n\t\t\t\t<div class=\"elementor-element elementor-element-13893fc elementor-widget elementor-widget-text-editor\" data-id=\"13893fc\" data-element_type=\"widget\" data-e-type=\"widget\" data-widget_type=\"text-editor.default\">\n\t\t\t\t<div class=\"elementor-widget-container\">\n\t\t\t\t\t\t\t\t\t<p>La devise commune \u00ab Unis dans la diversit\u00e9 \u00bb n&#8217;est toutefois pas seulement une ligne directrice pour les institutions de l&#8217;UE et des \u00c9tats membres. Nous, citoyen(ne)s, sommes \u00e9galement appel\u00e9s \u00e0 vivre cette devise : chacun peut \u00eatre fier des acquis de sa propre histoire et de ses traditions, se consacrer \u00e0 la pr\u00e9servation de sa langue et de ses dialectes et \u00e9prouver des sentiments patriotiques. Mais une chose doit \u00eatre claire : aucune ethnie, aucune culture, aucune tradition n&#8217;a moins de valeur que les autres \u2013 elles sont diff\u00e9rentes, mais elles sont \u00e9gales et m\u00e9ritent d&#8217;\u00eatre prot\u00e9g\u00e9es dans leur singularit\u00e9 respective. La glorification nationaliste de sa propre nation ou culture ou la d\u00e9valorisation des autres peuples comme \u00e9tant inf\u00e9rieurs conduisent \u00e0 la m\u00e9fiance, \u00e0 la haine et aux guerres. Nous, Europ\u00e9ens, en avons fait suffisamment l&#8217;exp\u00e9rience au XXe si\u00e8cle et sommes d&#8217;accord pour dire que cela ne doit plus jamais se reproduire. Dans notre vie quotidienne, nous devrions donc nous demander si nous ne nourrissons pas des pr\u00e9jug\u00e9s \u00e0 l&#8217;\u00e9gard d&#8217;autres nations lorsque celles-ci sont universellement qualifi\u00e9es de paresseuses, de voleurs de voitures notoires ou fondamentalement corrompues et que seule notre propre nation sait comment faire les choses correctement.     <\/p>\t\t\t\t\t\t\t\t<\/div>\n\t\t\t\t<\/div>\n\t\t\t\t<section class=\"elementor-section elementor-inner-section elementor-element elementor-element-72eaa14 elementor-section-full_width elementor-section-height-default elementor-section-height-default\" data-id=\"72eaa14\" data-element_type=\"section\" data-e-type=\"section\">\n\t\t\t\t\t\t<div class=\"elementor-container elementor-column-gap-default\">\n\t\t\t\t\t<div class=\"elementor-column elementor-col-50 elementor-inner-column elementor-element elementor-element-48dc3d0\" data-id=\"48dc3d0\" data-element_type=\"column\" data-e-type=\"column\">\n\t\t\t<div class=\"elementor-widget-wrap elementor-element-populated\">\n\t\t\t\t\t\t<div class=\"elementor-element elementor-element-756e640 elementor-widget elementor-widget-heading\" data-id=\"756e640\" data-element_type=\"widget\" data-e-type=\"widget\" data-widget_type=\"heading.default\">\n\t\t\t\t<div class=\"elementor-widget-container\">\n\t\t\t\t\t<h3 class=\"elementor-heading-title elementor-size-default\">Visitez la \u00ab Maison de l'histoire europ\u00e9enne \u00bb \u00e0 Bruxelles<\/h3>\t\t\t\t<\/div>\n\t\t\t\t<\/div>\n\t\t\t\t<div class=\"elementor-element elementor-element-b21cb86 linkcolor elementor-widget elementor-widget-text-editor\" data-id=\"b21cb86\" data-element_type=\"widget\" data-e-type=\"widget\" data-widget_type=\"text-editor.default\">\n\t\t\t\t<div class=\"elementor-widget-container\">\n\t\t\t\t\t\t\t\t\t<p>Visitez la \u00ab Maison de l&#8217;histoire europ\u00e9enne \u00bb \u00e0 Bruxelles, o\u00f9 est \u00e9galement pr\u00e9sent\u00e9e la diversit\u00e9 de la vie quotidienne dans les \u00c9tats membres de l&#8217;UE. <a href=\"https:\/\/historia.europa.eu\/fr\">https:\/\/historia.europa.eu\/fr<\/a><\/p>\t\t\t\t\t\t\t\t<\/div>\n\t\t\t\t<\/div>\n\t\t\t\t\t<\/div>\n\t\t<\/div>\n\t\t\t\t<div class=\"elementor-column elementor-col-50 elementor-inner-column elementor-element elementor-element-3b8108b\" data-id=\"3b8108b\" data-element_type=\"column\" data-e-type=\"column\">\n\t\t\t<div class=\"elementor-widget-wrap elementor-element-populated\">\n\t\t\t\t\t\t<div class=\"elementor-element elementor-element-3dbe008 elementor-widget elementor-widget-image\" data-id=\"3dbe008\" data-element_type=\"widget\" data-e-type=\"widget\" data-widget_type=\"image.default\">\n\t\t\t\t<div class=\"elementor-widget-container\">\n\t\t\t\t\t\t\t\t\t\t\t\t\t\t\t<img loading=\"lazy\" decoding=\"async\" width=\"800\" height=\"382\" src=\"https:\/\/euwww.eu\/wp-content\/uploads\/2026\/06\/EUWWW_Station-06-Das-Haus-der-Europaeischen-Geschichte-historia.europa.eu_-1024x489.jpg\" class=\"attachment-large size-large wp-image-8474\" alt=\"\" srcset=\"https:\/\/euwww.eu\/wp-content\/uploads\/2026\/06\/EUWWW_Station-06-Das-Haus-der-Europaeischen-Geschichte-historia.europa.eu_-1024x489.jpg 1024w, https:\/\/euwww.eu\/wp-content\/uploads\/2026\/06\/EUWWW_Station-06-Das-Haus-der-Europaeischen-Geschichte-historia.europa.eu_-300x143.jpg 300w, https:\/\/euwww.eu\/wp-content\/uploads\/2026\/06\/EUWWW_Station-06-Das-Haus-der-Europaeischen-Geschichte-historia.europa.eu_-768x367.jpg 768w, https:\/\/euwww.eu\/wp-content\/uploads\/2026\/06\/EUWWW_Station-06-Das-Haus-der-Europaeischen-Geschichte-historia.europa.eu_-1536x734.jpg 1536w, https:\/\/euwww.eu\/wp-content\/uploads\/2026\/06\/EUWWW_Station-06-Das-Haus-der-Europaeischen-Geschichte-historia.europa.eu_.jpg 1920w\" sizes=\"(max-width: 800px) 100vw, 800px\" \/>\t\t\t\t\t\t\t\t\t\t\t\t\t\t\t<\/div>\n\t\t\t\t<\/div>\n\t\t\t\t\t<\/div>\n\t\t<\/div>\n\t\t\t\t\t<\/div>\n\t\t<\/section>\n\t\t\t\t<div class=\"elementor-element elementor-element-3769854 ueberschrift2 elementor-widget elementor-widget-heading\" data-id=\"3769854\" data-element_type=\"widget\" data-e-type=\"widget\" data-widget_type=\"heading.default\">\n\t\t\t\t<div class=\"elementor-widget-container\">\n\t\t\t\t\t<h2 class=\"elementor-heading-title elementor-size-default\">Prot\u00e9ger la diversit\u00e9 \u2013 le pluralisme et la tol\u00e9rance comme principes directeurs de la coexistence sociale<\/h2>\t\t\t\t<\/div>\n\t\t\t\t<\/div>\n\t\t\t\t<div class=\"elementor-element elementor-element-1726756 elementor-widget elementor-widget-text-editor\" data-id=\"1726756\" data-element_type=\"widget\" data-e-type=\"widget\" data-widget_type=\"text-editor.default\">\n\t\t\t\t<div class=\"elementor-widget-container\">\n\t\t\t\t\t\t\t\t\t<p>L&#8217;id\u00e9e de la diversit\u00e9 des traditions, des cultures et des langues communes est li\u00e9e \u00e0 celle de la diversit\u00e9 individuelle dans les soci\u00e9t\u00e9s modernes : nous sommes toutes et tous agr\u00e9ablement uniques et pouvons vivre pleinement nos pr\u00e9f\u00e9rences individuelles. Peu importe notre pays d&#8217;origine, notre sexe, notre \u00e2ge ou notre couleur de peau, tant que nous respectons les limites fix\u00e9es par la loi, nous, Europ\u00e9ens, jouissons d&#8217;une tr\u00e8s grande libert\u00e9 pour vivre nos particularit\u00e9s individuelles. <\/p><p>Les syst\u00e8mes politiques dans lesquels la reconnaissance et le respect des particularit\u00e9s, int\u00e9r\u00eats, opinions et objectifs (individuels) diversifi\u00e9s sont fermement ancr\u00e9s et prot\u00e9g\u00e9s par la Constitution sont appel\u00e9s \u00ab pluralistes \u00bb. Associ\u00e9e au principe de tol\u00e9rance et de non-discrimination envers ceux qui sont diff\u00e9rents et envers ce qui est diff\u00e9rent, l&#8217;id\u00e9e du pluralisme garantit la coexistence pacifique dans des soci\u00e9t\u00e9s ouvertes et diversifi\u00e9es. L&#8217;ancrage et l&#8217;acceptation du pluralisme et de la tol\u00e9rance dans les \u00c9tats europ\u00e9ens sont une le\u00e7on importante tir\u00e9e des exp\u00e9riences de la p\u00e9riode du fascisme et de la Seconde Guerre mondiale, o\u00f9 il \u00e9tait dangereux de ne pas correspondre \u00e0 l&#8217;id\u00e9al humain prescrit par l&#8217;\u00c9tat.  <\/p>\t\t\t\t\t\t\t\t<\/div>\n\t\t\t\t<\/div>\n\t\t\t\t<div class=\"elementor-element elementor-element-a5eaf64 ueberschrift2 elementor-widget elementor-widget-heading\" data-id=\"a5eaf64\" data-element_type=\"widget\" data-e-type=\"widget\" data-widget_type=\"heading.default\">\n\t\t\t\t<div class=\"elementor-widget-container\">\n\t\t\t\t\t<h2 class=\"elementor-heading-title elementor-size-default\">Diversit\u00e9 et d\u00e9cisions politiques en Europe<\/h2>\t\t\t\t<\/div>\n\t\t\t\t<\/div>\n\t\t\t\t<div class=\"elementor-element elementor-element-1b5f265 elementor-widget elementor-widget-text-editor\" data-id=\"1b5f265\" data-element_type=\"widget\" data-e-type=\"widget\" data-widget_type=\"text-editor.default\">\n\t\t\t\t<div class=\"elementor-widget-container\">\n\t\t\t\t\t\t\t\t\t<p>La diversit\u00e9 est quelque chose de beau, d&#8217;enrichissant. Mais dans l&#8217;UE, elle repr\u00e9sente \u00e9galement un d\u00e9fi pour la coop\u00e9ration transfrontali\u00e8re et les d\u00e9cisions politiques communes : les histoires, traditions et performances \u00e9conomiques nationales diverses donnent lieu \u00e0 de nombreux int\u00e9r\u00eats diff\u00e9rents. Comment parvenir \u00e0 concilier les int\u00e9r\u00eats sociaux et \u00e9conomiques tr\u00e8s diff\u00e9rents de 27\u202f\u00c9tats et de leurs populations ?  <\/p><p>En amenant toutes les parties concern\u00e9es \u00e0 accepter que leurs propres int\u00e9r\u00eats sont mieux prot\u00e9g\u00e9s lorsqu&#8217;elles respectent les int\u00e9r\u00eats et les particularit\u00e9s des autres. C&#8217;est une condition pr\u00e9alable \u00e0 la recherche de compromis \u00e9quitables. Cela vaut \u00e0 tous les niveaux politiques, \u00e0 commencer par les communes. L\u00e0 aussi, la diversit\u00e9 des opinions et des int\u00e9r\u00eats rend les d\u00e9cisions politiques difficiles. Au niveau de l&#8217;Union europ\u00e9enne, la situation est certes encore plus difficile en raison de la diversit\u00e9 linguistique et du grand nombre de participants aux processus d\u00e9cisionnels. Cette r\u00e9alit\u00e9 est souvent frustrante, car elle conduit \u00e0 des compromis ou \u00e0 des solutions partielles tr\u00e8s complexes. Ceux-ci ne permettent souvent d&#8217;atteindre qu&#8217;une partie de ce qui serait n\u00e9cessaire et appropri\u00e9. On reproche alors souvent \u00e0 la politique son incomp\u00e9tence, alors qu&#8217;elle parvient ainsi \u00e0 garantir une coexistence pacifique et \u00e9quitable au sein de l&#8217;UE.        <\/p>\t\t\t\t\t\t\t\t<\/div>\n\t\t\t\t<\/div>\n\t\t\t\t<div class=\"elementor-element elementor-element-319049e linkcolor elementor-widget elementor-widget-text-editor\" data-id=\"319049e\" data-element_type=\"widget\" data-e-type=\"widget\" data-widget_type=\"text-editor.default\">\n\t\t\t\t<div class=\"elementor-widget-container\">\n\t\t\t\t\t\t\t\t\t<p><a href=\"\">Vous trouverez une d\u00e9finition du terme \u00ab pluralisme \u00bb ici: https:\/\/www.culture.gouv.fr\/thematiques\/presse-ecrite\/le-pluralisme<\/a><\/p>\t\t\t\t\t\t\t\t<\/div>\n\t\t\t\t<\/div>\n\t\t\t\t\t<\/div>\n\t\t<\/div>\n\t\t\t\t<div class=\"elementor-column elementor-col-50 elementor-top-column elementor-element elementor-element-9af4556\" data-id=\"9af4556\" data-element_type=\"column\" data-e-type=\"column\" id=\"anregungen\">\n\t\t\t<div class=\"elementor-widget-wrap elementor-element-populated\">\n\t\t\t\t\t\t<section class=\"elementor-section elementor-inner-section elementor-element elementor-element-a8f3a24 elementor-section-boxed elementor-section-height-default elementor-section-height-default\" data-id=\"a8f3a24\" data-element_type=\"section\" data-e-type=\"section\" data-settings=\"{&quot;sticky&quot;:&quot;top&quot;,&quot;sticky_offset&quot;:80,&quot;sticky_parent&quot;:&quot;yes&quot;,&quot;sticky_on&quot;:[&quot;desktop&quot;,&quot;tablet_extra&quot;,&quot;tablet&quot;,&quot;mobile_extra&quot;,&quot;mobile&quot;],&quot;sticky_effects_offset&quot;:0,&quot;sticky_anchor_link_offset&quot;:0}\">\n\t\t\t\t\t\t<div class=\"elementor-container elementor-column-gap-default\">\n\t\t\t\t\t<div class=\"elementor-column elementor-col-100 elementor-inner-column elementor-element elementor-element-a186d3b\" data-id=\"a186d3b\" data-element_type=\"column\" data-e-type=\"column\">\n\t\t\t<div class=\"elementor-widget-wrap elementor-element-populated\">\n\t\t\t\t\t\t<div class=\"elementor-element elementor-element-7d1a9e6 elementor-widget elementor-widget-heading\" data-id=\"7d1a9e6\" data-element_type=\"widget\" data-e-type=\"widget\" data-widget_type=\"heading.default\">\n\t\t\t\t<div class=\"elementor-widget-container\">\n\t\t\t\t\t<h4 class=\"elementor-heading-title elementor-size-default\">Espace d'apprentissage et de jeux<\/h4>\t\t\t\t<\/div>\n\t\t\t\t<\/div>\n\t\t\t\t<div class=\"elementor-element elementor-element-03819e1 elementor-widget elementor-widget-text-editor\" data-id=\"03819e1\" data-element_type=\"widget\" data-e-type=\"widget\" data-widget_type=\"text-editor.default\">\n\t\t\t\t<div class=\"elementor-widget-container\">\n\t\t\t\t\t\t\t\t\t<p>Apprendre gr\u00e2ce \u00e0 des suggestions, des quiz et d&#8217;autres \u00e9l\u00e9ments interactifs.<\/p>\t\t\t\t\t\t\t\t<\/div>\n\t\t\t\t<\/div>\n\t\t\t\t<div class=\"elementor-element elementor-element-4fec69d elementor-widget elementor-widget-ucaddon_dynamic_popup\" data-id=\"4fec69d\" data-element_type=\"widget\" data-e-type=\"widget\" data-widget_type=\"ucaddon_dynamic_popup.default\">\n\t\t\t\t<div class=\"elementor-widget-container\">\n\t\t\t\t\t\n<!-- start Dynamic Post Popup -->\n\t\t<link id='font-awesome-css' href='https:\/\/euwww.eu\/wp-content\/plugins\/unlimited-elements-for-elementor-premium\/assets_libraries\/font-awesome6\/fontawesome-all.min.css' type='text\/css' rel='stylesheet' >\n\t\t<link id='font-awesome-4-shim-css' href='https:\/\/euwww.eu\/wp-content\/plugins\/unlimited-elements-for-elementor-premium\/assets_libraries\/font-awesome6\/fontawesome-v4-shims.min.css' type='text\/css' rel='stylesheet' >\n\n<style>\/* widget: Dynamic Post Popup *\/\n\n  body.ue-popup-opened:not(#uc_dynamic_popup_elementor_4fec69d body),\n  html.ue-popup-opened:not(#uc_dynamic_popup_elementor_4fec69d html){\n      overflow-y: hidden;\n  }\n \n\n#uc_dynamic_popup_elementor_4fec69d .ue-dynamic-popup-inner{\n  position: relative;\n  transition: all .3s;\n    \n}\n\n\n\t\n\n\t\n\n#uc_dynamic_popup_elementor_4fec69d .uc-iframe{\n  position: absolute;\n  top: 0;\n  left: 0;\n}\n\n#uc_dynamic_popup_elementor_4fec69d .ue-dynamic-popup-overlay{\n  position: fixed;\n  top:0;\n  bottom:0;\n  right:0;\n  left:0;\n  width:100%;\n  z-index:9999;\n  display:flex;\n  opacity: 0;\n  pointer-events: none;\n  visibility: hidden;\n}\n\n#uc_dynamic_popup_elementor_4fec69d .ue-dynamic-popup-overlay.uc-active{\n  opacity: 1;\n  pointer-events: all;\n  visibility: visible;\n}\n\n#uc_dynamic_popup_elementor_4fec69d .ue-dynamic-popup-close{\n  position:absolute;\n  line-height:1em;\n  cursor:pointer;\n  display:flex;\n  align-items:center;\n  justify-content:center;\n  z-index: 100;\n}\n\n#uc_dynamic_popup_elementor_4fec69d .ue-dynamic-popup-close:focus{\n  outline: 2px solid black;\n}\n\n#uc_dynamic_popup_elementor_4fec69d .ue-dynamic-popup-arrows{\n    display: flex;\n  \twidth: 100%;\n    position: absolute;\n  \t    justify-content: space-between;\n  \ttop: 0;\n  \t}\n\n#uc_dynamic_popup_elementor_4fec69d .ue-dynamic-popup-arrow{\n\tcursor: pointer;\n  \t    position: absolute;\n  \t\tdisplay: flex;\n    justify-content: center;\n    align-items: center;\n}\n\n#uc_dynamic_popup_elementor_4fec69d .ue-loader{\n    position: absolute;\n    z-index: 1;\n    width: 100%;\n    height: 100%;\n    display: flex;\n    justify-content: center;\n    align-items: center;\n}\n\n#uc_dynamic_popup_elementor_4fec69d .uc-loading-text{\n\tcolor: #696969;\n}\n\n\/* entrance animation *\/\n\/* end entrance animation *\/\n\n\/* global styling *\/\n\n\/* end global styling *\/\n\n@media screen and (max-width: 1024px) {\n  #uc_dynamic_popup_elementor_4fec69d .ue-dynamic-popup-arrows{\n  \topacity: 1 !important;\n  }\n}\n\n<\/style>\n\n\n\n<div id=\"uc_dynamic_popup_elementor_4fec69d\" class=\"ue-dynamic-popup\" data-link-target-parent=\"true\" data-editor=\"no\" data-template=\"6425\" data-arrows=\"true\" data-arrows-on-top=\"true\" data-show-arrows-on-hover=\"false\" data-debug-console=\"false\" data-advanced-cache=\"false\" data-close-after-addedtocart=\"false\">\n    \n    \n   \n  \n  <div class=\"ue-dynamic-popup-overlay\">\n    \n    <div class=\"ue-dynamic-popup-inner\">\n      \n      \t<div class=\"ue-loader\">\n      \t\t          \n          \t                  <div class=\"uc-loading-text\">Chargement en cours...<\/div>\n                      \n      \t<\/div>\n      \n    \t<div class=\"ue-dynamic-popup-close\" tabindex=\"0\"><i class='fas fa-times'><\/i><\/div>\n      \t<div class=\"ue-dynamic-popup-iframe-holder\" data-debug=\"false\" data-debug-post='' data-show-iframe=\"false\" data-adjust-height=\"false\" data-hide-scroll=\"false\" data-anim=\"none\" data-anim-speed=\".3\"><\/div> \n      \t\n      \t      \t<div class=\"ue-dynamic-popup-arrows\">\n          <div class=\"ue-dynamic-popup-arrow ue-dynamic-popup-prev-arrow\"><i class='fas fa-chevron-left'><\/i><\/div>\n      \t  <div class=\"ue-dynamic-popup-arrow ue-dynamic-popup-next-arrow\"><i class='fas fa-chevron-right'><\/i><\/div>          \t\n      \t<\/div>\n      \t \n    <\/div> \n    \n  <\/div>\n<\/div>\n<!-- end Dynamic Post Popup -->\t\t\t\t<\/div>\n\t\t\t\t<\/div>\n\t\t\t\t<div class=\"elementor-element elementor-element-4429646 elementor-widget elementor-widget-ucaddon_post_list\" data-id=\"4429646\" data-element_type=\"widget\" data-e-type=\"widget\" data-widget_type=\"ucaddon_post_list.default\">\n\t\t\t\t<div class=\"elementor-widget-container\">\n\t\t\t\t\t\n<!-- start Post List -->\n\n<style>\/* widget: Post List *\/\n\n\r\n@keyframes uc_post_list_elementor_4429646__item-animation {\r\n  0% {\r\n            \r\n        \t        \tfilter: blur(10px);\r\n\t\t\t\r\n    \t    opacity: 0;\r\n  }\r\n  100% {\r\n            \r\n        \t            filter: blur(0px);\r\n            \r\n    \t\topacity: 1;\r\n  }\r\n}\r\n\r\n\r\n#uc_post_list_elementor_4429646 .uc_post_list_box{\r\n\topacity:0;\r\n}\r\n\r\n\r\n#uc_post_list_elementor_4429646 .uc-entrance-animate {\r\n  opacity:1;\r\n}\r\n\r\n#uc_post_list_elementor_4429646 .uc-entrance-animate {\r\n\tanimation: uc_post_list_elementor_4429646__item-animation 0.6s cubic-bezier(0.470, 0.000, 0.745, 0.715) both;\r\n}\r\n\r\n\t\t\t\n\n#uc_post_list_elementor_4429646{\n  display:grid;\n}\n\n#uc_post_list_elementor_4429646 .uc_post_list_image div{\n  background-size:cover;\n  background-position:center;\n}\n\n.uc_post_list .uc_post_list_box{\n\tposition: relative;\n\toverflow: hidden;\n\tdisplay: flex;\n}\n\n#uc_post_list_elementor_4429646 .uc_post_list_image{\n  flex-grow:0;\n  flex-shrink:0;\n  overflow: hidden;\n}\n\n#uc_post_list_elementor_4429646 .uc_post_list_image img{\n  width:100%;\n  height:100%;\n  display:block;\n  transition:0.3s;  \n  position: relative;\n  z-index: 1;\n}\n\n.uc_post_list_title a{\n    position: relative;\n    z-index: 1;\n\tcolor: #333333;\n    display: block;\n}\n\n.uc_post_list_date{\n\tfont-size: 12px;\n}\n\n#uc_post_list_elementor_4429646 .uc_post_list_content{\n  display:flex;\n  flex-direction:column;\n  flex:1;\n}\n\n#uc_post_list_elementor_4429646 .uc_more_btn{\n  text-align:center;\n  text-decoration:none;\n  transition:0.3s;\n  position: relative;\n  z-index: 1;\n}\n\n#uc_post_list_elementor_4429646 .button-on-side{\n  display:flex;\n  align-items:center;\n}\n\n#uc_post_list_elementor_4429646 .ue-grid-item-category{\n  display: flex;\n  align-items: center;\n}\n\n.ue-grid-item-category a{\n  display:inline-block;\n  font-size:10px;\n  text-transform:uppercase;\n  white-space: nowrap;\n}\n\n#uc_post_list_elementor_4429646 .ue-meta-data{  \n  display:flex;\n  flex-wrap: wrap;\n  line-height:1em;\n}\n\n#uc_post_list_elementor_4429646 .ue-grid-item-meta-data{\n      display:inline-flex;\n      align-items:center;\n}\n\n.ue-grid-item-meta-data{\n  font-size:12px;\n}\n\n#uc_post_list_elementor_4429646 .ue-grid-item-meta-data-icon{\n  line-height:1em;\n}\n\n#uc_post_list_elementor_4429646 .ue-grid-item-meta-data-icon svg{\n  width:1em;\n  height:1em;\n} \n\n#uc_post_list_elementor_4429646 .ue-debug-meta{\n  padding:10px;\n  border:1px solid red;\n  position:relative;\n  line-height:1.5em;\n  font-size:11px;\n  width:100%;\n}\n\n.uc-remote-parent .uc_post_list_box{\n\tcursor:pointer;\n}\n\n#uc_post_list_elementor_4429646 .ue-post-link-overlay{\n  display:block;\n  position:absolute;\n  top:0;\n  bottom:0;\n  right:0;\n  left:0;\n}\n\n\n\n\n\n<\/style>\n\n<div class=\"uc_post_list uc-items-wrapper  uc-dynamic-popup-grid\" id=\"uc_post_list_elementor_4429646\"  >    \t\n  <div class=\"uc_post_list_box\" data-category=\"06-Unie dans la diversit\u00e9\">\n  \n  \t    <div class=\"uc_post_list_image\">\n      <a href=\"https:\/\/euwww.eu\/fr\/fr-suggestions\/discussion-2\/\" target=\"_self\" title=\"Discussion\">\n          \n            <img loading=\"lazy\" decoding=\"async\" src=\"https:\/\/euwww.eu\/wp-content\/uploads\/2026\/06\/EUWWW_Diskussionsbeitragsbild-768x768.png\"  src=\"https:\/\/euwww.eu\/wp-content\/uploads\/2026\/06\/EUWWW_Diskussionsbeitragsbild-768x768.png\" alt=\"EUWWW_Image-contribution-\u00e0-la-discussion\" width=\"768\" height=\"768\">\n        \t        \n      <\/a>\n    <\/div>\n  \t\t\n  \n    <div class=\"uc_post_list_content\">\n      <div class=\"uc_post_list_content_inside\">\n        \n                \n             \n                         \n        <div class=\"ue-meta-data\">\n                 \n                \n            \n              \n              \n  \n      \n<\/div>      \n               \n                                  \n        <a target=\"_self\"  href='javascrpit:void(0)' data-post-link='https:\/\/euwww.eu\/fr\/fr-suggestions\/discussion-2\/' data-postid='9445' class=\"uc_more_btn   uc-open-popup\" title=\"\">Discussion<\/a>        \n      <\/div>\n    <\/div>\n     \n       \n  \n         <a target=\"_self\" href=\"https:\/\/euwww.eu\/fr\/fr-suggestions\/discussion-2\/\" class=\"ue-post-link-overlay\"><\/a>\n   <\/div>\n<div class=\"uc_post_list_box\" data-category=\"06-Unie dans la diversit\u00e9\">\n  \n  \t    <div class=\"uc_post_list_image\">\n      <a href=\"https:\/\/euwww.eu\/fr\/fr-suggestions\/a-debattre\/\" target=\"_self\" title=\"\u00c0 debattre\">\n          \n            <img loading=\"lazy\" decoding=\"async\" src=\"https:\/\/euwww.eu\/wp-content\/uploads\/2026\/06\/EUWWW_Diskussionsbeitragsbild-768x768.png\"  src=\"https:\/\/euwww.eu\/wp-content\/uploads\/2026\/06\/EUWWW_Diskussionsbeitragsbild-768x768.png\" alt=\"EUWWW_Image-contribution-\u00e0-la-discussion\" width=\"768\" height=\"768\">\n        \t        \n      <\/a>\n    <\/div>\n  \t\t\n  \n    <div class=\"uc_post_list_content\">\n      <div class=\"uc_post_list_content_inside\">\n        \n                \n             \n                         \n        <div class=\"ue-meta-data\">\n                 \n                \n            \n              \n              \n  \n      \n<\/div>      \n               \n                                  \n        <a target=\"_self\"  href='javascrpit:void(0)' data-post-link='https:\/\/euwww.eu\/fr\/fr-suggestions\/a-debattre\/' data-postid='9003' class=\"uc_more_btn   uc-open-popup\" title=\"\">\u00c0 debattre<\/a>        \n      <\/div>\n    <\/div>\n     \n       \n  \n         <a target=\"_self\" href=\"https:\/\/euwww.eu\/fr\/fr-suggestions\/a-debattre\/\" class=\"ue-post-link-overlay\"><\/a>\n   <\/div>\n<div class=\"uc_post_list_box\" data-category=\"06-Unie dans la diversit\u00e9\">\n  \n  \t    <div class=\"uc_post_list_image\">\n      <a href=\"https:\/\/euwww.eu\/fr\/fr-suggestions\/discovereu\/\" target=\"_self\" title=\"DiscoverEU\">\n          \n            <img loading=\"lazy\" decoding=\"async\" src=\"https:\/\/euwww.eu\/wp-content\/uploads\/2026\/06\/EUWWW_Station-06_In-Vielfalt-geeint_Anregungen_EU-Routenplaner-768x682.png\"  src=\"https:\/\/euwww.eu\/wp-content\/uploads\/2026\/06\/EUWWW_Station-06_In-Vielfalt-geeint_Anregungen_EU-Routenplaner-768x682.png\" alt=\"EUWWW_Station-06_Unis-dans-la-diversit\u00e9_Suggestions_Planificateur-d-itin\u00e9raires-UE\" width=\"768\" height=\"682\">\n        \t        \n      <\/a>\n    <\/div>\n  \t\t\n  \n    <div class=\"uc_post_list_content\">\n      <div class=\"uc_post_list_content_inside\">\n        \n                \n             \n                         \n        <div class=\"ue-meta-data\">\n                 \n                \n            \n              \n              \n  \n      \n<\/div>      \n               \n                                  \n        <a target=\"_self\"  href='javascrpit:void(0)' data-post-link='https:\/\/euwww.eu\/fr\/fr-suggestions\/discovereu\/' data-postid='9069' class=\"uc_more_btn   uc-open-popup\" title=\"\">DiscoverEU<\/a>        \n      <\/div>\n    <\/div>\n     \n       \n  \n         <a target=\"_self\" href=\"https:\/\/euwww.eu\/fr\/fr-suggestions\/discovereu\/\" class=\"ue-post-link-overlay\"><\/a>\n   <\/div>\n<div class=\"uc_post_list_box\" data-category=\"06-Unie dans la diversit\u00e9\">\n  \n  \t    <div class=\"uc_post_list_image\">\n      <a href=\"https:\/\/euwww.eu\/fr\/fr-suggestions\/unis-dans-la-diversite\/\" target=\"_self\" title=\"Unis dans la diversit\u00e9\">\n          \n            <img loading=\"lazy\" decoding=\"async\" src=\"https:\/\/euwww.eu\/wp-content\/uploads\/2026\/03\/EUWWW-Europaflagge_als-Grafikelement.avif\"  src=\"https:\/\/euwww.eu\/wp-content\/uploads\/2026\/03\/EUWWW-Europaflagge_als-Grafikelement.avif\" alt=\"EUWWW-drapeau-europ\u00e9en-en-tant-qu\u2019\u00e9l\u00e9ment-graphique\" width=\"1536\" height=\"1024\">\n        \t        \n      <\/a>\n    <\/div>\n  \t\t\n  \n    <div class=\"uc_post_list_content\">\n      <div class=\"uc_post_list_content_inside\">\n        \n                \n             \n                         \n        <div class=\"ue-meta-data\">\n                 \n                \n            \n              \n              \n  \n      \n<\/div>      \n               \n                                  \n        <a target=\"_self\"  href='javascrpit:void(0)' data-post-link='https:\/\/euwww.eu\/fr\/fr-suggestions\/unis-dans-la-diversite\/' data-postid='9005' class=\"uc_more_btn   uc-open-popup\" title=\"\">Unis dans la diversit\u00e9<\/a>        \n      <\/div>\n    <\/div>\n     \n       \n  \n         <a target=\"_self\" href=\"https:\/\/euwww.eu\/fr\/fr-suggestions\/unis-dans-la-diversite\/\" class=\"ue-post-link-overlay\"><\/a>\n   <\/div>\n\n<\/div>\n\n  <div id=\"uc_post_list_elementor_4429646_empty_message\" class=\"ue-no-posts-found\"  style=\"display:none\" >Aucune contribution n'a \u00e9t\u00e9 trouv\u00e9e<\/div>\n\n<!-- end Post List -->\t\t\t\t<\/div>\n\t\t\t\t<\/div>\n\t\t\t\t\t<\/div>\n\t\t<\/div>\n\t\t\t\t\t<\/div>\n\t\t<\/section>\n\t\t\t\t\t<\/div>\n\t\t<\/div>\n\t\t\t\t\t<\/div>\n\t\t<\/section>\n\t\t\t\t<\/div>\n\t\t","protected":false},"excerpt":{"rendered":"<p>Les \u00c9tats et les peuples d&#8217;Europe sont riches en traditions, en exp\u00e9riences historiques et en cultures. C&#8217;est ce qui rend l&#8217;Europe si unique et si int\u00e9ressante.  <\/p>\n","protected":false},"author":1,"featured_media":0,"parent":0,"menu_order":0,"comment_status":"closed","ping_status":"closed","template":"","meta":{"_acf_changed":false,"footnotes":""},"categories":[86],"tags":[],"hf_cat_page":[41],"class_list":["post-9080","page","type-page","status-publish","hentry","category-station"],"acf":[],"_links":{"self":[{"href":"https:\/\/euwww.eu\/fr\/wp-json\/wp\/v2\/pages\/9080","targetHints":{"allow":["GET"]}}],"collection":[{"href":"https:\/\/euwww.eu\/fr\/wp-json\/wp\/v2\/pages"}],"about":[{"href":"https:\/\/euwww.eu\/fr\/wp-json\/wp\/v2\/types\/page"}],"author":[{"embeddable":true,"href":"https:\/\/euwww.eu\/fr\/wp-json\/wp\/v2\/users\/1"}],"replies":[{"embeddable":true,"href":"https:\/\/euwww.eu\/fr\/wp-json\/wp\/v2\/comments?post=9080"}],"version-history":[{"count":0,"href":"https:\/\/euwww.eu\/fr\/wp-json\/wp\/v2\/pages\/9080\/revisions"}],"wp:attachment":[{"href":"https:\/\/euwww.eu\/fr\/wp-json\/wp\/v2\/media?parent=9080"}],"wp:term":[{"taxonomy":"category","embeddable":true,"href":"https:\/\/euwww.eu\/fr\/wp-json\/wp\/v2\/categories?post=9080"},{"taxonomy":"post_tag","embeddable":true,"href":"https:\/\/euwww.eu\/fr\/wp-json\/wp\/v2\/tags?post=9080"},{"taxonomy":"hf_cat_page","embeddable":true,"href":"https:\/\/euwww.eu\/fr\/wp-json\/wp\/v2\/hf_cat_page?post=9080"}],"curies":[{"name":"wp","href":"https:\/\/api.w.org\/{rel}","templated":true}]}}